{"id":24520,"date":"2025-11-25T13:08:44","date_gmt":"2025-11-25T12:08:44","guid":{"rendered":"https:\/\/laalberca.com\/plus-dinformations-sur-le-parcours-historique\/"},"modified":"2026-01-20T09:02:50","modified_gmt":"2026-01-20T08:02:50","slug":"plus-dinformations-sur-le-parcours-historique","status":"publish","type":"page","link":"https:\/\/laalberca.com\/fr\/plus-dinformations-sur-le-parcours-historique\/","title":{"rendered":"Plus d&rsquo;informations sur le parcours historique"},"content":{"rendered":"\t\t<div data-elementor-type=\"wp-page\" data-elementor-id=\"24520\" class=\"elementor elementor-24520 elementor-23533\" data-elementor-post-type=\"page\">\n\t\t\t\t\t\t<section class=\"elementor-section elementor-top-section elementor-element elementor-element-291180c elementor-section-boxed elementor-section-height-default elementor-section-height-default sc_fly_static\" data-id=\"291180c\" data-element_type=\"section\" data-e-type=\"section\" data-settings=\"{&quot;background_background&quot;:&quot;classic&quot;}\">\n\t\t\t\t\t\t<div class=\"elementor-container elementor-column-gap-extended\">\n\t\t\t\t\t<div class=\"elementor-column elementor-col-100 elementor-top-column elementor-element elementor-element-275099e sc_content_align_inherit sc_layouts_column_icons_position_left sc_fly_static\" data-id=\"275099e\" data-element_type=\"column\" data-e-type=\"column\">\n\t\t\t<div class=\"elementor-widget-wrap elementor-element-populated\">\n\t\t\t\t\t\t<div class=\"elementor-element elementor-element-f655c7e sc_height_medium sc_fly_static elementor-widget elementor-widget-spacer\" data-id=\"f655c7e\" data-element_type=\"widget\" data-e-type=\"widget\" data-widget_type=\"spacer.default\">\n\t\t\t\t<div class=\"elementor-widget-container\">\n\t\t\t\t\t\t\t<div class=\"elementor-spacer\">\n\t\t\t<div class=\"elementor-spacer-inner\"><\/div>\n\t\t<\/div>\n\t\t\t\t\t\t<\/div>\n\t\t\t\t<\/div>\n\t\t\t\t<div class=\"elementor-element elementor-element-7fa8d2e sc_fly_static elementor-widget elementor-widget-image\" data-id=\"7fa8d2e\" data-element_type=\"widget\" data-e-type=\"widget\" data-widget_type=\"image.default\">\n\t\t\t\t<div class=\"elementor-widget-container\">\n\t\t\t\t\t\t\t\t\t\t\t\t\t\t\t<img loading=\"lazy\" decoding=\"async\" width=\"800\" height=\"566\" src=\"https:\/\/laalberca.com\/wp-content\/uploads\/2026\/01\/surcando-la-alberca-logo-positivo-oscuro-frances.svg\" class=\"attachment-full size-full wp-image-24401\" alt=\"Logotipo Surcando La Alberca negro sobre gris\" \/>\t\t\t\t\t\t\t\t\t\t\t\t\t\t\t<\/div>\n\t\t\t\t<\/div>\n\t\t\t\t<div class=\"elementor-element elementor-element-ebe1363 sc_fly_static elementor-widget elementor-widget-spacer\" data-id=\"ebe1363\" data-element_type=\"widget\" data-e-type=\"widget\" data-widget_type=\"spacer.default\">\n\t\t\t\t<div class=\"elementor-widget-container\">\n\t\t\t\t\t\t\t<div class=\"elementor-spacer\">\n\t\t\t<div class=\"elementor-spacer-inner\"><\/div>\n\t\t<\/div>\n\t\t\t\t\t\t<\/div>\n\t\t\t\t<\/div>\n\t\t\t\t<div class=\"elementor-element elementor-element-f71f986 sc_fly_static elementor-widget elementor-widget-trx_sc_title\" data-id=\"f71f986\" data-element_type=\"widget\" data-e-type=\"widget\" data-widget_type=\"trx_sc_title.default\">\n\t\t\t\t<div class=\"elementor-widget-container\">\n\t\t\t\t\t<div\t\tclass=\"sc_title sc_title_default\" ><h1 class=\"sc_item_title sc_title_title sc_align_center sc_item_title_style_default sc_item_title_tag\"\n\t\t\t><span class=\"sc_item_title_text\">Histoire<\/span><\/h1><\/div>\t\t\t\t<\/div>\n\t\t\t\t<\/div>\n\t\t\t\t<div class=\"elementor-element elementor-element-35e7065 sc_fly_static elementor-widget elementor-widget-spacer\" data-id=\"35e7065\" data-element_type=\"widget\" data-e-type=\"widget\" data-widget_type=\"spacer.default\">\n\t\t\t\t<div class=\"elementor-widget-container\">\n\t\t\t\t\t\t\t<div class=\"elementor-spacer\">\n\t\t\t<div class=\"elementor-spacer-inner\"><\/div>\n\t\t<\/div>\n\t\t\t\t\t\t<\/div>\n\t\t\t\t<\/div>\n\t\t\t\t<div class=\"elementor-element elementor-element-c19a08c sc_fly_static elementor-widget elementor-widget-image\" data-id=\"c19a08c\" data-element_type=\"widget\" data-e-type=\"widget\" data-widget_type=\"image.default\">\n\t\t\t\t<div class=\"elementor-widget-container\">\n\t\t\t\t\t\t\t\t\t\t\t\t\t\t\t<img loading=\"lazy\" decoding=\"async\" width=\"304\" height=\"19\" src=\"https:\/\/laalberca.com\/wp-content\/uploads\/2025\/11\/separador-negro.svg\" class=\"attachment-large size-large wp-image-24402\" alt=\"\" \/>\t\t\t\t\t\t\t\t\t\t\t\t\t\t\t<\/div>\n\t\t\t\t<\/div>\n\t\t\t\t<div class=\"elementor-element elementor-element-b4d200e sc_height_medium sc_fly_static elementor-widget elementor-widget-spacer\" data-id=\"b4d200e\" data-element_type=\"widget\" data-e-type=\"widget\" data-widget_type=\"spacer.default\">\n\t\t\t\t<div class=\"elementor-widget-container\">\n\t\t\t\t\t\t\t<div class=\"elementor-spacer\">\n\t\t\t<div class=\"elementor-spacer-inner\"><\/div>\n\t\t<\/div>\n\t\t\t\t\t\t<\/div>\n\t\t\t\t<\/div>\n\t\t\t\t\t<\/div>\n\t\t<\/div>\n\t\t\t\t\t<\/div>\n\t\t<\/section>\n\t\t\t\t<section class=\"elementor-section elementor-top-section elementor-element elementor-element-080bbb9 elementor-reverse-tablet elementor-reverse-mobile elementor-section-boxed elementor-section-height-default elementor-section-height-default sc_fly_static\" data-id=\"080bbb9\" data-element_type=\"section\" data-e-type=\"section\" data-settings=\"{&quot;background_background&quot;:&quot;classic&quot;}\">\n\t\t\t\t\t\t<div class=\"elementor-container elementor-column-gap-extended\">\n\t\t\t\t\t<div class=\"elementor-column elementor-col-50 elementor-top-column elementor-element elementor-element-aa5b006 sc_content_align_inherit sc_layouts_column_icons_position_left sc_fly_static\" data-id=\"aa5b006\" data-element_type=\"column\" data-e-type=\"column\">\n\t\t\t<div class=\"elementor-widget-wrap elementor-element-populated\">\n\t\t\t\t\t\t<div class=\"elementor-element elementor-element-af81e86 sc_fly_static elementor-widget elementor-widget-spacer\" data-id=\"af81e86\" data-element_type=\"widget\" data-e-type=\"widget\" data-widget_type=\"spacer.default\">\n\t\t\t\t<div class=\"elementor-widget-container\">\n\t\t\t\t\t\t\t<div class=\"elementor-spacer\">\n\t\t\t<div class=\"elementor-spacer-inner\"><\/div>\n\t\t<\/div>\n\t\t\t\t\t\t<\/div>\n\t\t\t\t<\/div>\n\t\t\t\t<div class=\"elementor-element elementor-element-9588cd5 sc_fly_static elementor-widget elementor-widget-image\" data-id=\"9588cd5\" data-element_type=\"widget\" data-e-type=\"widget\" data-widget_type=\"image.default\">\n\t\t\t\t<div class=\"elementor-widget-container\">\n\t\t\t\t\t\t\t\t\t\t\t\t\t\t\t<img loading=\"lazy\" decoding=\"async\" width=\"1000\" height=\"800\" src=\"https:\/\/laalberca.com\/wp-content\/uploads\/2025\/11\/pinturas-rupestres-del-valle-de-las-batuecas.webp\" class=\"attachment-full size-full wp-image-24515\" alt=\"Foto de las pinturas rupestres del valle de las batuecas\" srcset=\"https:\/\/laalberca.com\/wp-content\/uploads\/2025\/11\/pinturas-rupestres-del-valle-de-las-batuecas.webp 1000w, https:\/\/laalberca.com\/wp-content\/uploads\/2025\/11\/pinturas-rupestres-del-valle-de-las-batuecas-640x512.webp 640w, https:\/\/laalberca.com\/wp-content\/uploads\/2025\/11\/pinturas-rupestres-del-valle-de-las-batuecas-370x296.webp 370w, https:\/\/laalberca.com\/wp-content\/uploads\/2025\/11\/pinturas-rupestres-del-valle-de-las-batuecas-840x672.webp 840w, https:\/\/laalberca.com\/wp-content\/uploads\/2025\/11\/pinturas-rupestres-del-valle-de-las-batuecas-410x328.webp 410w\" sizes=\"auto, (max-width: 1000px) 100vw, 1000px\" \/>\t\t\t\t\t\t\t\t\t\t\t\t\t\t\t<\/div>\n\t\t\t\t<\/div>\n\t\t\t\t<div class=\"elementor-element elementor-element-2e0d799 sc_fly_static elementor-widget elementor-widget-text-editor\" data-id=\"2e0d799\" data-element_type=\"widget\" data-e-type=\"widget\" data-widget_type=\"text-editor.default\">\n\t\t\t\t<div class=\"elementor-widget-container\">\n\t\t\t\t\t\t\t\t\t<p><span class=\"trx_addons_tiny_text\">Peintures de Las Batuecas.<em><br><\/em><\/span><\/p>\t\t\t\t\t\t\t\t<\/div>\n\t\t\t\t<\/div>\n\t\t\t\t<div class=\"elementor-element elementor-element-254a788 sc_height_medium sc_fly_static elementor-widget elementor-widget-spacer\" data-id=\"254a788\" data-element_type=\"widget\" data-e-type=\"widget\" data-widget_type=\"spacer.default\">\n\t\t\t\t<div class=\"elementor-widget-container\">\n\t\t\t\t\t\t\t<div class=\"elementor-spacer\">\n\t\t\t<div class=\"elementor-spacer-inner\"><\/div>\n\t\t<\/div>\n\t\t\t\t\t\t<\/div>\n\t\t\t\t<\/div>\n\t\t\t\t\t<\/div>\n\t\t<\/div>\n\t\t\t\t<div class=\"elementor-column elementor-col-50 elementor-top-column elementor-element elementor-element-ef73980 sc_content_align_inherit sc_layouts_column_icons_position_left sc_fly_static\" data-id=\"ef73980\" data-element_type=\"column\" data-e-type=\"column\">\n\t\t\t<div class=\"elementor-widget-wrap elementor-element-populated\">\n\t\t\t\t\t\t<div class=\"elementor-element elementor-element-9d73328 sc_height_medium sc_layouts_hide_on_mobile sc_fly_static elementor-widget elementor-widget-spacer\" data-id=\"9d73328\" data-element_type=\"widget\" data-e-type=\"widget\" data-widget_type=\"spacer.default\">\n\t\t\t\t<div class=\"elementor-widget-container\">\n\t\t\t\t\t\t\t<div class=\"elementor-spacer\">\n\t\t\t<div class=\"elementor-spacer-inner\"><\/div>\n\t\t<\/div>\n\t\t\t\t\t\t<\/div>\n\t\t\t\t<\/div>\n\t\t\t\t<div class=\"elementor-element elementor-element-0c60636 sc_fly_static elementor-widget elementor-widget-trx_sc_title\" data-id=\"0c60636\" data-element_type=\"widget\" data-e-type=\"widget\" data-widget_type=\"trx_sc_title.default\">\n\t\t\t\t<div class=\"elementor-widget-container\">\n\t\t\t\t\t<div\t\tclass=\"sc_title sc_title_accent\" ><h2 class=\"sc_item_title sc_title_title sc_item_title_style_accent sc_item_title_tag\"\n\t\t\t><span class=\"sc_item_title_text\">PEINTURES RUPESTRES<\/span><\/h2><\/div>\t\t\t\t<\/div>\n\t\t\t\t<\/div>\n\t\t\t\t<div class=\"elementor-element elementor-element-f590fdd sc_fly_static elementor-widget elementor-widget-spacer\" data-id=\"f590fdd\" data-element_type=\"widget\" data-e-type=\"widget\" data-widget_type=\"spacer.default\">\n\t\t\t\t<div class=\"elementor-widget-container\">\n\t\t\t\t\t\t\t<div class=\"elementor-spacer\">\n\t\t\t<div class=\"elementor-spacer-inner\"><\/div>\n\t\t<\/div>\n\t\t\t\t\t\t<\/div>\n\t\t\t\t<\/div>\n\t\t\t\t<div class=\"elementor-element elementor-element-504a42f sc_fly_static elementor-widget elementor-widget-text-editor\" data-id=\"504a42f\" data-element_type=\"widget\" data-e-type=\"widget\" data-widget_type=\"text-editor.default\">\n\t\t\t\t<div class=\"elementor-widget-container\">\n\t\t\t\t\t\t\t\t\t<p><span style=\"font-weight: 400;\">Dans la commune de La Alberca, on trouve de nombreux abris sous roche qui abritent des peintures rupestres datant de 7000 \u00e0 5000 ans (p\u00e9riodes n\u00e9olithique et chalcolithique).<\/span><\/p><p><span style=\"font-weight: 400;\">Bien que certaines soient de type naturaliste, elles sont g\u00e9n\u00e9ralement extr\u00eamement sch\u00e9matiques, r\u00e9alis\u00e9es avec des traits lin\u00e9aires et des encres plates, principalement de couleur rouge et ocre et, dans une moindre mesure, en noir, blanc et jaune.<\/span><\/p><p><span style=\"font-weight: 400;\">Il s&rsquo;agit g\u00e9n\u00e9ralement de trois sch\u00e9mas, compos\u00e9s principalement de traits et de points, mais aussi d&rsquo;\u00e9l\u00e9ments naturels, de personnages et d&rsquo;animaux qui y sont repr\u00e9sent\u00e9s.<\/span><\/p>\t\t\t\t\t\t\t\t<\/div>\n\t\t\t\t<\/div>\n\t\t\t\t<div class=\"elementor-element elementor-element-1807882 sc_layouts_hide_on_mobile sc_fly_static elementor-widget elementor-widget-spacer\" data-id=\"1807882\" data-element_type=\"widget\" data-e-type=\"widget\" data-widget_type=\"spacer.default\">\n\t\t\t\t<div class=\"elementor-widget-container\">\n\t\t\t\t\t\t\t<div class=\"elementor-spacer\">\n\t\t\t<div class=\"elementor-spacer-inner\"><\/div>\n\t\t<\/div>\n\t\t\t\t\t\t<\/div>\n\t\t\t\t<\/div>\n\t\t\t\t\t<\/div>\n\t\t<\/div>\n\t\t\t\t\t<\/div>\n\t\t<\/section>\n\t\t\t\t<section class=\"elementor-section elementor-top-section elementor-element elementor-element-a17a07d scheme_dark elementor-reverse-mobile elementor-section-boxed elementor-section-height-default elementor-section-height-default sc_fly_static\" data-id=\"a17a07d\" data-element_type=\"section\" data-e-type=\"section\" data-settings=\"{&quot;background_background&quot;:&quot;classic&quot;}\">\n\t\t\t\t\t\t<div class=\"elementor-container elementor-column-gap-extended\">\n\t\t\t\t\t<div class=\"elementor-column elementor-col-50 elementor-top-column elementor-element elementor-element-d1266c5 sc_content_align_inherit sc_layouts_column_icons_position_left sc_fly_static\" data-id=\"d1266c5\" data-element_type=\"column\" data-e-type=\"column\">\n\t\t\t<div class=\"elementor-widget-wrap elementor-element-populated\">\n\t\t\t\t\t\t<div class=\"elementor-element elementor-element-0f458b1 sc_fly_static elementor-widget elementor-widget-spacer\" data-id=\"0f458b1\" data-element_type=\"widget\" data-e-type=\"widget\" data-widget_type=\"spacer.default\">\n\t\t\t\t<div class=\"elementor-widget-container\">\n\t\t\t\t\t\t\t<div class=\"elementor-spacer\">\n\t\t\t<div class=\"elementor-spacer-inner\"><\/div>\n\t\t<\/div>\n\t\t\t\t\t\t<\/div>\n\t\t\t\t<\/div>\n\t\t\t\t<div class=\"elementor-element elementor-element-ad22ebb sc_fly_static elementor-widget elementor-widget-image\" data-id=\"ad22ebb\" data-element_type=\"widget\" data-e-type=\"widget\" data-widget_type=\"image.default\">\n\t\t\t\t<div class=\"elementor-widget-container\">\n\t\t\t\t\t\t\t\t\t\t\t\t\t\t\t<img loading=\"lazy\" decoding=\"async\" width=\"1472\" height=\"1080\" src=\"https:\/\/laalberca.com\/wp-content\/uploads\/2025\/12\/mapa-las-hurdes-batuecas-sierra-francia-1826.webp\" class=\"attachment-full size-full wp-image-24516\" alt=\"\" srcset=\"https:\/\/laalberca.com\/wp-content\/uploads\/2025\/12\/mapa-las-hurdes-batuecas-sierra-francia-1826.webp 1472w, https:\/\/laalberca.com\/wp-content\/uploads\/2025\/12\/mapa-las-hurdes-batuecas-sierra-francia-1826-640x470.webp 640w, https:\/\/laalberca.com\/wp-content\/uploads\/2025\/12\/mapa-las-hurdes-batuecas-sierra-francia-1826-1280x939.webp 1280w, https:\/\/laalberca.com\/wp-content\/uploads\/2025\/12\/mapa-las-hurdes-batuecas-sierra-francia-1826-1024x751.webp 1024w, https:\/\/laalberca.com\/wp-content\/uploads\/2025\/12\/mapa-las-hurdes-batuecas-sierra-francia-1826-370x271.webp 370w, https:\/\/laalberca.com\/wp-content\/uploads\/2025\/12\/mapa-las-hurdes-batuecas-sierra-francia-1826-840x616.webp 840w, https:\/\/laalberca.com\/wp-content\/uploads\/2025\/12\/mapa-las-hurdes-batuecas-sierra-francia-1826-410x301.webp 410w\" sizes=\"auto, (max-width: 1472px) 100vw, 1472px\" \/>\t\t\t\t\t\t\t\t\t\t\t\t\t\t\t<\/div>\n\t\t\t\t<\/div>\n\t\t\t\t<div class=\"elementor-element elementor-element-64c2ced sc_fly_static elementor-widget elementor-widget-text-editor\" data-id=\"64c2ced\" data-element_type=\"widget\" data-e-type=\"widget\" data-widget_type=\"text-editor.default\">\n\t\t\t\t<div class=\"elementor-widget-container\">\n\t\t\t\t\t\t\t\t\t<p><span class=\"trx_addons_tiny_text\">Carte des Hurdes, de Las Batuecas et de la Sierra de Francia (1826). <br><\/span><\/p>\t\t\t\t\t\t\t\t<\/div>\n\t\t\t\t<\/div>\n\t\t\t\t<div class=\"elementor-element elementor-element-d757a52 sc_height_medium sc_fly_static elementor-widget elementor-widget-spacer\" data-id=\"d757a52\" data-element_type=\"widget\" data-e-type=\"widget\" data-widget_type=\"spacer.default\">\n\t\t\t\t<div class=\"elementor-widget-container\">\n\t\t\t\t\t\t\t<div class=\"elementor-spacer\">\n\t\t\t<div class=\"elementor-spacer-inner\"><\/div>\n\t\t<\/div>\n\t\t\t\t\t\t<\/div>\n\t\t\t\t<\/div>\n\t\t\t\t\t<\/div>\n\t\t<\/div>\n\t\t\t\t<div class=\"elementor-column elementor-col-50 elementor-top-column elementor-element elementor-element-398e8c8 sc_content_align_inherit sc_layouts_column_icons_position_left sc_fly_static\" data-id=\"398e8c8\" data-element_type=\"column\" data-e-type=\"column\">\n\t\t\t<div class=\"elementor-widget-wrap elementor-element-populated\">\n\t\t\t\t\t\t<div class=\"elementor-element elementor-element-c01df5d sc_height_medium sc_fly_static elementor-widget elementor-widget-spacer\" data-id=\"c01df5d\" data-element_type=\"widget\" data-e-type=\"widget\" data-widget_type=\"spacer.default\">\n\t\t\t\t<div class=\"elementor-widget-container\">\n\t\t\t\t\t\t\t<div class=\"elementor-spacer\">\n\t\t\t<div class=\"elementor-spacer-inner\"><\/div>\n\t\t<\/div>\n\t\t\t\t\t\t<\/div>\n\t\t\t\t<\/div>\n\t\t\t\t<div class=\"elementor-element elementor-element-681aebf sc_fly_static elementor-widget elementor-widget-trx_sc_title\" data-id=\"681aebf\" data-element_type=\"widget\" data-e-type=\"widget\" data-widget_type=\"trx_sc_title.default\">\n\t\t\t\t<div class=\"elementor-widget-container\">\n\t\t\t\t\t<div\t\tclass=\"sc_title sc_title_accent\" ><h2 class=\"sc_item_title sc_title_title sc_item_title_style_accent sc_item_title_tag\"\n\t\t\t><span class=\"sc_item_title_text\">LES HURDES ET LA ALBERCA<\/span><\/h2><\/div>\t\t\t\t<\/div>\n\t\t\t\t<\/div>\n\t\t\t\t<div class=\"elementor-element elementor-element-0d2a045 sc_fly_static elementor-widget elementor-widget-spacer\" data-id=\"0d2a045\" data-element_type=\"widget\" data-e-type=\"widget\" data-widget_type=\"spacer.default\">\n\t\t\t\t<div class=\"elementor-widget-container\">\n\t\t\t\t\t\t\t<div class=\"elementor-spacer\">\n\t\t\t<div class=\"elementor-spacer-inner\"><\/div>\n\t\t<\/div>\n\t\t\t\t\t\t<\/div>\n\t\t\t\t<\/div>\n\t\t\t\t<div class=\"elementor-element elementor-element-b0e4d68 sc_fly_static elementor-widget elementor-widget-text-editor\" data-id=\"b0e4d68\" data-element_type=\"widget\" data-e-type=\"widget\" data-widget_type=\"text-editor.default\">\n\t\t\t\t<div class=\"elementor-widget-container\">\n\t\t\t\t\t\t\t\t\t<p><span style=\"font-weight: 400;\">En 1288, Granada conc\u00e9da \u00e0 La Alberca Las Batuecas et les Hurdes hautes. <\/span><\/p><p><span style=\"font-weight: 400;\">Pendant plus de 500 ans, La Alberca exer\u00e7a des droits sur les territoires Hurdiens, imposant m\u00eame des contributions annuelles \u00e0 ses habitants, ce qui provoqua de nombreuses tensions entre les deux parties.<\/span><\/p>\t\t\t\t\t\t\t\t<\/div>\n\t\t\t\t<\/div>\n\t\t\t\t<div class=\"elementor-element elementor-element-5cd5640 sc_layouts_hide_on_mobile sc_fly_static elementor-widget elementor-widget-spacer\" data-id=\"5cd5640\" data-element_type=\"widget\" data-e-type=\"widget\" data-widget_type=\"spacer.default\">\n\t\t\t\t<div class=\"elementor-widget-container\">\n\t\t\t\t\t\t\t<div class=\"elementor-spacer\">\n\t\t\t<div class=\"elementor-spacer-inner\"><\/div>\n\t\t<\/div>\n\t\t\t\t\t\t<\/div>\n\t\t\t\t<\/div>\n\t\t\t\t\t<\/div>\n\t\t<\/div>\n\t\t\t\t\t<\/div>\n\t\t<\/section>\n\t\t\t\t<section class=\"elementor-section elementor-top-section elementor-element elementor-element-54f0b50 elementor-reverse-mobile elementor-section-boxed elementor-section-height-default elementor-section-height-default sc_fly_static\" data-id=\"54f0b50\" data-element_type=\"section\" data-e-type=\"section\" data-settings=\"{&quot;background_background&quot;:&quot;classic&quot;}\">\n\t\t\t\t\t\t<div class=\"elementor-container elementor-column-gap-extended\">\n\t\t\t\t\t<div class=\"elementor-column elementor-col-50 elementor-top-column elementor-element elementor-element-98af51b sc_content_align_inherit sc_layouts_column_icons_position_left sc_fly_static\" data-id=\"98af51b\" data-element_type=\"column\" data-e-type=\"column\">\n\t\t\t<div class=\"elementor-widget-wrap elementor-element-populated\">\n\t\t\t\t\t\t<div class=\"elementor-element elementor-element-1090efe sc_fly_static elementor-widget elementor-widget-spacer\" data-id=\"1090efe\" data-element_type=\"widget\" data-e-type=\"widget\" data-widget_type=\"spacer.default\">\n\t\t\t\t<div class=\"elementor-widget-container\">\n\t\t\t\t\t\t\t<div class=\"elementor-spacer\">\n\t\t\t<div class=\"elementor-spacer-inner\"><\/div>\n\t\t<\/div>\n\t\t\t\t\t\t<\/div>\n\t\t\t\t<\/div>\n\t\t\t\t<div class=\"elementor-element elementor-element-2041add sc_fly_static elementor-widget elementor-widget-image\" data-id=\"2041add\" data-element_type=\"widget\" data-e-type=\"widget\" data-widget_type=\"image.default\">\n\t\t\t\t<div class=\"elementor-widget-container\">\n\t\t\t\t\t\t\t\t\t\t\t\t\t\t\t<img loading=\"lazy\" decoding=\"async\" width=\"970\" height=\"707\" src=\"https:\/\/laalberca.com\/wp-content\/uploads\/2025\/12\/ordenanzas-documento.webp\" class=\"attachment-full size-full wp-image-24517\" alt=\"\" srcset=\"https:\/\/laalberca.com\/wp-content\/uploads\/2025\/12\/ordenanzas-documento.webp 970w, https:\/\/laalberca.com\/wp-content\/uploads\/2025\/12\/ordenanzas-documento-640x466.webp 640w, https:\/\/laalberca.com\/wp-content\/uploads\/2025\/12\/ordenanzas-documento-370x270.webp 370w, https:\/\/laalberca.com\/wp-content\/uploads\/2025\/12\/ordenanzas-documento-840x612.webp 840w, https:\/\/laalberca.com\/wp-content\/uploads\/2025\/12\/ordenanzas-documento-410x299.webp 410w\" sizes=\"auto, (max-width: 970px) 100vw, 970px\" \/>\t\t\t\t\t\t\t\t\t\t\t\t\t\t\t<\/div>\n\t\t\t\t<\/div>\n\t\t\t\t<div class=\"elementor-element elementor-element-95a3a0f sc_fly_static elementor-widget elementor-widget-text-editor\" data-id=\"95a3a0f\" data-element_type=\"widget\" data-e-type=\"widget\" data-widget_type=\"text-editor.default\">\n\t\t\t\t<div class=\"elementor-widget-container\">\n\t\t\t\t\t\t\t\t\t<span class=\"trx_addons_tiny_text\"><b>Transcription d\u2019un fragment des ordon.<\/b><\/span>\t\t\t\t\t\t\t\t<\/div>\n\t\t\t\t<\/div>\n\t\t\t\t<div class=\"elementor-element elementor-element-7bae4af sc_height_medium sc_fly_static elementor-widget elementor-widget-spacer\" data-id=\"7bae4af\" data-element_type=\"widget\" data-e-type=\"widget\" data-widget_type=\"spacer.default\">\n\t\t\t\t<div class=\"elementor-widget-container\">\n\t\t\t\t\t\t\t<div class=\"elementor-spacer\">\n\t\t\t<div class=\"elementor-spacer-inner\"><\/div>\n\t\t<\/div>\n\t\t\t\t\t\t<\/div>\n\t\t\t\t<\/div>\n\t\t\t\t\t<\/div>\n\t\t<\/div>\n\t\t\t\t<div class=\"elementor-column elementor-col-50 elementor-top-column elementor-element elementor-element-00a65d7 sc_content_align_inherit sc_layouts_column_icons_position_left sc_fly_static\" data-id=\"00a65d7\" data-element_type=\"column\" data-e-type=\"column\">\n\t\t\t<div class=\"elementor-widget-wrap elementor-element-populated\">\n\t\t\t\t\t\t<div class=\"elementor-element elementor-element-d810364 sc_height_medium sc_fly_static elementor-widget elementor-widget-spacer\" data-id=\"d810364\" data-element_type=\"widget\" data-e-type=\"widget\" data-widget_type=\"spacer.default\">\n\t\t\t\t<div class=\"elementor-widget-container\">\n\t\t\t\t\t\t\t<div class=\"elementor-spacer\">\n\t\t\t<div class=\"elementor-spacer-inner\"><\/div>\n\t\t<\/div>\n\t\t\t\t\t\t<\/div>\n\t\t\t\t<\/div>\n\t\t\t\t<div class=\"elementor-element elementor-element-f18a4fa sc_fly_static elementor-widget elementor-widget-trx_sc_title\" data-id=\"f18a4fa\" data-element_type=\"widget\" data-e-type=\"widget\" data-widget_type=\"trx_sc_title.default\">\n\t\t\t\t<div class=\"elementor-widget-container\">\n\t\t\t\t\t<div\t\tclass=\"sc_title sc_title_accent\" ><h2 class=\"sc_item_title sc_title_title sc_item_title_style_accent sc_item_title_tag\"\n\t\t\t><span class=\"sc_item_title_text\">LES ORDONNANCES<\/span><\/h2><\/div>\t\t\t\t<\/div>\n\t\t\t\t<\/div>\n\t\t\t\t<div class=\"elementor-element elementor-element-74ff878 sc_fly_static elementor-widget elementor-widget-spacer\" data-id=\"74ff878\" data-element_type=\"widget\" data-e-type=\"widget\" data-widget_type=\"spacer.default\">\n\t\t\t\t<div class=\"elementor-widget-container\">\n\t\t\t\t\t\t\t<div class=\"elementor-spacer\">\n\t\t\t<div class=\"elementor-spacer-inner\"><\/div>\n\t\t<\/div>\n\t\t\t\t\t\t<\/div>\n\t\t\t\t<\/div>\n\t\t\t\t<div class=\"elementor-element elementor-element-5bcf5b2 sc_fly_static elementor-widget elementor-widget-text-editor\" data-id=\"5bcf5b2\" data-element_type=\"widget\" data-e-type=\"widget\" data-widget_type=\"text-editor.default\">\n\t\t\t\t<div class=\"elementor-widget-container\">\n\t\t\t\t\t\t\t\t\t<p>Les ordonnances de La Alberca furent promulgu\u00e9es en 1515 et couvraient un large \u00e9ventail de sujets qui allait de l\u2019exploitation ordonn\u00e9e des ch\u00e2taigneraies, des vignes et des ruches \u00e0 la lutte contre le blasph\u00e8me, imposant de nombreuses sanctions \u00e0 ceux qui les violaient.<br> <\/p><p><span style=\"font-weight: 400;\">Ces ordonnances \u00e9taient des documents de gouvernance pour ce lieu et couvraient des aspects tr\u00e8s divers : de l\u2019utilisation ordonn\u00e9e des ch\u00e2taigneraies, des vignobles et des ruches \u00e0 la lutte contre le blasph\u00e8me, imposant de nombreuses sanctions \u00e0 ceux qui les enfreignaient.<\/span><\/p>\t\t\t\t\t\t\t\t<\/div>\n\t\t\t\t<\/div>\n\t\t\t\t<div class=\"elementor-element elementor-element-5df824c sc_layouts_hide_on_mobile sc_fly_static elementor-widget elementor-widget-spacer\" data-id=\"5df824c\" data-element_type=\"widget\" data-e-type=\"widget\" data-widget_type=\"spacer.default\">\n\t\t\t\t<div class=\"elementor-widget-container\">\n\t\t\t\t\t\t\t<div class=\"elementor-spacer\">\n\t\t\t<div class=\"elementor-spacer-inner\"><\/div>\n\t\t<\/div>\n\t\t\t\t\t\t<\/div>\n\t\t\t\t<\/div>\n\t\t\t\t\t<\/div>\n\t\t<\/div>\n\t\t\t\t\t<\/div>\n\t\t<\/section>\n\t\t\t\t<section class=\"elementor-section elementor-top-section elementor-element elementor-element-bef2b89 scheme_dark elementor-reverse-mobile elementor-section-boxed elementor-section-height-default elementor-section-height-default sc_fly_static\" data-id=\"bef2b89\" data-element_type=\"section\" data-e-type=\"section\" data-settings=\"{&quot;background_background&quot;:&quot;classic&quot;}\">\n\t\t\t\t\t\t<div class=\"elementor-container elementor-column-gap-extended\">\n\t\t\t\t\t<div class=\"elementor-column elementor-col-50 elementor-top-column elementor-element elementor-element-f1a7c22 sc_content_align_inherit sc_layouts_column_icons_position_left sc_fly_static\" data-id=\"f1a7c22\" data-element_type=\"column\" data-e-type=\"column\">\n\t\t\t<div class=\"elementor-widget-wrap elementor-element-populated\">\n\t\t\t\t\t\t<div class=\"elementor-element elementor-element-fa63a7d sc_fly_static elementor-widget elementor-widget-spacer\" data-id=\"fa63a7d\" data-element_type=\"widget\" data-e-type=\"widget\" data-widget_type=\"spacer.default\">\n\t\t\t\t<div class=\"elementor-widget-container\">\n\t\t\t\t\t\t\t<div class=\"elementor-spacer\">\n\t\t\t<div class=\"elementor-spacer-inner\"><\/div>\n\t\t<\/div>\n\t\t\t\t\t\t<\/div>\n\t\t\t\t<\/div>\n\t\t\t\t<div class=\"elementor-element elementor-element-6e42aa4 sc_fly_static elementor-widget elementor-widget-image\" data-id=\"6e42aa4\" data-element_type=\"widget\" data-e-type=\"widget\" data-widget_type=\"image.default\">\n\t\t\t\t<div class=\"elementor-widget-container\">\n\t\t\t\t\t\t\t\t\t\t\t\t\t\t\t<img loading=\"lazy\" decoding=\"async\" width=\"1441\" height=\"2560\" src=\"https:\/\/laalberca.com\/wp-content\/uploads\/2025\/11\/capitel-judios-y-musulmanes-scaled.webp\" class=\"attachment-full size-full wp-image-24518\" alt=\"\" srcset=\"https:\/\/laalberca.com\/wp-content\/uploads\/2025\/11\/capitel-judios-y-musulmanes-scaled.webp 1441w, https:\/\/laalberca.com\/wp-content\/uploads\/2025\/11\/capitel-judios-y-musulmanes-640x1137.webp 640w, https:\/\/laalberca.com\/wp-content\/uploads\/2025\/11\/capitel-judios-y-musulmanes-1280x2274.webp 1280w, https:\/\/laalberca.com\/wp-content\/uploads\/2025\/11\/capitel-judios-y-musulmanes-1024x1819.webp 1024w, https:\/\/laalberca.com\/wp-content\/uploads\/2025\/11\/capitel-judios-y-musulmanes-865x1536.webp 865w, https:\/\/laalberca.com\/wp-content\/uploads\/2025\/11\/capitel-judios-y-musulmanes-1153x2048.webp 1153w, https:\/\/laalberca.com\/wp-content\/uploads\/2025\/11\/capitel-judios-y-musulmanes-370x657.webp 370w, https:\/\/laalberca.com\/wp-content\/uploads\/2025\/11\/capitel-judios-y-musulmanes-840x1492.webp 840w, https:\/\/laalberca.com\/wp-content\/uploads\/2025\/11\/capitel-judios-y-musulmanes-410x728.webp 410w\" sizes=\"auto, (max-width: 1441px) 100vw, 1441px\" \/>\t\t\t\t\t\t\t\t\t\t\t\t\t\t\t<\/div>\n\t\t\t\t<\/div>\n\t\t\t\t<div class=\"elementor-element elementor-element-cbce1c9 sc_fly_static elementor-widget elementor-widget-text-editor\" data-id=\"cbce1c9\" data-element_type=\"widget\" data-e-type=\"widget\" data-widget_type=\"text-editor.default\">\n\t\t\t\t<div class=\"elementor-widget-container\">\n\t\t\t\t\t\t\t\t\t<p><span class=\"trx_addons_tiny_text\">Chapiteau de la place repr\u00e9sentant un homme portant un turban et une barbe boucl\u00e9e, consid\u00e9r\u00e9 par certains comme un \u00ab m\u00e9lange de maure et d\u2019Assyrien \u00bb. Antonio Luengo Becerro. <br><\/span><\/p>\t\t\t\t\t\t\t\t<\/div>\n\t\t\t\t<\/div>\n\t\t\t\t<div class=\"elementor-element elementor-element-5618c06 sc_height_medium sc_fly_static elementor-widget elementor-widget-spacer\" data-id=\"5618c06\" data-element_type=\"widget\" data-e-type=\"widget\" data-widget_type=\"spacer.default\">\n\t\t\t\t<div class=\"elementor-widget-container\">\n\t\t\t\t\t\t\t<div class=\"elementor-spacer\">\n\t\t\t<div class=\"elementor-spacer-inner\"><\/div>\n\t\t<\/div>\n\t\t\t\t\t\t<\/div>\n\t\t\t\t<\/div>\n\t\t\t\t\t<\/div>\n\t\t<\/div>\n\t\t\t\t<div class=\"elementor-column elementor-col-50 elementor-top-column elementor-element elementor-element-13bd711 sc_content_align_inherit sc_layouts_column_icons_position_left sc_fly_static\" data-id=\"13bd711\" data-element_type=\"column\" data-e-type=\"column\">\n\t\t\t<div class=\"elementor-widget-wrap elementor-element-populated\">\n\t\t\t\t\t\t<div class=\"elementor-element elementor-element-c1ed621 sc_height_medium sc_fly_static elementor-widget elementor-widget-spacer\" data-id=\"c1ed621\" data-element_type=\"widget\" data-e-type=\"widget\" data-widget_type=\"spacer.default\">\n\t\t\t\t<div class=\"elementor-widget-container\">\n\t\t\t\t\t\t\t<div class=\"elementor-spacer\">\n\t\t\t<div class=\"elementor-spacer-inner\"><\/div>\n\t\t<\/div>\n\t\t\t\t\t\t<\/div>\n\t\t\t\t<\/div>\n\t\t\t\t<div class=\"elementor-element elementor-element-71d4421 sc_fly_static elementor-widget elementor-widget-trx_sc_title\" data-id=\"71d4421\" data-element_type=\"widget\" data-e-type=\"widget\" data-widget_type=\"trx_sc_title.default\">\n\t\t\t\t<div class=\"elementor-widget-container\">\n\t\t\t\t\t<div\t\tclass=\"sc_title sc_title_accent\" ><h2 class=\"sc_item_title sc_title_title sc_item_title_style_accent sc_item_title_tag\"\n\t\t\t><span class=\"sc_item_title_text\">JUIFS ET MUSULMANS<\/span><\/h2><\/div>\t\t\t\t<\/div>\n\t\t\t\t<\/div>\n\t\t\t\t<div class=\"elementor-element elementor-element-deffbcd sc_fly_static elementor-widget elementor-widget-spacer\" data-id=\"deffbcd\" data-element_type=\"widget\" data-e-type=\"widget\" data-widget_type=\"spacer.default\">\n\t\t\t\t<div class=\"elementor-widget-container\">\n\t\t\t\t\t\t\t<div class=\"elementor-spacer\">\n\t\t\t<div class=\"elementor-spacer-inner\"><\/div>\n\t\t<\/div>\n\t\t\t\t\t\t<\/div>\n\t\t\t\t<\/div>\n\t\t\t\t<div class=\"elementor-element elementor-element-55c88fc sc_fly_static elementor-widget elementor-widget-text-editor\" data-id=\"55c88fc\" data-element_type=\"widget\" data-e-type=\"widget\" data-widget_type=\"text-editor.default\">\n\t\t\t\t<div class=\"elementor-widget-container\">\n\t\t\t\t\t\t\t\t\t<p><span style=\"font-weight: 400;\">Nombreux sont ceux qui ont voulu voir des influences juives et arabes dans l\u2019architecture, dans les v\u00eatements, dans les traditions et dans d\u2019autres aspects de la vie de La Alberca. Les autodaf\u00e9s ordonn\u00e9s par le tribunal de l\u2019Inquisition du village ayant fait fuir une partie de la population, provoqu\u00e8rent l\u2019arriv\u00e9e d\u2019autres cultures et d\u2019autres religions dans la r\u00e9gion. <\/span><\/p>\t\t\t\t\t\t\t\t<\/div>\n\t\t\t\t<\/div>\n\t\t\t\t<div class=\"elementor-element elementor-element-38ae406 sc_layouts_hide_on_mobile sc_fly_static elementor-widget elementor-widget-spacer\" data-id=\"38ae406\" data-element_type=\"widget\" data-e-type=\"widget\" data-widget_type=\"spacer.default\">\n\t\t\t\t<div class=\"elementor-widget-container\">\n\t\t\t\t\t\t\t<div class=\"elementor-spacer\">\n\t\t\t<div class=\"elementor-spacer-inner\"><\/div>\n\t\t<\/div>\n\t\t\t\t\t\t<\/div>\n\t\t\t\t<\/div>\n\t\t\t\t\t<\/div>\n\t\t<\/div>\n\t\t\t\t\t<\/div>\n\t\t<\/section>\n\t\t\t\t<section class=\"elementor-section elementor-top-section elementor-element elementor-element-65affe6 elementor-section-boxed elementor-section-height-default elementor-section-height-default sc_fly_static\" data-id=\"65affe6\" data-element_type=\"section\" data-e-type=\"section\" data-settings=\"{&quot;background_background&quot;:&quot;classic&quot;}\">\n\t\t\t\t\t\t<div class=\"elementor-container elementor-column-gap-extended\">\n\t\t\t\t\t<div class=\"elementor-column elementor-col-100 elementor-top-column elementor-element elementor-element-fa39ba8 sc_content_align_inherit sc_layouts_column_icons_position_left sc_fly_static\" data-id=\"fa39ba8\" data-element_type=\"column\" data-e-type=\"column\">\n\t\t\t<div class=\"elementor-widget-wrap elementor-element-populated\">\n\t\t\t\t\t\t<div class=\"elementor-element elementor-element-1bfa1f4 sc_fly_static elementor-widget elementor-widget-image\" data-id=\"1bfa1f4\" data-element_type=\"widget\" data-e-type=\"widget\" data-widget_type=\"image.default\">\n\t\t\t\t<div class=\"elementor-widget-container\">\n\t\t\t\t\t\t\t\t\t\t\t\t\t\t\t<img loading=\"lazy\" decoding=\"async\" width=\"304\" height=\"19\" src=\"https:\/\/laalberca.com\/wp-content\/uploads\/2025\/11\/separador-poste.svg\" class=\"attachment-full size-full wp-image-24519\" alt=\"\" \/>\t\t\t\t\t\t\t\t\t\t\t\t\t\t\t<\/div>\n\t\t\t\t<\/div>\n\t\t\t\t<div class=\"elementor-element elementor-element-bff269d sc_height_medium sc_fly_static elementor-widget elementor-widget-spacer\" data-id=\"bff269d\" data-element_type=\"widget\" data-e-type=\"widget\" data-widget_type=\"spacer.default\">\n\t\t\t\t<div class=\"elementor-widget-container\">\n\t\t\t\t\t\t\t<div class=\"elementor-spacer\">\n\t\t\t<div class=\"elementor-spacer-inner\"><\/div>\n\t\t<\/div>\n\t\t\t\t\t\t<\/div>\n\t\t\t\t<\/div>\n\t\t\t\t\t<\/div>\n\t\t<\/div>\n\t\t\t\t\t<\/div>\n\t\t<\/section>\n\t\t\t\t<section class=\"elementor-section elementor-top-section elementor-element elementor-element-4f790b0 scheme_dark elementor-section-boxed elementor-section-height-default elementor-section-height-default sc_fly_static\" data-id=\"4f790b0\" data-element_type=\"section\" data-e-type=\"section\" data-settings=\"{&quot;background_background&quot;:&quot;classic&quot;}\">\n\t\t\t\t\t\t<div class=\"elementor-container elementor-column-gap-extended\">\n\t\t\t\t\t<div class=\"elementor-column elementor-col-100 elementor-top-column elementor-element elementor-element-07d0eff sc_content_align_inherit sc_layouts_column_icons_position_left sc_fly_static\" data-id=\"07d0eff\" data-element_type=\"column\" data-e-type=\"column\">\n\t\t\t<div class=\"elementor-widget-wrap elementor-element-populated\">\n\t\t\t\t\t\t<div class=\"elementor-element elementor-element-ddfbdc2 sc_height_medium sc_fly_static elementor-widget elementor-widget-spacer\" data-id=\"ddfbdc2\" data-element_type=\"widget\" data-e-type=\"widget\" data-widget_type=\"spacer.default\">\n\t\t\t\t<div class=\"elementor-widget-container\">\n\t\t\t\t\t\t\t<div class=\"elementor-spacer\">\n\t\t\t<div class=\"elementor-spacer-inner\"><\/div>\n\t\t<\/div>\n\t\t\t\t\t\t<\/div>\n\t\t\t\t<\/div>\n\t\t\t\t<div class=\"elementor-element elementor-element-d9f92cd elementor-widget-mobile__width-inherit elementor-widget__width-inherit sc_fly_static elementor-widget elementor-widget-trx_sc_button\" data-id=\"d9f92cd\" data-element_type=\"widget\" data-e-type=\"widget\" data-widget_type=\"trx_sc_button.default\">\n\t\t\t\t<div class=\"elementor-widget-container\">\n\t\t\t\t\t<div\tclass=\"sc_item_button sc_button_wrap sc_align_center\" ><a href=\"https:\/\/laalberca.com\/fr\/route-de-lhistoire\/\" class=\"sc_button sc_button_bordered sc_button_size_large sc_button_with_icon sc_button_icon_left color_style_dark\" ><span class=\"sc_button_icon\"><span class=\"icon-left-big-1\"><\/span><\/span><span class=\"sc_button_text\"><span class=\"sc_button_title\">Retour<\/span><\/span><\/a><\/div>\t\t\t\t<\/div>\n\t\t\t\t<\/div>\n\t\t\t\t<div class=\"elementor-element elementor-element-4b7267d sc_height_medium sc_fly_static elementor-widget elementor-widget-spacer\" data-id=\"4b7267d\" data-element_type=\"widget\" data-e-type=\"widget\" data-widget_type=\"spacer.default\">\n\t\t\t\t<div class=\"elementor-widget-container\">\n\t\t\t\t\t\t\t<div class=\"elementor-spacer\">\n\t\t\t<div class=\"elementor-spacer-inner\"><\/div>\n\t\t<\/div>\n\t\t\t\t\t\t<\/div>\n\t\t\t\t<\/div>\n\t\t\t\t\t<\/div>\n\t\t<\/div>\n\t\t\t\t\t<\/div>\n\t\t<\/section>\n\t\t\t\t<\/div>\n\t\t","protected":false},"excerpt":{"rendered":"<p>Histoire Peintures de Las Batuecas. PEINTURES RUPESTRES Dans la commune de La Alberca, on trouve de nombreux abris sous roche qui abritent des peintures rupestres datant de 7000 \u00e0 5000&hellip;<\/p>\n","protected":false},"author":12,"featured_media":0,"parent":0,"menu_order":0,"comment_status":"closed","ping_status":"closed","template":"","meta":{"_acf_changed":false,"footnotes":""},"class_list":["post-24520","page","type-page","status-publish","hentry"],"acf":[],"yoast_head":"<!-- This site is optimized with the Yoast SEO plugin v27.4 - https:\/\/yoast.com\/product\/yoast-seo-wordpress\/ -->\n<title>La Alberca - Plus d&#039;informations sur le parcours historique<\/title>\n<meta name=\"robots\" content=\"noindex, nofollow\" \/>\n<meta property=\"og:locale\" content=\"fr_FR\" \/>\n<meta property=\"og:type\" content=\"article\" \/>\n<meta property=\"og:title\" content=\"La Alberca - Plus d&#039;informations sur le parcours historique\" \/>\n<meta property=\"og:description\" content=\"Histoire Peintures de Las Batuecas. PEINTURES RUPESTRES Dans la commune de La Alberca, on trouve de nombreux abris sous roche qui abritent des peintures rupestres datant de 7000 \u00e0 5000&hellip;\" \/>\n<meta property=\"og:url\" content=\"https:\/\/laalberca.com\/fr\/plus-dinformations-sur-le-parcours-historique\/\" \/>\n<meta property=\"og:site_name\" content=\"La Alberca\" \/>\n<meta property=\"article:modified_time\" content=\"2026-01-20T08:02:50+00:00\" \/>\n<meta property=\"og:image\" content=\"https:\/\/laalberca.com\/wp-content\/uploads\/2025\/12\/logo-surcando-la-alberca-positivo-2.png\" \/>\n\t<meta property=\"og:image:width\" content=\"800\" \/>\n\t<meta property=\"og:image:height\" content=\"566\" \/>\n\t<meta property=\"og:image:type\" content=\"image\/png\" \/>\n<meta name=\"twitter:card\" content=\"summary_large_image\" \/>\n<meta name=\"twitter:label1\" content=\"Dur\u00e9e de lecture estim\u00e9e\" \/>\n\t<meta name=\"twitter:data1\" content=\"2 minutes\" \/>\n<script type=\"application\/ld+json\" class=\"yoast-schema-graph\">{\"@context\":\"https:\\\/\\\/schema.org\",\"@graph\":[{\"@type\":\"WebPage\",\"@id\":\"https:\\\/\\\/laalberca.com\\\/fr\\\/plus-dinformations-sur-le-parcours-historique\\\/\",\"url\":\"https:\\\/\\\/laalberca.com\\\/fr\\\/plus-dinformations-sur-le-parcours-historique\\\/\",\"name\":\"La Alberca - Plus d'informations sur le parcours historique\",\"isPartOf\":{\"@id\":\"https:\\\/\\\/laalberca.com\\\/fr\\\/#website\"},\"primaryImageOfPage\":{\"@id\":\"https:\\\/\\\/laalberca.com\\\/fr\\\/plus-dinformations-sur-le-parcours-historique\\\/#primaryimage\"},\"image\":{\"@id\":\"https:\\\/\\\/laalberca.com\\\/fr\\\/plus-dinformations-sur-le-parcours-historique\\\/#primaryimage\"},\"thumbnailUrl\":\"https:\\\/\\\/laalberca.com\\\/wp-content\\\/uploads\\\/2025\\\/12\\\/logo-surcando-la-alberca-positivo-2.png\",\"datePublished\":\"2025-11-25T12:08:44+00:00\",\"dateModified\":\"2026-01-20T08:02:50+00:00\",\"breadcrumb\":{\"@id\":\"https:\\\/\\\/laalberca.com\\\/fr\\\/plus-dinformations-sur-le-parcours-historique\\\/#breadcrumb\"},\"inLanguage\":\"fr-FR\",\"potentialAction\":[{\"@type\":\"ReadAction\",\"target\":[\"https:\\\/\\\/laalberca.com\\\/fr\\\/plus-dinformations-sur-le-parcours-historique\\\/\"]}]},{\"@type\":\"ImageObject\",\"inLanguage\":\"fr-FR\",\"@id\":\"https:\\\/\\\/laalberca.com\\\/fr\\\/plus-dinformations-sur-le-parcours-historique\\\/#primaryimage\",\"url\":\"https:\\\/\\\/laalberca.com\\\/wp-content\\\/uploads\\\/2025\\\/12\\\/logo-surcando-la-alberca-positivo-2.png\",\"contentUrl\":\"https:\\\/\\\/laalberca.com\\\/wp-content\\\/uploads\\\/2025\\\/12\\\/logo-surcando-la-alberca-positivo-2.png\"},{\"@type\":\"BreadcrumbList\",\"@id\":\"https:\\\/\\\/laalberca.com\\\/fr\\\/plus-dinformations-sur-le-parcours-historique\\\/#breadcrumb\",\"itemListElement\":[{\"@type\":\"ListItem\",\"position\":1,\"name\":\"Portada\",\"item\":\"https:\\\/\\\/laalberca.com\\\/fr\\\/\"},{\"@type\":\"ListItem\",\"position\":2,\"name\":\"Plus d&rsquo;informations sur le parcours historique\"}]},{\"@type\":\"WebSite\",\"@id\":\"https:\\\/\\\/laalberca.com\\\/fr\\\/#website\",\"url\":\"https:\\\/\\\/laalberca.com\\\/fr\\\/\",\"name\":\"La Alberca\",\"description\":\"Lugar de costumbres, tradiciones y ritos centenarios\",\"publisher\":{\"@id\":\"https:\\\/\\\/laalberca.com\\\/fr\\\/#organization\"},\"potentialAction\":[{\"@type\":\"SearchAction\",\"target\":{\"@type\":\"EntryPoint\",\"urlTemplate\":\"https:\\\/\\\/laalberca.com\\\/fr\\\/?s={search_term_string}\"},\"query-input\":{\"@type\":\"PropertyValueSpecification\",\"valueRequired\":true,\"valueName\":\"search_term_string\"}}],\"inLanguage\":\"fr-FR\"},{\"@type\":\"Organization\",\"@id\":\"https:\\\/\\\/laalberca.com\\\/fr\\\/#organization\",\"name\":\"La Alberca\",\"url\":\"https:\\\/\\\/laalberca.com\\\/fr\\\/\",\"logo\":{\"@type\":\"ImageObject\",\"inLanguage\":\"fr-FR\",\"@id\":\"https:\\\/\\\/laalberca.com\\\/fr\\\/#\\\/schema\\\/logo\\\/image\\\/\",\"url\":\"https:\\\/\\\/laalberca.com\\\/wp-content\\\/uploads\\\/2022\\\/06\\\/logotipo-blanco.svg\",\"contentUrl\":\"https:\\\/\\\/laalberca.com\\\/wp-content\\\/uploads\\\/2022\\\/06\\\/logotipo-blanco.svg\",\"width\":600,\"height\":217,\"caption\":\"La Alberca\"},\"image\":{\"@id\":\"https:\\\/\\\/laalberca.com\\\/fr\\\/#\\\/schema\\\/logo\\\/image\\\/\"}}]}<\/script>\n<!-- \/ Yoast SEO plugin. -->","yoast_head_json":{"title":"La Alberca - Plus d'informations sur le parcours historique","robots":{"index":"noindex","follow":"nofollow"},"og_locale":"fr_FR","og_type":"article","og_title":"La Alberca - Plus d'informations sur le parcours historique","og_description":"Histoire Peintures de Las Batuecas. PEINTURES RUPESTRES Dans la commune de La Alberca, on trouve de nombreux abris sous roche qui abritent des peintures rupestres datant de 7000 \u00e0 5000&hellip;","og_url":"https:\/\/laalberca.com\/fr\/plus-dinformations-sur-le-parcours-historique\/","og_site_name":"La Alberca","article_modified_time":"2026-01-20T08:02:50+00:00","og_image":[{"width":800,"height":566,"url":"https:\/\/laalberca.com\/wp-content\/uploads\/2025\/12\/logo-surcando-la-alberca-positivo-2.png","type":"image\/png"}],"twitter_card":"summary_large_image","twitter_misc":{"Dur\u00e9e de lecture estim\u00e9e":"2 minutes"},"schema":{"@context":"https:\/\/schema.org","@graph":[{"@type":"WebPage","@id":"https:\/\/laalberca.com\/fr\/plus-dinformations-sur-le-parcours-historique\/","url":"https:\/\/laalberca.com\/fr\/plus-dinformations-sur-le-parcours-historique\/","name":"La Alberca - Plus d'informations sur le parcours historique","isPartOf":{"@id":"https:\/\/laalberca.com\/fr\/#website"},"primaryImageOfPage":{"@id":"https:\/\/laalberca.com\/fr\/plus-dinformations-sur-le-parcours-historique\/#primaryimage"},"image":{"@id":"https:\/\/laalberca.com\/fr\/plus-dinformations-sur-le-parcours-historique\/#primaryimage"},"thumbnailUrl":"https:\/\/laalberca.com\/wp-content\/uploads\/2025\/12\/logo-surcando-la-alberca-positivo-2.png","datePublished":"2025-11-25T12:08:44+00:00","dateModified":"2026-01-20T08:02:50+00:00","breadcrumb":{"@id":"https:\/\/laalberca.com\/fr\/plus-dinformations-sur-le-parcours-historique\/#breadcrumb"},"inLanguage":"fr-FR","potentialAction":[{"@type":"ReadAction","target":["https:\/\/laalberca.com\/fr\/plus-dinformations-sur-le-parcours-historique\/"]}]},{"@type":"ImageObject","inLanguage":"fr-FR","@id":"https:\/\/laalberca.com\/fr\/plus-dinformations-sur-le-parcours-historique\/#primaryimage","url":"https:\/\/laalberca.com\/wp-content\/uploads\/2025\/12\/logo-surcando-la-alberca-positivo-2.png","contentUrl":"https:\/\/laalberca.com\/wp-content\/uploads\/2025\/12\/logo-surcando-la-alberca-positivo-2.png"},{"@type":"BreadcrumbList","@id":"https:\/\/laalberca.com\/fr\/plus-dinformations-sur-le-parcours-historique\/#breadcrumb","itemListElement":[{"@type":"ListItem","position":1,"name":"Portada","item":"https:\/\/laalberca.com\/fr\/"},{"@type":"ListItem","position":2,"name":"Plus d&rsquo;informations sur le parcours historique"}]},{"@type":"WebSite","@id":"https:\/\/laalberca.com\/fr\/#website","url":"https:\/\/laalberca.com\/fr\/","name":"La Alberca","description":"Lugar de costumbres, tradiciones y ritos centenarios","publisher":{"@id":"https:\/\/laalberca.com\/fr\/#organization"},"potentialAction":[{"@type":"SearchAction","target":{"@type":"EntryPoint","urlTemplate":"https:\/\/laalberca.com\/fr\/?s={search_term_string}"},"query-input":{"@type":"PropertyValueSpecification","valueRequired":true,"valueName":"search_term_string"}}],"inLanguage":"fr-FR"},{"@type":"Organization","@id":"https:\/\/laalberca.com\/fr\/#organization","name":"La Alberca","url":"https:\/\/laalberca.com\/fr\/","logo":{"@type":"ImageObject","inLanguage":"fr-FR","@id":"https:\/\/laalberca.com\/fr\/#\/schema\/logo\/image\/","url":"https:\/\/laalberca.com\/wp-content\/uploads\/2022\/06\/logotipo-blanco.svg","contentUrl":"https:\/\/laalberca.com\/wp-content\/uploads\/2022\/06\/logotipo-blanco.svg","width":600,"height":217,"caption":"La Alberca"},"image":{"@id":"https:\/\/laalberca.com\/fr\/#\/schema\/logo\/image\/"}}]}},"_links":{"self":[{"href":"https:\/\/laalberca.com\/fr\/wp-json\/wp\/v2\/pages\/24520","targetHints":{"allow":["GET"]}}],"collection":[{"href":"https:\/\/laalberca.com\/fr\/wp-json\/wp\/v2\/pages"}],"about":[{"href":"https:\/\/laalberca.com\/fr\/wp-json\/wp\/v2\/types\/page"}],"author":[{"embeddable":true,"href":"https:\/\/laalberca.com\/fr\/wp-json\/wp\/v2\/users\/12"}],"replies":[{"embeddable":true,"href":"https:\/\/laalberca.com\/fr\/wp-json\/wp\/v2\/comments?post=24520"}],"version-history":[{"count":4,"href":"https:\/\/laalberca.com\/fr\/wp-json\/wp\/v2\/pages\/24520\/revisions"}],"predecessor-version":[{"id":25484,"href":"https:\/\/laalberca.com\/fr\/wp-json\/wp\/v2\/pages\/24520\/revisions\/25484"}],"wp:attachment":[{"href":"https:\/\/laalberca.com\/fr\/wp-json\/wp\/v2\/media?parent=24520"}],"curies":[{"name":"wp","href":"https:\/\/api.w.org\/{rel}","templated":true}]}}