{"id":24536,"date":"2025-11-21T14:13:44","date_gmt":"2025-11-21T13:13:44","guid":{"rendered":"https:\/\/laalberca.com\/plus-dinformations-sur-le-parcours-des-voyageurs-distingues\/"},"modified":"2026-01-28T11:33:19","modified_gmt":"2026-01-28T10:33:19","slug":"plus-dinformations-sur-le-parcours-des-voyageurs-distingues","status":"publish","type":"page","link":"https:\/\/laalberca.com\/fr\/plus-dinformations-sur-le-parcours-des-voyageurs-distingues\/","title":{"rendered":"Plus d&rsquo;informations sur le parcours des voyageurs distingu\u00e9s"},"content":{"rendered":"\t\t<div data-elementor-type=\"wp-page\" data-elementor-id=\"24536\" class=\"elementor elementor-24536 elementor-23324\" data-elementor-post-type=\"page\">\n\t\t\t\t\t\t<section class=\"elementor-section elementor-top-section elementor-element elementor-element-291180c elementor-section-boxed elementor-section-height-default elementor-section-height-default sc_fly_static\" data-id=\"291180c\" data-element_type=\"section\" data-e-type=\"section\" data-settings=\"{&quot;background_background&quot;:&quot;classic&quot;}\">\n\t\t\t\t\t\t<div class=\"elementor-container elementor-column-gap-extended\">\n\t\t\t\t\t<div class=\"elementor-column elementor-col-100 elementor-top-column elementor-element elementor-element-275099e sc_content_align_inherit sc_layouts_column_icons_position_left sc_fly_static\" data-id=\"275099e\" data-element_type=\"column\" data-e-type=\"column\">\n\t\t\t<div class=\"elementor-widget-wrap elementor-element-populated\">\n\t\t\t\t\t\t<div class=\"elementor-element elementor-element-f655c7e sc_height_medium sc_fly_static elementor-widget elementor-widget-spacer\" data-id=\"f655c7e\" data-element_type=\"widget\" data-e-type=\"widget\" data-widget_type=\"spacer.default\">\n\t\t\t\t<div class=\"elementor-widget-container\">\n\t\t\t\t\t\t\t<div class=\"elementor-spacer\">\n\t\t\t<div class=\"elementor-spacer-inner\"><\/div>\n\t\t<\/div>\n\t\t\t\t\t\t<\/div>\n\t\t\t\t<\/div>\n\t\t\t\t<div class=\"elementor-element elementor-element-f680e51 sc_fly_static elementor-widget elementor-widget-image\" data-id=\"f680e51\" data-element_type=\"widget\" data-e-type=\"widget\" data-widget_type=\"image.default\">\n\t\t\t\t<div class=\"elementor-widget-container\">\n\t\t\t\t\t\t\t\t\t\t\t\t\t\t\t<img loading=\"lazy\" decoding=\"async\" width=\"800\" height=\"566\" src=\"https:\/\/laalberca.com\/wp-content\/uploads\/2026\/01\/surcando-la-alberca-logo-positivo-oscuro-frances.svg\" class=\"attachment-full size-full wp-image-24401\" alt=\"Logotipo Surcando La Alberca negro sobre gris\" \/>\t\t\t\t\t\t\t\t\t\t\t\t\t\t\t<\/div>\n\t\t\t\t<\/div>\n\t\t\t\t<div class=\"elementor-element elementor-element-4c87e4f sc_fly_static elementor-widget elementor-widget-spacer\" data-id=\"4c87e4f\" data-element_type=\"widget\" data-e-type=\"widget\" data-widget_type=\"spacer.default\">\n\t\t\t\t<div class=\"elementor-widget-container\">\n\t\t\t\t\t\t\t<div class=\"elementor-spacer\">\n\t\t\t<div class=\"elementor-spacer-inner\"><\/div>\n\t\t<\/div>\n\t\t\t\t\t\t<\/div>\n\t\t\t\t<\/div>\n\t\t\t\t<div class=\"elementor-element elementor-element-f71f986 sc_fly_static elementor-widget elementor-widget-trx_sc_title\" data-id=\"f71f986\" data-element_type=\"widget\" data-e-type=\"widget\" data-widget_type=\"trx_sc_title.default\">\n\t\t\t\t<div class=\"elementor-widget-container\">\n\t\t\t\t\t<div\t\tclass=\"sc_title sc_title_default\" ><h1 class=\"sc_item_title sc_title_title sc_align_center sc_item_title_style_default sc_item_title_tag\"\n\t\t\t><span class=\"sc_item_title_text\">Voyageurs illustres<\/span><\/h1><\/div>\t\t\t\t<\/div>\n\t\t\t\t<\/div>\n\t\t\t\t<div class=\"elementor-element elementor-element-35e7065 sc_fly_static elementor-widget elementor-widget-spacer\" data-id=\"35e7065\" data-element_type=\"widget\" data-e-type=\"widget\" data-widget_type=\"spacer.default\">\n\t\t\t\t<div class=\"elementor-widget-container\">\n\t\t\t\t\t\t\t<div class=\"elementor-spacer\">\n\t\t\t<div class=\"elementor-spacer-inner\"><\/div>\n\t\t<\/div>\n\t\t\t\t\t\t<\/div>\n\t\t\t\t<\/div>\n\t\t\t\t<div class=\"elementor-element elementor-element-c19a08c sc_fly_static elementor-widget elementor-widget-image\" data-id=\"c19a08c\" data-element_type=\"widget\" data-e-type=\"widget\" data-widget_type=\"image.default\">\n\t\t\t\t<div class=\"elementor-widget-container\">\n\t\t\t\t\t\t\t\t\t\t\t\t\t\t\t<img loading=\"lazy\" decoding=\"async\" width=\"304\" height=\"19\" src=\"https:\/\/laalberca.com\/wp-content\/uploads\/2025\/11\/separador-negro.svg\" class=\"attachment-large size-large wp-image-24402\" alt=\"\" \/>\t\t\t\t\t\t\t\t\t\t\t\t\t\t\t<\/div>\n\t\t\t\t<\/div>\n\t\t\t\t<div class=\"elementor-element elementor-element-b4d200e sc_height_medium sc_fly_static elementor-widget elementor-widget-spacer\" data-id=\"b4d200e\" data-element_type=\"widget\" data-e-type=\"widget\" data-widget_type=\"spacer.default\">\n\t\t\t\t<div class=\"elementor-widget-container\">\n\t\t\t\t\t\t\t<div class=\"elementor-spacer\">\n\t\t\t<div class=\"elementor-spacer-inner\"><\/div>\n\t\t<\/div>\n\t\t\t\t\t\t<\/div>\n\t\t\t\t<\/div>\n\t\t\t\t\t<\/div>\n\t\t<\/div>\n\t\t\t\t\t<\/div>\n\t\t<\/section>\n\t\t\t\t<section class=\"elementor-section elementor-top-section elementor-element elementor-element-080bbb9 elementor-reverse-tablet elementor-reverse-mobile elementor-section-boxed elementor-section-height-default elementor-section-height-default sc_fly_static\" data-id=\"080bbb9\" data-element_type=\"section\" data-e-type=\"section\" data-settings=\"{&quot;background_background&quot;:&quot;classic&quot;}\">\n\t\t\t\t\t\t<div class=\"elementor-container elementor-column-gap-extended\">\n\t\t\t\t\t<div class=\"elementor-column elementor-col-50 elementor-top-column elementor-element elementor-element-aa5b006 sc_content_align_inherit sc_layouts_column_icons_position_left sc_fly_static\" data-id=\"aa5b006\" data-element_type=\"column\" data-e-type=\"column\">\n\t\t\t<div class=\"elementor-widget-wrap elementor-element-populated\">\n\t\t\t\t\t\t<div class=\"elementor-element elementor-element-af81e86 sc_fly_static elementor-widget elementor-widget-spacer\" data-id=\"af81e86\" data-element_type=\"widget\" data-e-type=\"widget\" data-widget_type=\"spacer.default\">\n\t\t\t\t<div class=\"elementor-widget-container\">\n\t\t\t\t\t\t\t<div class=\"elementor-spacer\">\n\t\t\t<div class=\"elementor-spacer-inner\"><\/div>\n\t\t<\/div>\n\t\t\t\t\t\t<\/div>\n\t\t\t\t<\/div>\n\t\t\t\t<div class=\"elementor-element elementor-element-9588cd5 sc_fly_static elementor-widget elementor-widget-image\" data-id=\"9588cd5\" data-element_type=\"widget\" data-e-type=\"widget\" data-widget_type=\"image.default\">\n\t\t\t\t<div class=\"elementor-widget-container\">\n\t\t\t\t\t\t\t\t\t\t\t\t\t\t\t<img loading=\"lazy\" decoding=\"async\" width=\"770\" height=\"960\" src=\"https:\/\/laalberca.com\/wp-content\/uploads\/2025\/11\/miguel-unamuno-y-jacques-chevalier.webp\" class=\"attachment-full size-full wp-image-24531\" alt=\"\" srcset=\"https:\/\/laalberca.com\/wp-content\/uploads\/2025\/11\/miguel-unamuno-y-jacques-chevalier.webp 770w, https:\/\/laalberca.com\/wp-content\/uploads\/2025\/11\/miguel-unamuno-y-jacques-chevalier-640x798.webp 640w, https:\/\/laalberca.com\/wp-content\/uploads\/2025\/11\/miguel-unamuno-y-jacques-chevalier-370x461.webp 370w, https:\/\/laalberca.com\/wp-content\/uploads\/2025\/11\/miguel-unamuno-y-jacques-chevalier-410x511.webp 410w\" sizes=\"auto, (max-width: 770px) 100vw, 770px\" \/>\t\t\t\t\t\t\t\t\t\t\t\t\t\t\t<\/div>\n\t\t\t\t<\/div>\n\t\t\t\t<div class=\"elementor-element elementor-element-2e0d799 sc_fly_static elementor-widget elementor-widget-text-editor\" data-id=\"2e0d799\" data-element_type=\"widget\" data-e-type=\"widget\" data-widget_type=\"text-editor.default\">\n\t\t\t\t<div class=\"elementor-widget-container\">\n\t\t\t\t\t\t\t\t\t<p><span class=\"trx_addons_tiny_text\">Unamuno et Jacques Chevalier dans le monast\u00e8re de Las Batuecas.<br><\/span><\/p>\t\t\t\t\t\t\t\t<\/div>\n\t\t\t\t<\/div>\n\t\t\t\t<div class=\"elementor-element elementor-element-254a788 sc_height_medium sc_fly_static elementor-widget elementor-widget-spacer\" data-id=\"254a788\" data-element_type=\"widget\" data-e-type=\"widget\" data-widget_type=\"spacer.default\">\n\t\t\t\t<div class=\"elementor-widget-container\">\n\t\t\t\t\t\t\t<div class=\"elementor-spacer\">\n\t\t\t<div class=\"elementor-spacer-inner\"><\/div>\n\t\t<\/div>\n\t\t\t\t\t\t<\/div>\n\t\t\t\t<\/div>\n\t\t\t\t\t<\/div>\n\t\t<\/div>\n\t\t\t\t<div class=\"elementor-column elementor-col-50 elementor-top-column elementor-element elementor-element-ef73980 sc_content_align_inherit sc_layouts_column_icons_position_left sc_fly_static\" data-id=\"ef73980\" data-element_type=\"column\" data-e-type=\"column\">\n\t\t\t<div class=\"elementor-widget-wrap elementor-element-populated\">\n\t\t\t\t\t\t<div class=\"elementor-element elementor-element-9d73328 sc_height_medium sc_layouts_hide_on_mobile sc_fly_static elementor-widget elementor-widget-spacer\" data-id=\"9d73328\" data-element_type=\"widget\" data-e-type=\"widget\" data-widget_type=\"spacer.default\">\n\t\t\t\t<div class=\"elementor-widget-container\">\n\t\t\t\t\t\t\t<div class=\"elementor-spacer\">\n\t\t\t<div class=\"elementor-spacer-inner\"><\/div>\n\t\t<\/div>\n\t\t\t\t\t\t<\/div>\n\t\t\t\t<\/div>\n\t\t\t\t<div class=\"elementor-element elementor-element-0c60636 sc_fly_static elementor-widget elementor-widget-trx_sc_title\" data-id=\"0c60636\" data-element_type=\"widget\" data-e-type=\"widget\" data-widget_type=\"trx_sc_title.default\">\n\t\t\t\t<div class=\"elementor-widget-container\">\n\t\t\t\t\t<div\t\tclass=\"sc_title sc_title_accent\" ><h2 class=\"sc_item_title sc_title_title sc_item_title_style_accent sc_item_title_tag\"\n\t\t\t><span class=\"sc_item_title_text\">Miguel de Unamuno<\/span><\/h2><\/div>\t\t\t\t<\/div>\n\t\t\t\t<\/div>\n\t\t\t\t<div class=\"elementor-element elementor-element-f590fdd sc_fly_static elementor-widget elementor-widget-spacer\" data-id=\"f590fdd\" data-element_type=\"widget\" data-e-type=\"widget\" data-widget_type=\"spacer.default\">\n\t\t\t\t<div class=\"elementor-widget-container\">\n\t\t\t\t\t\t\t<div class=\"elementor-spacer\">\n\t\t\t<div class=\"elementor-spacer-inner\"><\/div>\n\t\t<\/div>\n\t\t\t\t\t\t<\/div>\n\t\t\t\t<\/div>\n\t\t\t\t<div class=\"elementor-element elementor-element-504a42f sc_fly_static elementor-widget elementor-widget-text-editor\" data-id=\"504a42f\" data-element_type=\"widget\" data-e-type=\"widget\" data-widget_type=\"text-editor.default\">\n\t\t\t\t<div class=\"elementor-widget-container\">\n\t\t\t\t\t\t\t\t\t<p><span style=\"font-weight: 400;\">Au cours de ses s\u00e9jours, Don Miguel r\u00e9alisa une compilation du vocabulaire et d\u2019autres particularit\u00e9s propres au village, comme la psalmodie de la \u00ab moza de \u00e1nimas \u00bb (jeune fille des \u00c2mes), \u00e9crivant plusieurs ouvrages et articles \u00e0 ce sujet, dans lesquels il s\u2019exclamait : \u00ab De Batuecas \u00e0 La Alberca ! Voil\u00e0 ce qu\u2019est un village, un vrai village ! \u00bb.<\/span><\/p>\t\t\t\t\t\t\t\t<\/div>\n\t\t\t\t<\/div>\n\t\t\t\t<div class=\"elementor-element elementor-element-1807882 sc_layouts_hide_on_mobile sc_fly_static elementor-widget elementor-widget-spacer\" data-id=\"1807882\" data-element_type=\"widget\" data-e-type=\"widget\" data-widget_type=\"spacer.default\">\n\t\t\t\t<div class=\"elementor-widget-container\">\n\t\t\t\t\t\t\t<div class=\"elementor-spacer\">\n\t\t\t<div class=\"elementor-spacer-inner\"><\/div>\n\t\t<\/div>\n\t\t\t\t\t\t<\/div>\n\t\t\t\t<\/div>\n\t\t\t\t\t<\/div>\n\t\t<\/div>\n\t\t\t\t\t<\/div>\n\t\t<\/section>\n\t\t\t\t<section class=\"elementor-section elementor-top-section elementor-element elementor-element-a17a07d scheme_dark elementor-reverse-mobile elementor-section-boxed elementor-section-height-default elementor-section-height-default sc_fly_static\" data-id=\"a17a07d\" data-element_type=\"section\" data-e-type=\"section\" data-settings=\"{&quot;background_background&quot;:&quot;classic&quot;}\">\n\t\t\t\t\t\t<div class=\"elementor-container elementor-column-gap-extended\">\n\t\t\t\t\t<div class=\"elementor-column elementor-col-50 elementor-top-column elementor-element elementor-element-d1266c5 sc_content_align_inherit sc_layouts_column_icons_position_left sc_fly_static\" data-id=\"d1266c5\" data-element_type=\"column\" data-e-type=\"column\">\n\t\t\t<div class=\"elementor-widget-wrap elementor-element-populated\">\n\t\t\t\t\t\t<div class=\"elementor-element elementor-element-0f458b1 sc_fly_static elementor-widget elementor-widget-spacer\" data-id=\"0f458b1\" data-element_type=\"widget\" data-e-type=\"widget\" data-widget_type=\"spacer.default\">\n\t\t\t\t<div class=\"elementor-widget-container\">\n\t\t\t\t\t\t\t<div class=\"elementor-spacer\">\n\t\t\t<div class=\"elementor-spacer-inner\"><\/div>\n\t\t<\/div>\n\t\t\t\t\t\t<\/div>\n\t\t\t\t<\/div>\n\t\t\t\t<div class=\"elementor-element elementor-element-ad22ebb sc_fly_static elementor-widget elementor-widget-image\" data-id=\"ad22ebb\" data-element_type=\"widget\" data-e-type=\"widget\" data-widget_type=\"image.default\">\n\t\t\t\t<div class=\"elementor-widget-container\">\n\t\t\t\t\t\t\t\t\t\t\t\t\t\t\t<img loading=\"lazy\" decoding=\"async\" width=\"562\" height=\"959\" src=\"https:\/\/laalberca.com\/wp-content\/uploads\/2025\/11\/pareja-vestidos-de-serrano.-sorolla.webp\" class=\"attachment-full size-full wp-image-24532\" alt=\"pareja vestida de serrano\" srcset=\"https:\/\/laalberca.com\/wp-content\/uploads\/2025\/11\/pareja-vestidos-de-serrano.-sorolla.webp 562w, https:\/\/laalberca.com\/wp-content\/uploads\/2025\/11\/pareja-vestidos-de-serrano.-sorolla-370x631.webp 370w, https:\/\/laalberca.com\/wp-content\/uploads\/2025\/11\/pareja-vestidos-de-serrano.-sorolla-410x700.webp 410w\" sizes=\"auto, (max-width: 600px) 100vw, 562px\" \/>\t\t\t\t\t\t\t\t\t\t\t\t\t\t\t<\/div>\n\t\t\t\t<\/div>\n\t\t\t\t<div class=\"elementor-element elementor-element-64c2ced sc_fly_static elementor-widget elementor-widget-text-editor\" data-id=\"64c2ced\" data-element_type=\"widget\" data-e-type=\"widget\" data-widget_type=\"text-editor.default\">\n\t\t\t\t<div class=\"elementor-widget-container\">\n\t\t\t\t\t\t\t\t\t<p><span class=\"trx_addons_tiny_text\"><strong>\u00ab <i>Novios salmantinos<\/i> \u00bb (Les fianc\u00e9s de Salamanque), tableau de Joaqu\u00edn Sorolla montrant des costumes de La Alberca.<\/strong><br><\/span><\/p>\t\t\t\t\t\t\t\t<\/div>\n\t\t\t\t<\/div>\n\t\t\t\t<div class=\"elementor-element elementor-element-d757a52 sc_height_medium sc_fly_static elementor-widget elementor-widget-spacer\" data-id=\"d757a52\" data-element_type=\"widget\" data-e-type=\"widget\" data-widget_type=\"spacer.default\">\n\t\t\t\t<div class=\"elementor-widget-container\">\n\t\t\t\t\t\t\t<div class=\"elementor-spacer\">\n\t\t\t<div class=\"elementor-spacer-inner\"><\/div>\n\t\t<\/div>\n\t\t\t\t\t\t<\/div>\n\t\t\t\t<\/div>\n\t\t\t\t\t<\/div>\n\t\t<\/div>\n\t\t\t\t<div class=\"elementor-column elementor-col-50 elementor-top-column elementor-element elementor-element-398e8c8 sc_content_align_inherit sc_layouts_column_icons_position_left sc_fly_static\" data-id=\"398e8c8\" data-element_type=\"column\" data-e-type=\"column\">\n\t\t\t<div class=\"elementor-widget-wrap elementor-element-populated\">\n\t\t\t\t\t\t<div class=\"elementor-element elementor-element-c01df5d sc_height_medium sc_fly_static elementor-widget elementor-widget-spacer\" data-id=\"c01df5d\" data-element_type=\"widget\" data-e-type=\"widget\" data-widget_type=\"spacer.default\">\n\t\t\t\t<div class=\"elementor-widget-container\">\n\t\t\t\t\t\t\t<div class=\"elementor-spacer\">\n\t\t\t<div class=\"elementor-spacer-inner\"><\/div>\n\t\t<\/div>\n\t\t\t\t\t\t<\/div>\n\t\t\t\t<\/div>\n\t\t\t\t<div class=\"elementor-element elementor-element-681aebf sc_fly_static elementor-widget elementor-widget-trx_sc_title\" data-id=\"681aebf\" data-element_type=\"widget\" data-e-type=\"widget\" data-widget_type=\"trx_sc_title.default\">\n\t\t\t\t<div class=\"elementor-widget-container\">\n\t\t\t\t\t<div\t\tclass=\"sc_title sc_title_accent\" ><h2 class=\"sc_item_title sc_title_title sc_item_title_style_accent sc_item_title_tag\"\n\t\t\t><span class=\"sc_item_title_text\">Joaqu\u00edn Sorolla<\/span><\/h2><\/div>\t\t\t\t<\/div>\n\t\t\t\t<\/div>\n\t\t\t\t<div class=\"elementor-element elementor-element-0d2a045 sc_fly_static elementor-widget elementor-widget-spacer\" data-id=\"0d2a045\" data-element_type=\"widget\" data-e-type=\"widget\" data-widget_type=\"spacer.default\">\n\t\t\t\t<div class=\"elementor-widget-container\">\n\t\t\t\t\t\t\t<div class=\"elementor-spacer\">\n\t\t\t<div class=\"elementor-spacer-inner\"><\/div>\n\t\t<\/div>\n\t\t\t\t\t\t<\/div>\n\t\t\t\t<\/div>\n\t\t\t\t<div class=\"elementor-element elementor-element-b0e4d68 sc_fly_static elementor-widget elementor-widget-text-editor\" data-id=\"b0e4d68\" data-element_type=\"widget\" data-e-type=\"widget\" data-widget_type=\"text-editor.default\">\n\t\t\t\t<div class=\"elementor-widget-container\">\n\t\t\t\t\t\t\t\t\t<p><i><span style=\"font-weight: 400;\"><i><span style=\"font-weight: 400;\"><span style=\"font-weight: 400;\">Le peintre Joaqu\u00edn Sorolla passa quelques jours \u00e0 La Alberca, prenant des notes et peignant quelques tableaux, immortalisant les costumes de La Alberca dans sa magnifique toile intitul\u00e9e \u00ab Castilla, la fiesta del pan \u00bb (Castille, la f\u00eate du pain). <\/span><\/span><\/i><\/span><\/i> <\/p><p><span style=\"font-weight: 400;\">Sorolla alla jusqu\u2019\u00e0 affirmer que \u00ab La Alberca est le village o\u00f9 l\u2019Espagne anti-artistique d\u2019aujourd\u2019hui n\u2019a pas encore mis les pieds \u00bb.<\/span><\/p>\t\t\t\t\t\t\t\t<\/div>\n\t\t\t\t<\/div>\n\t\t\t\t<div class=\"elementor-element elementor-element-5cd5640 sc_layouts_hide_on_mobile sc_fly_static elementor-widget elementor-widget-spacer\" data-id=\"5cd5640\" data-element_type=\"widget\" data-e-type=\"widget\" data-widget_type=\"spacer.default\">\n\t\t\t\t<div class=\"elementor-widget-container\">\n\t\t\t\t\t\t\t<div class=\"elementor-spacer\">\n\t\t\t<div class=\"elementor-spacer-inner\"><\/div>\n\t\t<\/div>\n\t\t\t\t\t\t<\/div>\n\t\t\t\t<\/div>\n\t\t\t\t\t<\/div>\n\t\t<\/div>\n\t\t\t\t\t<\/div>\n\t\t<\/section>\n\t\t\t\t<section class=\"elementor-section elementor-top-section elementor-element elementor-element-54f0b50 elementor-reverse-mobile elementor-section-boxed elementor-section-height-default elementor-section-height-default sc_fly_static\" data-id=\"54f0b50\" data-element_type=\"section\" data-e-type=\"section\" data-settings=\"{&quot;background_background&quot;:&quot;classic&quot;}\">\n\t\t\t\t\t\t<div class=\"elementor-container elementor-column-gap-extended\">\n\t\t\t\t\t<div class=\"elementor-column elementor-col-50 elementor-top-column elementor-element elementor-element-98af51b sc_content_align_inherit sc_layouts_column_icons_position_left sc_fly_static\" data-id=\"98af51b\" data-element_type=\"column\" data-e-type=\"column\">\n\t\t\t<div class=\"elementor-widget-wrap elementor-element-populated\">\n\t\t\t\t\t\t<div class=\"elementor-element elementor-element-1090efe sc_fly_static elementor-widget elementor-widget-spacer\" data-id=\"1090efe\" data-element_type=\"widget\" data-e-type=\"widget\" data-widget_type=\"spacer.default\">\n\t\t\t\t<div class=\"elementor-widget-container\">\n\t\t\t\t\t\t\t<div class=\"elementor-spacer\">\n\t\t\t<div class=\"elementor-spacer-inner\"><\/div>\n\t\t<\/div>\n\t\t\t\t\t\t<\/div>\n\t\t\t\t<\/div>\n\t\t\t\t<div class=\"elementor-element elementor-element-2041add sc_fly_static elementor-widget elementor-widget-image\" data-id=\"2041add\" data-element_type=\"widget\" data-e-type=\"widget\" data-widget_type=\"image.default\">\n\t\t\t\t<div class=\"elementor-widget-container\">\n\t\t\t\t\t\t\t\t\t\t\t\t\t\t\t<img loading=\"lazy\" decoding=\"async\" width=\"680\" height=\"960\" src=\"https:\/\/laalberca.com\/wp-content\/uploads\/2025\/11\/osorio-maurice-legendre.webp\" class=\"attachment-full size-full wp-image-24533\" alt=\"\" srcset=\"https:\/\/laalberca.com\/wp-content\/uploads\/2025\/11\/osorio-maurice-legendre.webp 680w, https:\/\/laalberca.com\/wp-content\/uploads\/2025\/11\/osorio-maurice-legendre-640x904.webp 640w, https:\/\/laalberca.com\/wp-content\/uploads\/2025\/11\/osorio-maurice-legendre-370x522.webp 370w, https:\/\/laalberca.com\/wp-content\/uploads\/2025\/11\/osorio-maurice-legendre-410x579.webp 410w\" sizes=\"auto, (max-width: 680px) 100vw, 680px\" \/>\t\t\t\t\t\t\t\t\t\t\t\t\t\t\t<\/div>\n\t\t\t\t<\/div>\n\t\t\t\t<div class=\"elementor-element elementor-element-95a3a0f sc_fly_static elementor-widget elementor-widget-text-editor\" data-id=\"95a3a0f\" data-element_type=\"widget\" data-e-type=\"widget\" data-widget_type=\"text-editor.default\">\n\t\t\t\t<div class=\"elementor-widget-container\">\n\t\t\t\t\t\t\t\t\t<p><span class=\"trx_addons_tiny_text\"><b>Maurice Legendre (portant un chapeau) \u00e0 c\u00f4t\u00e9 de l\u2019ossuaire.<\/b><br><\/span><\/p>\t\t\t\t\t\t\t\t<\/div>\n\t\t\t\t<\/div>\n\t\t\t\t<div class=\"elementor-element elementor-element-7bae4af sc_height_medium sc_fly_static elementor-widget elementor-widget-spacer\" data-id=\"7bae4af\" data-element_type=\"widget\" data-e-type=\"widget\" data-widget_type=\"spacer.default\">\n\t\t\t\t<div class=\"elementor-widget-container\">\n\t\t\t\t\t\t\t<div class=\"elementor-spacer\">\n\t\t\t<div class=\"elementor-spacer-inner\"><\/div>\n\t\t<\/div>\n\t\t\t\t\t\t<\/div>\n\t\t\t\t<\/div>\n\t\t\t\t\t<\/div>\n\t\t<\/div>\n\t\t\t\t<div class=\"elementor-column elementor-col-50 elementor-top-column elementor-element elementor-element-00a65d7 sc_content_align_inherit sc_layouts_column_icons_position_left sc_fly_static\" data-id=\"00a65d7\" data-element_type=\"column\" data-e-type=\"column\">\n\t\t\t<div class=\"elementor-widget-wrap elementor-element-populated\">\n\t\t\t\t\t\t<div class=\"elementor-element elementor-element-d810364 sc_height_medium sc_fly_static elementor-widget elementor-widget-spacer\" data-id=\"d810364\" data-element_type=\"widget\" data-e-type=\"widget\" data-widget_type=\"spacer.default\">\n\t\t\t\t<div class=\"elementor-widget-container\">\n\t\t\t\t\t\t\t<div class=\"elementor-spacer\">\n\t\t\t<div class=\"elementor-spacer-inner\"><\/div>\n\t\t<\/div>\n\t\t\t\t\t\t<\/div>\n\t\t\t\t<\/div>\n\t\t\t\t<div class=\"elementor-element elementor-element-f18a4fa sc_fly_static elementor-widget elementor-widget-trx_sc_title\" data-id=\"f18a4fa\" data-element_type=\"widget\" data-e-type=\"widget\" data-widget_type=\"trx_sc_title.default\">\n\t\t\t\t<div class=\"elementor-widget-container\">\n\t\t\t\t\t<div\t\tclass=\"sc_title sc_title_accent\" ><h2 class=\"sc_item_title sc_title_title sc_item_title_style_accent sc_item_title_tag\"\n\t\t\t><span class=\"sc_item_title_text\">Maurice Legendre<\/span><\/h2><\/div>\t\t\t\t<\/div>\n\t\t\t\t<\/div>\n\t\t\t\t<div class=\"elementor-element elementor-element-74ff878 sc_fly_static elementor-widget elementor-widget-spacer\" data-id=\"74ff878\" data-element_type=\"widget\" data-e-type=\"widget\" data-widget_type=\"spacer.default\">\n\t\t\t\t<div class=\"elementor-widget-container\">\n\t\t\t\t\t\t\t<div class=\"elementor-spacer\">\n\t\t\t<div class=\"elementor-spacer-inner\"><\/div>\n\t\t<\/div>\n\t\t\t\t\t\t<\/div>\n\t\t\t\t<\/div>\n\t\t\t\t<div class=\"elementor-element elementor-element-5bcf5b2 sc_fly_static elementor-widget elementor-widget-text-editor\" data-id=\"5bcf5b2\" data-element_type=\"widget\" data-e-type=\"widget\" data-widget_type=\"text-editor.default\">\n\t\t\t\t<div class=\"elementor-widget-container\">\n\t\t\t\t\t\t\t\t\t<p><span style=\"font-weight: 400;\"><span style=\"font-weight: 400;\"><i><span style=\"font-weight: 400;\">Le cofondateur et directeur de la Maison Vel\u00e1zquez de Madrid a pass\u00e9 de longs s\u00e9jours \u00e0 La Alberca, devenant l\u2019un de ses plus fervents ambassadeurs. Fils adoptif de la commune, son buste est situ\u00e9 dans la rue Los Praos, o\u00f9 il r\u00e9sidait. <\/span><\/i><\/span><\/span><\/p><p><span style=\"font-weight: 400;\">Sur ses recommandations, la grande danseuse Elvira Lucena visita La Alberca pour \u00e9tudier les danses anciennes et acqu\u00e9rir un costume \u00ab de vistas \u00bb.<\/span><\/p>\t\t\t\t\t\t\t\t<\/div>\n\t\t\t\t<\/div>\n\t\t\t\t<div class=\"elementor-element elementor-element-5df824c sc_layouts_hide_on_mobile sc_fly_static elementor-widget elementor-widget-spacer\" data-id=\"5df824c\" data-element_type=\"widget\" data-e-type=\"widget\" data-widget_type=\"spacer.default\">\n\t\t\t\t<div class=\"elementor-widget-container\">\n\t\t\t\t\t\t\t<div class=\"elementor-spacer\">\n\t\t\t<div class=\"elementor-spacer-inner\"><\/div>\n\t\t<\/div>\n\t\t\t\t\t\t<\/div>\n\t\t\t\t<\/div>\n\t\t\t\t\t<\/div>\n\t\t<\/div>\n\t\t\t\t\t<\/div>\n\t\t<\/section>\n\t\t\t\t<section class=\"elementor-section elementor-top-section elementor-element elementor-element-bef2b89 scheme_dark elementor-reverse-mobile elementor-section-boxed elementor-section-height-default elementor-section-height-default sc_fly_static\" data-id=\"bef2b89\" data-element_type=\"section\" data-e-type=\"section\" data-settings=\"{&quot;background_background&quot;:&quot;classic&quot;}\">\n\t\t\t\t\t\t<div class=\"elementor-container elementor-column-gap-extended\">\n\t\t\t\t\t<div class=\"elementor-column elementor-col-50 elementor-top-column elementor-element elementor-element-f1a7c22 sc_content_align_inherit sc_layouts_column_icons_position_left sc_fly_static\" data-id=\"f1a7c22\" data-element_type=\"column\" data-e-type=\"column\">\n\t\t\t<div class=\"elementor-widget-wrap elementor-element-populated\">\n\t\t\t\t\t\t<div class=\"elementor-element elementor-element-fa63a7d sc_fly_static elementor-widget elementor-widget-spacer\" data-id=\"fa63a7d\" data-element_type=\"widget\" data-e-type=\"widget\" data-widget_type=\"spacer.default\">\n\t\t\t\t<div class=\"elementor-widget-container\">\n\t\t\t\t\t\t\t<div class=\"elementor-spacer\">\n\t\t\t<div class=\"elementor-spacer-inner\"><\/div>\n\t\t<\/div>\n\t\t\t\t\t\t<\/div>\n\t\t\t\t<\/div>\n\t\t\t\t<div class=\"elementor-element elementor-element-6e42aa4 sc_fly_static elementor-widget elementor-widget-image\" data-id=\"6e42aa4\" data-element_type=\"widget\" data-e-type=\"widget\" data-widget_type=\"image.default\">\n\t\t\t\t<div class=\"elementor-widget-container\">\n\t\t\t\t\t\t\t\t\t\t\t\t\t\t\t<img loading=\"lazy\" decoding=\"async\" width=\"1000\" height=\"800\" src=\"https:\/\/laalberca.com\/wp-content\/uploads\/2025\/11\/lorca-1.webp\" class=\"attachment-full size-full wp-image-24534\" alt=\"Foto de cuadros colocados en la plaza.\" srcset=\"https:\/\/laalberca.com\/wp-content\/uploads\/2025\/11\/lorca-1.webp 1000w, https:\/\/laalberca.com\/wp-content\/uploads\/2025\/11\/lorca-1-640x512.webp 640w, https:\/\/laalberca.com\/wp-content\/uploads\/2025\/11\/lorca-1-370x296.webp 370w, https:\/\/laalberca.com\/wp-content\/uploads\/2025\/11\/lorca-1-840x672.webp 840w, https:\/\/laalberca.com\/wp-content\/uploads\/2025\/11\/lorca-1-410x328.webp 410w\" sizes=\"auto, (max-width: 1000px) 100vw, 1000px\" \/>\t\t\t\t\t\t\t\t\t\t\t\t\t\t\t<\/div>\n\t\t\t\t<\/div>\n\t\t\t\t<div class=\"elementor-element elementor-element-cbce1c9 sc_fly_static elementor-widget elementor-widget-text-editor\" data-id=\"cbce1c9\" data-element_type=\"widget\" data-e-type=\"widget\" data-widget_type=\"text-editor.default\">\n\t\t\t\t<div class=\"elementor-widget-container\">\n\t\t\t\t\t\t\t\t\t<p><span class=\"trx_addons_tiny_text\">Exposition de Florencio Ma\u00edllo sur Lorca qui s\u2019est tenue \u00e0 La Alberca.<br><br><\/span><\/p>\t\t\t\t\t\t\t\t<\/div>\n\t\t\t\t<\/div>\n\t\t\t\t<div class=\"elementor-element elementor-element-5618c06 sc_height_medium sc_fly_static elementor-widget elementor-widget-spacer\" data-id=\"5618c06\" data-element_type=\"widget\" data-e-type=\"widget\" data-widget_type=\"spacer.default\">\n\t\t\t\t<div class=\"elementor-widget-container\">\n\t\t\t\t\t\t\t<div class=\"elementor-spacer\">\n\t\t\t<div class=\"elementor-spacer-inner\"><\/div>\n\t\t<\/div>\n\t\t\t\t\t\t<\/div>\n\t\t\t\t<\/div>\n\t\t\t\t\t<\/div>\n\t\t<\/div>\n\t\t\t\t<div class=\"elementor-column elementor-col-50 elementor-top-column elementor-element elementor-element-13bd711 sc_content_align_inherit sc_layouts_column_icons_position_left sc_fly_static\" data-id=\"13bd711\" data-element_type=\"column\" data-e-type=\"column\">\n\t\t\t<div class=\"elementor-widget-wrap elementor-element-populated\">\n\t\t\t\t\t\t<div class=\"elementor-element elementor-element-c1ed621 sc_height_medium sc_fly_static elementor-widget elementor-widget-spacer\" data-id=\"c1ed621\" data-element_type=\"widget\" data-e-type=\"widget\" data-widget_type=\"spacer.default\">\n\t\t\t\t<div class=\"elementor-widget-container\">\n\t\t\t\t\t\t\t<div class=\"elementor-spacer\">\n\t\t\t<div class=\"elementor-spacer-inner\"><\/div>\n\t\t<\/div>\n\t\t\t\t\t\t<\/div>\n\t\t\t\t<\/div>\n\t\t\t\t<div class=\"elementor-element elementor-element-71d4421 sc_fly_static elementor-widget elementor-widget-trx_sc_title\" data-id=\"71d4421\" data-element_type=\"widget\" data-e-type=\"widget\" data-widget_type=\"trx_sc_title.default\">\n\t\t\t\t<div class=\"elementor-widget-container\">\n\t\t\t\t\t<div\t\tclass=\"sc_title sc_title_accent\" ><h2 class=\"sc_item_title sc_title_title sc_item_title_style_accent sc_item_title_tag\"\n\t\t\t><span class=\"sc_item_title_text\">Lorca<\/span><\/h2><\/div>\t\t\t\t<\/div>\n\t\t\t\t<\/div>\n\t\t\t\t<div class=\"elementor-element elementor-element-deffbcd sc_fly_static elementor-widget elementor-widget-spacer\" data-id=\"deffbcd\" data-element_type=\"widget\" data-e-type=\"widget\" data-widget_type=\"spacer.default\">\n\t\t\t\t<div class=\"elementor-widget-container\">\n\t\t\t\t\t\t\t<div class=\"elementor-spacer\">\n\t\t\t<div class=\"elementor-spacer-inner\"><\/div>\n\t\t<\/div>\n\t\t\t\t\t\t<\/div>\n\t\t\t\t<\/div>\n\t\t\t\t<div class=\"elementor-element elementor-element-55c88fc sc_fly_static elementor-widget elementor-widget-text-editor\" data-id=\"55c88fc\" data-element_type=\"widget\" data-e-type=\"widget\" data-widget_type=\"text-editor.default\">\n\t\t\t\t<div class=\"elementor-widget-container\">\n\t\t\t\t\t\t\t\t\t<p><span style=\"font-weight: 400;\"><i>Federico Garc\u00eda Lorca arriva \u00e0 La Alberca accompagn\u00e9 d\u2019\u00e9minentes personnalit\u00e9s du monde du cin\u00e9ma et du th\u00e9\u00e2tre dans le but de pr\u00e9parer le drame historique intitul\u00e9 \u00ab Perib\u00e1\u00f1ez et le commandant d\u2019Oca\u00f1a \u00bb. Lorsqu\u2019ils d\u00e9couvrirent le costume \u00ab de vistas \u00bb, ils d\u00e9cid\u00e8rent d\u2019en v\u00eatir le personnage de Casilda. Lorca exprima son admiration pour ces costumes, les d\u00e9crivant comme des \u00ab expressions populaires vivantes \u00bb.<\/i><\/span><\/p>\t\t\t\t\t\t\t\t<\/div>\n\t\t\t\t<\/div>\n\t\t\t\t<div class=\"elementor-element elementor-element-38ae406 sc_layouts_hide_on_mobile sc_fly_static elementor-widget elementor-widget-spacer\" data-id=\"38ae406\" data-element_type=\"widget\" data-e-type=\"widget\" data-widget_type=\"spacer.default\">\n\t\t\t\t<div class=\"elementor-widget-container\">\n\t\t\t\t\t\t\t<div class=\"elementor-spacer\">\n\t\t\t<div class=\"elementor-spacer-inner\"><\/div>\n\t\t<\/div>\n\t\t\t\t\t\t<\/div>\n\t\t\t\t<\/div>\n\t\t\t\t\t<\/div>\n\t\t<\/div>\n\t\t\t\t\t<\/div>\n\t\t<\/section>\n\t\t\t\t<section class=\"elementor-section elementor-top-section elementor-element elementor-element-3eaa574 elementor-reverse-mobile elementor-section-boxed elementor-section-height-default elementor-section-height-default sc_fly_static\" data-id=\"3eaa574\" data-element_type=\"section\" data-e-type=\"section\" data-settings=\"{&quot;background_background&quot;:&quot;classic&quot;}\">\n\t\t\t\t\t\t<div class=\"elementor-container elementor-column-gap-extended\">\n\t\t\t\t\t<div class=\"elementor-column elementor-col-50 elementor-top-column elementor-element elementor-element-ac051d0 sc_content_align_inherit sc_layouts_column_icons_position_left sc_fly_static\" data-id=\"ac051d0\" data-element_type=\"column\" data-e-type=\"column\">\n\t\t\t<div class=\"elementor-widget-wrap elementor-element-populated\">\n\t\t\t\t\t\t<div class=\"elementor-element elementor-element-e806a0f sc_fly_static elementor-widget elementor-widget-spacer\" data-id=\"e806a0f\" data-element_type=\"widget\" data-e-type=\"widget\" data-widget_type=\"spacer.default\">\n\t\t\t\t<div class=\"elementor-widget-container\">\n\t\t\t\t\t\t\t<div class=\"elementor-spacer\">\n\t\t\t<div class=\"elementor-spacer-inner\"><\/div>\n\t\t<\/div>\n\t\t\t\t\t\t<\/div>\n\t\t\t\t<\/div>\n\t\t\t\t<div class=\"elementor-element elementor-element-2085c8c sc_fly_static elementor-widget elementor-widget-image\" data-id=\"2085c8c\" data-element_type=\"widget\" data-e-type=\"widget\" data-widget_type=\"image.default\">\n\t\t\t\t<div class=\"elementor-widget-container\">\n\t\t\t\t\t\t\t\t\t\t\t\t\t\t\t<img loading=\"lazy\" decoding=\"async\" width=\"1000\" height=\"800\" src=\"https:\/\/laalberca.com\/wp-content\/uploads\/2025\/11\/cuadro-de-curas.-ofrenda-en-la-alberca.webp\" class=\"attachment-full size-full wp-image-24535\" alt=\"Foto de cuadro de curas\" srcset=\"https:\/\/laalberca.com\/wp-content\/uploads\/2025\/11\/cuadro-de-curas.-ofrenda-en-la-alberca.webp 1000w, https:\/\/laalberca.com\/wp-content\/uploads\/2025\/11\/cuadro-de-curas.-ofrenda-en-la-alberca-640x512.webp 640w, https:\/\/laalberca.com\/wp-content\/uploads\/2025\/11\/cuadro-de-curas.-ofrenda-en-la-alberca-370x296.webp 370w, https:\/\/laalberca.com\/wp-content\/uploads\/2025\/11\/cuadro-de-curas.-ofrenda-en-la-alberca-840x672.webp 840w, https:\/\/laalberca.com\/wp-content\/uploads\/2025\/11\/cuadro-de-curas.-ofrenda-en-la-alberca-410x328.webp 410w\" sizes=\"auto, (max-width: 1000px) 100vw, 1000px\" \/>\t\t\t\t\t\t\t\t\t\t\t\t\t\t\t<\/div>\n\t\t\t\t<\/div>\n\t\t\t\t<div class=\"elementor-element elementor-element-a0e55cd sc_fly_static elementor-widget elementor-widget-text-editor\" data-id=\"a0e55cd\" data-element_type=\"widget\" data-e-type=\"widget\" data-widget_type=\"text-editor.default\">\n\t\t\t\t<div class=\"elementor-widget-container\">\n\t\t\t\t\t\t\t\t\t<p><span class=\"trx_addons_tiny_text\"><b><em>\u00ab Ofrenda en La Alberca \u00bb<\/em> (Offrande \u00e0 La Alberca). Vidal Gonz\u00e1lez Arenal. <\/b><br><\/span><\/p>\t\t\t\t\t\t\t\t<\/div>\n\t\t\t\t<\/div>\n\t\t\t\t<div class=\"elementor-element elementor-element-a847b85 sc_height_medium sc_fly_static elementor-widget elementor-widget-spacer\" data-id=\"a847b85\" data-element_type=\"widget\" data-e-type=\"widget\" data-widget_type=\"spacer.default\">\n\t\t\t\t<div class=\"elementor-widget-container\">\n\t\t\t\t\t\t\t<div class=\"elementor-spacer\">\n\t\t\t<div class=\"elementor-spacer-inner\"><\/div>\n\t\t<\/div>\n\t\t\t\t\t\t<\/div>\n\t\t\t\t<\/div>\n\t\t\t\t\t<\/div>\n\t\t<\/div>\n\t\t\t\t<div class=\"elementor-column elementor-col-50 elementor-top-column elementor-element elementor-element-f65e55f sc_content_align_inherit sc_layouts_column_icons_position_left sc_fly_static\" data-id=\"f65e55f\" data-element_type=\"column\" data-e-type=\"column\">\n\t\t\t<div class=\"elementor-widget-wrap elementor-element-populated\">\n\t\t\t\t\t\t<div class=\"elementor-element elementor-element-7c68764 sc_height_medium sc_fly_static elementor-widget elementor-widget-spacer\" data-id=\"7c68764\" data-element_type=\"widget\" data-e-type=\"widget\" data-widget_type=\"spacer.default\">\n\t\t\t\t<div class=\"elementor-widget-container\">\n\t\t\t\t\t\t\t<div class=\"elementor-spacer\">\n\t\t\t<div class=\"elementor-spacer-inner\"><\/div>\n\t\t<\/div>\n\t\t\t\t\t\t<\/div>\n\t\t\t\t<\/div>\n\t\t\t\t<div class=\"elementor-element elementor-element-f99586e sc_fly_static elementor-widget elementor-widget-trx_sc_title\" data-id=\"f99586e\" data-element_type=\"widget\" data-e-type=\"widget\" data-widget_type=\"trx_sc_title.default\">\n\t\t\t\t<div class=\"elementor-widget-container\">\n\t\t\t\t\t<div\t\tclass=\"sc_title sc_title_accent\" ><h2 class=\"sc_item_title sc_title_title sc_item_title_style_accent sc_item_title_tag\"\n\t\t\t><span class=\"sc_item_title_text\">Peintres<\/span><\/h2><\/div>\t\t\t\t<\/div>\n\t\t\t\t<\/div>\n\t\t\t\t<div class=\"elementor-element elementor-element-f831cef sc_fly_static elementor-widget elementor-widget-spacer\" data-id=\"f831cef\" data-element_type=\"widget\" data-e-type=\"widget\" data-widget_type=\"spacer.default\">\n\t\t\t\t<div class=\"elementor-widget-container\">\n\t\t\t\t\t\t\t<div class=\"elementor-spacer\">\n\t\t\t<div class=\"elementor-spacer-inner\"><\/div>\n\t\t<\/div>\n\t\t\t\t\t\t<\/div>\n\t\t\t\t<\/div>\n\t\t\t\t<div class=\"elementor-element elementor-element-e9fa51d sc_fly_static elementor-widget elementor-widget-text-editor\" data-id=\"e9fa51d\" data-element_type=\"widget\" data-e-type=\"widget\" data-widget_type=\"text-editor.default\">\n\t\t\t\t<div class=\"elementor-widget-container\">\n\t\t\t\t\t\t\t\t\t<p>Outre Sorolla, de nombreux autres peintres sont venus \u00e0 La Alberca.<br><\/p><p><span style=\"font-weight: 400;\">Parmi eux, se trouvaient Valverde, Kurt Leyde, Bourdil, Agust\u00edn Segura, Rodr\u00edguez-Acosta, Molina N\u00fa\u00f1ez, Pastor Calpena, \u00c1lvarez del Manzano, Gonz\u00e1lez Ubierna, Jos\u00e9 Guerrero, Gonz\u00e1lez Arenal, Ismael Blat, Amadeo Roca, V\u00e1zquez D\u00edaz et Antonio Maura, qui fut pr\u00e9sident du Conseil des ministres.<br> <\/span><\/p><p><span style=\"font-weight: 400;\">Certains \u00e9tudiants de l\u2019\u00c9cole d&rsquo;Arts et M\u00e9tiers de Salamanque et de l\u2019\u00c9cole de C\u00e9ramique de Madrid, dirig\u00e9es par Francisco et Jacinto Alc\u00e1ntara, sont \u00e9galement pass\u00e9s par ici. <\/span><\/p>\t\t\t\t\t\t\t\t<\/div>\n\t\t\t\t<\/div>\n\t\t\t\t<div class=\"elementor-element elementor-element-b8d9855 sc_layouts_hide_on_mobile sc_fly_static elementor-widget elementor-widget-spacer\" data-id=\"b8d9855\" data-element_type=\"widget\" data-e-type=\"widget\" data-widget_type=\"spacer.default\">\n\t\t\t\t<div class=\"elementor-widget-container\">\n\t\t\t\t\t\t\t<div class=\"elementor-spacer\">\n\t\t\t<div class=\"elementor-spacer-inner\"><\/div>\n\t\t<\/div>\n\t\t\t\t\t\t<\/div>\n\t\t\t\t<\/div>\n\t\t\t\t\t<\/div>\n\t\t<\/div>\n\t\t\t\t\t<\/div>\n\t\t<\/section>\n\t\t\t\t<section class=\"elementor-section elementor-top-section elementor-element elementor-element-65affe6 elementor-section-boxed elementor-section-height-default elementor-section-height-default sc_fly_static\" data-id=\"65affe6\" data-element_type=\"section\" data-e-type=\"section\" data-settings=\"{&quot;background_background&quot;:&quot;classic&quot;}\">\n\t\t\t\t\t\t<div class=\"elementor-container elementor-column-gap-extended\">\n\t\t\t\t\t<div class=\"elementor-column elementor-col-100 elementor-top-column elementor-element elementor-element-fa39ba8 sc_content_align_inherit sc_layouts_column_icons_position_left sc_fly_static\" data-id=\"fa39ba8\" data-element_type=\"column\" data-e-type=\"column\">\n\t\t\t<div class=\"elementor-widget-wrap elementor-element-populated\">\n\t\t\t\t\t\t<div class=\"elementor-element elementor-element-1bfa1f4 sc_fly_static elementor-widget elementor-widget-image\" data-id=\"1bfa1f4\" data-element_type=\"widget\" data-e-type=\"widget\" data-widget_type=\"image.default\">\n\t\t\t\t<div class=\"elementor-widget-container\">\n\t\t\t\t\t\t\t\t\t\t\t\t\t\t\t<img loading=\"lazy\" decoding=\"async\" width=\"304\" height=\"19\" src=\"https:\/\/laalberca.com\/wp-content\/uploads\/2025\/11\/separador-negro.svg\" class=\"attachment-full size-full wp-image-24402\" alt=\"\" \/>\t\t\t\t\t\t\t\t\t\t\t\t\t\t\t<\/div>\n\t\t\t\t<\/div>\n\t\t\t\t<div class=\"elementor-element elementor-element-bff269d sc_height_medium sc_fly_static elementor-widget elementor-widget-spacer\" data-id=\"bff269d\" data-element_type=\"widget\" data-e-type=\"widget\" data-widget_type=\"spacer.default\">\n\t\t\t\t<div class=\"elementor-widget-container\">\n\t\t\t\t\t\t\t<div class=\"elementor-spacer\">\n\t\t\t<div class=\"elementor-spacer-inner\"><\/div>\n\t\t<\/div>\n\t\t\t\t\t\t<\/div>\n\t\t\t\t<\/div>\n\t\t\t\t\t<\/div>\n\t\t<\/div>\n\t\t\t\t\t<\/div>\n\t\t<\/section>\n\t\t\t\t<section class=\"elementor-section elementor-top-section elementor-element elementor-element-4f790b0 elementor-section-boxed elementor-section-height-default elementor-section-height-default sc_fly_static\" data-id=\"4f790b0\" data-element_type=\"section\" data-e-type=\"section\" data-settings=\"{&quot;background_background&quot;:&quot;classic&quot;}\">\n\t\t\t\t\t\t<div class=\"elementor-container elementor-column-gap-extended\">\n\t\t\t\t\t<div class=\"elementor-column elementor-col-100 elementor-top-column elementor-element elementor-element-07d0eff sc_content_align_inherit sc_layouts_column_icons_position_left sc_fly_static\" data-id=\"07d0eff\" data-element_type=\"column\" data-e-type=\"column\">\n\t\t\t<div class=\"elementor-widget-wrap elementor-element-populated\">\n\t\t\t\t\t\t<div class=\"elementor-element elementor-element-ddfbdc2 sc_height_medium sc_fly_static elementor-widget elementor-widget-spacer\" data-id=\"ddfbdc2\" data-element_type=\"widget\" data-e-type=\"widget\" data-widget_type=\"spacer.default\">\n\t\t\t\t<div class=\"elementor-widget-container\">\n\t\t\t\t\t\t\t<div class=\"elementor-spacer\">\n\t\t\t<div class=\"elementor-spacer-inner\"><\/div>\n\t\t<\/div>\n\t\t\t\t\t\t<\/div>\n\t\t\t\t<\/div>\n\t\t\t\t<div class=\"elementor-element elementor-element-d9f92cd elementor-widget-mobile__width-inherit elementor-widget__width-inherit sc_fly_static elementor-widget elementor-widget-trx_sc_button\" data-id=\"d9f92cd\" data-element_type=\"widget\" data-e-type=\"widget\" data-widget_type=\"trx_sc_button.default\">\n\t\t\t\t<div class=\"elementor-widget-container\">\n\t\t\t\t\t<div\tclass=\"sc_item_button sc_button_wrap sc_align_center\" ><a href=\"https:\/\/laalberca.com\/fr\/route-des-voyageurs-illustres\/\" class=\"sc_button sc_button_bordered sc_button_size_large sc_button_with_icon sc_button_icon_left color_style_dark\" ><span class=\"sc_button_icon\"><span class=\"icon-left-big-1\"><\/span><\/span><span class=\"sc_button_text\"><span class=\"sc_button_title\">Retour<\/span><\/span><\/a><\/div>\t\t\t\t<\/div>\n\t\t\t\t<\/div>\n\t\t\t\t<div class=\"elementor-element elementor-element-4b7267d sc_height_medium sc_fly_static elementor-widget elementor-widget-spacer\" data-id=\"4b7267d\" data-element_type=\"widget\" data-e-type=\"widget\" data-widget_type=\"spacer.default\">\n\t\t\t\t<div class=\"elementor-widget-container\">\n\t\t\t\t\t\t\t<div class=\"elementor-spacer\">\n\t\t\t<div class=\"elementor-spacer-inner\"><\/div>\n\t\t<\/div>\n\t\t\t\t\t\t<\/div>\n\t\t\t\t<\/div>\n\t\t\t\t\t<\/div>\n\t\t<\/div>\n\t\t\t\t\t<\/div>\n\t\t<\/section>\n\t\t\t\t<\/div>\n\t\t","protected":false},"excerpt":{"rendered":"<p>Voyageurs illustres Unamuno et Jacques Chevalier dans le monast\u00e8re de Las Batuecas. Miguel de Unamuno Au cours de ses s\u00e9jours, Don Miguel r\u00e9alisa une compilation du vocabulaire et d\u2019autres particularit\u00e9s&hellip;<\/p>\n","protected":false},"author":12,"featured_media":0,"parent":0,"menu_order":0,"comment_status":"closed","ping_status":"closed","template":"","meta":{"_acf_changed":false,"footnotes":""},"class_list":["post-24536","page","type-page","status-publish","hentry"],"acf":[],"yoast_head":"<!-- This site is optimized with the Yoast SEO plugin v27.4 - https:\/\/yoast.com\/product\/yoast-seo-wordpress\/ -->\n<title>La Alberca - Plus d&#039;informations sur le parcours des voyageurs distingu\u00e9s<\/title>\n<meta name=\"robots\" content=\"noindex, nofollow\" \/>\n<meta property=\"og:locale\" content=\"fr_FR\" \/>\n<meta property=\"og:type\" content=\"article\" \/>\n<meta property=\"og:title\" content=\"La Alberca - Plus d&#039;informations sur le parcours des voyageurs distingu\u00e9s\" \/>\n<meta property=\"og:description\" content=\"Voyageurs illustres Unamuno et Jacques Chevalier dans le monast\u00e8re de Las Batuecas. Miguel de Unamuno Au cours de ses s\u00e9jours, Don Miguel r\u00e9alisa une compilation du vocabulaire et d\u2019autres particularit\u00e9s&hellip;\" \/>\n<meta property=\"og:url\" content=\"https:\/\/laalberca.com\/fr\/plus-dinformations-sur-le-parcours-des-voyageurs-distingues\/\" \/>\n<meta property=\"og:site_name\" content=\"La Alberca\" \/>\n<meta property=\"article:modified_time\" content=\"2026-01-28T10:33:19+00:00\" \/>\n<meta property=\"og:image\" content=\"https:\/\/laalberca.com\/wp-content\/uploads\/2025\/12\/logo-surcando-la-alberca-positivo-2.png\" \/>\n\t<meta property=\"og:image:width\" content=\"800\" \/>\n\t<meta property=\"og:image:height\" content=\"566\" \/>\n\t<meta property=\"og:image:type\" content=\"image\/png\" \/>\n<meta name=\"twitter:card\" content=\"summary_large_image\" \/>\n<meta name=\"twitter:label1\" content=\"Dur\u00e9e de lecture estim\u00e9e\" \/>\n\t<meta name=\"twitter:data1\" content=\"2 minutes\" \/>\n<script type=\"application\/ld+json\" class=\"yoast-schema-graph\">{\"@context\":\"https:\\\/\\\/schema.org\",\"@graph\":[{\"@type\":\"WebPage\",\"@id\":\"https:\\\/\\\/laalberca.com\\\/fr\\\/plus-dinformations-sur-le-parcours-des-voyageurs-distingues\\\/\",\"url\":\"https:\\\/\\\/laalberca.com\\\/fr\\\/plus-dinformations-sur-le-parcours-des-voyageurs-distingues\\\/\",\"name\":\"La Alberca - Plus d'informations sur le parcours des voyageurs distingu\u00e9s\",\"isPartOf\":{\"@id\":\"https:\\\/\\\/laalberca.com\\\/fr\\\/#website\"},\"primaryImageOfPage\":{\"@id\":\"https:\\\/\\\/laalberca.com\\\/fr\\\/plus-dinformations-sur-le-parcours-des-voyageurs-distingues\\\/#primaryimage\"},\"image\":{\"@id\":\"https:\\\/\\\/laalberca.com\\\/fr\\\/plus-dinformations-sur-le-parcours-des-voyageurs-distingues\\\/#primaryimage\"},\"thumbnailUrl\":\"https:\\\/\\\/laalberca.com\\\/wp-content\\\/uploads\\\/2025\\\/12\\\/logo-surcando-la-alberca-positivo-2.png\",\"datePublished\":\"2025-11-21T13:13:44+00:00\",\"dateModified\":\"2026-01-28T10:33:19+00:00\",\"breadcrumb\":{\"@id\":\"https:\\\/\\\/laalberca.com\\\/fr\\\/plus-dinformations-sur-le-parcours-des-voyageurs-distingues\\\/#breadcrumb\"},\"inLanguage\":\"fr-FR\",\"potentialAction\":[{\"@type\":\"ReadAction\",\"target\":[\"https:\\\/\\\/laalberca.com\\\/fr\\\/plus-dinformations-sur-le-parcours-des-voyageurs-distingues\\\/\"]}]},{\"@type\":\"ImageObject\",\"inLanguage\":\"fr-FR\",\"@id\":\"https:\\\/\\\/laalberca.com\\\/fr\\\/plus-dinformations-sur-le-parcours-des-voyageurs-distingues\\\/#primaryimage\",\"url\":\"https:\\\/\\\/laalberca.com\\\/wp-content\\\/uploads\\\/2025\\\/12\\\/logo-surcando-la-alberca-positivo-2.png\",\"contentUrl\":\"https:\\\/\\\/laalberca.com\\\/wp-content\\\/uploads\\\/2025\\\/12\\\/logo-surcando-la-alberca-positivo-2.png\"},{\"@type\":\"BreadcrumbList\",\"@id\":\"https:\\\/\\\/laalberca.com\\\/fr\\\/plus-dinformations-sur-le-parcours-des-voyageurs-distingues\\\/#breadcrumb\",\"itemListElement\":[{\"@type\":\"ListItem\",\"position\":1,\"name\":\"Portada\",\"item\":\"https:\\\/\\\/laalberca.com\\\/fr\\\/\"},{\"@type\":\"ListItem\",\"position\":2,\"name\":\"Plus d&rsquo;informations sur le parcours des voyageurs distingu\u00e9s\"}]},{\"@type\":\"WebSite\",\"@id\":\"https:\\\/\\\/laalberca.com\\\/fr\\\/#website\",\"url\":\"https:\\\/\\\/laalberca.com\\\/fr\\\/\",\"name\":\"La Alberca\",\"description\":\"Lugar de costumbres, tradiciones y ritos centenarios\",\"publisher\":{\"@id\":\"https:\\\/\\\/laalberca.com\\\/fr\\\/#organization\"},\"potentialAction\":[{\"@type\":\"SearchAction\",\"target\":{\"@type\":\"EntryPoint\",\"urlTemplate\":\"https:\\\/\\\/laalberca.com\\\/fr\\\/?s={search_term_string}\"},\"query-input\":{\"@type\":\"PropertyValueSpecification\",\"valueRequired\":true,\"valueName\":\"search_term_string\"}}],\"inLanguage\":\"fr-FR\"},{\"@type\":\"Organization\",\"@id\":\"https:\\\/\\\/laalberca.com\\\/fr\\\/#organization\",\"name\":\"La Alberca\",\"url\":\"https:\\\/\\\/laalberca.com\\\/fr\\\/\",\"logo\":{\"@type\":\"ImageObject\",\"inLanguage\":\"fr-FR\",\"@id\":\"https:\\\/\\\/laalberca.com\\\/fr\\\/#\\\/schema\\\/logo\\\/image\\\/\",\"url\":\"https:\\\/\\\/laalberca.com\\\/wp-content\\\/uploads\\\/2022\\\/06\\\/logotipo-blanco.svg\",\"contentUrl\":\"https:\\\/\\\/laalberca.com\\\/wp-content\\\/uploads\\\/2022\\\/06\\\/logotipo-blanco.svg\",\"width\":600,\"height\":217,\"caption\":\"La Alberca\"},\"image\":{\"@id\":\"https:\\\/\\\/laalberca.com\\\/fr\\\/#\\\/schema\\\/logo\\\/image\\\/\"}}]}<\/script>\n<!-- \/ Yoast SEO plugin. -->","yoast_head_json":{"title":"La Alberca - Plus d'informations sur le parcours des voyageurs distingu\u00e9s","robots":{"index":"noindex","follow":"nofollow"},"og_locale":"fr_FR","og_type":"article","og_title":"La Alberca - Plus d'informations sur le parcours des voyageurs distingu\u00e9s","og_description":"Voyageurs illustres Unamuno et Jacques Chevalier dans le monast\u00e8re de Las Batuecas. Miguel de Unamuno Au cours de ses s\u00e9jours, Don Miguel r\u00e9alisa une compilation du vocabulaire et d\u2019autres particularit\u00e9s&hellip;","og_url":"https:\/\/laalberca.com\/fr\/plus-dinformations-sur-le-parcours-des-voyageurs-distingues\/","og_site_name":"La Alberca","article_modified_time":"2026-01-28T10:33:19+00:00","og_image":[{"width":800,"height":566,"url":"https:\/\/laalberca.com\/wp-content\/uploads\/2025\/12\/logo-surcando-la-alberca-positivo-2.png","type":"image\/png"}],"twitter_card":"summary_large_image","twitter_misc":{"Dur\u00e9e de lecture estim\u00e9e":"2 minutes"},"schema":{"@context":"https:\/\/schema.org","@graph":[{"@type":"WebPage","@id":"https:\/\/laalberca.com\/fr\/plus-dinformations-sur-le-parcours-des-voyageurs-distingues\/","url":"https:\/\/laalberca.com\/fr\/plus-dinformations-sur-le-parcours-des-voyageurs-distingues\/","name":"La Alberca - Plus d'informations sur le parcours des voyageurs distingu\u00e9s","isPartOf":{"@id":"https:\/\/laalberca.com\/fr\/#website"},"primaryImageOfPage":{"@id":"https:\/\/laalberca.com\/fr\/plus-dinformations-sur-le-parcours-des-voyageurs-distingues\/#primaryimage"},"image":{"@id":"https:\/\/laalberca.com\/fr\/plus-dinformations-sur-le-parcours-des-voyageurs-distingues\/#primaryimage"},"thumbnailUrl":"https:\/\/laalberca.com\/wp-content\/uploads\/2025\/12\/logo-surcando-la-alberca-positivo-2.png","datePublished":"2025-11-21T13:13:44+00:00","dateModified":"2026-01-28T10:33:19+00:00","breadcrumb":{"@id":"https:\/\/laalberca.com\/fr\/plus-dinformations-sur-le-parcours-des-voyageurs-distingues\/#breadcrumb"},"inLanguage":"fr-FR","potentialAction":[{"@type":"ReadAction","target":["https:\/\/laalberca.com\/fr\/plus-dinformations-sur-le-parcours-des-voyageurs-distingues\/"]}]},{"@type":"ImageObject","inLanguage":"fr-FR","@id":"https:\/\/laalberca.com\/fr\/plus-dinformations-sur-le-parcours-des-voyageurs-distingues\/#primaryimage","url":"https:\/\/laalberca.com\/wp-content\/uploads\/2025\/12\/logo-surcando-la-alberca-positivo-2.png","contentUrl":"https:\/\/laalberca.com\/wp-content\/uploads\/2025\/12\/logo-surcando-la-alberca-positivo-2.png"},{"@type":"BreadcrumbList","@id":"https:\/\/laalberca.com\/fr\/plus-dinformations-sur-le-parcours-des-voyageurs-distingues\/#breadcrumb","itemListElement":[{"@type":"ListItem","position":1,"name":"Portada","item":"https:\/\/laalberca.com\/fr\/"},{"@type":"ListItem","position":2,"name":"Plus d&rsquo;informations sur le parcours des voyageurs distingu\u00e9s"}]},{"@type":"WebSite","@id":"https:\/\/laalberca.com\/fr\/#website","url":"https:\/\/laalberca.com\/fr\/","name":"La Alberca","description":"Lugar de costumbres, tradiciones y ritos centenarios","publisher":{"@id":"https:\/\/laalberca.com\/fr\/#organization"},"potentialAction":[{"@type":"SearchAction","target":{"@type":"EntryPoint","urlTemplate":"https:\/\/laalberca.com\/fr\/?s={search_term_string}"},"query-input":{"@type":"PropertyValueSpecification","valueRequired":true,"valueName":"search_term_string"}}],"inLanguage":"fr-FR"},{"@type":"Organization","@id":"https:\/\/laalberca.com\/fr\/#organization","name":"La Alberca","url":"https:\/\/laalberca.com\/fr\/","logo":{"@type":"ImageObject","inLanguage":"fr-FR","@id":"https:\/\/laalberca.com\/fr\/#\/schema\/logo\/image\/","url":"https:\/\/laalberca.com\/wp-content\/uploads\/2022\/06\/logotipo-blanco.svg","contentUrl":"https:\/\/laalberca.com\/wp-content\/uploads\/2022\/06\/logotipo-blanco.svg","width":600,"height":217,"caption":"La Alberca"},"image":{"@id":"https:\/\/laalberca.com\/fr\/#\/schema\/logo\/image\/"}}]}},"_links":{"self":[{"href":"https:\/\/laalberca.com\/fr\/wp-json\/wp\/v2\/pages\/24536","targetHints":{"allow":["GET"]}}],"collection":[{"href":"https:\/\/laalberca.com\/fr\/wp-json\/wp\/v2\/pages"}],"about":[{"href":"https:\/\/laalberca.com\/fr\/wp-json\/wp\/v2\/types\/page"}],"author":[{"embeddable":true,"href":"https:\/\/laalberca.com\/fr\/wp-json\/wp\/v2\/users\/12"}],"replies":[{"embeddable":true,"href":"https:\/\/laalberca.com\/fr\/wp-json\/wp\/v2\/comments?post=24536"}],"version-history":[{"count":8,"href":"https:\/\/laalberca.com\/fr\/wp-json\/wp\/v2\/pages\/24536\/revisions"}],"predecessor-version":[{"id":25656,"href":"https:\/\/laalberca.com\/fr\/wp-json\/wp\/v2\/pages\/24536\/revisions\/25656"}],"wp:attachment":[{"href":"https:\/\/laalberca.com\/fr\/wp-json\/wp\/v2\/media?parent=24536"}],"curies":[{"name":"wp","href":"https:\/\/api.w.org\/{rel}","templated":true}]}}