{"id":24585,"date":"2025-11-24T16:05:47","date_gmt":"2025-11-24T15:05:47","guid":{"rendered":"https:\/\/laalberca.com\/plus-dinformations-sur-le-parcours-de-la-plaza\/"},"modified":"2026-01-19T11:46:05","modified_gmt":"2026-01-19T10:46:05","slug":"plus-dinformations-sur-le-parcours-de-la-plaza","status":"publish","type":"page","link":"https:\/\/laalberca.com\/fr\/plus-dinformations-sur-le-parcours-de-la-plaza\/","title":{"rendered":"Plus d&rsquo;informations sur le parcours de la Plaza"},"content":{"rendered":"\t\t<div data-elementor-type=\"wp-page\" data-elementor-id=\"24585\" class=\"elementor elementor-24585 elementor-23456\" data-elementor-post-type=\"page\">\n\t\t\t\t\t\t<section class=\"elementor-section elementor-top-section elementor-element elementor-element-291180c elementor-section-boxed elementor-section-height-default elementor-section-height-default sc_fly_static\" data-id=\"291180c\" data-element_type=\"section\" data-e-type=\"section\" data-settings=\"{&quot;background_background&quot;:&quot;classic&quot;}\">\n\t\t\t\t\t\t<div class=\"elementor-container elementor-column-gap-extended\">\n\t\t\t\t\t<div class=\"elementor-column elementor-col-100 elementor-top-column elementor-element elementor-element-275099e sc_content_align_inherit sc_layouts_column_icons_position_left sc_fly_static\" data-id=\"275099e\" data-element_type=\"column\" data-e-type=\"column\">\n\t\t\t<div class=\"elementor-widget-wrap elementor-element-populated\">\n\t\t\t\t\t\t<div class=\"elementor-element elementor-element-f655c7e sc_height_medium sc_fly_static elementor-widget elementor-widget-spacer\" data-id=\"f655c7e\" data-element_type=\"widget\" data-e-type=\"widget\" data-widget_type=\"spacer.default\">\n\t\t\t\t<div class=\"elementor-widget-container\">\n\t\t\t\t\t\t\t<div class=\"elementor-spacer\">\n\t\t\t<div class=\"elementor-spacer-inner\"><\/div>\n\t\t<\/div>\n\t\t\t\t\t\t<\/div>\n\t\t\t\t<\/div>\n\t\t\t\t<div class=\"elementor-element elementor-element-541bf2a sc_fly_static elementor-widget elementor-widget-image\" data-id=\"541bf2a\" data-element_type=\"widget\" data-e-type=\"widget\" data-widget_type=\"image.default\">\n\t\t\t\t<div class=\"elementor-widget-container\">\n\t\t\t\t\t\t\t\t\t\t\t\t\t\t\t<img loading=\"lazy\" decoding=\"async\" width=\"800\" height=\"566\" src=\"https:\/\/laalberca.com\/wp-content\/uploads\/2026\/01\/surcando-la-alberca-logo-positivo-oscuro-frances.svg\" class=\"attachment-full size-full wp-image-24401\" alt=\"Logotipo Surcando La Alberca negro sobre gris\" \/>\t\t\t\t\t\t\t\t\t\t\t\t\t\t\t<\/div>\n\t\t\t\t<\/div>\n\t\t\t\t<div class=\"elementor-element elementor-element-f356111 sc_fly_static elementor-widget elementor-widget-spacer\" data-id=\"f356111\" data-element_type=\"widget\" data-e-type=\"widget\" data-widget_type=\"spacer.default\">\n\t\t\t\t<div class=\"elementor-widget-container\">\n\t\t\t\t\t\t\t<div class=\"elementor-spacer\">\n\t\t\t<div class=\"elementor-spacer-inner\"><\/div>\n\t\t<\/div>\n\t\t\t\t\t\t<\/div>\n\t\t\t\t<\/div>\n\t\t\t\t<div class=\"elementor-element elementor-element-f71f986 sc_fly_static elementor-widget elementor-widget-trx_sc_title\" data-id=\"f71f986\" data-element_type=\"widget\" data-e-type=\"widget\" data-widget_type=\"trx_sc_title.default\">\n\t\t\t\t<div class=\"elementor-widget-container\">\n\t\t\t\t\t<div\t\tclass=\"sc_title sc_title_default\" ><h1 class=\"sc_item_title sc_title_title sc_align_center sc_item_title_style_default sc_item_title_tag\"\n\t\t\t><span class=\"sc_item_title_text\">La Place<\/span><\/h1><\/div>\t\t\t\t<\/div>\n\t\t\t\t<\/div>\n\t\t\t\t<div class=\"elementor-element elementor-element-35e7065 sc_fly_static elementor-widget elementor-widget-spacer\" data-id=\"35e7065\" data-element_type=\"widget\" data-e-type=\"widget\" data-widget_type=\"spacer.default\">\n\t\t\t\t<div class=\"elementor-widget-container\">\n\t\t\t\t\t\t\t<div class=\"elementor-spacer\">\n\t\t\t<div class=\"elementor-spacer-inner\"><\/div>\n\t\t<\/div>\n\t\t\t\t\t\t<\/div>\n\t\t\t\t<\/div>\n\t\t\t\t<div class=\"elementor-element elementor-element-c19a08c sc_fly_static elementor-widget elementor-widget-image\" data-id=\"c19a08c\" data-element_type=\"widget\" data-e-type=\"widget\" data-widget_type=\"image.default\">\n\t\t\t\t<div class=\"elementor-widget-container\">\n\t\t\t\t\t\t\t\t\t\t\t\t\t\t\t<img loading=\"lazy\" decoding=\"async\" width=\"304\" height=\"19\" src=\"https:\/\/laalberca.com\/wp-content\/uploads\/2025\/11\/separador-negro.svg\" class=\"attachment-large size-large wp-image-24402\" alt=\"\" \/>\t\t\t\t\t\t\t\t\t\t\t\t\t\t\t<\/div>\n\t\t\t\t<\/div>\n\t\t\t\t<div class=\"elementor-element elementor-element-b4d200e sc_height_medium sc_fly_static elementor-widget elementor-widget-spacer\" data-id=\"b4d200e\" data-element_type=\"widget\" data-e-type=\"widget\" data-widget_type=\"spacer.default\">\n\t\t\t\t<div class=\"elementor-widget-container\">\n\t\t\t\t\t\t\t<div class=\"elementor-spacer\">\n\t\t\t<div class=\"elementor-spacer-inner\"><\/div>\n\t\t<\/div>\n\t\t\t\t\t\t<\/div>\n\t\t\t\t<\/div>\n\t\t\t\t\t<\/div>\n\t\t<\/div>\n\t\t\t\t\t<\/div>\n\t\t<\/section>\n\t\t\t\t<section class=\"elementor-section elementor-top-section elementor-element elementor-element-080bbb9 elementor-reverse-tablet elementor-reverse-mobile elementor-section-boxed elementor-section-height-default elementor-section-height-default sc_fly_static\" data-id=\"080bbb9\" data-element_type=\"section\" data-e-type=\"section\" data-settings=\"{&quot;background_background&quot;:&quot;classic&quot;}\">\n\t\t\t\t\t\t<div class=\"elementor-container elementor-column-gap-extended\">\n\t\t\t\t\t<div class=\"elementor-column elementor-col-50 elementor-top-column elementor-element elementor-element-aa5b006 sc_content_align_inherit sc_layouts_column_icons_position_left sc_fly_static\" data-id=\"aa5b006\" data-element_type=\"column\" data-e-type=\"column\">\n\t\t\t<div class=\"elementor-widget-wrap elementor-element-populated\">\n\t\t\t\t\t\t<div class=\"elementor-element elementor-element-af81e86 sc_fly_static elementor-widget elementor-widget-spacer\" data-id=\"af81e86\" data-element_type=\"widget\" data-e-type=\"widget\" data-widget_type=\"spacer.default\">\n\t\t\t\t<div class=\"elementor-widget-container\">\n\t\t\t\t\t\t\t<div class=\"elementor-spacer\">\n\t\t\t<div class=\"elementor-spacer-inner\"><\/div>\n\t\t<\/div>\n\t\t\t\t\t\t<\/div>\n\t\t\t\t<\/div>\n\t\t\t\t<div class=\"elementor-element elementor-element-9588cd5 sc_fly_static elementor-widget elementor-widget-image\" data-id=\"9588cd5\" data-element_type=\"widget\" data-e-type=\"widget\" data-widget_type=\"image.default\">\n\t\t\t\t<div class=\"elementor-widget-container\">\n\t\t\t\t\t\t\t\t\t\t\t\t\t\t\t<img loading=\"lazy\" decoding=\"async\" width=\"1920\" height=\"2560\" src=\"https:\/\/laalberca.com\/wp-content\/uploads\/2025\/11\/palacio-duque-teatro-scaled.webp\" class=\"attachment-full size-full wp-image-24578\" alt=\"Foto de capitel con escudo\" srcset=\"https:\/\/laalberca.com\/wp-content\/uploads\/2025\/11\/palacio-duque-teatro-scaled.webp 1920w, https:\/\/laalberca.com\/wp-content\/uploads\/2025\/11\/palacio-duque-teatro-640x853.webp 640w, https:\/\/laalberca.com\/wp-content\/uploads\/2025\/11\/palacio-duque-teatro-1280x1707.webp 1280w, https:\/\/laalberca.com\/wp-content\/uploads\/2025\/11\/palacio-duque-teatro-1024x1365.webp 1024w, https:\/\/laalberca.com\/wp-content\/uploads\/2025\/11\/palacio-duque-teatro-1152x1536.webp 1152w, https:\/\/laalberca.com\/wp-content\/uploads\/2025\/11\/palacio-duque-teatro-1536x2048.webp 1536w, https:\/\/laalberca.com\/wp-content\/uploads\/2025\/11\/palacio-duque-teatro-370x493.webp 370w, https:\/\/laalberca.com\/wp-content\/uploads\/2025\/11\/palacio-duque-teatro-840x1120.webp 840w, https:\/\/laalberca.com\/wp-content\/uploads\/2025\/11\/palacio-duque-teatro-410x547.webp 410w\" sizes=\"auto, (max-width: 1920px) 100vw, 1920px\" \/>\t\t\t\t\t\t\t\t\t\t\t\t\t\t\t<\/div>\n\t\t\t\t<\/div>\n\t\t\t\t<div class=\"elementor-element elementor-element-2e0d799 sc_fly_static elementor-widget elementor-widget-text-editor\" data-id=\"2e0d799\" data-element_type=\"widget\" data-e-type=\"widget\" data-widget_type=\"text-editor.default\">\n\t\t\t\t<div class=\"elementor-widget-container\">\n\t\t\t\t\t\t\t\t\t<p><span class=\"trx_addons_tiny_text\">Les armoiries de la famille Alba sur un des chapiteaux du th\u00e9\u00e2tre.<em><br><\/em><\/span><\/p>\t\t\t\t\t\t\t\t<\/div>\n\t\t\t\t<\/div>\n\t\t\t\t<div class=\"elementor-element elementor-element-254a788 sc_height_medium sc_fly_static elementor-widget elementor-widget-spacer\" data-id=\"254a788\" data-element_type=\"widget\" data-e-type=\"widget\" data-widget_type=\"spacer.default\">\n\t\t\t\t<div class=\"elementor-widget-container\">\n\t\t\t\t\t\t\t<div class=\"elementor-spacer\">\n\t\t\t<div class=\"elementor-spacer-inner\"><\/div>\n\t\t<\/div>\n\t\t\t\t\t\t<\/div>\n\t\t\t\t<\/div>\n\t\t\t\t\t<\/div>\n\t\t<\/div>\n\t\t\t\t<div class=\"elementor-column elementor-col-50 elementor-top-column elementor-element elementor-element-ef73980 sc_content_align_inherit sc_layouts_column_icons_position_left sc_fly_static\" data-id=\"ef73980\" data-element_type=\"column\" data-e-type=\"column\">\n\t\t\t<div class=\"elementor-widget-wrap elementor-element-populated\">\n\t\t\t\t\t\t<div class=\"elementor-element elementor-element-9d73328 sc_height_medium sc_layouts_hide_on_mobile sc_fly_static elementor-widget elementor-widget-spacer\" data-id=\"9d73328\" data-element_type=\"widget\" data-e-type=\"widget\" data-widget_type=\"spacer.default\">\n\t\t\t\t<div class=\"elementor-widget-container\">\n\t\t\t\t\t\t\t<div class=\"elementor-spacer\">\n\t\t\t<div class=\"elementor-spacer-inner\"><\/div>\n\t\t<\/div>\n\t\t\t\t\t\t<\/div>\n\t\t\t\t<\/div>\n\t\t\t\t<div class=\"elementor-element elementor-element-0c60636 sc_fly_static elementor-widget elementor-widget-trx_sc_title\" data-id=\"0c60636\" data-element_type=\"widget\" data-e-type=\"widget\" data-widget_type=\"trx_sc_title.default\">\n\t\t\t\t<div class=\"elementor-widget-container\">\n\t\t\t\t\t<div\t\tclass=\"sc_title sc_title_accent\" ><h2 class=\"sc_item_title sc_title_title sc_item_title_style_accent sc_item_title_tag\"\n\t\t\t><span class=\"sc_item_title_text\">TH\u00c9\u00c2TRE<\/span><\/h2><\/div>\t\t\t\t<\/div>\n\t\t\t\t<\/div>\n\t\t\t\t<div class=\"elementor-element elementor-element-f590fdd sc_fly_static elementor-widget elementor-widget-spacer\" data-id=\"f590fdd\" data-element_type=\"widget\" data-e-type=\"widget\" data-widget_type=\"spacer.default\">\n\t\t\t\t<div class=\"elementor-widget-container\">\n\t\t\t\t\t\t\t<div class=\"elementor-spacer\">\n\t\t\t<div class=\"elementor-spacer-inner\"><\/div>\n\t\t<\/div>\n\t\t\t\t\t\t<\/div>\n\t\t\t\t<\/div>\n\t\t\t\t<div class=\"elementor-element elementor-element-504a42f sc_fly_static elementor-widget elementor-widget-text-editor\" data-id=\"504a42f\" data-element_type=\"widget\" data-e-type=\"widget\" data-widget_type=\"text-editor.default\">\n\t\t\t\t<div class=\"elementor-widget-container\">\n\t\t\t\t\t\t\t\t\t<p><span style=\"font-weight: 400;\">Le th\u00e9\u00e2tre actuel \u00e9tait autrefois la r\u00e9sidence des ducs d&rsquo;Albe. Les chapiteaux de ses colonnes sont sculpt\u00e9s de grenades et de personnages all\u00e9goriques repr\u00e9sentant les vices et les p\u00e9ch\u00e9s.  <\/span><\/p><p><span style=\"font-weight: 400;\">Apr\u00e8s avoir servi de lieu o\u00f9 se d\u00e9roulait la vente de viande et d\u2019exemptions militaires, en 1919, le b\u00e2timent fut r\u00e9affect\u00e9 \u00e0 l\u2019une des fonctions qui furent les siennes. <\/span><\/p><p><span style=\"font-weight: 400;\">L\u2019architecte Ricardo Mateos con\u00e7ut entre ces murs un magnifique th\u00e9\u00e2tre qui dut \u00eatre restaur\u00e9 \u00e0 la fin du XXe si\u00e8cle.<\/span><\/p>\t\t\t\t\t\t\t\t<\/div>\n\t\t\t\t<\/div>\n\t\t\t\t<div class=\"elementor-element elementor-element-1807882 sc_layouts_hide_on_mobile sc_fly_static elementor-widget elementor-widget-spacer\" data-id=\"1807882\" data-element_type=\"widget\" data-e-type=\"widget\" data-widget_type=\"spacer.default\">\n\t\t\t\t<div class=\"elementor-widget-container\">\n\t\t\t\t\t\t\t<div class=\"elementor-spacer\">\n\t\t\t<div class=\"elementor-spacer-inner\"><\/div>\n\t\t<\/div>\n\t\t\t\t\t\t<\/div>\n\t\t\t\t<\/div>\n\t\t\t\t\t<\/div>\n\t\t<\/div>\n\t\t\t\t\t<\/div>\n\t\t<\/section>\n\t\t\t\t<section class=\"elementor-section elementor-top-section elementor-element elementor-element-a17a07d scheme_dark elementor-reverse-mobile elementor-section-boxed elementor-section-height-default elementor-section-height-default sc_fly_static\" data-id=\"a17a07d\" data-element_type=\"section\" data-e-type=\"section\" data-settings=\"{&quot;background_background&quot;:&quot;classic&quot;}\">\n\t\t\t\t\t\t<div class=\"elementor-container elementor-column-gap-extended\">\n\t\t\t\t\t<div class=\"elementor-column elementor-col-50 elementor-top-column elementor-element elementor-element-d1266c5 sc_content_align_inherit sc_layouts_column_icons_position_left sc_fly_static\" data-id=\"d1266c5\" data-element_type=\"column\" data-e-type=\"column\">\n\t\t\t<div class=\"elementor-widget-wrap elementor-element-populated\">\n\t\t\t\t\t\t<div class=\"elementor-element elementor-element-0f458b1 sc_fly_static elementor-widget elementor-widget-spacer\" data-id=\"0f458b1\" data-element_type=\"widget\" data-e-type=\"widget\" data-widget_type=\"spacer.default\">\n\t\t\t\t<div class=\"elementor-widget-container\">\n\t\t\t\t\t\t\t<div class=\"elementor-spacer\">\n\t\t\t<div class=\"elementor-spacer-inner\"><\/div>\n\t\t<\/div>\n\t\t\t\t\t\t<\/div>\n\t\t\t\t<\/div>\n\t\t\t\t<div class=\"elementor-element elementor-element-ad22ebb sc_fly_static elementor-widget elementor-widget-image\" data-id=\"ad22ebb\" data-element_type=\"widget\" data-e-type=\"widget\" data-widget_type=\"image.default\">\n\t\t\t\t<div class=\"elementor-widget-container\">\n\t\t\t\t\t\t\t\t\t\t\t\t\t\t\t<img loading=\"lazy\" decoding=\"async\" width=\"1441\" height=\"2560\" src=\"https:\/\/laalberca.com\/wp-content\/uploads\/2025\/11\/antiguas-escuelas-scaled.webp\" class=\"attachment-full size-full wp-image-24579\" alt=\"Foto de inscripci\u00f3n y escudo sobre balc\u00f3n\" srcset=\"https:\/\/laalberca.com\/wp-content\/uploads\/2025\/11\/antiguas-escuelas-scaled.webp 1441w, https:\/\/laalberca.com\/wp-content\/uploads\/2025\/11\/antiguas-escuelas-640x1137.webp 640w, https:\/\/laalberca.com\/wp-content\/uploads\/2025\/11\/antiguas-escuelas-1280x2274.webp 1280w, https:\/\/laalberca.com\/wp-content\/uploads\/2025\/11\/antiguas-escuelas-1024x1819.webp 1024w, https:\/\/laalberca.com\/wp-content\/uploads\/2025\/11\/antiguas-escuelas-865x1536.webp 865w, https:\/\/laalberca.com\/wp-content\/uploads\/2025\/11\/antiguas-escuelas-1153x2048.webp 1153w, https:\/\/laalberca.com\/wp-content\/uploads\/2025\/11\/antiguas-escuelas-370x657.webp 370w, https:\/\/laalberca.com\/wp-content\/uploads\/2025\/11\/antiguas-escuelas-840x1492.webp 840w, https:\/\/laalberca.com\/wp-content\/uploads\/2025\/11\/antiguas-escuelas-410x728.webp 410w\" sizes=\"auto, (max-width: 1441px) 100vw, 1441px\" \/>\t\t\t\t\t\t\t\t\t\t\t\t\t\t\t<\/div>\n\t\t\t\t<\/div>\n\t\t\t\t<div class=\"elementor-element elementor-element-64c2ced sc_fly_static elementor-widget elementor-widget-text-editor\" data-id=\"64c2ced\" data-element_type=\"widget\" data-e-type=\"widget\" data-widget_type=\"text-editor.default\">\n\t\t\t\t<div class=\"elementor-widget-container\">\n\t\t\t\t\t\t\t\t\t<p><span class=\"trx_addons_tiny_text\">Armoiries d\u2019Espagne et inscription de 1842 grav\u00e9e sur les anciennes \u00e9coles. Antonio Luengo Becerro. <\/span><\/p>\t\t\t\t\t\t\t\t<\/div>\n\t\t\t\t<\/div>\n\t\t\t\t<div class=\"elementor-element elementor-element-d757a52 sc_height_medium sc_fly_static elementor-widget elementor-widget-spacer\" data-id=\"d757a52\" data-element_type=\"widget\" data-e-type=\"widget\" data-widget_type=\"spacer.default\">\n\t\t\t\t<div class=\"elementor-widget-container\">\n\t\t\t\t\t\t\t<div class=\"elementor-spacer\">\n\t\t\t<div class=\"elementor-spacer-inner\"><\/div>\n\t\t<\/div>\n\t\t\t\t\t\t<\/div>\n\t\t\t\t<\/div>\n\t\t\t\t\t<\/div>\n\t\t<\/div>\n\t\t\t\t<div class=\"elementor-column elementor-col-50 elementor-top-column elementor-element elementor-element-398e8c8 sc_content_align_inherit sc_layouts_column_icons_position_left sc_fly_static\" data-id=\"398e8c8\" data-element_type=\"column\" data-e-type=\"column\">\n\t\t\t<div class=\"elementor-widget-wrap elementor-element-populated\">\n\t\t\t\t\t\t<div class=\"elementor-element elementor-element-c01df5d sc_height_medium sc_fly_static elementor-widget elementor-widget-spacer\" data-id=\"c01df5d\" data-element_type=\"widget\" data-e-type=\"widget\" data-widget_type=\"spacer.default\">\n\t\t\t\t<div class=\"elementor-widget-container\">\n\t\t\t\t\t\t\t<div class=\"elementor-spacer\">\n\t\t\t<div class=\"elementor-spacer-inner\"><\/div>\n\t\t<\/div>\n\t\t\t\t\t\t<\/div>\n\t\t\t\t<\/div>\n\t\t\t\t<div class=\"elementor-element elementor-element-681aebf sc_fly_static elementor-widget elementor-widget-trx_sc_title\" data-id=\"681aebf\" data-element_type=\"widget\" data-e-type=\"widget\" data-widget_type=\"trx_sc_title.default\">\n\t\t\t\t<div class=\"elementor-widget-container\">\n\t\t\t\t\t<div\t\tclass=\"sc_title sc_title_accent\" ><h2 class=\"sc_item_title sc_title_title sc_item_title_style_accent sc_item_title_tag\"\n\t\t\t><span class=\"sc_item_title_text\">ANCIENNES \u00c9COLES<\/span><\/h2><\/div>\t\t\t\t<\/div>\n\t\t\t\t<\/div>\n\t\t\t\t<div class=\"elementor-element elementor-element-0d2a045 sc_fly_static elementor-widget elementor-widget-spacer\" data-id=\"0d2a045\" data-element_type=\"widget\" data-e-type=\"widget\" data-widget_type=\"spacer.default\">\n\t\t\t\t<div class=\"elementor-widget-container\">\n\t\t\t\t\t\t\t<div class=\"elementor-spacer\">\n\t\t\t<div class=\"elementor-spacer-inner\"><\/div>\n\t\t<\/div>\n\t\t\t\t\t\t<\/div>\n\t\t\t\t<\/div>\n\t\t\t\t<div class=\"elementor-element elementor-element-b0e4d68 sc_fly_static elementor-widget elementor-widget-text-editor\" data-id=\"b0e4d68\" data-element_type=\"widget\" data-e-type=\"widget\" data-widget_type=\"text-editor.default\">\n\t\t\t\t<div class=\"elementor-widget-container\">\n\t\t\t\t\t\t\t\t\t<p><span style=\"font-weight: 400;\">L\u2019\u00e9difice, situ\u00e9 sur le c\u00f4t\u00e9 de la place oppos\u00e9 \u00e0 celui o\u00f9 se trouve le calvaire, abrita les anciennes \u00e9coles du village jusqu\u2019en 1934, date de l\u2019inauguration de l\u2019\u00e9cole actuelle. <\/span><\/p><p><span style=\"font-weight: 400;\">Aujourd&rsquo;hui encore, au-dessus de la porte du balcon, on peut voir l&rsquo;ancienne inscription de 1842, faisant allusion \u00e0 l&rsquo;instruction publique, et les armoiries de l&rsquo;Espagne dont la couronne fut abattue pendant la Premi\u00e8re R\u00e9publique. <\/span><\/p><p><span style=\"font-weight: 400;\">Le 24 juin 1922, les \u00e9coles servirent de r\u00e9fectoire au roi Alphonse XIII.<\/span><\/p>\t\t\t\t\t\t\t\t<\/div>\n\t\t\t\t<\/div>\n\t\t\t\t<div class=\"elementor-element elementor-element-5cd5640 sc_layouts_hide_on_mobile sc_fly_static elementor-widget elementor-widget-spacer\" data-id=\"5cd5640\" data-element_type=\"widget\" data-e-type=\"widget\" data-widget_type=\"spacer.default\">\n\t\t\t\t<div class=\"elementor-widget-container\">\n\t\t\t\t\t\t\t<div class=\"elementor-spacer\">\n\t\t\t<div class=\"elementor-spacer-inner\"><\/div>\n\t\t<\/div>\n\t\t\t\t\t\t<\/div>\n\t\t\t\t<\/div>\n\t\t\t\t\t<\/div>\n\t\t<\/div>\n\t\t\t\t\t<\/div>\n\t\t<\/section>\n\t\t\t\t<section class=\"elementor-section elementor-top-section elementor-element elementor-element-54f0b50 elementor-reverse-mobile elementor-section-boxed elementor-section-height-default elementor-section-height-default sc_fly_static\" data-id=\"54f0b50\" data-element_type=\"section\" data-e-type=\"section\" data-settings=\"{&quot;background_background&quot;:&quot;classic&quot;}\">\n\t\t\t\t\t\t<div class=\"elementor-container elementor-column-gap-extended\">\n\t\t\t\t\t<div class=\"elementor-column elementor-col-50 elementor-top-column elementor-element elementor-element-98af51b sc_content_align_inherit sc_layouts_column_icons_position_left sc_fly_static\" data-id=\"98af51b\" data-element_type=\"column\" data-e-type=\"column\">\n\t\t\t<div class=\"elementor-widget-wrap elementor-element-populated\">\n\t\t\t\t\t\t<div class=\"elementor-element elementor-element-1090efe sc_fly_static elementor-widget elementor-widget-spacer\" data-id=\"1090efe\" data-element_type=\"widget\" data-e-type=\"widget\" data-widget_type=\"spacer.default\">\n\t\t\t\t<div class=\"elementor-widget-container\">\n\t\t\t\t\t\t\t<div class=\"elementor-spacer\">\n\t\t\t<div class=\"elementor-spacer-inner\"><\/div>\n\t\t<\/div>\n\t\t\t\t\t\t<\/div>\n\t\t\t\t<\/div>\n\t\t\t\t<div class=\"elementor-element elementor-element-2041add sc_fly_static elementor-widget elementor-widget-image\" data-id=\"2041add\" data-element_type=\"widget\" data-e-type=\"widget\" data-widget_type=\"image.default\">\n\t\t\t\t<div class=\"elementor-widget-container\">\n\t\t\t\t\t\t\t\t\t\t\t\t\t\t\t<img loading=\"lazy\" decoding=\"async\" width=\"1441\" height=\"2560\" src=\"https:\/\/laalberca.com\/wp-content\/uploads\/2025\/11\/ayuntamiento-y-carcel-scaled.webp\" class=\"attachment-full size-full wp-image-24580\" alt=\"Foto de puerta de la c\u00e1rcel.\" srcset=\"https:\/\/laalberca.com\/wp-content\/uploads\/2025\/11\/ayuntamiento-y-carcel-scaled.webp 1441w, https:\/\/laalberca.com\/wp-content\/uploads\/2025\/11\/ayuntamiento-y-carcel-640x1137.webp 640w, https:\/\/laalberca.com\/wp-content\/uploads\/2025\/11\/ayuntamiento-y-carcel-1280x2274.webp 1280w, https:\/\/laalberca.com\/wp-content\/uploads\/2025\/11\/ayuntamiento-y-carcel-1024x1819.webp 1024w, https:\/\/laalberca.com\/wp-content\/uploads\/2025\/11\/ayuntamiento-y-carcel-865x1536.webp 865w, https:\/\/laalberca.com\/wp-content\/uploads\/2025\/11\/ayuntamiento-y-carcel-1153x2048.webp 1153w, https:\/\/laalberca.com\/wp-content\/uploads\/2025\/11\/ayuntamiento-y-carcel-370x657.webp 370w, https:\/\/laalberca.com\/wp-content\/uploads\/2025\/11\/ayuntamiento-y-carcel-840x1492.webp 840w, https:\/\/laalberca.com\/wp-content\/uploads\/2025\/11\/ayuntamiento-y-carcel-410x728.webp 410w\" sizes=\"auto, (max-width: 1441px) 100vw, 1441px\" \/>\t\t\t\t\t\t\t\t\t\t\t\t\t\t\t<\/div>\n\t\t\t\t<\/div>\n\t\t\t\t<div class=\"elementor-element elementor-element-95a3a0f sc_fly_static elementor-widget elementor-widget-text-editor\" data-id=\"95a3a0f\" data-element_type=\"widget\" data-e-type=\"widget\" data-widget_type=\"text-editor.default\">\n\t\t\t\t<div class=\"elementor-widget-container\">\n\t\t\t\t\t\t\t\t\t<p><span class=\"trx_addons_tiny_text\">Arcade de l\u2019h\u00f4tel de ville et de la prison. Antonio Luengo Becerro. <br><\/span><\/p>\t\t\t\t\t\t\t\t<\/div>\n\t\t\t\t<\/div>\n\t\t\t\t<div class=\"elementor-element elementor-element-7bae4af sc_height_medium sc_fly_static elementor-widget elementor-widget-spacer\" data-id=\"7bae4af\" data-element_type=\"widget\" data-e-type=\"widget\" data-widget_type=\"spacer.default\">\n\t\t\t\t<div class=\"elementor-widget-container\">\n\t\t\t\t\t\t\t<div class=\"elementor-spacer\">\n\t\t\t<div class=\"elementor-spacer-inner\"><\/div>\n\t\t<\/div>\n\t\t\t\t\t\t<\/div>\n\t\t\t\t<\/div>\n\t\t\t\t\t<\/div>\n\t\t<\/div>\n\t\t\t\t<div class=\"elementor-column elementor-col-50 elementor-top-column elementor-element elementor-element-00a65d7 sc_content_align_inherit sc_layouts_column_icons_position_left sc_fly_static\" data-id=\"00a65d7\" data-element_type=\"column\" data-e-type=\"column\">\n\t\t\t<div class=\"elementor-widget-wrap elementor-element-populated\">\n\t\t\t\t\t\t<div class=\"elementor-element elementor-element-d810364 sc_height_medium sc_fly_static elementor-widget elementor-widget-spacer\" data-id=\"d810364\" data-element_type=\"widget\" data-e-type=\"widget\" data-widget_type=\"spacer.default\">\n\t\t\t\t<div class=\"elementor-widget-container\">\n\t\t\t\t\t\t\t<div class=\"elementor-spacer\">\n\t\t\t<div class=\"elementor-spacer-inner\"><\/div>\n\t\t<\/div>\n\t\t\t\t\t\t<\/div>\n\t\t\t\t<\/div>\n\t\t\t\t<div class=\"elementor-element elementor-element-f18a4fa sc_fly_static elementor-widget elementor-widget-trx_sc_title\" data-id=\"f18a4fa\" data-element_type=\"widget\" data-e-type=\"widget\" data-widget_type=\"trx_sc_title.default\">\n\t\t\t\t<div class=\"elementor-widget-container\">\n\t\t\t\t\t<div\t\tclass=\"sc_title sc_title_accent\" ><h2 class=\"sc_item_title sc_title_title sc_item_title_style_accent sc_item_title_tag\"\n\t\t\t><span class=\"sc_item_title_text\">H\u00d4TEL DE VILLE<\/span><\/h2><\/div>\t\t\t\t<\/div>\n\t\t\t\t<\/div>\n\t\t\t\t<div class=\"elementor-element elementor-element-74ff878 sc_fly_static elementor-widget elementor-widget-spacer\" data-id=\"74ff878\" data-element_type=\"widget\" data-e-type=\"widget\" data-widget_type=\"spacer.default\">\n\t\t\t\t<div class=\"elementor-widget-container\">\n\t\t\t\t\t\t\t<div class=\"elementor-spacer\">\n\t\t\t<div class=\"elementor-spacer-inner\"><\/div>\n\t\t<\/div>\n\t\t\t\t\t\t<\/div>\n\t\t\t\t<\/div>\n\t\t\t\t<div class=\"elementor-element elementor-element-5bcf5b2 sc_fly_static elementor-widget elementor-widget-text-editor\" data-id=\"5bcf5b2\" data-element_type=\"widget\" data-e-type=\"widget\" data-widget_type=\"text-editor.default\">\n\t\t\t\t<div class=\"elementor-widget-container\">\n\t\t\t\t\t\t\t\t\t<p><span style=\"font-weight: 400;\"><span style=\"font-weight: 400;\"><span style=\"font-weight: 400;\">D\u00e8s 1636, il est fait mention de l\u2019existence d\u2019une \u00ab Casa del Concejo y Consistorio \u00bb (mairie et h\u00f4tel de ville) \u00e0 La Alberca. Celle-ci \u00e9tait probablement situ\u00e9e au m\u00eame emplacement que l\u2019h\u00f4tel de ville actuel, o\u00f9 l\u2019on peut voir l\u2019inscription 1757 sur la base d\u2019une de ses colonnes.<\/span><\/span><\/span><\/p><p><span style=\"font-weight: 400;\">\u00c0 son extr\u00e9mit\u00e9 inf\u00e9rieure se trouve l&rsquo;ancienne prison, entour\u00e9e d&rsquo;une solide grille en fer, aujourd&rsquo;hui utilis\u00e9e comme office de tourisme.<\/span><\/p><p><span style=\"font-weight: 400;\"><span style=\"font-weight: 400;\"><i><span style=\"font-weight: 400;\"><span style=\"font-weight: 400;\"><i><span style=\"font-weight: 400;\">Les anciens bureaux municipaux ont servi de d\u00e9cor au tournage de films tels que La Guerrilla, de Rafael Gil, ou Marcelino Pan y Vino, de Ladislao Vajda.<\/span><\/i><\/span><\/span><\/i><\/span><\/span><\/p>\t\t\t\t\t\t\t\t<\/div>\n\t\t\t\t<\/div>\n\t\t\t\t<div class=\"elementor-element elementor-element-5df824c sc_layouts_hide_on_mobile sc_fly_static elementor-widget elementor-widget-spacer\" data-id=\"5df824c\" data-element_type=\"widget\" data-e-type=\"widget\" data-widget_type=\"spacer.default\">\n\t\t\t\t<div class=\"elementor-widget-container\">\n\t\t\t\t\t\t\t<div class=\"elementor-spacer\">\n\t\t\t<div class=\"elementor-spacer-inner\"><\/div>\n\t\t<\/div>\n\t\t\t\t\t\t<\/div>\n\t\t\t\t<\/div>\n\t\t\t\t\t<\/div>\n\t\t<\/div>\n\t\t\t\t\t<\/div>\n\t\t<\/section>\n\t\t\t\t<section class=\"elementor-section elementor-top-section elementor-element elementor-element-bef2b89 scheme_dark elementor-reverse-mobile elementor-section-boxed elementor-section-height-default elementor-section-height-default sc_fly_static\" data-id=\"bef2b89\" data-element_type=\"section\" data-e-type=\"section\" data-settings=\"{&quot;background_background&quot;:&quot;classic&quot;}\">\n\t\t\t\t\t\t<div class=\"elementor-container elementor-column-gap-extended\">\n\t\t\t\t\t<div class=\"elementor-column elementor-col-50 elementor-top-column elementor-element elementor-element-f1a7c22 sc_content_align_inherit sc_layouts_column_icons_position_left sc_fly_static\" data-id=\"f1a7c22\" data-element_type=\"column\" data-e-type=\"column\">\n\t\t\t<div class=\"elementor-widget-wrap elementor-element-populated\">\n\t\t\t\t\t\t<div class=\"elementor-element elementor-element-fa63a7d sc_fly_static elementor-widget elementor-widget-spacer\" data-id=\"fa63a7d\" data-element_type=\"widget\" data-e-type=\"widget\" data-widget_type=\"spacer.default\">\n\t\t\t\t<div class=\"elementor-widget-container\">\n\t\t\t\t\t\t\t<div class=\"elementor-spacer\">\n\t\t\t<div class=\"elementor-spacer-inner\"><\/div>\n\t\t<\/div>\n\t\t\t\t\t\t<\/div>\n\t\t\t\t<\/div>\n\t\t\t\t<div class=\"elementor-element elementor-element-6e42aa4 sc_fly_static elementor-widget elementor-widget-image\" data-id=\"6e42aa4\" data-element_type=\"widget\" data-e-type=\"widget\" data-widget_type=\"image.default\">\n\t\t\t\t<div class=\"elementor-widget-container\">\n\t\t\t\t\t\t\t\t\t\t\t\t\t\t\t<img loading=\"lazy\" decoding=\"async\" width=\"1642\" height=\"2307\" src=\"https:\/\/laalberca.com\/wp-content\/uploads\/2025\/11\/hospital.webp\" class=\"attachment-full size-full wp-image-24581\" alt=\"Foto en blanco y negro de fachada de hospital con cruz.\" srcset=\"https:\/\/laalberca.com\/wp-content\/uploads\/2025\/11\/hospital.webp 1642w, https:\/\/laalberca.com\/wp-content\/uploads\/2025\/11\/hospital-640x899.webp 640w, https:\/\/laalberca.com\/wp-content\/uploads\/2025\/11\/hospital-1280x1798.webp 1280w, https:\/\/laalberca.com\/wp-content\/uploads\/2025\/11\/hospital-1024x1439.webp 1024w, https:\/\/laalberca.com\/wp-content\/uploads\/2025\/11\/hospital-1093x1536.webp 1093w, https:\/\/laalberca.com\/wp-content\/uploads\/2025\/11\/hospital-1458x2048.webp 1458w, https:\/\/laalberca.com\/wp-content\/uploads\/2025\/11\/hospital-370x520.webp 370w, https:\/\/laalberca.com\/wp-content\/uploads\/2025\/11\/hospital-840x1180.webp 840w, https:\/\/laalberca.com\/wp-content\/uploads\/2025\/11\/hospital-410x576.webp 410w\" sizes=\"auto, (max-width: 1642px) 100vw, 1642px\" \/>\t\t\t\t\t\t\t\t\t\t\t\t\t\t\t<\/div>\n\t\t\t\t<\/div>\n\t\t\t\t<div class=\"elementor-element elementor-element-cbce1c9 sc_fly_static elementor-widget elementor-widget-text-editor\" data-id=\"cbce1c9\" data-element_type=\"widget\" data-e-type=\"widget\" data-widget_type=\"text-editor.default\">\n\t\t\t\t<div class=\"elementor-widget-container\">\n\t\t\t\t\t\t\t\t\t<p><span class=\"trx_addons_tiny_text\">L\u2019h\u00f4pital avec sa croix et son lampadaire. <br><\/span><\/p>\t\t\t\t\t\t\t\t<\/div>\n\t\t\t\t<\/div>\n\t\t\t\t<div class=\"elementor-element elementor-element-5618c06 sc_height_medium sc_fly_static elementor-widget elementor-widget-spacer\" data-id=\"5618c06\" data-element_type=\"widget\" data-e-type=\"widget\" data-widget_type=\"spacer.default\">\n\t\t\t\t<div class=\"elementor-widget-container\">\n\t\t\t\t\t\t\t<div class=\"elementor-spacer\">\n\t\t\t<div class=\"elementor-spacer-inner\"><\/div>\n\t\t<\/div>\n\t\t\t\t\t\t<\/div>\n\t\t\t\t<\/div>\n\t\t\t\t\t<\/div>\n\t\t<\/div>\n\t\t\t\t<div class=\"elementor-column elementor-col-50 elementor-top-column elementor-element elementor-element-13bd711 sc_content_align_inherit sc_layouts_column_icons_position_left sc_fly_static\" data-id=\"13bd711\" data-element_type=\"column\" data-e-type=\"column\">\n\t\t\t<div class=\"elementor-widget-wrap elementor-element-populated\">\n\t\t\t\t\t\t<div class=\"elementor-element elementor-element-c1ed621 sc_height_medium sc_fly_static elementor-widget elementor-widget-spacer\" data-id=\"c1ed621\" data-element_type=\"widget\" data-e-type=\"widget\" data-widget_type=\"spacer.default\">\n\t\t\t\t<div class=\"elementor-widget-container\">\n\t\t\t\t\t\t\t<div class=\"elementor-spacer\">\n\t\t\t<div class=\"elementor-spacer-inner\"><\/div>\n\t\t<\/div>\n\t\t\t\t\t\t<\/div>\n\t\t\t\t<\/div>\n\t\t\t\t<div class=\"elementor-element elementor-element-71d4421 sc_fly_static elementor-widget elementor-widget-trx_sc_title\" data-id=\"71d4421\" data-element_type=\"widget\" data-e-type=\"widget\" data-widget_type=\"trx_sc_title.default\">\n\t\t\t\t<div class=\"elementor-widget-container\">\n\t\t\t\t\t<div\t\tclass=\"sc_title sc_title_accent\" ><h2 class=\"sc_item_title sc_title_title sc_item_title_style_accent sc_item_title_tag\"\n\t\t\t><span class=\"sc_item_title_text\">H\u00d4PITAL<\/span><\/h2><\/div>\t\t\t\t<\/div>\n\t\t\t\t<\/div>\n\t\t\t\t<div class=\"elementor-element elementor-element-deffbcd sc_fly_static elementor-widget elementor-widget-spacer\" data-id=\"deffbcd\" data-element_type=\"widget\" data-e-type=\"widget\" data-widget_type=\"spacer.default\">\n\t\t\t\t<div class=\"elementor-widget-container\">\n\t\t\t\t\t\t\t<div class=\"elementor-spacer\">\n\t\t\t<div class=\"elementor-spacer-inner\"><\/div>\n\t\t<\/div>\n\t\t\t\t\t\t<\/div>\n\t\t\t\t<\/div>\n\t\t\t\t<div class=\"elementor-element elementor-element-55c88fc sc_fly_static elementor-widget elementor-widget-text-editor\" data-id=\"55c88fc\" data-element_type=\"widget\" data-e-type=\"widget\" data-widget_type=\"text-editor.default\">\n\t\t\t\t<div class=\"elementor-widget-container\">\n\t\t\t\t\t\t\t\t\t<p><span style=\"font-weight: 400;\">Mentionn\u00e9 dans des documents de 1549, on sait qu\u2019il disposait de lits et de chambres \u00ab pour l\u2019h\u00e9bergement et la protection de nombreux p\u00e8lerins et des pauvres \u00bb.<br> <\/span><\/p><p><span style=\"font-weight: 400;\">L&rsquo;immeuble comprenait des terrains et des propri\u00e9t\u00e9s dont les habitants payaient certaines sommes pour son entretien.<\/span><\/p><p><span style=\"font-weight: 400;\"><span style=\"font-weight: 400;\">Dans la premi\u00e8re moiti\u00e9 du XXe si\u00e8cle, l\u2019h\u00f4pital \u00e9tait encore utilis\u00e9, principalement pour les personnes de passage. On peut voir sur sa fa\u00e7ade, une croix en bois rappelant l\u2019ancien h\u00f4pital, toujours \u00e9clair\u00e9e par un lampadaire.<\/span><\/span><\/p>\t\t\t\t\t\t\t\t<\/div>\n\t\t\t\t<\/div>\n\t\t\t\t<div class=\"elementor-element elementor-element-38ae406 sc_layouts_hide_on_mobile sc_fly_static elementor-widget elementor-widget-spacer\" data-id=\"38ae406\" data-element_type=\"widget\" data-e-type=\"widget\" data-widget_type=\"spacer.default\">\n\t\t\t\t<div class=\"elementor-widget-container\">\n\t\t\t\t\t\t\t<div class=\"elementor-spacer\">\n\t\t\t<div class=\"elementor-spacer-inner\"><\/div>\n\t\t<\/div>\n\t\t\t\t\t\t<\/div>\n\t\t\t\t<\/div>\n\t\t\t\t\t<\/div>\n\t\t<\/div>\n\t\t\t\t\t<\/div>\n\t\t<\/section>\n\t\t\t\t<section class=\"elementor-section elementor-top-section elementor-element elementor-element-44bb51e elementor-reverse-mobile elementor-section-boxed elementor-section-height-default elementor-section-height-default sc_fly_static\" data-id=\"44bb51e\" data-element_type=\"section\" data-e-type=\"section\" data-settings=\"{&quot;background_background&quot;:&quot;classic&quot;}\">\n\t\t\t\t\t\t<div class=\"elementor-container elementor-column-gap-extended\">\n\t\t\t\t\t<div class=\"elementor-column elementor-col-50 elementor-top-column elementor-element elementor-element-c4f7753 sc_content_align_inherit sc_layouts_column_icons_position_left sc_fly_static\" data-id=\"c4f7753\" data-element_type=\"column\" data-e-type=\"column\">\n\t\t\t<div class=\"elementor-widget-wrap elementor-element-populated\">\n\t\t\t\t\t\t<div class=\"elementor-element elementor-element-c049c48 sc_fly_static elementor-widget elementor-widget-spacer\" data-id=\"c049c48\" data-element_type=\"widget\" data-e-type=\"widget\" data-widget_type=\"spacer.default\">\n\t\t\t\t<div class=\"elementor-widget-container\">\n\t\t\t\t\t\t\t<div class=\"elementor-spacer\">\n\t\t\t<div class=\"elementor-spacer-inner\"><\/div>\n\t\t<\/div>\n\t\t\t\t\t\t<\/div>\n\t\t\t\t<\/div>\n\t\t\t\t<div class=\"elementor-element elementor-element-24c9ce4 sc_fly_static elementor-widget elementor-widget-image\" data-id=\"24c9ce4\" data-element_type=\"widget\" data-e-type=\"widget\" data-widget_type=\"image.default\">\n\t\t\t\t<div class=\"elementor-widget-container\">\n\t\t\t\t\t\t\t\t\t\t\t\t\t\t\t<img loading=\"lazy\" decoding=\"async\" width=\"1440\" height=\"1920\" src=\"https:\/\/laalberca.com\/wp-content\/uploads\/2025\/11\/cruz.webp\" class=\"attachment-full size-full wp-image-24582\" alt=\"Foto de cruz\" srcset=\"https:\/\/laalberca.com\/wp-content\/uploads\/2025\/11\/cruz.webp 1440w, https:\/\/laalberca.com\/wp-content\/uploads\/2025\/11\/cruz-640x853.webp 640w, https:\/\/laalberca.com\/wp-content\/uploads\/2025\/11\/cruz-1280x1707.webp 1280w, https:\/\/laalberca.com\/wp-content\/uploads\/2025\/11\/cruz-1024x1365.webp 1024w, https:\/\/laalberca.com\/wp-content\/uploads\/2025\/11\/cruz-1152x1536.webp 1152w, https:\/\/laalberca.com\/wp-content\/uploads\/2025\/11\/cruz-370x493.webp 370w, https:\/\/laalberca.com\/wp-content\/uploads\/2025\/11\/cruz-840x1120.webp 840w, https:\/\/laalberca.com\/wp-content\/uploads\/2025\/11\/cruz-410x547.webp 410w\" sizes=\"auto, (max-width: 1440px) 100vw, 1440px\" \/>\t\t\t\t\t\t\t\t\t\t\t\t\t\t\t<\/div>\n\t\t\t\t<\/div>\n\t\t\t\t<div class=\"elementor-element elementor-element-97cf3ee sc_fly_static elementor-widget elementor-widget-text-editor\" data-id=\"97cf3ee\" data-element_type=\"widget\" data-e-type=\"widget\" data-widget_type=\"text-editor.default\">\n\t\t\t\t<div class=\"elementor-widget-container\">\n\t\t\t\t\t\t\t\t\t<p><span class=\"trx_addons_tiny_text\"> Le calvaire dans \u00ab El Tablao \u00bb.<br><\/span><\/p>\t\t\t\t\t\t\t\t<\/div>\n\t\t\t\t<\/div>\n\t\t\t\t<div class=\"elementor-element elementor-element-3d7b751 sc_height_medium sc_fly_static elementor-widget elementor-widget-spacer\" data-id=\"3d7b751\" data-element_type=\"widget\" data-e-type=\"widget\" data-widget_type=\"spacer.default\">\n\t\t\t\t<div class=\"elementor-widget-container\">\n\t\t\t\t\t\t\t<div class=\"elementor-spacer\">\n\t\t\t<div class=\"elementor-spacer-inner\"><\/div>\n\t\t<\/div>\n\t\t\t\t\t\t<\/div>\n\t\t\t\t<\/div>\n\t\t\t\t\t<\/div>\n\t\t<\/div>\n\t\t\t\t<div class=\"elementor-column elementor-col-50 elementor-top-column elementor-element elementor-element-73dac1b sc_content_align_inherit sc_layouts_column_icons_position_left sc_fly_static\" data-id=\"73dac1b\" data-element_type=\"column\" data-e-type=\"column\">\n\t\t\t<div class=\"elementor-widget-wrap elementor-element-populated\">\n\t\t\t\t\t\t<div class=\"elementor-element elementor-element-674af05 sc_height_medium sc_fly_static elementor-widget elementor-widget-spacer\" data-id=\"674af05\" data-element_type=\"widget\" data-e-type=\"widget\" data-widget_type=\"spacer.default\">\n\t\t\t\t<div class=\"elementor-widget-container\">\n\t\t\t\t\t\t\t<div class=\"elementor-spacer\">\n\t\t\t<div class=\"elementor-spacer-inner\"><\/div>\n\t\t<\/div>\n\t\t\t\t\t\t<\/div>\n\t\t\t\t<\/div>\n\t\t\t\t<div class=\"elementor-element elementor-element-875fb52 sc_fly_static elementor-widget elementor-widget-trx_sc_title\" data-id=\"875fb52\" data-element_type=\"widget\" data-e-type=\"widget\" data-widget_type=\"trx_sc_title.default\">\n\t\t\t\t<div class=\"elementor-widget-container\">\n\t\t\t\t\t<div\t\tclass=\"sc_title sc_title_accent\" ><h2 class=\"sc_item_title sc_title_title sc_item_title_style_accent sc_item_title_tag\"\n\t\t\t><span class=\"sc_item_title_text\">CROIX<\/span><\/h2><\/div>\t\t\t\t<\/div>\n\t\t\t\t<\/div>\n\t\t\t\t<div class=\"elementor-element elementor-element-6e37f91 sc_fly_static elementor-widget elementor-widget-spacer\" data-id=\"6e37f91\" data-element_type=\"widget\" data-e-type=\"widget\" data-widget_type=\"spacer.default\">\n\t\t\t\t<div class=\"elementor-widget-container\">\n\t\t\t\t\t\t\t<div class=\"elementor-spacer\">\n\t\t\t<div class=\"elementor-spacer-inner\"><\/div>\n\t\t<\/div>\n\t\t\t\t\t\t<\/div>\n\t\t\t\t<\/div>\n\t\t\t\t<div class=\"elementor-element elementor-element-d1e2e07 sc_fly_static elementor-widget elementor-widget-text-editor\" data-id=\"d1e2e07\" data-element_type=\"widget\" data-e-type=\"widget\" data-widget_type=\"text-editor.default\">\n\t\t\t\t<div class=\"elementor-widget-container\">\n\t\t\t\t\t\t\t\t\t<p><span style=\"font-weight: 400;\">La croix qui surplombe un escalier dans la partie nord de la place, lui conf\u00e9rant une grande pr\u00e9sence et \u00e9tant devenue son \u00e9l\u00e9ment le plus reconnaissable, n&rsquo;a pas toujours \u00e9t\u00e9 l\u00e0.<\/span><\/p><p><span style=\"font-weight: 400;\"><i><span style=\"font-weight: 400;\"><span style=\"font-weight: 400;\">Le calvaire qui domine aujourd\u2019hui la place se trouvait \u00e0 l\u2019origine au bout de la rue \u00ab Tablao \u00bb. En 1928, une violente temp\u00eate le renversa, le brisant en plusieurs morceaux. Apr\u00e8s avoir \u00e9t\u00e9 restaur\u00e9, il resta \u00e0 son emplacement d\u2019origine pendant plusieurs ann\u00e9es, jusqu\u2019\u00e0 son installation sur la place.<\/span><\/span><\/i><\/span><\/p>\t\t\t\t\t\t\t\t<\/div>\n\t\t\t\t<\/div>\n\t\t\t\t<div class=\"elementor-element elementor-element-c37722f sc_layouts_hide_on_mobile sc_fly_static elementor-widget elementor-widget-spacer\" data-id=\"c37722f\" data-element_type=\"widget\" data-e-type=\"widget\" data-widget_type=\"spacer.default\">\n\t\t\t\t<div class=\"elementor-widget-container\">\n\t\t\t\t\t\t\t<div class=\"elementor-spacer\">\n\t\t\t<div class=\"elementor-spacer-inner\"><\/div>\n\t\t<\/div>\n\t\t\t\t\t\t<\/div>\n\t\t\t\t<\/div>\n\t\t\t\t\t<\/div>\n\t\t<\/div>\n\t\t\t\t\t<\/div>\n\t\t<\/section>\n\t\t\t\t<section class=\"elementor-section elementor-top-section elementor-element elementor-element-3687c8f scheme_dark elementor-reverse-mobile elementor-section-boxed elementor-section-height-default elementor-section-height-default sc_fly_static\" data-id=\"3687c8f\" data-element_type=\"section\" data-e-type=\"section\" data-settings=\"{&quot;background_background&quot;:&quot;classic&quot;}\">\n\t\t\t\t\t\t<div class=\"elementor-container elementor-column-gap-extended\">\n\t\t\t\t\t<div class=\"elementor-column elementor-col-50 elementor-top-column elementor-element elementor-element-6522127 sc_content_align_inherit sc_layouts_column_icons_position_left sc_fly_static\" data-id=\"6522127\" data-element_type=\"column\" data-e-type=\"column\">\n\t\t\t<div class=\"elementor-widget-wrap elementor-element-populated\">\n\t\t\t\t\t\t<div class=\"elementor-element elementor-element-6add587 sc_fly_static elementor-widget elementor-widget-spacer\" data-id=\"6add587\" data-element_type=\"widget\" data-e-type=\"widget\" data-widget_type=\"spacer.default\">\n\t\t\t\t<div class=\"elementor-widget-container\">\n\t\t\t\t\t\t\t<div class=\"elementor-spacer\">\n\t\t\t<div class=\"elementor-spacer-inner\"><\/div>\n\t\t<\/div>\n\t\t\t\t\t\t<\/div>\n\t\t\t\t<\/div>\n\t\t\t\t<div class=\"elementor-element elementor-element-6c9facc sc_fly_static elementor-widget elementor-widget-image\" data-id=\"6c9facc\" data-element_type=\"widget\" data-e-type=\"widget\" data-widget_type=\"image.default\">\n\t\t\t\t<div class=\"elementor-widget-container\">\n\t\t\t\t\t\t\t\t\t\t\t\t\t\t\t<img loading=\"lazy\" decoding=\"async\" width=\"1171\" height=\"1627\" src=\"https:\/\/laalberca.com\/wp-content\/uploads\/2025\/11\/corral-concejo-observando-los-toros.webp\" class=\"attachment-full size-full wp-image-24583\" alt=\"Foto de personas subidas en una pared viendo los toros\" srcset=\"https:\/\/laalberca.com\/wp-content\/uploads\/2025\/11\/corral-concejo-observando-los-toros.webp 1171w, https:\/\/laalberca.com\/wp-content\/uploads\/2025\/11\/corral-concejo-observando-los-toros-640x889.webp 640w, https:\/\/laalberca.com\/wp-content\/uploads\/2025\/11\/corral-concejo-observando-los-toros-1024x1423.webp 1024w, https:\/\/laalberca.com\/wp-content\/uploads\/2025\/11\/corral-concejo-observando-los-toros-1106x1536.webp 1106w, https:\/\/laalberca.com\/wp-content\/uploads\/2025\/11\/corral-concejo-observando-los-toros-370x514.webp 370w, https:\/\/laalberca.com\/wp-content\/uploads\/2025\/11\/corral-concejo-observando-los-toros-840x1167.webp 840w, https:\/\/laalberca.com\/wp-content\/uploads\/2025\/11\/corral-concejo-observando-los-toros-410x570.webp 410w\" sizes=\"auto, (max-width: 1171px) 100vw, 1171px\" \/>\t\t\t\t\t\t\t\t\t\t\t\t\t\t\t<\/div>\n\t\t\t\t<\/div>\n\t\t\t\t<div class=\"elementor-element elementor-element-cff0ab9 sc_fly_static elementor-widget elementor-widget-text-editor\" data-id=\"cff0ab9\" data-element_type=\"widget\" data-e-type=\"widget\" data-widget_type=\"text-editor.default\">\n\t\t\t\t<div class=\"elementor-widget-container\">\n\t\t\t\t\t\t\t\t\t<p><span class=\"trx_addons_tiny_text\">Regardant les taureaux dans leurs enclos. <br><\/span><\/p>\t\t\t\t\t\t\t\t<\/div>\n\t\t\t\t<\/div>\n\t\t\t\t<div class=\"elementor-element elementor-element-d2368ae sc_height_medium sc_fly_static elementor-widget elementor-widget-spacer\" data-id=\"d2368ae\" data-element_type=\"widget\" data-e-type=\"widget\" data-widget_type=\"spacer.default\">\n\t\t\t\t<div class=\"elementor-widget-container\">\n\t\t\t\t\t\t\t<div class=\"elementor-spacer\">\n\t\t\t<div class=\"elementor-spacer-inner\"><\/div>\n\t\t<\/div>\n\t\t\t\t\t\t<\/div>\n\t\t\t\t<\/div>\n\t\t\t\t\t<\/div>\n\t\t<\/div>\n\t\t\t\t<div class=\"elementor-column elementor-col-50 elementor-top-column elementor-element elementor-element-be41574 sc_content_align_inherit sc_layouts_column_icons_position_left sc_fly_static\" data-id=\"be41574\" data-element_type=\"column\" data-e-type=\"column\">\n\t\t\t<div class=\"elementor-widget-wrap elementor-element-populated\">\n\t\t\t\t\t\t<div class=\"elementor-element elementor-element-92f2c9f sc_height_medium sc_fly_static elementor-widget elementor-widget-spacer\" data-id=\"92f2c9f\" data-element_type=\"widget\" data-e-type=\"widget\" data-widget_type=\"spacer.default\">\n\t\t\t\t<div class=\"elementor-widget-container\">\n\t\t\t\t\t\t\t<div class=\"elementor-spacer\">\n\t\t\t<div class=\"elementor-spacer-inner\"><\/div>\n\t\t<\/div>\n\t\t\t\t\t\t<\/div>\n\t\t\t\t<\/div>\n\t\t\t\t<div class=\"elementor-element elementor-element-69993a8 sc_fly_static elementor-widget elementor-widget-trx_sc_title\" data-id=\"69993a8\" data-element_type=\"widget\" data-e-type=\"widget\" data-widget_type=\"trx_sc_title.default\">\n\t\t\t\t<div class=\"elementor-widget-container\">\n\t\t\t\t\t<div\t\tclass=\"sc_title sc_title_accent\" ><h2 class=\"sc_item_title sc_title_title sc_item_title_style_accent sc_item_title_tag\"\n\t\t\t><span class=\"sc_item_title_text\">CORRAL CONCEJO<\/span><\/h2><\/div>\t\t\t\t<\/div>\n\t\t\t\t<\/div>\n\t\t\t\t<div class=\"elementor-element elementor-element-208c4fb sc_fly_static elementor-widget elementor-widget-spacer\" data-id=\"208c4fb\" data-element_type=\"widget\" data-e-type=\"widget\" data-widget_type=\"spacer.default\">\n\t\t\t\t<div class=\"elementor-widget-container\">\n\t\t\t\t\t\t\t<div class=\"elementor-spacer\">\n\t\t\t<div class=\"elementor-spacer-inner\"><\/div>\n\t\t<\/div>\n\t\t\t\t\t\t<\/div>\n\t\t\t\t<\/div>\n\t\t\t\t<div class=\"elementor-element elementor-element-1ec804a sc_fly_static elementor-widget elementor-widget-text-editor\" data-id=\"1ec804a\" data-element_type=\"widget\" data-e-type=\"widget\" data-widget_type=\"text-editor.default\">\n\t\t\t\t<div class=\"elementor-widget-container\">\n\t\t\t\t\t\t\t\t\t<p><span style=\"font-weight: 400;\"><i><span style=\"font-weight: 400;\"><span style=\"font-weight: 400;\">Sur le c\u00f4t\u00e9 du th\u00e9\u00e2tre, une ruelle m\u00e8ne au \u00ab Corral Concejo \u00bb (enclos communal), un espace qui, conjointement avec un autre situ\u00e9 \u00e0 l\u2019ext\u00e9rieur du village, servait d\u2019enclos aux animaux qui s\u2019\u00e9chappaient ou qui causaient des d\u00e9g\u00e2ts.<\/span><\/span><\/i><\/span><\/p><p><span style=\"font-weight: 400;\">Actuellement, il sert d&rsquo;enclos pour les taureaux qui participent aux combats lors des festivit\u00e9s du saint patron.<\/span><\/p>\t\t\t\t\t\t\t\t<\/div>\n\t\t\t\t<\/div>\n\t\t\t\t<div class=\"elementor-element elementor-element-e8228fa sc_layouts_hide_on_mobile sc_fly_static elementor-widget elementor-widget-spacer\" data-id=\"e8228fa\" data-element_type=\"widget\" data-e-type=\"widget\" data-widget_type=\"spacer.default\">\n\t\t\t\t<div class=\"elementor-widget-container\">\n\t\t\t\t\t\t\t<div class=\"elementor-spacer\">\n\t\t\t<div class=\"elementor-spacer-inner\"><\/div>\n\t\t<\/div>\n\t\t\t\t\t\t<\/div>\n\t\t\t\t<\/div>\n\t\t\t\t\t<\/div>\n\t\t<\/div>\n\t\t\t\t\t<\/div>\n\t\t<\/section>\n\t\t\t\t<section class=\"elementor-section elementor-top-section elementor-element elementor-element-bfa815f elementor-reverse-mobile elementor-section-boxed elementor-section-height-default elementor-section-height-default sc_fly_static\" data-id=\"bfa815f\" data-element_type=\"section\" data-e-type=\"section\" data-settings=\"{&quot;background_background&quot;:&quot;classic&quot;}\">\n\t\t\t\t\t\t<div class=\"elementor-container elementor-column-gap-extended\">\n\t\t\t\t\t<div class=\"elementor-column elementor-col-50 elementor-top-column elementor-element elementor-element-04cac21 sc_content_align_inherit sc_layouts_column_icons_position_left sc_fly_static\" data-id=\"04cac21\" data-element_type=\"column\" data-e-type=\"column\">\n\t\t\t<div class=\"elementor-widget-wrap elementor-element-populated\">\n\t\t\t\t\t\t<div class=\"elementor-element elementor-element-0a248d6 sc_fly_static elementor-widget elementor-widget-spacer\" data-id=\"0a248d6\" data-element_type=\"widget\" data-e-type=\"widget\" data-widget_type=\"spacer.default\">\n\t\t\t\t<div class=\"elementor-widget-container\">\n\t\t\t\t\t\t\t<div class=\"elementor-spacer\">\n\t\t\t<div class=\"elementor-spacer-inner\"><\/div>\n\t\t<\/div>\n\t\t\t\t\t\t<\/div>\n\t\t\t\t<\/div>\n\t\t\t\t<div class=\"elementor-element elementor-element-0b4d540 sc_fly_static elementor-widget elementor-widget-image\" data-id=\"0b4d540\" data-element_type=\"widget\" data-e-type=\"widget\" data-widget_type=\"image.default\">\n\t\t\t\t<div class=\"elementor-widget-container\">\n\t\t\t\t\t\t\t\t\t\t\t\t\t\t\t<img loading=\"lazy\" decoding=\"async\" width=\"1000\" height=\"800\" src=\"https:\/\/laalberca.com\/wp-content\/uploads\/2025\/11\/fuentes-foto-antigua-plaza.webp\" class=\"attachment-full size-full wp-image-24584\" alt=\"Foto antigua de la plaza\" srcset=\"https:\/\/laalberca.com\/wp-content\/uploads\/2025\/11\/fuentes-foto-antigua-plaza.webp 1000w, https:\/\/laalberca.com\/wp-content\/uploads\/2025\/11\/fuentes-foto-antigua-plaza-640x512.webp 640w, https:\/\/laalberca.com\/wp-content\/uploads\/2025\/11\/fuentes-foto-antigua-plaza-370x296.webp 370w, https:\/\/laalberca.com\/wp-content\/uploads\/2025\/11\/fuentes-foto-antigua-plaza-840x672.webp 840w, https:\/\/laalberca.com\/wp-content\/uploads\/2025\/11\/fuentes-foto-antigua-plaza-410x328.webp 410w\" sizes=\"auto, (max-width: 1000px) 100vw, 1000px\" \/>\t\t\t\t\t\t\t\t\t\t\t\t\t\t\t<\/div>\n\t\t\t\t<\/div>\n\t\t\t\t<div class=\"elementor-element elementor-element-cc5b5f9 sc_fly_static elementor-widget elementor-widget-text-editor\" data-id=\"cc5b5f9\" data-element_type=\"widget\" data-e-type=\"widget\" data-widget_type=\"text-editor.default\">\n\t\t\t\t<div class=\"elementor-widget-container\">\n\t\t\t\t\t\t\t\t\t<span class=\"trx_addons_tiny_text\"> La \u00ab Fuente Grande \u00bb sur le c\u00f4t\u00e9 droit de la place.<br> \n<\/span>\t\t\t\t\t\t\t\t<\/div>\n\t\t\t\t<\/div>\n\t\t\t\t<div class=\"elementor-element elementor-element-2f9353d sc_height_medium sc_fly_static elementor-widget elementor-widget-spacer\" data-id=\"2f9353d\" data-element_type=\"widget\" data-e-type=\"widget\" data-widget_type=\"spacer.default\">\n\t\t\t\t<div class=\"elementor-widget-container\">\n\t\t\t\t\t\t\t<div class=\"elementor-spacer\">\n\t\t\t<div class=\"elementor-spacer-inner\"><\/div>\n\t\t<\/div>\n\t\t\t\t\t\t<\/div>\n\t\t\t\t<\/div>\n\t\t\t\t\t<\/div>\n\t\t<\/div>\n\t\t\t\t<div class=\"elementor-column elementor-col-50 elementor-top-column elementor-element elementor-element-44e0434 sc_content_align_inherit sc_layouts_column_icons_position_left sc_fly_static\" data-id=\"44e0434\" data-element_type=\"column\" data-e-type=\"column\">\n\t\t\t<div class=\"elementor-widget-wrap elementor-element-populated\">\n\t\t\t\t\t\t<div class=\"elementor-element elementor-element-b30925b sc_height_medium sc_fly_static elementor-widget elementor-widget-spacer\" data-id=\"b30925b\" data-element_type=\"widget\" data-e-type=\"widget\" data-widget_type=\"spacer.default\">\n\t\t\t\t<div class=\"elementor-widget-container\">\n\t\t\t\t\t\t\t<div class=\"elementor-spacer\">\n\t\t\t<div class=\"elementor-spacer-inner\"><\/div>\n\t\t<\/div>\n\t\t\t\t\t\t<\/div>\n\t\t\t\t<\/div>\n\t\t\t\t<div class=\"elementor-element elementor-element-d4760e4 sc_fly_static elementor-widget elementor-widget-trx_sc_title\" data-id=\"d4760e4\" data-element_type=\"widget\" data-e-type=\"widget\" data-widget_type=\"trx_sc_title.default\">\n\t\t\t\t<div class=\"elementor-widget-container\">\n\t\t\t\t\t<div\t\tclass=\"sc_title sc_title_accent\" ><h2 class=\"sc_item_title sc_title_title sc_item_title_style_accent sc_item_title_tag\"\n\t\t\t><span class=\"sc_item_title_text\">FONTAINES<\/span><\/h2><\/div>\t\t\t\t<\/div>\n\t\t\t\t<\/div>\n\t\t\t\t<div class=\"elementor-element elementor-element-e5bb550 sc_fly_static elementor-widget elementor-widget-spacer\" data-id=\"e5bb550\" data-element_type=\"widget\" data-e-type=\"widget\" data-widget_type=\"spacer.default\">\n\t\t\t\t<div class=\"elementor-widget-container\">\n\t\t\t\t\t\t\t<div class=\"elementor-spacer\">\n\t\t\t<div class=\"elementor-spacer-inner\"><\/div>\n\t\t<\/div>\n\t\t\t\t\t\t<\/div>\n\t\t\t\t<\/div>\n\t\t\t\t<div class=\"elementor-element elementor-element-0c9f107 sc_fly_static elementor-widget elementor-widget-text-editor\" data-id=\"0c9f107\" data-element_type=\"widget\" data-e-type=\"widget\" data-widget_type=\"text-editor.default\">\n\t\t\t\t<div class=\"elementor-widget-container\">\n\t\t\t\t\t\t\t\t\t<p><span style=\"font-weight: 400;\">La \u00ab Fuente Grande \u00bb (grande fontaine) \u00e9tait une belle construction en pierre de taille, orn\u00e9e d\u2019une corniche et de marches sur trois c\u00f4t\u00e9s, o\u00f9 certains criminels \u00e9taient montr\u00e9s en exemple.   <\/span><\/p><p><span style=\"font-weight: 400;\">La \u00ab Fuente Redonda \u00bb (fontaine ronde), plus connue sous le nom d\u2019\u00ab El Pilarito \u00bb, ainsi nomm\u00e9e en raison de son bassin petit et peu profond, a \u00e9t\u00e9 \u00e9galement l\u2019une des fontaines embl\u00e9matiques du village. <\/span><span style=\"font-weight: 400;\">Cette fontaine se trouvait \u00e0 l&rsquo;endroit o\u00f9 se situe ce panneau de signalisation.<\/span><\/p><p><span style=\"font-weight: 400;\">Actuellement, l&rsquo;eau coule sur la place depuis une belle fontaine situ\u00e9e au pied de la croix.<\/span><\/p>\t\t\t\t\t\t\t\t<\/div>\n\t\t\t\t<\/div>\n\t\t\t\t<div class=\"elementor-element elementor-element-946136f sc_layouts_hide_on_mobile sc_fly_static elementor-widget elementor-widget-spacer\" data-id=\"946136f\" data-element_type=\"widget\" data-e-type=\"widget\" data-widget_type=\"spacer.default\">\n\t\t\t\t<div class=\"elementor-widget-container\">\n\t\t\t\t\t\t\t<div class=\"elementor-spacer\">\n\t\t\t<div class=\"elementor-spacer-inner\"><\/div>\n\t\t<\/div>\n\t\t\t\t\t\t<\/div>\n\t\t\t\t<\/div>\n\t\t\t\t\t<\/div>\n\t\t<\/div>\n\t\t\t\t\t<\/div>\n\t\t<\/section>\n\t\t\t\t<section class=\"elementor-section elementor-top-section elementor-element elementor-element-65affe6 elementor-section-boxed elementor-section-height-default elementor-section-height-default sc_fly_static\" data-id=\"65affe6\" data-element_type=\"section\" data-e-type=\"section\" data-settings=\"{&quot;background_background&quot;:&quot;classic&quot;}\">\n\t\t\t\t\t\t<div class=\"elementor-container elementor-column-gap-extended\">\n\t\t\t\t\t<div class=\"elementor-column elementor-col-100 elementor-top-column elementor-element elementor-element-fa39ba8 sc_content_align_inherit sc_layouts_column_icons_position_left sc_fly_static\" data-id=\"fa39ba8\" data-element_type=\"column\" data-e-type=\"column\">\n\t\t\t<div class=\"elementor-widget-wrap elementor-element-populated\">\n\t\t\t\t\t\t<div class=\"elementor-element elementor-element-1bfa1f4 sc_fly_static elementor-widget elementor-widget-image\" data-id=\"1bfa1f4\" data-element_type=\"widget\" data-e-type=\"widget\" data-widget_type=\"image.default\">\n\t\t\t\t<div class=\"elementor-widget-container\">\n\t\t\t\t\t\t\t\t\t\t\t\t\t\t\t<img loading=\"lazy\" decoding=\"async\" width=\"304\" height=\"19\" src=\"https:\/\/laalberca.com\/wp-content\/uploads\/2025\/11\/separador-negro.svg\" class=\"attachment-full size-full wp-image-24402\" alt=\"\" \/>\t\t\t\t\t\t\t\t\t\t\t\t\t\t\t<\/div>\n\t\t\t\t<\/div>\n\t\t\t\t<div class=\"elementor-element elementor-element-bff269d sc_height_medium sc_fly_static elementor-widget elementor-widget-spacer\" data-id=\"bff269d\" data-element_type=\"widget\" data-e-type=\"widget\" data-widget_type=\"spacer.default\">\n\t\t\t\t<div class=\"elementor-widget-container\">\n\t\t\t\t\t\t\t<div class=\"elementor-spacer\">\n\t\t\t<div class=\"elementor-spacer-inner\"><\/div>\n\t\t<\/div>\n\t\t\t\t\t\t<\/div>\n\t\t\t\t<\/div>\n\t\t\t\t\t<\/div>\n\t\t<\/div>\n\t\t\t\t\t<\/div>\n\t\t<\/section>\n\t\t\t\t<section class=\"elementor-section elementor-top-section elementor-element elementor-element-4f790b0 elementor-section-boxed elementor-section-height-default elementor-section-height-default sc_fly_static\" data-id=\"4f790b0\" data-element_type=\"section\" data-e-type=\"section\" data-settings=\"{&quot;background_background&quot;:&quot;classic&quot;}\">\n\t\t\t\t\t\t<div class=\"elementor-container elementor-column-gap-extended\">\n\t\t\t\t\t<div class=\"elementor-column elementor-col-100 elementor-top-column elementor-element elementor-element-07d0eff sc_content_align_inherit sc_layouts_column_icons_position_left sc_fly_static\" data-id=\"07d0eff\" data-element_type=\"column\" data-e-type=\"column\">\n\t\t\t<div class=\"elementor-widget-wrap elementor-element-populated\">\n\t\t\t\t\t\t<div class=\"elementor-element elementor-element-ddfbdc2 sc_height_medium sc_fly_static elementor-widget elementor-widget-spacer\" data-id=\"ddfbdc2\" data-element_type=\"widget\" data-e-type=\"widget\" data-widget_type=\"spacer.default\">\n\t\t\t\t<div class=\"elementor-widget-container\">\n\t\t\t\t\t\t\t<div class=\"elementor-spacer\">\n\t\t\t<div class=\"elementor-spacer-inner\"><\/div>\n\t\t<\/div>\n\t\t\t\t\t\t<\/div>\n\t\t\t\t<\/div>\n\t\t\t\t<div class=\"elementor-element elementor-element-d9f92cd elementor-widget-mobile__width-inherit elementor-widget__width-inherit sc_fly_static elementor-widget elementor-widget-trx_sc_button\" data-id=\"d9f92cd\" data-element_type=\"widget\" data-e-type=\"widget\" data-widget_type=\"trx_sc_button.default\">\n\t\t\t\t<div class=\"elementor-widget-container\">\n\t\t\t\t\t<div\tclass=\"sc_item_button sc_button_wrap sc_align_center\" ><a href=\"https:\/\/laalberca.com\/fr\/route-de-la-plaza\/\" class=\"sc_button sc_button_bordered sc_button_size_large sc_button_with_icon sc_button_icon_left color_style_dark\" ><span class=\"sc_button_icon\"><span class=\"icon-left-big-1\"><\/span><\/span><span class=\"sc_button_text\"><span class=\"sc_button_title\">Retour<\/span><\/span><\/a><\/div>\t\t\t\t<\/div>\n\t\t\t\t<\/div>\n\t\t\t\t<div class=\"elementor-element elementor-element-4b7267d sc_height_medium sc_fly_static elementor-widget elementor-widget-spacer\" data-id=\"4b7267d\" data-element_type=\"widget\" data-e-type=\"widget\" data-widget_type=\"spacer.default\">\n\t\t\t\t<div class=\"elementor-widget-container\">\n\t\t\t\t\t\t\t<div class=\"elementor-spacer\">\n\t\t\t<div class=\"elementor-spacer-inner\"><\/div>\n\t\t<\/div>\n\t\t\t\t\t\t<\/div>\n\t\t\t\t<\/div>\n\t\t\t\t\t<\/div>\n\t\t<\/div>\n\t\t\t\t\t<\/div>\n\t\t<\/section>\n\t\t\t\t<\/div>\n\t\t","protected":false},"excerpt":{"rendered":"<p>La Place Les armoiries de la famille Alba sur un des chapiteaux du th\u00e9\u00e2tre. TH\u00c9\u00c2TRE Le th\u00e9\u00e2tre actuel \u00e9tait autrefois la r\u00e9sidence des ducs d&rsquo;Albe. Les chapiteaux de ses colonnes&hellip;<\/p>\n","protected":false},"author":12,"featured_media":0,"parent":0,"menu_order":0,"comment_status":"closed","ping_status":"closed","template":"","meta":{"_acf_changed":false,"footnotes":""},"class_list":["post-24585","page","type-page","status-publish","hentry"],"acf":[],"yoast_head":"<!-- This site is optimized with the Yoast SEO plugin v27.4 - https:\/\/yoast.com\/product\/yoast-seo-wordpress\/ -->\n<title>La Alberca - Plus d&#039;informations sur le parcours de la Plaza<\/title>\n<meta name=\"robots\" content=\"noindex, nofollow\" \/>\n<meta property=\"og:locale\" content=\"fr_FR\" \/>\n<meta property=\"og:type\" content=\"article\" \/>\n<meta property=\"og:title\" content=\"La Alberca - Plus d&#039;informations sur le parcours de la Plaza\" \/>\n<meta property=\"og:description\" content=\"La Place Les armoiries de la famille Alba sur un des chapiteaux du th\u00e9\u00e2tre. TH\u00c9\u00c2TRE Le th\u00e9\u00e2tre actuel \u00e9tait autrefois la r\u00e9sidence des ducs d&rsquo;Albe. Les chapiteaux de ses colonnes&hellip;\" \/>\n<meta property=\"og:url\" content=\"https:\/\/laalberca.com\/fr\/plus-dinformations-sur-le-parcours-de-la-plaza\/\" \/>\n<meta property=\"og:site_name\" content=\"La Alberca\" \/>\n<meta property=\"article:modified_time\" content=\"2026-01-19T10:46:05+00:00\" \/>\n<meta property=\"og:image\" content=\"https:\/\/laalberca.com\/wp-content\/uploads\/2025\/12\/logo-surcando-la-alberca-positivo-2.png\" \/>\n\t<meta property=\"og:image:width\" content=\"800\" \/>\n\t<meta property=\"og:image:height\" content=\"566\" \/>\n\t<meta property=\"og:image:type\" content=\"image\/png\" \/>\n<meta name=\"twitter:card\" content=\"summary_large_image\" \/>\n<meta name=\"twitter:label1\" content=\"Dur\u00e9e de lecture estim\u00e9e\" \/>\n\t<meta name=\"twitter:data1\" content=\"4 minutes\" \/>\n<script type=\"application\/ld+json\" class=\"yoast-schema-graph\">{\"@context\":\"https:\\\/\\\/schema.org\",\"@graph\":[{\"@type\":\"WebPage\",\"@id\":\"https:\\\/\\\/laalberca.com\\\/fr\\\/plus-dinformations-sur-le-parcours-de-la-plaza\\\/\",\"url\":\"https:\\\/\\\/laalberca.com\\\/fr\\\/plus-dinformations-sur-le-parcours-de-la-plaza\\\/\",\"name\":\"La Alberca - Plus d'informations sur le parcours de la Plaza\",\"isPartOf\":{\"@id\":\"https:\\\/\\\/laalberca.com\\\/fr\\\/#website\"},\"primaryImageOfPage\":{\"@id\":\"https:\\\/\\\/laalberca.com\\\/fr\\\/plus-dinformations-sur-le-parcours-de-la-plaza\\\/#primaryimage\"},\"image\":{\"@id\":\"https:\\\/\\\/laalberca.com\\\/fr\\\/plus-dinformations-sur-le-parcours-de-la-plaza\\\/#primaryimage\"},\"thumbnailUrl\":\"https:\\\/\\\/laalberca.com\\\/wp-content\\\/uploads\\\/2025\\\/12\\\/logo-surcando-la-alberca-positivo-2.png\",\"datePublished\":\"2025-11-24T15:05:47+00:00\",\"dateModified\":\"2026-01-19T10:46:05+00:00\",\"breadcrumb\":{\"@id\":\"https:\\\/\\\/laalberca.com\\\/fr\\\/plus-dinformations-sur-le-parcours-de-la-plaza\\\/#breadcrumb\"},\"inLanguage\":\"fr-FR\",\"potentialAction\":[{\"@type\":\"ReadAction\",\"target\":[\"https:\\\/\\\/laalberca.com\\\/fr\\\/plus-dinformations-sur-le-parcours-de-la-plaza\\\/\"]}]},{\"@type\":\"ImageObject\",\"inLanguage\":\"fr-FR\",\"@id\":\"https:\\\/\\\/laalberca.com\\\/fr\\\/plus-dinformations-sur-le-parcours-de-la-plaza\\\/#primaryimage\",\"url\":\"https:\\\/\\\/laalberca.com\\\/wp-content\\\/uploads\\\/2025\\\/12\\\/logo-surcando-la-alberca-positivo-2.png\",\"contentUrl\":\"https:\\\/\\\/laalberca.com\\\/wp-content\\\/uploads\\\/2025\\\/12\\\/logo-surcando-la-alberca-positivo-2.png\"},{\"@type\":\"BreadcrumbList\",\"@id\":\"https:\\\/\\\/laalberca.com\\\/fr\\\/plus-dinformations-sur-le-parcours-de-la-plaza\\\/#breadcrumb\",\"itemListElement\":[{\"@type\":\"ListItem\",\"position\":1,\"name\":\"Portada\",\"item\":\"https:\\\/\\\/laalberca.com\\\/fr\\\/\"},{\"@type\":\"ListItem\",\"position\":2,\"name\":\"Plus d&rsquo;informations sur le parcours de la Plaza\"}]},{\"@type\":\"WebSite\",\"@id\":\"https:\\\/\\\/laalberca.com\\\/fr\\\/#website\",\"url\":\"https:\\\/\\\/laalberca.com\\\/fr\\\/\",\"name\":\"La Alberca\",\"description\":\"Lugar de costumbres, tradiciones y ritos centenarios\",\"publisher\":{\"@id\":\"https:\\\/\\\/laalberca.com\\\/fr\\\/#organization\"},\"potentialAction\":[{\"@type\":\"SearchAction\",\"target\":{\"@type\":\"EntryPoint\",\"urlTemplate\":\"https:\\\/\\\/laalberca.com\\\/fr\\\/?s={search_term_string}\"},\"query-input\":{\"@type\":\"PropertyValueSpecification\",\"valueRequired\":true,\"valueName\":\"search_term_string\"}}],\"inLanguage\":\"fr-FR\"},{\"@type\":\"Organization\",\"@id\":\"https:\\\/\\\/laalberca.com\\\/fr\\\/#organization\",\"name\":\"La Alberca\",\"url\":\"https:\\\/\\\/laalberca.com\\\/fr\\\/\",\"logo\":{\"@type\":\"ImageObject\",\"inLanguage\":\"fr-FR\",\"@id\":\"https:\\\/\\\/laalberca.com\\\/fr\\\/#\\\/schema\\\/logo\\\/image\\\/\",\"url\":\"https:\\\/\\\/laalberca.com\\\/wp-content\\\/uploads\\\/2022\\\/06\\\/logotipo-blanco.svg\",\"contentUrl\":\"https:\\\/\\\/laalberca.com\\\/wp-content\\\/uploads\\\/2022\\\/06\\\/logotipo-blanco.svg\",\"width\":600,\"height\":217,\"caption\":\"La Alberca\"},\"image\":{\"@id\":\"https:\\\/\\\/laalberca.com\\\/fr\\\/#\\\/schema\\\/logo\\\/image\\\/\"}}]}<\/script>\n<!-- \/ Yoast SEO plugin. -->","yoast_head_json":{"title":"La Alberca - Plus d'informations sur le parcours de la Plaza","robots":{"index":"noindex","follow":"nofollow"},"og_locale":"fr_FR","og_type":"article","og_title":"La Alberca - Plus d'informations sur le parcours de la Plaza","og_description":"La Place Les armoiries de la famille Alba sur un des chapiteaux du th\u00e9\u00e2tre. TH\u00c9\u00c2TRE Le th\u00e9\u00e2tre actuel \u00e9tait autrefois la r\u00e9sidence des ducs d&rsquo;Albe. Les chapiteaux de ses colonnes&hellip;","og_url":"https:\/\/laalberca.com\/fr\/plus-dinformations-sur-le-parcours-de-la-plaza\/","og_site_name":"La Alberca","article_modified_time":"2026-01-19T10:46:05+00:00","og_image":[{"width":800,"height":566,"url":"https:\/\/laalberca.com\/wp-content\/uploads\/2025\/12\/logo-surcando-la-alberca-positivo-2.png","type":"image\/png"}],"twitter_card":"summary_large_image","twitter_misc":{"Dur\u00e9e de lecture estim\u00e9e":"4 minutes"},"schema":{"@context":"https:\/\/schema.org","@graph":[{"@type":"WebPage","@id":"https:\/\/laalberca.com\/fr\/plus-dinformations-sur-le-parcours-de-la-plaza\/","url":"https:\/\/laalberca.com\/fr\/plus-dinformations-sur-le-parcours-de-la-plaza\/","name":"La Alberca - Plus d'informations sur le parcours de la Plaza","isPartOf":{"@id":"https:\/\/laalberca.com\/fr\/#website"},"primaryImageOfPage":{"@id":"https:\/\/laalberca.com\/fr\/plus-dinformations-sur-le-parcours-de-la-plaza\/#primaryimage"},"image":{"@id":"https:\/\/laalberca.com\/fr\/plus-dinformations-sur-le-parcours-de-la-plaza\/#primaryimage"},"thumbnailUrl":"https:\/\/laalberca.com\/wp-content\/uploads\/2025\/12\/logo-surcando-la-alberca-positivo-2.png","datePublished":"2025-11-24T15:05:47+00:00","dateModified":"2026-01-19T10:46:05+00:00","breadcrumb":{"@id":"https:\/\/laalberca.com\/fr\/plus-dinformations-sur-le-parcours-de-la-plaza\/#breadcrumb"},"inLanguage":"fr-FR","potentialAction":[{"@type":"ReadAction","target":["https:\/\/laalberca.com\/fr\/plus-dinformations-sur-le-parcours-de-la-plaza\/"]}]},{"@type":"ImageObject","inLanguage":"fr-FR","@id":"https:\/\/laalberca.com\/fr\/plus-dinformations-sur-le-parcours-de-la-plaza\/#primaryimage","url":"https:\/\/laalberca.com\/wp-content\/uploads\/2025\/12\/logo-surcando-la-alberca-positivo-2.png","contentUrl":"https:\/\/laalberca.com\/wp-content\/uploads\/2025\/12\/logo-surcando-la-alberca-positivo-2.png"},{"@type":"BreadcrumbList","@id":"https:\/\/laalberca.com\/fr\/plus-dinformations-sur-le-parcours-de-la-plaza\/#breadcrumb","itemListElement":[{"@type":"ListItem","position":1,"name":"Portada","item":"https:\/\/laalberca.com\/fr\/"},{"@type":"ListItem","position":2,"name":"Plus d&rsquo;informations sur le parcours de la Plaza"}]},{"@type":"WebSite","@id":"https:\/\/laalberca.com\/fr\/#website","url":"https:\/\/laalberca.com\/fr\/","name":"La Alberca","description":"Lugar de costumbres, tradiciones y ritos centenarios","publisher":{"@id":"https:\/\/laalberca.com\/fr\/#organization"},"potentialAction":[{"@type":"SearchAction","target":{"@type":"EntryPoint","urlTemplate":"https:\/\/laalberca.com\/fr\/?s={search_term_string}"},"query-input":{"@type":"PropertyValueSpecification","valueRequired":true,"valueName":"search_term_string"}}],"inLanguage":"fr-FR"},{"@type":"Organization","@id":"https:\/\/laalberca.com\/fr\/#organization","name":"La Alberca","url":"https:\/\/laalberca.com\/fr\/","logo":{"@type":"ImageObject","inLanguage":"fr-FR","@id":"https:\/\/laalberca.com\/fr\/#\/schema\/logo\/image\/","url":"https:\/\/laalberca.com\/wp-content\/uploads\/2022\/06\/logotipo-blanco.svg","contentUrl":"https:\/\/laalberca.com\/wp-content\/uploads\/2022\/06\/logotipo-blanco.svg","width":600,"height":217,"caption":"La Alberca"},"image":{"@id":"https:\/\/laalberca.com\/fr\/#\/schema\/logo\/image\/"}}]}},"_links":{"self":[{"href":"https:\/\/laalberca.com\/fr\/wp-json\/wp\/v2\/pages\/24585","targetHints":{"allow":["GET"]}}],"collection":[{"href":"https:\/\/laalberca.com\/fr\/wp-json\/wp\/v2\/pages"}],"about":[{"href":"https:\/\/laalberca.com\/fr\/wp-json\/wp\/v2\/types\/page"}],"author":[{"embeddable":true,"href":"https:\/\/laalberca.com\/fr\/wp-json\/wp\/v2\/users\/12"}],"replies":[{"embeddable":true,"href":"https:\/\/laalberca.com\/fr\/wp-json\/wp\/v2\/comments?post=24585"}],"version-history":[{"count":6,"href":"https:\/\/laalberca.com\/fr\/wp-json\/wp\/v2\/pages\/24585\/revisions"}],"predecessor-version":[{"id":25413,"href":"https:\/\/laalberca.com\/fr\/wp-json\/wp\/v2\/pages\/24585\/revisions\/25413"}],"wp:attachment":[{"href":"https:\/\/laalberca.com\/fr\/wp-json\/wp\/v2\/media?parent=24585"}],"curies":[{"name":"wp","href":"https:\/\/api.w.org\/{rel}","templated":true}]}}