{"id":24684,"date":"2025-11-24T10:22:02","date_gmt":"2025-11-24T09:22:02","guid":{"rendered":"https:\/\/laalberca.com\/route-de-larchitecture\/"},"modified":"2026-01-27T12:06:23","modified_gmt":"2026-01-27T11:06:23","slug":"route-de-larchitecture","status":"publish","type":"page","link":"https:\/\/laalberca.com\/fr\/route-de-larchitecture\/","title":{"rendered":"Route de l\u2019architecture"},"content":{"rendered":"\t\t<div data-elementor-type=\"wp-page\" data-elementor-id=\"24684\" class=\"elementor elementor-24684 elementor-23377\" data-elementor-post-type=\"page\">\n\t\t\t\t\t\t<section class=\"elementor-section elementor-top-section elementor-element elementor-element-c57c32e elementor-section-full_width elementor-section-height-min-height elementor-section-stretched scheme_dark elementor-section-height-default elementor-section-items-middle sc_fly_static\" data-id=\"c57c32e\" data-element_type=\"section\" data-e-type=\"section\" data-settings=\"{&quot;stretch_section&quot;:&quot;section-stretched&quot;,&quot;background_background&quot;:&quot;classic&quot;}\">\n\t\t\t\t\t\t\t<div class=\"elementor-background-overlay\"><\/div>\n\t\t\t\t\t\t\t<div class=\"elementor-container elementor-column-gap-extended\">\n\t\t\t\t\t<div class=\"elementor-column elementor-col-100 elementor-top-column elementor-element elementor-element-5e2cba9 sc_layouts_column_align_center sc_layouts_column sc_content_align_inherit sc_layouts_column_icons_position_left sc_fly_static\" data-id=\"5e2cba9\" data-element_type=\"column\" data-e-type=\"column\">\n\t\t\t<div class=\"elementor-widget-wrap elementor-element-populated\">\n\t\t\t\t\t\t<div class=\"elementor-element elementor-element-6b1cdf4 sc_fly_static elementor-widget elementor-widget-spacer\" data-id=\"6b1cdf4\" data-element_type=\"widget\" data-e-type=\"widget\" data-widget_type=\"spacer.default\">\n\t\t\t\t<div class=\"elementor-widget-container\">\n\t\t\t\t\t\t\t<div class=\"elementor-spacer\">\n\t\t\t<div class=\"elementor-spacer-inner\"><\/div>\n\t\t<\/div>\n\t\t\t\t\t\t<\/div>\n\t\t\t\t<\/div>\n\t\t\t\t<div class=\"elementor-element elementor-element-100335c sc_fly_static elementor-widget elementor-widget-image\" data-id=\"100335c\" data-element_type=\"widget\" data-e-type=\"widget\" data-widget_type=\"image.default\">\n\t\t\t\t<div class=\"elementor-widget-container\">\n\t\t\t\t\t\t\t\t\t\t\t\t\t\t\t<img loading=\"lazy\" decoding=\"async\" width=\"600\" height=\"424\" src=\"https:\/\/laalberca.com\/wp-content\/uploads\/2026\/01\/logo-surcando-la-alberca-texto-blanco-frances.svg\" class=\"attachment-full size-full wp-image-24681\" alt=\"Logo surcando la alberca\" \/>\t\t\t\t\t\t\t\t\t\t\t\t\t\t\t<\/div>\n\t\t\t\t<\/div>\n\t\t\t\t<div class=\"elementor-element elementor-element-cd030a0 sc_fly_static elementor-widget elementor-widget-trx_sc_title\" data-id=\"cd030a0\" data-element_type=\"widget\" data-e-type=\"widget\" data-widget_type=\"trx_sc_title.default\">\n\t\t\t\t<div class=\"elementor-widget-container\">\n\t\t\t\t\t<div\t\tclass=\"sc_title sc_title_default\" ><h1 class=\"sc_item_title sc_title_title sc_align_center sc_item_title_style_default sc_item_title_tag\"\n\t\t\t><span class=\"sc_item_title_text\">Architecture<\/span><\/h1><\/div>\t\t\t\t<\/div>\n\t\t\t\t<\/div>\n\t\t\t\t<div class=\"elementor-element elementor-element-f705d88 sc_height_small sc_fly_static elementor-widget elementor-widget-spacer\" data-id=\"f705d88\" data-element_type=\"widget\" data-e-type=\"widget\" data-widget_type=\"spacer.default\">\n\t\t\t\t<div class=\"elementor-widget-container\">\n\t\t\t\t\t\t\t<div class=\"elementor-spacer\">\n\t\t\t<div class=\"elementor-spacer-inner\"><\/div>\n\t\t<\/div>\n\t\t\t\t\t\t<\/div>\n\t\t\t\t<\/div>\n\t\t\t\t<section class=\"elementor-section elementor-inner-section elementor-element elementor-element-ec34535 elementor-section-boxed elementor-section-height-default elementor-section-height-default sc_fly_static\" data-id=\"ec34535\" data-element_type=\"section\" data-e-type=\"section\">\n\t\t\t\t\t\t<div class=\"elementor-container elementor-column-gap-extended\">\n\t\t\t\t\t<div class=\"elementor-column elementor-col-33 elementor-inner-column elementor-element elementor-element-9eec488 sc_content_align_inherit sc_layouts_column_icons_position_left sc_fly_static\" data-id=\"9eec488\" data-element_type=\"column\" data-e-type=\"column\">\n\t\t\t<div class=\"elementor-widget-wrap\">\n\t\t\t\t\t\t\t<\/div>\n\t\t<\/div>\n\t\t\t\t<div class=\"elementor-column elementor-col-33 elementor-inner-column elementor-element elementor-element-b1a9d16 sc_content_align_inherit sc_layouts_column_icons_position_left sc_fly_static\" data-id=\"b1a9d16\" data-element_type=\"column\" data-e-type=\"column\">\n\t\t\t<div class=\"elementor-widget-wrap elementor-element-populated\">\n\t\t\t\t\t\t<div class=\"elementor-element elementor-element-102b95e sc_fly_static elementor-widget elementor-widget-html\" data-id=\"102b95e\" data-element_type=\"widget\" data-e-type=\"widget\" data-widget_type=\"html.default\">\n\t\t\t\t<div class=\"elementor-widget-container\">\n\t\t\t\t\t<figure>\n  <audio controls=\"\" src=\"https:\/\/laalberca.com\/wp-content\/uploads\/2026\/01\/arquitectura-fr-1.mp3\"><\/audio>\n<\/figure>\n\t\t\t\t<\/div>\n\t\t\t\t<\/div>\n\t\t\t\t<div class=\"elementor-element elementor-element-e3ac8c1 sc_fly_static elementor-widget elementor-widget-spacer\" data-id=\"e3ac8c1\" data-element_type=\"widget\" data-e-type=\"widget\" data-widget_type=\"spacer.default\">\n\t\t\t\t<div class=\"elementor-widget-container\">\n\t\t\t\t\t\t\t<div class=\"elementor-spacer\">\n\t\t\t<div class=\"elementor-spacer-inner\"><\/div>\n\t\t<\/div>\n\t\t\t\t\t\t<\/div>\n\t\t\t\t<\/div>\n\t\t\t\t<div class=\"elementor-element elementor-element-4930787 sc_fly_static elementor-widget elementor-widget-text-editor\" data-id=\"4930787\" data-element_type=\"widget\" data-e-type=\"widget\" data-widget_type=\"text-editor.default\">\n\t\t\t\t<div class=\"elementor-widget-container\">\n\t\t\t\t\t\t\t\t\t<p><em>Musique : <span style=\"font-weight: 400;\">Atairaos.<br><\/span><\/em><\/p>\t\t\t\t\t\t\t\t<\/div>\n\t\t\t\t<\/div>\n\t\t\t\t\t<\/div>\n\t\t<\/div>\n\t\t\t\t<div class=\"elementor-column elementor-col-33 elementor-inner-column elementor-element elementor-element-bdfd8dc sc_content_align_inherit sc_layouts_column_icons_position_left sc_fly_static\" data-id=\"bdfd8dc\" data-element_type=\"column\" data-e-type=\"column\">\n\t\t\t<div class=\"elementor-widget-wrap\">\n\t\t\t\t\t\t\t<\/div>\n\t\t<\/div>\n\t\t\t\t\t<\/div>\n\t\t<\/section>\n\t\t\t\t<div class=\"elementor-element elementor-element-c6275e0 sc_height_small sc_fly_static elementor-widget elementor-widget-spacer\" data-id=\"c6275e0\" data-element_type=\"widget\" data-e-type=\"widget\" data-widget_type=\"spacer.default\">\n\t\t\t\t<div class=\"elementor-widget-container\">\n\t\t\t\t\t\t\t<div class=\"elementor-spacer\">\n\t\t\t<div class=\"elementor-spacer-inner\"><\/div>\n\t\t<\/div>\n\t\t\t\t\t\t<\/div>\n\t\t\t\t<\/div>\n\t\t\t\t\t<\/div>\n\t\t<\/div>\n\t\t\t\t\t<\/div>\n\t\t<\/section>\n\t\t\t\t<section class=\"elementor-section elementor-top-section elementor-element elementor-element-836eeb4 elementor-section-boxed elementor-section-height-default elementor-section-height-default sc_fly_static\" data-id=\"836eeb4\" data-element_type=\"section\" data-e-type=\"section\" data-settings=\"{&quot;background_background&quot;:&quot;classic&quot;}\">\n\t\t\t\t\t\t<div class=\"elementor-container elementor-column-gap-extended\">\n\t\t\t\t\t<div class=\"elementor-column elementor-col-100 elementor-top-column elementor-element elementor-element-5dfa3f2 sc_content_align_inherit sc_layouts_column_icons_position_left sc_fly_static\" data-id=\"5dfa3f2\" data-element_type=\"column\" data-e-type=\"column\">\n\t\t\t<div class=\"elementor-widget-wrap elementor-element-populated\">\n\t\t\t\t\t\t<div class=\"elementor-element elementor-element-144729b sc_height_large sc_fly_static elementor-widget elementor-widget-spacer\" data-id=\"144729b\" data-element_type=\"widget\" data-e-type=\"widget\" data-widget_type=\"spacer.default\">\n\t\t\t\t<div class=\"elementor-widget-container\">\n\t\t\t\t\t\t\t<div class=\"elementor-spacer\">\n\t\t\t<div class=\"elementor-spacer-inner\"><\/div>\n\t\t<\/div>\n\t\t\t\t\t\t<\/div>\n\t\t\t\t<\/div>\n\t\t\t\t\t<\/div>\n\t\t<\/div>\n\t\t\t\t\t<\/div>\n\t\t<\/section>\n\t\t\t\t<section class=\"elementor-section elementor-top-section elementor-element elementor-element-924dbb3 scheme_light elementor-section-boxed elementor-section-height-default elementor-section-height-default sc_fly_static\" data-id=\"924dbb3\" data-element_type=\"section\" data-e-type=\"section\" data-settings=\"{&quot;background_background&quot;:&quot;classic&quot;}\">\n\t\t\t\t\t\t<div class=\"elementor-container elementor-column-gap-extended\">\n\t\t\t\t\t<div class=\"elementor-column elementor-col-100 elementor-top-column elementor-element elementor-element-3b90374 sc_content_align_inherit sc_layouts_column_icons_position_left sc_fly_static\" data-id=\"3b90374\" data-element_type=\"column\" data-e-type=\"column\">\n\t\t\t<div class=\"elementor-widget-wrap elementor-element-populated\">\n\t\t\t\t\t\t<div class=\"elementor-element elementor-element-5ee95ce sc_height_medium sc_layouts_hide_on_mobile sc_layouts_hide_on_wide sc_fly_static elementor-widget elementor-widget-spacer\" data-id=\"5ee95ce\" data-element_type=\"widget\" data-e-type=\"widget\" data-widget_type=\"spacer.default\">\n\t\t\t\t<div class=\"elementor-widget-container\">\n\t\t\t\t\t\t\t<div class=\"elementor-spacer\">\n\t\t\t<div class=\"elementor-spacer-inner\"><\/div>\n\t\t<\/div>\n\t\t\t\t\t\t<\/div>\n\t\t\t\t<\/div>\n\t\t\t\t<div class=\"elementor-element elementor-element-96178be elementor-drop-cap-yes elementor-drop-cap-view-default sc_fly_static elementor-widget elementor-widget-text-editor\" data-id=\"96178be\" data-element_type=\"widget\" data-e-type=\"widget\" data-settings=\"{&quot;drop_cap&quot;:&quot;yes&quot;}\" data-widget_type=\"text-editor.default\">\n\t\t\t\t<div class=\"elementor-widget-container\">\n\t\t\t\t\t\t\t\t\t<p>Le trac\u00e9 des rues de La Alberca ainsi que ses maisons traditionnelles sont devenus l\u2019embl\u00e8me du village et l\u2019un de ses principaux attraits.<br><br>Les maisons sont de style montagnard et ont \u00e9t\u00e9 construites avec des mat\u00e9riaux locaux tels que l\u2019argile, le granit et le bois de ch\u00e2taignier.<\/p><p>Le rez-de-chauss\u00e9e, construit en pierre et <em>traditionnellement<\/em> utilis\u00e9 comme \u00e9curie, est surplomb\u00e9 par des \u00e9tages \u00e0 colombages qui se rejoignent presque de part et d\u2019autre de la rue.<br><br>Ces \u00e9difices typiques, ainsi que les belles rues pav\u00e9es \u00e9troites et sinueuses, avec leurs fontaines, leurs mille recoins et leurs places, t\u00e9moignent, pour certains, de l\u2019influence des Arabes, des Juifs et m\u00eame des colons Fran\u00e7ais venus repeupler ces lieux qui ont inspir\u00e9 de nombreux artistes du monde de l\u2019art et de la culture.<\/p>\t\t\t\t\t\t\t\t<\/div>\n\t\t\t\t<\/div>\n\t\t\t\t<div class=\"elementor-element elementor-element-5b085e4 sc_height_medium sc_fly_static elementor-widget elementor-widget-spacer\" data-id=\"5b085e4\" data-element_type=\"widget\" data-e-type=\"widget\" data-widget_type=\"spacer.default\">\n\t\t\t\t<div class=\"elementor-widget-container\">\n\t\t\t\t\t\t\t<div class=\"elementor-spacer\">\n\t\t\t<div class=\"elementor-spacer-inner\"><\/div>\n\t\t<\/div>\n\t\t\t\t\t\t<\/div>\n\t\t\t\t<\/div>\n\t\t\t\t\t<\/div>\n\t\t<\/div>\n\t\t\t\t\t<\/div>\n\t\t<\/section>\n\t\t\t\t<section class=\"elementor-section elementor-top-section elementor-element elementor-element-523d8f9 elementor-section-full_width elementor-section-height-default elementor-section-height-default sc_fly_static\" data-id=\"523d8f9\" data-element_type=\"section\" data-e-type=\"section\" data-settings=\"{&quot;background_background&quot;:&quot;classic&quot;}\">\n\t\t\t\t\t\t<div class=\"elementor-container elementor-column-gap-extended\">\n\t\t\t\t\t<div class=\"elementor-column elementor-col-33 elementor-top-column elementor-element elementor-element-d30c72b sc_layouts_hide_on_mobile sc_content_align_inherit sc_layouts_column_icons_position_left sc_fly_static\" data-id=\"d30c72b\" data-element_type=\"column\" data-e-type=\"column\">\n\t\t\t<div class=\"elementor-widget-wrap\">\n\t\t\t\t\t\t\t<\/div>\n\t\t<\/div>\n\t\t\t\t<div class=\"elementor-column elementor-col-33 elementor-top-column elementor-element elementor-element-6e730dd sc_content_align_inherit sc_layouts_column_icons_position_left sc_fly_static\" data-id=\"6e730dd\" data-element_type=\"column\" data-e-type=\"column\">\n\t\t\t<div class=\"elementor-widget-wrap elementor-element-populated\">\n\t\t\t\t\t\t<div class=\"elementor-element elementor-element-182af08 sc_fly_static elementor-widget elementor-widget-image\" data-id=\"182af08\" data-element_type=\"widget\" data-e-type=\"widget\" data-widget_type=\"image.default\">\n\t\t\t\t<div class=\"elementor-widget-container\">\n\t\t\t\t\t\t\t\t\t\t\t\t\t\t\t<img loading=\"lazy\" decoding=\"async\" width=\"2560\" height=\"2560\" src=\"https:\/\/laalberca.com\/wp-content\/uploads\/2025\/11\/artefinal-arquitectura-05-scaled.webp\" class=\"attachment-full size-full wp-image-24683\" alt=\"Maisons typiques \u00e0 Las Espe\u00f1itas\" srcset=\"https:\/\/laalberca.com\/wp-content\/uploads\/2025\/11\/artefinal-arquitectura-05-scaled.webp 2560w, https:\/\/laalberca.com\/wp-content\/uploads\/2025\/11\/artefinal-arquitectura-05-640x640.webp 640w, https:\/\/laalberca.com\/wp-content\/uploads\/2025\/11\/artefinal-arquitectura-05-1280x1280.webp 1280w, https:\/\/laalberca.com\/wp-content\/uploads\/2025\/11\/artefinal-arquitectura-05-160x160.webp 160w, https:\/\/laalberca.com\/wp-content\/uploads\/2025\/11\/artefinal-arquitectura-05-1024x1024.webp 1024w, https:\/\/laalberca.com\/wp-content\/uploads\/2025\/11\/artefinal-arquitectura-05-1536x1536.webp 1536w, https:\/\/laalberca.com\/wp-content\/uploads\/2025\/11\/artefinal-arquitectura-05-2048x2048.webp 2048w, https:\/\/laalberca.com\/wp-content\/uploads\/2025\/11\/artefinal-arquitectura-05-370x370.webp 370w, https:\/\/laalberca.com\/wp-content\/uploads\/2025\/11\/artefinal-arquitectura-05-120x120.webp 120w, https:\/\/laalberca.com\/wp-content\/uploads\/2025\/11\/artefinal-arquitectura-05-840x840.webp 840w, https:\/\/laalberca.com\/wp-content\/uploads\/2025\/11\/artefinal-arquitectura-05-410x410.webp 410w\" sizes=\"auto, (max-width: 2560px) 100vw, 2560px\" \/>\t\t\t\t\t\t\t\t\t\t\t\t\t\t\t<\/div>\n\t\t\t\t<\/div>\n\t\t\t\t<div class=\"elementor-element elementor-element-aa0df88 sc_fly_static elementor-widget elementor-widget-text-editor\" data-id=\"aa0df88\" data-element_type=\"widget\" data-e-type=\"widget\" data-widget_type=\"text-editor.default\">\n\t\t\t\t<div class=\"elementor-widget-container\">\n\t\t\t\t\t\t\t\t\t<p><strong>Maisons traditionnelles dans Las Espe\u00f1itas.<\/strong><\/p>\t\t\t\t\t\t\t\t<\/div>\n\t\t\t\t<\/div>\n\t\t\t\t\t<\/div>\n\t\t<\/div>\n\t\t\t\t<div class=\"elementor-column elementor-col-33 elementor-top-column elementor-element elementor-element-3054003 sc_layouts_hide_on_mobile sc_content_align_inherit sc_layouts_column_icons_position_left sc_fly_static\" data-id=\"3054003\" data-element_type=\"column\" data-e-type=\"column\">\n\t\t\t<div class=\"elementor-widget-wrap\">\n\t\t\t\t\t\t\t<\/div>\n\t\t<\/div>\n\t\t\t\t\t<\/div>\n\t\t<\/section>\n\t\t\t\t<section class=\"elementor-section elementor-top-section elementor-element elementor-element-2fff5f2 elementor-section-boxed elementor-section-height-default elementor-section-height-default sc_fly_static\" data-id=\"2fff5f2\" data-element_type=\"section\" data-e-type=\"section\" data-settings=\"{&quot;background_background&quot;:&quot;classic&quot;}\">\n\t\t\t\t\t\t<div class=\"elementor-container elementor-column-gap-extended\">\n\t\t\t\t\t<div class=\"elementor-column elementor-col-100 elementor-top-column elementor-element elementor-element-316a431 sc_content_align_inherit sc_layouts_column_icons_position_left sc_fly_static\" data-id=\"316a431\" data-element_type=\"column\" data-e-type=\"column\">\n\t\t\t<div class=\"elementor-widget-wrap elementor-element-populated\">\n\t\t\t\t\t\t<div class=\"elementor-element elementor-element-986afb0 sc_height_medium sc_fly_static elementor-widget elementor-widget-spacer\" data-id=\"986afb0\" data-element_type=\"widget\" data-e-type=\"widget\" data-widget_type=\"spacer.default\">\n\t\t\t\t<div class=\"elementor-widget-container\">\n\t\t\t\t\t\t\t<div class=\"elementor-spacer\">\n\t\t\t<div class=\"elementor-spacer-inner\"><\/div>\n\t\t<\/div>\n\t\t\t\t\t\t<\/div>\n\t\t\t\t<\/div>\n\t\t\t\t<div class=\"elementor-element elementor-element-9cb7093 elementor-widget-mobile__width-inherit elementor-widget__width-inherit sc_fly_static elementor-widget elementor-widget-trx_sc_button\" data-id=\"9cb7093\" data-element_type=\"widget\" data-e-type=\"widget\" data-widget_type=\"trx_sc_button.default\">\n\t\t\t\t<div class=\"elementor-widget-container\">\n\t\t\t\t\t<div\tclass=\"sc_item_button sc_button_wrap sc_align_center\" ><a href=\"https:\/\/laalberca.com\/fr\/mas-informacion-de-la-ruta-de-la-arquitectura\/\" class=\"sc_button sc_button_bordered sc_button_size_large sc_button_with_icon sc_button_icon_left color_style_dark\" ><span class=\"sc_button_icon\"><span class=\"icon-plus-2\"><\/span><\/span><span class=\"sc_button_text\"><span class=\"sc_button_title\">INFO<\/span><\/span><\/a><\/div>\t\t\t\t<\/div>\n\t\t\t\t<\/div>\n\t\t\t\t<div class=\"elementor-element elementor-element-8acb0aa sc_height_large sc_fly_static elementor-widget elementor-widget-spacer\" data-id=\"8acb0aa\" data-element_type=\"widget\" data-e-type=\"widget\" data-widget_type=\"spacer.default\">\n\t\t\t\t<div class=\"elementor-widget-container\">\n\t\t\t\t\t\t\t<div class=\"elementor-spacer\">\n\t\t\t<div class=\"elementor-spacer-inner\"><\/div>\n\t\t<\/div>\n\t\t\t\t\t\t<\/div>\n\t\t\t\t<\/div>\n\t\t\t\t\t<\/div>\n\t\t<\/div>\n\t\t\t\t\t<\/div>\n\t\t<\/section>\n\t\t\t\t<section class=\"elementor-section elementor-top-section elementor-element elementor-element-d989cba elementor-section-boxed elementor-section-height-default elementor-section-height-default sc_fly_static\" data-id=\"d989cba\" data-element_type=\"section\" data-e-type=\"section\">\n\t\t\t\t\t\t<div class=\"elementor-container elementor-column-gap-extended\">\n\t\t\t\t\t<div class=\"elementor-column elementor-col-100 elementor-top-column elementor-element elementor-element-19ca363 sc_content_align_inherit sc_layouts_column_icons_position_left sc_fly_static\" data-id=\"19ca363\" data-element_type=\"column\" data-e-type=\"column\">\n\t\t\t<div class=\"elementor-widget-wrap elementor-element-populated\">\n\t\t\t\t\t\t<div class=\"elementor-element elementor-element-8598988 sc_height_large sc_fly_static elementor-widget elementor-widget-spacer\" data-id=\"8598988\" data-element_type=\"widget\" data-e-type=\"widget\" data-widget_type=\"spacer.default\">\n\t\t\t\t<div class=\"elementor-widget-container\">\n\t\t\t\t\t\t\t<div class=\"elementor-spacer\">\n\t\t\t<div class=\"elementor-spacer-inner\"><\/div>\n\t\t<\/div>\n\t\t\t\t\t\t<\/div>\n\t\t\t\t<\/div>\n\t\t\t\t<div class=\"elementor-element elementor-element-ae16466 sc_fly_static elementor-widget elementor-widget-trx_sc_title\" data-id=\"ae16466\" data-element_type=\"widget\" data-e-type=\"widget\" data-widget_type=\"trx_sc_title.default\">\n\t\t\t\t<div class=\"elementor-widget-container\">\n\t\t\t\t\t<div\t\tclass=\"sc_title sc_title_default\" ><span class=\"sc_item_subtitle sc_title_subtitle sc_align_center sc_item_subtitle_above sc_item_title_style_default\">Prochaine destination<\/span><h2 class=\"sc_item_title sc_title_title sc_align_center sc_item_title_style_default sc_item_title_tag\"\n\t\t\t><span class=\"sc_item_title_text\">Costumes traditionnels<\/span><\/h2><\/div>\t\t\t\t<\/div>\n\t\t\t\t<\/div>\n\t\t\t\t<div class=\"elementor-element elementor-element-4186a0d sc_height_tiny sc_fly_static elementor-widget elementor-widget-spacer\" data-id=\"4186a0d\" data-element_type=\"widget\" data-e-type=\"widget\" data-widget_type=\"spacer.default\">\n\t\t\t\t<div class=\"elementor-widget-container\">\n\t\t\t\t\t\t\t<div class=\"elementor-spacer\">\n\t\t\t<div class=\"elementor-spacer-inner\"><\/div>\n\t\t<\/div>\n\t\t\t\t\t\t<\/div>\n\t\t\t\t<\/div>\n\t\t\t\t\t<\/div>\n\t\t<\/div>\n\t\t\t\t\t<\/div>\n\t\t<\/section>\n\t\t\t\t<section class=\"elementor-section elementor-top-section elementor-element elementor-element-7ed3163 elementor-section-full_width elementor-section-height-default elementor-section-height-default sc_fly_static\" data-id=\"7ed3163\" data-element_type=\"section\" data-e-type=\"section\">\n\t\t\t\t\t\t<div class=\"elementor-container elementor-column-gap-extended\">\n\t\t\t\t\t<div class=\"elementor-column elementor-col-33 elementor-top-column elementor-element elementor-element-2f4e604 sc_layouts_hide_on_mobile sc_content_align_inherit sc_layouts_column_icons_position_left sc_fly_static\" data-id=\"2f4e604\" data-element_type=\"column\" data-e-type=\"column\">\n\t\t\t<div class=\"elementor-widget-wrap\">\n\t\t\t\t\t\t\t<\/div>\n\t\t<\/div>\n\t\t\t\t<div class=\"elementor-column elementor-col-33 elementor-top-column elementor-element elementor-element-b70cc1c sc_content_align_inherit sc_layouts_column_icons_position_left sc_fly_static\" data-id=\"b70cc1c\" data-element_type=\"column\" data-e-type=\"column\">\n\t\t\t<div class=\"elementor-widget-wrap elementor-element-populated\">\n\t\t\t\t\t\t<div class=\"elementor-element elementor-element-42f085b sc_fly_static elementor-widget elementor-widget-shortcode\" data-id=\"42f085b\" data-element_type=\"widget\" data-e-type=\"widget\" data-widget_type=\"shortcode.default\">\n\t\t\t\t<div class=\"elementor-widget-container\">\n\t\t\t\t\t\t\t<div class=\"elementor-shortcode\">        <div class=\"rutas-mapas-container\">\n            <div \n                id=\"rutas-mapa-1\" \n                class=\"rutas-mapa\" \n                style=\"width: 100%; height: 80vh;\"\n                data-map-config='{\"source\":\"6-Arquitectura-Indumentaria\",\"useKmlLayer\":false,\"zoom\":15,\"centrar\":\"auto\",\"tipoMapa\":\"terrain\",\"geolocation\":true}'\n            >\n                <div class=\"rutas-mapa-loading\">\n                    <p>Cargando mapa...<\/p>\n                <\/div>\n            <\/div>\n        <\/div>\n        <\/div>\n\t\t\t\t\t\t<\/div>\n\t\t\t\t<\/div>\n\t\t\t\t<div class=\"elementor-element elementor-element-f9a26b3 sc_height_small sc_fly_static elementor-widget elementor-widget-spacer\" data-id=\"f9a26b3\" data-element_type=\"widget\" data-e-type=\"widget\" data-widget_type=\"spacer.default\">\n\t\t\t\t<div class=\"elementor-widget-container\">\n\t\t\t\t\t\t\t<div class=\"elementor-spacer\">\n\t\t\t<div class=\"elementor-spacer-inner\"><\/div>\n\t\t<\/div>\n\t\t\t\t\t\t<\/div>\n\t\t\t\t<\/div>\n\t\t\t\t\t<\/div>\n\t\t<\/div>\n\t\t\t\t<div class=\"elementor-column elementor-col-33 elementor-top-column elementor-element elementor-element-a61b80f sc_layouts_hide_on_mobile sc_content_align_inherit sc_layouts_column_icons_position_left sc_fly_static\" data-id=\"a61b80f\" data-element_type=\"column\" data-e-type=\"column\">\n\t\t\t<div class=\"elementor-widget-wrap\">\n\t\t\t\t\t\t\t<\/div>\n\t\t<\/div>\n\t\t\t\t\t<\/div>\n\t\t<\/section>\n\t\t\t\t<\/div>\n\t\t","protected":false},"excerpt":{"rendered":"<p>Architecture Musique : Atairaos. Le trac\u00e9 des rues de La Alberca ainsi que ses maisons traditionnelles sont devenus l\u2019embl\u00e8me du village et l\u2019un de ses principaux attraits. Les maisons sont&hellip;<\/p>\n","protected":false},"author":12,"featured_media":0,"parent":0,"menu_order":0,"comment_status":"closed","ping_status":"closed","template":"","meta":{"_acf_changed":false,"footnotes":""},"class_list":["post-24684","page","type-page","status-publish","hentry"],"acf":[],"yoast_head":"<!-- This site is optimized with the Yoast SEO plugin v27.4 - https:\/\/yoast.com\/product\/yoast-seo-wordpress\/ -->\n<title>La Alberca - Route de l\u2019architecture<\/title>\n<meta name=\"robots\" content=\"noindex, nofollow\" \/>\n<meta property=\"og:locale\" content=\"fr_FR\" \/>\n<meta property=\"og:type\" content=\"article\" \/>\n<meta property=\"og:title\" content=\"La Alberca - Route de l\u2019architecture\" \/>\n<meta property=\"og:description\" content=\"Architecture Musique : Atairaos. Le trac\u00e9 des rues de La Alberca ainsi que ses maisons traditionnelles sont devenus l\u2019embl\u00e8me du village et l\u2019un de ses principaux attraits. Les maisons sont&hellip;\" \/>\n<meta property=\"og:url\" content=\"https:\/\/laalberca.com\/fr\/route-de-larchitecture\/\" \/>\n<meta property=\"og:site_name\" content=\"La Alberca\" \/>\n<meta property=\"article:modified_time\" content=\"2026-01-27T11:06:23+00:00\" \/>\n<meta name=\"twitter:card\" content=\"summary_large_image\" \/>\n<meta name=\"twitter:label1\" content=\"Dur\u00e9e de lecture estim\u00e9e\" \/>\n\t<meta name=\"twitter:data1\" content=\"1 minute\" \/>\n<script type=\"application\/ld+json\" class=\"yoast-schema-graph\">{\"@context\":\"https:\\\/\\\/schema.org\",\"@graph\":[{\"@type\":\"WebPage\",\"@id\":\"https:\\\/\\\/laalberca.com\\\/fr\\\/route-de-larchitecture\\\/\",\"url\":\"https:\\\/\\\/laalberca.com\\\/fr\\\/route-de-larchitecture\\\/\",\"name\":\"La Alberca - Route de l\u2019architecture\",\"isPartOf\":{\"@id\":\"https:\\\/\\\/laalberca.com\\\/fr\\\/#website\"},\"primaryImageOfPage\":{\"@id\":\"https:\\\/\\\/laalberca.com\\\/fr\\\/route-de-larchitecture\\\/#primaryimage\"},\"image\":{\"@id\":\"https:\\\/\\\/laalberca.com\\\/fr\\\/route-de-larchitecture\\\/#primaryimage\"},\"thumbnailUrl\":\"https:\\\/\\\/laalberca.com\\\/wp-content\\\/uploads\\\/2025\\\/11\\\/logo-surcando-la-alberca.svg\",\"datePublished\":\"2025-11-24T09:22:02+00:00\",\"dateModified\":\"2026-01-27T11:06:23+00:00\",\"breadcrumb\":{\"@id\":\"https:\\\/\\\/laalberca.com\\\/fr\\\/route-de-larchitecture\\\/#breadcrumb\"},\"inLanguage\":\"fr-FR\",\"potentialAction\":[{\"@type\":\"ReadAction\",\"target\":[\"https:\\\/\\\/laalberca.com\\\/fr\\\/route-de-larchitecture\\\/\"]}]},{\"@type\":\"ImageObject\",\"inLanguage\":\"fr-FR\",\"@id\":\"https:\\\/\\\/laalberca.com\\\/fr\\\/route-de-larchitecture\\\/#primaryimage\",\"url\":\"https:\\\/\\\/laalberca.com\\\/wp-content\\\/uploads\\\/2025\\\/11\\\/logo-surcando-la-alberca.svg\",\"contentUrl\":\"https:\\\/\\\/laalberca.com\\\/wp-content\\\/uploads\\\/2025\\\/11\\\/logo-surcando-la-alberca.svg\"},{\"@type\":\"BreadcrumbList\",\"@id\":\"https:\\\/\\\/laalberca.com\\\/fr\\\/route-de-larchitecture\\\/#breadcrumb\",\"itemListElement\":[{\"@type\":\"ListItem\",\"position\":1,\"name\":\"Portada\",\"item\":\"https:\\\/\\\/laalberca.com\\\/fr\\\/\"},{\"@type\":\"ListItem\",\"position\":2,\"name\":\"Route de l\u2019architecture\"}]},{\"@type\":\"WebSite\",\"@id\":\"https:\\\/\\\/laalberca.com\\\/fr\\\/#website\",\"url\":\"https:\\\/\\\/laalberca.com\\\/fr\\\/\",\"name\":\"La Alberca\",\"description\":\"Lugar de costumbres, tradiciones y ritos centenarios\",\"publisher\":{\"@id\":\"https:\\\/\\\/laalberca.com\\\/fr\\\/#organization\"},\"potentialAction\":[{\"@type\":\"SearchAction\",\"target\":{\"@type\":\"EntryPoint\",\"urlTemplate\":\"https:\\\/\\\/laalberca.com\\\/fr\\\/?s={search_term_string}\"},\"query-input\":{\"@type\":\"PropertyValueSpecification\",\"valueRequired\":true,\"valueName\":\"search_term_string\"}}],\"inLanguage\":\"fr-FR\"},{\"@type\":\"Organization\",\"@id\":\"https:\\\/\\\/laalberca.com\\\/fr\\\/#organization\",\"name\":\"La Alberca\",\"url\":\"https:\\\/\\\/laalberca.com\\\/fr\\\/\",\"logo\":{\"@type\":\"ImageObject\",\"inLanguage\":\"fr-FR\",\"@id\":\"https:\\\/\\\/laalberca.com\\\/fr\\\/#\\\/schema\\\/logo\\\/image\\\/\",\"url\":\"https:\\\/\\\/laalberca.com\\\/wp-content\\\/uploads\\\/2022\\\/06\\\/logotipo-blanco.svg\",\"contentUrl\":\"https:\\\/\\\/laalberca.com\\\/wp-content\\\/uploads\\\/2022\\\/06\\\/logotipo-blanco.svg\",\"width\":600,\"height\":217,\"caption\":\"La Alberca\"},\"image\":{\"@id\":\"https:\\\/\\\/laalberca.com\\\/fr\\\/#\\\/schema\\\/logo\\\/image\\\/\"}}]}<\/script>\n<!-- \/ Yoast SEO plugin. -->","yoast_head_json":{"title":"La Alberca - Route de l\u2019architecture","robots":{"index":"noindex","follow":"nofollow"},"og_locale":"fr_FR","og_type":"article","og_title":"La Alberca - Route de l\u2019architecture","og_description":"Architecture Musique : Atairaos. Le trac\u00e9 des rues de La Alberca ainsi que ses maisons traditionnelles sont devenus l\u2019embl\u00e8me du village et l\u2019un de ses principaux attraits. Les maisons sont&hellip;","og_url":"https:\/\/laalberca.com\/fr\/route-de-larchitecture\/","og_site_name":"La Alberca","article_modified_time":"2026-01-27T11:06:23+00:00","twitter_card":"summary_large_image","twitter_misc":{"Dur\u00e9e de lecture estim\u00e9e":"1 minute"},"schema":{"@context":"https:\/\/schema.org","@graph":[{"@type":"WebPage","@id":"https:\/\/laalberca.com\/fr\/route-de-larchitecture\/","url":"https:\/\/laalberca.com\/fr\/route-de-larchitecture\/","name":"La Alberca - Route de l\u2019architecture","isPartOf":{"@id":"https:\/\/laalberca.com\/fr\/#website"},"primaryImageOfPage":{"@id":"https:\/\/laalberca.com\/fr\/route-de-larchitecture\/#primaryimage"},"image":{"@id":"https:\/\/laalberca.com\/fr\/route-de-larchitecture\/#primaryimage"},"thumbnailUrl":"https:\/\/laalberca.com\/wp-content\/uploads\/2025\/11\/logo-surcando-la-alberca.svg","datePublished":"2025-11-24T09:22:02+00:00","dateModified":"2026-01-27T11:06:23+00:00","breadcrumb":{"@id":"https:\/\/laalberca.com\/fr\/route-de-larchitecture\/#breadcrumb"},"inLanguage":"fr-FR","potentialAction":[{"@type":"ReadAction","target":["https:\/\/laalberca.com\/fr\/route-de-larchitecture\/"]}]},{"@type":"ImageObject","inLanguage":"fr-FR","@id":"https:\/\/laalberca.com\/fr\/route-de-larchitecture\/#primaryimage","url":"https:\/\/laalberca.com\/wp-content\/uploads\/2025\/11\/logo-surcando-la-alberca.svg","contentUrl":"https:\/\/laalberca.com\/wp-content\/uploads\/2025\/11\/logo-surcando-la-alberca.svg"},{"@type":"BreadcrumbList","@id":"https:\/\/laalberca.com\/fr\/route-de-larchitecture\/#breadcrumb","itemListElement":[{"@type":"ListItem","position":1,"name":"Portada","item":"https:\/\/laalberca.com\/fr\/"},{"@type":"ListItem","position":2,"name":"Route de l\u2019architecture"}]},{"@type":"WebSite","@id":"https:\/\/laalberca.com\/fr\/#website","url":"https:\/\/laalberca.com\/fr\/","name":"La Alberca","description":"Lugar de costumbres, tradiciones y ritos centenarios","publisher":{"@id":"https:\/\/laalberca.com\/fr\/#organization"},"potentialAction":[{"@type":"SearchAction","target":{"@type":"EntryPoint","urlTemplate":"https:\/\/laalberca.com\/fr\/?s={search_term_string}"},"query-input":{"@type":"PropertyValueSpecification","valueRequired":true,"valueName":"search_term_string"}}],"inLanguage":"fr-FR"},{"@type":"Organization","@id":"https:\/\/laalberca.com\/fr\/#organization","name":"La Alberca","url":"https:\/\/laalberca.com\/fr\/","logo":{"@type":"ImageObject","inLanguage":"fr-FR","@id":"https:\/\/laalberca.com\/fr\/#\/schema\/logo\/image\/","url":"https:\/\/laalberca.com\/wp-content\/uploads\/2022\/06\/logotipo-blanco.svg","contentUrl":"https:\/\/laalberca.com\/wp-content\/uploads\/2022\/06\/logotipo-blanco.svg","width":600,"height":217,"caption":"La Alberca"},"image":{"@id":"https:\/\/laalberca.com\/fr\/#\/schema\/logo\/image\/"}}]}},"_links":{"self":[{"href":"https:\/\/laalberca.com\/fr\/wp-json\/wp\/v2\/pages\/24684","targetHints":{"allow":["GET"]}}],"collection":[{"href":"https:\/\/laalberca.com\/fr\/wp-json\/wp\/v2\/pages"}],"about":[{"href":"https:\/\/laalberca.com\/fr\/wp-json\/wp\/v2\/types\/page"}],"author":[{"embeddable":true,"href":"https:\/\/laalberca.com\/fr\/wp-json\/wp\/v2\/users\/12"}],"replies":[{"embeddable":true,"href":"https:\/\/laalberca.com\/fr\/wp-json\/wp\/v2\/comments?post=24684"}],"version-history":[{"count":12,"href":"https:\/\/laalberca.com\/fr\/wp-json\/wp\/v2\/pages\/24684\/revisions"}],"predecessor-version":[{"id":25613,"href":"https:\/\/laalberca.com\/fr\/wp-json\/wp\/v2\/pages\/24684\/revisions\/25613"}],"wp:attachment":[{"href":"https:\/\/laalberca.com\/fr\/wp-json\/wp\/v2\/media?parent=24684"}],"curies":[{"name":"wp","href":"https:\/\/api.w.org\/{rel}","templated":true}]}}