{"id":24471,"date":"2025-11-24T10:31:25","date_gmt":"2025-11-24T09:31:25","guid":{"rendered":"https:\/\/laalberca.com\/mais-informacoes-sobre-o-percurso-de-arquitetura\/"},"modified":"2026-01-20T09:53:05","modified_gmt":"2026-01-20T08:53:05","slug":"mais-informacoes-sobre-o-percurso-de-arquitetura","status":"publish","type":"page","link":"https:\/\/laalberca.com\/pt-pt\/mais-informacoes-sobre-o-percurso-de-arquitetura\/","title":{"rendered":"Mais informa\u00e7\u00f5es sobre o percurso de arquitetura"},"content":{"rendered":"\t\t<div data-elementor-type=\"wp-page\" data-elementor-id=\"24471\" class=\"elementor elementor-24471 elementor-23386\" data-elementor-post-type=\"page\">\n\t\t\t\t\t\t<section class=\"elementor-section elementor-top-section elementor-element elementor-element-291180c elementor-section-boxed elementor-section-height-default elementor-section-height-default sc_fly_static\" data-id=\"291180c\" data-element_type=\"section\" data-e-type=\"section\" data-settings=\"{&quot;background_background&quot;:&quot;classic&quot;}\">\n\t\t\t\t\t\t<div class=\"elementor-container elementor-column-gap-extended\">\n\t\t\t\t\t<div class=\"elementor-column elementor-col-100 elementor-top-column elementor-element elementor-element-275099e sc_content_align_inherit sc_layouts_column_icons_position_left sc_fly_static\" data-id=\"275099e\" data-element_type=\"column\" data-e-type=\"column\">\n\t\t\t<div class=\"elementor-widget-wrap elementor-element-populated\">\n\t\t\t\t\t\t<div class=\"elementor-element elementor-element-f655c7e sc_height_medium sc_fly_static elementor-widget elementor-widget-spacer\" data-id=\"f655c7e\" data-element_type=\"widget\" data-e-type=\"widget\" data-widget_type=\"spacer.default\">\n\t\t\t\t<div class=\"elementor-widget-container\">\n\t\t\t\t\t\t\t<div class=\"elementor-spacer\">\n\t\t\t<div class=\"elementor-spacer-inner\"><\/div>\n\t\t<\/div>\n\t\t\t\t\t\t<\/div>\n\t\t\t\t<\/div>\n\t\t\t\t<div class=\"elementor-element elementor-element-b49e417 sc_fly_static elementor-widget elementor-widget-image\" data-id=\"b49e417\" data-element_type=\"widget\" data-e-type=\"widget\" data-widget_type=\"image.default\">\n\t\t\t\t<div class=\"elementor-widget-container\">\n\t\t\t\t\t\t\t\t\t\t\t\t\t\t\t<img loading=\"lazy\" decoding=\"async\" width=\"800\" height=\"566\" src=\"https:\/\/laalberca.com\/wp-content\/uploads\/2026\/01\/surcando-la-alberca-logo-positivo-oscuro-portugues.svg\" class=\"attachment-full size-full wp-image-24467\" alt=\"Logotipo Surcando La Alberca negro sobre gris\" \/>\t\t\t\t\t\t\t\t\t\t\t\t\t\t\t<\/div>\n\t\t\t\t<\/div>\n\t\t\t\t<div class=\"elementor-element elementor-element-e7c89ee sc_fly_static elementor-widget elementor-widget-spacer\" data-id=\"e7c89ee\" data-element_type=\"widget\" data-e-type=\"widget\" data-widget_type=\"spacer.default\">\n\t\t\t\t<div class=\"elementor-widget-container\">\n\t\t\t\t\t\t\t<div class=\"elementor-spacer\">\n\t\t\t<div class=\"elementor-spacer-inner\"><\/div>\n\t\t<\/div>\n\t\t\t\t\t\t<\/div>\n\t\t\t\t<\/div>\n\t\t\t\t<div class=\"elementor-element elementor-element-f71f986 sc_fly_static elementor-widget elementor-widget-trx_sc_title\" data-id=\"f71f986\" data-element_type=\"widget\" data-e-type=\"widget\" data-widget_type=\"trx_sc_title.default\">\n\t\t\t\t<div class=\"elementor-widget-container\">\n\t\t\t\t\t<div\t\tclass=\"sc_title sc_title_default\" ><h1 class=\"sc_item_title sc_title_title sc_align_center sc_item_title_style_default sc_item_title_tag\"\n\t\t\t><span class=\"sc_item_title_text\">Arquitetura<\/span><\/h1><\/div>\t\t\t\t<\/div>\n\t\t\t\t<\/div>\n\t\t\t\t<div class=\"elementor-element elementor-element-35e7065 sc_fly_static elementor-widget elementor-widget-spacer\" data-id=\"35e7065\" data-element_type=\"widget\" data-e-type=\"widget\" data-widget_type=\"spacer.default\">\n\t\t\t\t<div class=\"elementor-widget-container\">\n\t\t\t\t\t\t\t<div class=\"elementor-spacer\">\n\t\t\t<div class=\"elementor-spacer-inner\"><\/div>\n\t\t<\/div>\n\t\t\t\t\t\t<\/div>\n\t\t\t\t<\/div>\n\t\t\t\t<div class=\"elementor-element elementor-element-c19a08c sc_fly_static elementor-widget elementor-widget-image\" data-id=\"c19a08c\" data-element_type=\"widget\" data-e-type=\"widget\" data-widget_type=\"image.default\">\n\t\t\t\t<div class=\"elementor-widget-container\">\n\t\t\t\t\t\t\t\t\t\t\t\t\t\t\t<img loading=\"lazy\" decoding=\"async\" width=\"304\" height=\"19\" src=\"https:\/\/laalberca.com\/wp-content\/uploads\/2025\/11\/separador-negro.svg\" class=\"attachment-large size-large wp-image-24468\" alt=\"\" \/>\t\t\t\t\t\t\t\t\t\t\t\t\t\t\t<\/div>\n\t\t\t\t<\/div>\n\t\t\t\t<div class=\"elementor-element elementor-element-b4d200e sc_height_medium sc_fly_static elementor-widget elementor-widget-spacer\" data-id=\"b4d200e\" data-element_type=\"widget\" data-e-type=\"widget\" data-widget_type=\"spacer.default\">\n\t\t\t\t<div class=\"elementor-widget-container\">\n\t\t\t\t\t\t\t<div class=\"elementor-spacer\">\n\t\t\t<div class=\"elementor-spacer-inner\"><\/div>\n\t\t<\/div>\n\t\t\t\t\t\t<\/div>\n\t\t\t\t<\/div>\n\t\t\t\t\t<\/div>\n\t\t<\/div>\n\t\t\t\t\t<\/div>\n\t\t<\/section>\n\t\t\t\t<section class=\"elementor-section elementor-top-section elementor-element elementor-element-080bbb9 elementor-reverse-tablet elementor-reverse-mobile elementor-section-boxed elementor-section-height-default elementor-section-height-default sc_fly_static\" data-id=\"080bbb9\" data-element_type=\"section\" data-e-type=\"section\" data-settings=\"{&quot;background_background&quot;:&quot;classic&quot;}\">\n\t\t\t\t\t\t<div class=\"elementor-container elementor-column-gap-extended\">\n\t\t\t\t\t<div class=\"elementor-column elementor-col-50 elementor-top-column elementor-element elementor-element-aa5b006 sc_content_align_inherit sc_layouts_column_icons_position_left sc_fly_static\" data-id=\"aa5b006\" data-element_type=\"column\" data-e-type=\"column\">\n\t\t\t<div class=\"elementor-widget-wrap elementor-element-populated\">\n\t\t\t\t\t\t<div class=\"elementor-element elementor-element-af81e86 sc_fly_static elementor-widget elementor-widget-spacer\" data-id=\"af81e86\" data-element_type=\"widget\" data-e-type=\"widget\" data-widget_type=\"spacer.default\">\n\t\t\t\t<div class=\"elementor-widget-container\">\n\t\t\t\t\t\t\t<div class=\"elementor-spacer\">\n\t\t\t<div class=\"elementor-spacer-inner\"><\/div>\n\t\t<\/div>\n\t\t\t\t\t\t<\/div>\n\t\t\t\t<\/div>\n\t\t\t\t<div class=\"elementor-element elementor-element-9588cd5 sc_fly_static elementor-widget elementor-widget-image\" data-id=\"9588cd5\" data-element_type=\"widget\" data-e-type=\"widget\" data-widget_type=\"image.default\">\n\t\t\t\t<div class=\"elementor-widget-container\">\n\t\t\t\t\t\t\t\t\t\t\t\t\t\t\t<img loading=\"lazy\" decoding=\"async\" width=\"1441\" height=\"2560\" src=\"https:\/\/laalberca.com\/wp-content\/uploads\/2025\/11\/sala-o-alcoba-scaled.webp\" class=\"attachment-full size-full wp-image-24469\" alt=\"Alcoba en una de las salas\" srcset=\"https:\/\/laalberca.com\/wp-content\/uploads\/2025\/11\/sala-o-alcoba-scaled.webp 1441w, https:\/\/laalberca.com\/wp-content\/uploads\/2025\/11\/sala-o-alcoba-640x1137.webp 640w, https:\/\/laalberca.com\/wp-content\/uploads\/2025\/11\/sala-o-alcoba-1280x2274.webp 1280w, https:\/\/laalberca.com\/wp-content\/uploads\/2025\/11\/sala-o-alcoba-1024x1819.webp 1024w, https:\/\/laalberca.com\/wp-content\/uploads\/2025\/11\/sala-o-alcoba-865x1536.webp 865w, https:\/\/laalberca.com\/wp-content\/uploads\/2025\/11\/sala-o-alcoba-1153x2048.webp 1153w, https:\/\/laalberca.com\/wp-content\/uploads\/2025\/11\/sala-o-alcoba-370x657.webp 370w, https:\/\/laalberca.com\/wp-content\/uploads\/2025\/11\/sala-o-alcoba-840x1492.webp 840w, https:\/\/laalberca.com\/wp-content\/uploads\/2025\/11\/sala-o-alcoba-410x728.webp 410w\" sizes=\"auto, (max-width: 1441px) 100vw, 1441px\" \/>\t\t\t\t\t\t\t\t\t\t\t\t\t\t\t<\/div>\n\t\t\t\t<\/div>\n\t\t\t\t<div class=\"elementor-element elementor-element-2e0d799 sc_fly_static elementor-widget elementor-widget-text-editor\" data-id=\"2e0d799\" data-element_type=\"widget\" data-e-type=\"widget\" data-widget_type=\"text-editor.default\">\n\t\t\t\t<div class=\"elementor-widget-container\">\n\t\t\t\t\t\t\t\t\t<p><span class=\"trx_addons_tiny_text\">Alcova numa das salas. Casa-Museo Satur Juanela. Antonio Luengo Becerro.  <\/span><\/p>\t\t\t\t\t\t\t\t<\/div>\n\t\t\t\t<\/div>\n\t\t\t\t<div class=\"elementor-element elementor-element-254a788 sc_height_medium sc_fly_static elementor-widget elementor-widget-spacer\" data-id=\"254a788\" data-element_type=\"widget\" data-e-type=\"widget\" data-widget_type=\"spacer.default\">\n\t\t\t\t<div class=\"elementor-widget-container\">\n\t\t\t\t\t\t\t<div class=\"elementor-spacer\">\n\t\t\t<div class=\"elementor-spacer-inner\"><\/div>\n\t\t<\/div>\n\t\t\t\t\t\t<\/div>\n\t\t\t\t<\/div>\n\t\t\t\t\t<\/div>\n\t\t<\/div>\n\t\t\t\t<div class=\"elementor-column elementor-col-50 elementor-top-column elementor-element elementor-element-ef73980 sc_content_align_inherit sc_layouts_column_icons_position_left sc_fly_static\" data-id=\"ef73980\" data-element_type=\"column\" data-e-type=\"column\">\n\t\t\t<div class=\"elementor-widget-wrap elementor-element-populated\">\n\t\t\t\t\t\t<div class=\"elementor-element elementor-element-9d73328 sc_height_medium sc_layouts_hide_on_mobile sc_fly_static elementor-widget elementor-widget-spacer\" data-id=\"9d73328\" data-element_type=\"widget\" data-e-type=\"widget\" data-widget_type=\"spacer.default\">\n\t\t\t\t<div class=\"elementor-widget-container\">\n\t\t\t\t\t\t\t<div class=\"elementor-spacer\">\n\t\t\t<div class=\"elementor-spacer-inner\"><\/div>\n\t\t<\/div>\n\t\t\t\t\t\t<\/div>\n\t\t\t\t<\/div>\n\t\t\t\t<div class=\"elementor-element elementor-element-0c60636 sc_fly_static elementor-widget elementor-widget-trx_sc_title\" data-id=\"0c60636\" data-element_type=\"widget\" data-e-type=\"widget\" data-widget_type=\"trx_sc_title.default\">\n\t\t\t\t<div class=\"elementor-widget-container\">\n\t\t\t\t\t<div\t\tclass=\"sc_title sc_title_accent\" ><h2 class=\"sc_item_title sc_title_title sc_item_title_style_accent sc_item_title_tag\"\n\t\t\t><span class=\"sc_item_title_text\">A CASA DE LA ALBERCA <\/span><\/h2><\/div>\t\t\t\t<\/div>\n\t\t\t\t<\/div>\n\t\t\t\t<div class=\"elementor-element elementor-element-f590fdd sc_fly_static elementor-widget elementor-widget-spacer\" data-id=\"f590fdd\" data-element_type=\"widget\" data-e-type=\"widget\" data-widget_type=\"spacer.default\">\n\t\t\t\t<div class=\"elementor-widget-container\">\n\t\t\t\t\t\t\t<div class=\"elementor-spacer\">\n\t\t\t<div class=\"elementor-spacer-inner\"><\/div>\n\t\t<\/div>\n\t\t\t\t\t\t<\/div>\n\t\t\t\t<\/div>\n\t\t\t\t<div class=\"elementor-element elementor-element-504a42f sc_fly_static elementor-widget elementor-widget-text-editor\" data-id=\"504a42f\" data-element_type=\"widget\" data-e-type=\"widget\" data-widget_type=\"text-editor.default\">\n\t\t\t\t<div class=\"elementor-widget-container\">\n\t\t\t\t\t\t\t\t\t<p><span style=\"font-weight: 400;\">Cada depend\u00eancia da casa t\u00edpica de La Alberca se encontrava perfeitamente adaptada \u00e0s tarefas que a\u00ed se desempenhavam. <\/span><\/p><p><span style=\"font-weight: 400;\"><span style=\"font-weight: 400;\"><span style=\"font-weight: 400;\">Na parte baixa estava situada a quadra, espa\u00e7o destinado aos animais, que contribu\u00edam para a alimenta\u00e7\u00e3o do lar e produziam esterco para o campo e calor para as depend\u00eancias superiores. A seu lado costumava estar o cortinal, uma esp\u00e9cie de p\u00e1tio com uma s\u00e9rie de \u00e1rvores.<\/span><\/span><\/span><\/p><p><span style=\"font-weight: 400;\"><i><span style=\"font-weight: 400;\"><span style=\"font-weight: 400;\"><i><span style=\"font-weight: 400;\"><i><span style=\"font-weight: 400;\"><i><span style=\"font-weight: 400;\">No primeiro andar encontravam-se os quartos: virada para a rua estava a \u201csala lantera\u201d ou buena, reservada para os grandes acontecimentos, e para os cortinales a \u201csala trasera\u201d ou \u201cde diario\u201d. <\/span><\/i><\/span><\/i><\/span><\/i><\/span><\/span><\/i><\/span><\/p>\t\t\t\t\t\t\t\t<\/div>\n\t\t\t\t<\/div>\n\t\t\t\t<div class=\"elementor-element elementor-element-1807882 sc_layouts_hide_on_mobile sc_fly_static elementor-widget elementor-widget-spacer\" data-id=\"1807882\" data-element_type=\"widget\" data-e-type=\"widget\" data-widget_type=\"spacer.default\">\n\t\t\t\t<div class=\"elementor-widget-container\">\n\t\t\t\t\t\t\t<div class=\"elementor-spacer\">\n\t\t\t<div class=\"elementor-spacer-inner\"><\/div>\n\t\t<\/div>\n\t\t\t\t\t\t<\/div>\n\t\t\t\t<\/div>\n\t\t\t\t\t<\/div>\n\t\t<\/div>\n\t\t\t\t\t<\/div>\n\t\t<\/section>\n\t\t\t\t<section class=\"elementor-section elementor-top-section elementor-element elementor-element-a17a07d scheme_dark elementor-reverse-mobile elementor-section-boxed elementor-section-height-default elementor-section-height-default sc_fly_static\" data-id=\"a17a07d\" data-element_type=\"section\" data-e-type=\"section\" data-settings=\"{&quot;background_background&quot;:&quot;classic&quot;}\">\n\t\t\t\t\t\t<div class=\"elementor-container elementor-column-gap-extended\">\n\t\t\t\t\t<div class=\"elementor-column elementor-col-50 elementor-top-column elementor-element elementor-element-d1266c5 sc_content_align_inherit sc_layouts_column_icons_position_left sc_fly_static\" data-id=\"d1266c5\" data-element_type=\"column\" data-e-type=\"column\">\n\t\t\t<div class=\"elementor-widget-wrap elementor-element-populated\">\n\t\t\t\t\t\t<div class=\"elementor-element elementor-element-0f458b1 sc_fly_static elementor-widget elementor-widget-spacer\" data-id=\"0f458b1\" data-element_type=\"widget\" data-e-type=\"widget\" data-widget_type=\"spacer.default\">\n\t\t\t\t<div class=\"elementor-widget-container\">\n\t\t\t\t\t\t\t<div class=\"elementor-spacer\">\n\t\t\t<div class=\"elementor-spacer-inner\"><\/div>\n\t\t<\/div>\n\t\t\t\t\t\t<\/div>\n\t\t\t\t<\/div>\n\t\t\t\t<div class=\"elementor-element elementor-element-ad22ebb sc_fly_static elementor-widget elementor-widget-image\" data-id=\"ad22ebb\" data-element_type=\"widget\" data-e-type=\"widget\" data-widget_type=\"image.default\">\n\t\t\t\t<div class=\"elementor-widget-container\">\n\t\t\t\t\t\t\t\t\t\t\t\t\t\t\t<img loading=\"lazy\" decoding=\"async\" width=\"1000\" height=\"800\" src=\"https:\/\/laalberca.com\/wp-content\/uploads\/2025\/11\/cocina.webp\" class=\"attachment-full size-full wp-image-24470\" alt=\"Foto de cocina\" srcset=\"https:\/\/laalberca.com\/wp-content\/uploads\/2025\/11\/cocina.webp 1000w, https:\/\/laalberca.com\/wp-content\/uploads\/2025\/11\/cocina-640x512.webp 640w, https:\/\/laalberca.com\/wp-content\/uploads\/2025\/11\/cocina-370x296.webp 370w, https:\/\/laalberca.com\/wp-content\/uploads\/2025\/11\/cocina-840x672.webp 840w, https:\/\/laalberca.com\/wp-content\/uploads\/2025\/11\/cocina-410x328.webp 410w\" sizes=\"auto, (max-width: 1000px) 100vw, 1000px\" \/>\t\t\t\t\t\t\t\t\t\t\t\t\t\t\t<\/div>\n\t\t\t\t<\/div>\n\t\t\t\t<div class=\"elementor-element elementor-element-64c2ced sc_fly_static elementor-widget elementor-widget-text-editor\" data-id=\"64c2ced\" data-element_type=\"widget\" data-e-type=\"widget\" data-widget_type=\"text-editor.default\">\n\t\t\t\t<div class=\"elementor-widget-container\">\n\t\t\t\t\t\t\t\t\t<span class=\"trx_addons_tiny_text\">Antiga cozinha. Casa-Museo Satur Juanela. Antonio Luengo Becerro.  <\/span>\t\t\t\t\t\t\t\t<\/div>\n\t\t\t\t<\/div>\n\t\t\t\t<div class=\"elementor-element elementor-element-d757a52 sc_height_medium sc_fly_static elementor-widget elementor-widget-spacer\" data-id=\"d757a52\" data-element_type=\"widget\" data-e-type=\"widget\" data-widget_type=\"spacer.default\">\n\t\t\t\t<div class=\"elementor-widget-container\">\n\t\t\t\t\t\t\t<div class=\"elementor-spacer\">\n\t\t\t<div class=\"elementor-spacer-inner\"><\/div>\n\t\t<\/div>\n\t\t\t\t\t\t<\/div>\n\t\t\t\t<\/div>\n\t\t\t\t\t<\/div>\n\t\t<\/div>\n\t\t\t\t<div class=\"elementor-column elementor-col-50 elementor-top-column elementor-element elementor-element-398e8c8 sc_content_align_inherit sc_layouts_column_icons_position_left sc_fly_static\" data-id=\"398e8c8\" data-element_type=\"column\" data-e-type=\"column\">\n\t\t\t<div class=\"elementor-widget-wrap elementor-element-populated\">\n\t\t\t\t\t\t<div class=\"elementor-element elementor-element-c01df5d sc_height_medium sc_fly_static elementor-widget elementor-widget-spacer\" data-id=\"c01df5d\" data-element_type=\"widget\" data-e-type=\"widget\" data-widget_type=\"spacer.default\">\n\t\t\t\t<div class=\"elementor-widget-container\">\n\t\t\t\t\t\t\t<div class=\"elementor-spacer\">\n\t\t\t<div class=\"elementor-spacer-inner\"><\/div>\n\t\t<\/div>\n\t\t\t\t\t\t<\/div>\n\t\t\t\t<\/div>\n\t\t\t\t<div class=\"elementor-element elementor-element-0d2a045 sc_fly_static elementor-widget elementor-widget-spacer\" data-id=\"0d2a045\" data-element_type=\"widget\" data-e-type=\"widget\" data-widget_type=\"spacer.default\">\n\t\t\t\t<div class=\"elementor-widget-container\">\n\t\t\t\t\t\t\t<div class=\"elementor-spacer\">\n\t\t\t<div class=\"elementor-spacer-inner\"><\/div>\n\t\t<\/div>\n\t\t\t\t\t\t<\/div>\n\t\t\t\t<\/div>\n\t\t\t\t<div class=\"elementor-element elementor-element-b0e4d68 sc_fly_static elementor-widget elementor-widget-text-editor\" data-id=\"b0e4d68\" data-element_type=\"widget\" data-e-type=\"widget\" data-widget_type=\"text-editor.default\">\n\t\t\t\t<div class=\"elementor-widget-container\">\n\t\t\t\t\t\t\t\t\t<p><span style=\"font-weight: 400;\"><i><span style=\"font-weight: 400;\"><span style=\"font-weight: 400;\"><span style=\"font-weight: 400;\"><i><span style=\"font-weight: 400;\"><span style=\"font-weight: 400;\">Por sua vez, no segundo andar existia um grande campocasa, espa\u00e7o amb\u00edguo de onde sa\u00edam as entradas para outras depend\u00eancias. O campocasa era muito apreciado para festejar casamentos e mordomias, ou simplesmente para realizar as tarefas da matan\u00e7a ou mondongo.<\/span><\/span><\/i><\/span><\/span><\/span><\/i><\/span><\/p><p><span style=\"font-weight: 400;\"><i><span style=\"font-weight: 400;\"><span style=\"font-weight: 400;\"><i><span style=\"font-weight: 400;\"><i><span style=\"font-weight: 400;\">Neste andar tamb\u00e9m se encontravam o cuarto salaero e a cozinha. Esta \u00faltima era o ponto nevr\u00e1lgico da casa de La Alberca, com o fogo no centro. As chamin\u00e9s n\u00e3o existiam em La Alberca, dado que o fumo era um trabalhador mais da casa, curando os enchidos e transformando em pilongas as castanhas que descansavam entre as t\u00e1buas do sequeiro. <\/span><\/i><\/span><\/i><\/span><\/span><\/i><\/span> <\/p><p><span style=\"font-weight: 400;\">Estes dois produtos foram muito importantes para a economia local, paliando a fome em \u00e9pocas dif\u00edceis, e, sem d\u00favida, s\u00e3o hoje um s\u00edmbolo da localidade e um apoio econ\u00f3mico muito importante para os seus habitantes.<\/span><\/p>\t\t\t\t\t\t\t\t<\/div>\n\t\t\t\t<\/div>\n\t\t\t\t<div class=\"elementor-element elementor-element-5cd5640 sc_layouts_hide_on_mobile sc_fly_static elementor-widget elementor-widget-spacer\" data-id=\"5cd5640\" data-element_type=\"widget\" data-e-type=\"widget\" data-widget_type=\"spacer.default\">\n\t\t\t\t<div class=\"elementor-widget-container\">\n\t\t\t\t\t\t\t<div class=\"elementor-spacer\">\n\t\t\t<div class=\"elementor-spacer-inner\"><\/div>\n\t\t<\/div>\n\t\t\t\t\t\t<\/div>\n\t\t\t\t<\/div>\n\t\t\t\t\t<\/div>\n\t\t<\/div>\n\t\t\t\t\t<\/div>\n\t\t<\/section>\n\t\t\t\t<section class=\"elementor-section elementor-top-section elementor-element elementor-element-54f0b50 elementor-reverse-mobile elementor-section-boxed elementor-section-height-default elementor-section-height-default sc_fly_static\" data-id=\"54f0b50\" data-element_type=\"section\" data-e-type=\"section\" data-settings=\"{&quot;background_background&quot;:&quot;classic&quot;}\">\n\t\t\t\t\t\t<div class=\"elementor-container elementor-column-gap-extended\">\n\t\t\t\t\t<div class=\"elementor-column elementor-col-100 elementor-top-column elementor-element elementor-element-00a65d7 sc_content_align_inherit sc_layouts_column_icons_position_left sc_fly_static\" data-id=\"00a65d7\" data-element_type=\"column\" data-e-type=\"column\">\n\t\t\t<div class=\"elementor-widget-wrap elementor-element-populated\">\n\t\t\t\t\t\t<div class=\"elementor-element elementor-element-d810364 sc_height_medium sc_fly_static elementor-widget elementor-widget-spacer\" data-id=\"d810364\" data-element_type=\"widget\" data-e-type=\"widget\" data-widget_type=\"spacer.default\">\n\t\t\t\t<div class=\"elementor-widget-container\">\n\t\t\t\t\t\t\t<div class=\"elementor-spacer\">\n\t\t\t<div class=\"elementor-spacer-inner\"><\/div>\n\t\t<\/div>\n\t\t\t\t\t\t<\/div>\n\t\t\t\t<\/div>\n\t\t\t\t<div class=\"elementor-element elementor-element-5bcf5b2 sc_fly_static elementor-widget elementor-widget-text-editor\" data-id=\"5bcf5b2\" data-element_type=\"widget\" data-e-type=\"widget\" data-widget_type=\"text-editor.default\">\n\t\t\t\t<div class=\"elementor-widget-container\">\n\t\t\t\t\t\t\t\t\t<p><span style=\"font-weight: 400;\"><span style=\"font-weight: 400;\"><span style=\"font-weight: 400;\">Tamb\u00e9m \u00e9 necess\u00e1rio referir neste ponto a solana, varanda corrida normalmente orientada para o sul ou para o leste.<\/span><\/span><\/span><\/p><p><span style=\"font-weight: 400;\"><i><span style=\"font-weight: 400;\">Por \u00faltimo, em cima das restantes depend\u00eancias, estava o \u201csobrao\u201d, aproveitando o espa\u00e7o debaixo do telhado. Este lugar servia como armaz\u00e9m de alimentos, feno e ferramentas, e como oficina, e era aqui, em ocasi\u00f5es, que tamb\u00e9m se encontrava o forno onde se assava o p\u00e3o.<\/span><\/i><\/span><\/p>\t\t\t\t\t\t\t\t<\/div>\n\t\t\t\t<\/div>\n\t\t\t\t<div class=\"elementor-element elementor-element-5df824c sc_height_medium sc_fly_static elementor-widget elementor-widget-spacer\" data-id=\"5df824c\" data-element_type=\"widget\" data-e-type=\"widget\" data-widget_type=\"spacer.default\">\n\t\t\t\t<div class=\"elementor-widget-container\">\n\t\t\t\t\t\t\t<div class=\"elementor-spacer\">\n\t\t\t<div class=\"elementor-spacer-inner\"><\/div>\n\t\t<\/div>\n\t\t\t\t\t\t<\/div>\n\t\t\t\t<\/div>\n\t\t\t\t\t<\/div>\n\t\t<\/div>\n\t\t\t\t\t<\/div>\n\t\t<\/section>\n\t\t\t\t<section class=\"elementor-section elementor-top-section elementor-element elementor-element-65affe6 elementor-section-boxed elementor-section-height-default elementor-section-height-default sc_fly_static\" data-id=\"65affe6\" data-element_type=\"section\" data-e-type=\"section\" data-settings=\"{&quot;background_background&quot;:&quot;classic&quot;}\">\n\t\t\t\t\t\t<div class=\"elementor-container elementor-column-gap-extended\">\n\t\t\t\t\t<div class=\"elementor-column elementor-col-100 elementor-top-column elementor-element elementor-element-fa39ba8 sc_content_align_inherit sc_layouts_column_icons_position_left sc_fly_static\" data-id=\"fa39ba8\" data-element_type=\"column\" data-e-type=\"column\">\n\t\t\t<div class=\"elementor-widget-wrap elementor-element-populated\">\n\t\t\t\t\t\t<div class=\"elementor-element elementor-element-1bfa1f4 sc_fly_static elementor-widget elementor-widget-image\" data-id=\"1bfa1f4\" data-element_type=\"widget\" data-e-type=\"widget\" data-widget_type=\"image.default\">\n\t\t\t\t<div class=\"elementor-widget-container\">\n\t\t\t\t\t\t\t\t\t\t\t\t\t\t\t<img loading=\"lazy\" decoding=\"async\" width=\"304\" height=\"19\" src=\"https:\/\/laalberca.com\/wp-content\/uploads\/2025\/11\/separador-negro.svg\" class=\"attachment-full size-full wp-image-24468\" alt=\"\" \/>\t\t\t\t\t\t\t\t\t\t\t\t\t\t\t<\/div>\n\t\t\t\t<\/div>\n\t\t\t\t<div class=\"elementor-element elementor-element-bff269d sc_height_medium sc_fly_static elementor-widget elementor-widget-spacer\" data-id=\"bff269d\" data-element_type=\"widget\" data-e-type=\"widget\" data-widget_type=\"spacer.default\">\n\t\t\t\t<div class=\"elementor-widget-container\">\n\t\t\t\t\t\t\t<div class=\"elementor-spacer\">\n\t\t\t<div class=\"elementor-spacer-inner\"><\/div>\n\t\t<\/div>\n\t\t\t\t\t\t<\/div>\n\t\t\t\t<\/div>\n\t\t\t\t\t<\/div>\n\t\t<\/div>\n\t\t\t\t\t<\/div>\n\t\t<\/section>\n\t\t\t\t<section class=\"elementor-section elementor-top-section elementor-element elementor-element-4f790b0 scheme_dark elementor-section-boxed elementor-section-height-default elementor-section-height-default sc_fly_static\" data-id=\"4f790b0\" data-element_type=\"section\" data-e-type=\"section\" data-settings=\"{&quot;background_background&quot;:&quot;classic&quot;}\">\n\t\t\t\t\t\t<div class=\"elementor-container elementor-column-gap-extended\">\n\t\t\t\t\t<div class=\"elementor-column elementor-col-100 elementor-top-column elementor-element elementor-element-07d0eff sc_content_align_inherit sc_layouts_column_icons_position_left sc_fly_static\" data-id=\"07d0eff\" data-element_type=\"column\" data-e-type=\"column\">\n\t\t\t<div class=\"elementor-widget-wrap elementor-element-populated\">\n\t\t\t\t\t\t<div class=\"elementor-element elementor-element-ddfbdc2 sc_height_medium sc_fly_static elementor-widget elementor-widget-spacer\" data-id=\"ddfbdc2\" data-element_type=\"widget\" data-e-type=\"widget\" data-widget_type=\"spacer.default\">\n\t\t\t\t<div class=\"elementor-widget-container\">\n\t\t\t\t\t\t\t<div class=\"elementor-spacer\">\n\t\t\t<div class=\"elementor-spacer-inner\"><\/div>\n\t\t<\/div>\n\t\t\t\t\t\t<\/div>\n\t\t\t\t<\/div>\n\t\t\t\t<div class=\"elementor-element elementor-element-d9f92cd elementor-widget-mobile__width-inherit elementor-widget__width-inherit scheme_light sc_fly_static elementor-widget elementor-widget-trx_sc_button\" data-id=\"d9f92cd\" data-element_type=\"widget\" data-e-type=\"widget\" data-widget_type=\"trx_sc_button.default\">\n\t\t\t\t<div class=\"elementor-widget-container\">\n\t\t\t\t\t<div\tclass=\"sc_item_button sc_button_wrap sc_align_center\" ><a href=\"https:\/\/laalberca.com\/pt-pt\/rota-da-arquitetura\/\" class=\"sc_button sc_button_bordered sc_button_size_large sc_button_with_icon sc_button_icon_left color_style_dark\" ><span class=\"sc_button_icon\"><span class=\"icon-left-big-1\"><\/span><\/span><span class=\"sc_button_text\"><span class=\"sc_button_title\">Voltar<\/span><\/span><\/a><\/div>\t\t\t\t<\/div>\n\t\t\t\t<\/div>\n\t\t\t\t<div class=\"elementor-element elementor-element-4b7267d sc_height_medium sc_fly_static elementor-widget elementor-widget-spacer\" data-id=\"4b7267d\" data-element_type=\"widget\" data-e-type=\"widget\" data-widget_type=\"spacer.default\">\n\t\t\t\t<div class=\"elementor-widget-container\">\n\t\t\t\t\t\t\t<div class=\"elementor-spacer\">\n\t\t\t<div class=\"elementor-spacer-inner\"><\/div>\n\t\t<\/div>\n\t\t\t\t\t\t<\/div>\n\t\t\t\t<\/div>\n\t\t\t\t\t<\/div>\n\t\t<\/div>\n\t\t\t\t\t<\/div>\n\t\t<\/section>\n\t\t\t\t<\/div>\n\t\t","protected":false},"excerpt":{"rendered":"<p>Arquitetura Alcova numa das salas. Casa-Museo Satur Juanela. Antonio Luengo Becerro. A CASA DE LA ALBERCA Cada depend\u00eancia da casa t\u00edpica de La Alberca se encontrava perfeitamente adaptada \u00e0s tarefas&hellip;<\/p>\n","protected":false},"author":12,"featured_media":0,"parent":0,"menu_order":0,"comment_status":"closed","ping_status":"closed","template":"","meta":{"_acf_changed":false,"footnotes":""},"class_list":["post-24471","page","type-page","status-publish","hentry"],"acf":[],"yoast_head":"<!-- This site is optimized with the Yoast SEO plugin v27.4 - https:\/\/yoast.com\/product\/yoast-seo-wordpress\/ -->\n<title>La Alberca - Mais informa\u00e7\u00f5es sobre o percurso de arquitetura<\/title>\n<meta name=\"robots\" content=\"noindex, nofollow\" \/>\n<meta property=\"og:locale\" content=\"pt_PT\" \/>\n<meta property=\"og:type\" content=\"article\" \/>\n<meta property=\"og:title\" content=\"La Alberca - Mais informa\u00e7\u00f5es sobre o percurso de arquitetura\" \/>\n<meta property=\"og:description\" content=\"Arquitetura Alcova numa das salas. Casa-Museo Satur Juanela. Antonio Luengo Becerro. A CASA DE LA ALBERCA Cada depend\u00eancia da casa t\u00edpica de La Alberca se encontrava perfeitamente adaptada \u00e0s tarefas&hellip;\" \/>\n<meta property=\"og:url\" content=\"https:\/\/laalberca.com\/pt-pt\/mais-informacoes-sobre-o-percurso-de-arquitetura\/\" \/>\n<meta property=\"og:site_name\" content=\"La Alberca\" \/>\n<meta property=\"article:modified_time\" content=\"2026-01-20T08:53:05+00:00\" \/>\n<meta property=\"og:image\" content=\"https:\/\/laalberca.com\/wp-content\/uploads\/2025\/12\/logo-surcando-la-alberca-positivo-2.png\" \/>\n\t<meta property=\"og:image:width\" content=\"800\" \/>\n\t<meta property=\"og:image:height\" content=\"566\" \/>\n\t<meta property=\"og:image:type\" content=\"image\/png\" \/>\n<meta name=\"twitter:card\" content=\"summary_large_image\" \/>\n<meta name=\"twitter:label1\" content=\"Tempo estimado de leitura\" \/>\n\t<meta name=\"twitter:data1\" content=\"2 minutos\" \/>\n<script type=\"application\/ld+json\" class=\"yoast-schema-graph\">{\"@context\":\"https:\\\/\\\/schema.org\",\"@graph\":[{\"@type\":\"WebPage\",\"@id\":\"https:\\\/\\\/laalberca.com\\\/pt-pt\\\/mais-informacoes-sobre-o-percurso-de-arquitetura\\\/\",\"url\":\"https:\\\/\\\/laalberca.com\\\/pt-pt\\\/mais-informacoes-sobre-o-percurso-de-arquitetura\\\/\",\"name\":\"La Alberca - Mais informa\u00e7\u00f5es sobre o percurso de arquitetura\",\"isPartOf\":{\"@id\":\"https:\\\/\\\/laalberca.com\\\/pt-pt\\\/#website\"},\"primaryImageOfPage\":{\"@id\":\"https:\\\/\\\/laalberca.com\\\/pt-pt\\\/mais-informacoes-sobre-o-percurso-de-arquitetura\\\/#primaryimage\"},\"image\":{\"@id\":\"https:\\\/\\\/laalberca.com\\\/pt-pt\\\/mais-informacoes-sobre-o-percurso-de-arquitetura\\\/#primaryimage\"},\"thumbnailUrl\":\"https:\\\/\\\/laalberca.com\\\/wp-content\\\/uploads\\\/2025\\\/12\\\/logo-surcando-la-alberca-positivo-2.png\",\"datePublished\":\"2025-11-24T09:31:25+00:00\",\"dateModified\":\"2026-01-20T08:53:05+00:00\",\"breadcrumb\":{\"@id\":\"https:\\\/\\\/laalberca.com\\\/pt-pt\\\/mais-informacoes-sobre-o-percurso-de-arquitetura\\\/#breadcrumb\"},\"inLanguage\":\"pt-PT\",\"potentialAction\":[{\"@type\":\"ReadAction\",\"target\":[\"https:\\\/\\\/laalberca.com\\\/pt-pt\\\/mais-informacoes-sobre-o-percurso-de-arquitetura\\\/\"]}]},{\"@type\":\"ImageObject\",\"inLanguage\":\"pt-PT\",\"@id\":\"https:\\\/\\\/laalberca.com\\\/pt-pt\\\/mais-informacoes-sobre-o-percurso-de-arquitetura\\\/#primaryimage\",\"url\":\"https:\\\/\\\/laalberca.com\\\/wp-content\\\/uploads\\\/2025\\\/12\\\/logo-surcando-la-alberca-positivo-2.png\",\"contentUrl\":\"https:\\\/\\\/laalberca.com\\\/wp-content\\\/uploads\\\/2025\\\/12\\\/logo-surcando-la-alberca-positivo-2.png\"},{\"@type\":\"BreadcrumbList\",\"@id\":\"https:\\\/\\\/laalberca.com\\\/pt-pt\\\/mais-informacoes-sobre-o-percurso-de-arquitetura\\\/#breadcrumb\",\"itemListElement\":[{\"@type\":\"ListItem\",\"position\":1,\"name\":\"Portada\",\"item\":\"https:\\\/\\\/laalberca.com\\\/pt-pt\\\/\"},{\"@type\":\"ListItem\",\"position\":2,\"name\":\"Mais informa\u00e7\u00f5es sobre o percurso de arquitetura\"}]},{\"@type\":\"WebSite\",\"@id\":\"https:\\\/\\\/laalberca.com\\\/pt-pt\\\/#website\",\"url\":\"https:\\\/\\\/laalberca.com\\\/pt-pt\\\/\",\"name\":\"La Alberca\",\"description\":\"Lugar de costumbres, tradiciones y ritos centenarios\",\"publisher\":{\"@id\":\"https:\\\/\\\/laalberca.com\\\/pt-pt\\\/#organization\"},\"potentialAction\":[{\"@type\":\"SearchAction\",\"target\":{\"@type\":\"EntryPoint\",\"urlTemplate\":\"https:\\\/\\\/laalberca.com\\\/pt-pt\\\/?s={search_term_string}\"},\"query-input\":{\"@type\":\"PropertyValueSpecification\",\"valueRequired\":true,\"valueName\":\"search_term_string\"}}],\"inLanguage\":\"pt-PT\"},{\"@type\":\"Organization\",\"@id\":\"https:\\\/\\\/laalberca.com\\\/pt-pt\\\/#organization\",\"name\":\"La Alberca\",\"url\":\"https:\\\/\\\/laalberca.com\\\/pt-pt\\\/\",\"logo\":{\"@type\":\"ImageObject\",\"inLanguage\":\"pt-PT\",\"@id\":\"https:\\\/\\\/laalberca.com\\\/pt-pt\\\/#\\\/schema\\\/logo\\\/image\\\/\",\"url\":\"https:\\\/\\\/laalberca.com\\\/wp-content\\\/uploads\\\/2022\\\/06\\\/logotipo-blanco.svg\",\"contentUrl\":\"https:\\\/\\\/laalberca.com\\\/wp-content\\\/uploads\\\/2022\\\/06\\\/logotipo-blanco.svg\",\"width\":600,\"height\":217,\"caption\":\"La Alberca\"},\"image\":{\"@id\":\"https:\\\/\\\/laalberca.com\\\/pt-pt\\\/#\\\/schema\\\/logo\\\/image\\\/\"}}]}<\/script>\n<!-- \/ Yoast SEO plugin. -->","yoast_head_json":{"title":"La Alberca - Mais informa\u00e7\u00f5es sobre o percurso de arquitetura","robots":{"index":"noindex","follow":"nofollow"},"og_locale":"pt_PT","og_type":"article","og_title":"La Alberca - Mais informa\u00e7\u00f5es sobre o percurso de arquitetura","og_description":"Arquitetura Alcova numa das salas. Casa-Museo Satur Juanela. Antonio Luengo Becerro. A CASA DE LA ALBERCA Cada depend\u00eancia da casa t\u00edpica de La Alberca se encontrava perfeitamente adaptada \u00e0s tarefas&hellip;","og_url":"https:\/\/laalberca.com\/pt-pt\/mais-informacoes-sobre-o-percurso-de-arquitetura\/","og_site_name":"La Alberca","article_modified_time":"2026-01-20T08:53:05+00:00","og_image":[{"width":800,"height":566,"url":"https:\/\/laalberca.com\/wp-content\/uploads\/2025\/12\/logo-surcando-la-alberca-positivo-2.png","type":"image\/png"}],"twitter_card":"summary_large_image","twitter_misc":{"Tempo estimado de leitura":"2 minutos"},"schema":{"@context":"https:\/\/schema.org","@graph":[{"@type":"WebPage","@id":"https:\/\/laalberca.com\/pt-pt\/mais-informacoes-sobre-o-percurso-de-arquitetura\/","url":"https:\/\/laalberca.com\/pt-pt\/mais-informacoes-sobre-o-percurso-de-arquitetura\/","name":"La Alberca - Mais informa\u00e7\u00f5es sobre o percurso de arquitetura","isPartOf":{"@id":"https:\/\/laalberca.com\/pt-pt\/#website"},"primaryImageOfPage":{"@id":"https:\/\/laalberca.com\/pt-pt\/mais-informacoes-sobre-o-percurso-de-arquitetura\/#primaryimage"},"image":{"@id":"https:\/\/laalberca.com\/pt-pt\/mais-informacoes-sobre-o-percurso-de-arquitetura\/#primaryimage"},"thumbnailUrl":"https:\/\/laalberca.com\/wp-content\/uploads\/2025\/12\/logo-surcando-la-alberca-positivo-2.png","datePublished":"2025-11-24T09:31:25+00:00","dateModified":"2026-01-20T08:53:05+00:00","breadcrumb":{"@id":"https:\/\/laalberca.com\/pt-pt\/mais-informacoes-sobre-o-percurso-de-arquitetura\/#breadcrumb"},"inLanguage":"pt-PT","potentialAction":[{"@type":"ReadAction","target":["https:\/\/laalberca.com\/pt-pt\/mais-informacoes-sobre-o-percurso-de-arquitetura\/"]}]},{"@type":"ImageObject","inLanguage":"pt-PT","@id":"https:\/\/laalberca.com\/pt-pt\/mais-informacoes-sobre-o-percurso-de-arquitetura\/#primaryimage","url":"https:\/\/laalberca.com\/wp-content\/uploads\/2025\/12\/logo-surcando-la-alberca-positivo-2.png","contentUrl":"https:\/\/laalberca.com\/wp-content\/uploads\/2025\/12\/logo-surcando-la-alberca-positivo-2.png"},{"@type":"BreadcrumbList","@id":"https:\/\/laalberca.com\/pt-pt\/mais-informacoes-sobre-o-percurso-de-arquitetura\/#breadcrumb","itemListElement":[{"@type":"ListItem","position":1,"name":"Portada","item":"https:\/\/laalberca.com\/pt-pt\/"},{"@type":"ListItem","position":2,"name":"Mais informa\u00e7\u00f5es sobre o percurso de arquitetura"}]},{"@type":"WebSite","@id":"https:\/\/laalberca.com\/pt-pt\/#website","url":"https:\/\/laalberca.com\/pt-pt\/","name":"La Alberca","description":"Lugar de costumbres, tradiciones y ritos centenarios","publisher":{"@id":"https:\/\/laalberca.com\/pt-pt\/#organization"},"potentialAction":[{"@type":"SearchAction","target":{"@type":"EntryPoint","urlTemplate":"https:\/\/laalberca.com\/pt-pt\/?s={search_term_string}"},"query-input":{"@type":"PropertyValueSpecification","valueRequired":true,"valueName":"search_term_string"}}],"inLanguage":"pt-PT"},{"@type":"Organization","@id":"https:\/\/laalberca.com\/pt-pt\/#organization","name":"La Alberca","url":"https:\/\/laalberca.com\/pt-pt\/","logo":{"@type":"ImageObject","inLanguage":"pt-PT","@id":"https:\/\/laalberca.com\/pt-pt\/#\/schema\/logo\/image\/","url":"https:\/\/laalberca.com\/wp-content\/uploads\/2022\/06\/logotipo-blanco.svg","contentUrl":"https:\/\/laalberca.com\/wp-content\/uploads\/2022\/06\/logotipo-blanco.svg","width":600,"height":217,"caption":"La Alberca"},"image":{"@id":"https:\/\/laalberca.com\/pt-pt\/#\/schema\/logo\/image\/"}}]}},"_links":{"self":[{"href":"https:\/\/laalberca.com\/pt-pt\/wp-json\/wp\/v2\/pages\/24471","targetHints":{"allow":["GET"]}}],"collection":[{"href":"https:\/\/laalberca.com\/pt-pt\/wp-json\/wp\/v2\/pages"}],"about":[{"href":"https:\/\/laalberca.com\/pt-pt\/wp-json\/wp\/v2\/types\/page"}],"author":[{"embeddable":true,"href":"https:\/\/laalberca.com\/pt-pt\/wp-json\/wp\/v2\/users\/12"}],"replies":[{"embeddable":true,"href":"https:\/\/laalberca.com\/pt-pt\/wp-json\/wp\/v2\/comments?post=24471"}],"version-history":[{"count":4,"href":"https:\/\/laalberca.com\/pt-pt\/wp-json\/wp\/v2\/pages\/24471\/revisions"}],"predecessor-version":[{"id":25498,"href":"https:\/\/laalberca.com\/pt-pt\/wp-json\/wp\/v2\/pages\/24471\/revisions\/25498"}],"wp:attachment":[{"href":"https:\/\/laalberca.com\/pt-pt\/wp-json\/wp\/v2\/media?parent=24471"}],"curies":[{"name":"wp","href":"https:\/\/api.w.org\/{rel}","templated":true}]}}