{"id":24642,"date":"2025-11-24T09:10:59","date_gmt":"2025-11-24T08:10:59","guid":{"rendered":"https:\/\/laalberca.com\/mais-informacoes-sobre-o-percurso-da-igreja\/"},"modified":"2026-01-27T12:57:18","modified_gmt":"2026-01-27T11:57:18","slug":"mais-informacoes-sobre-o-percurso-da-igreja","status":"publish","type":"page","link":"https:\/\/laalberca.com\/pt-pt\/mais-informacoes-sobre-o-percurso-da-igreja\/","title":{"rendered":"Mais informa\u00e7\u00f5es sobre o percurso da igreja"},"content":{"rendered":"\t\t<div data-elementor-type=\"wp-page\" data-elementor-id=\"24642\" class=\"elementor elementor-24642 elementor-23362\" data-elementor-post-type=\"page\">\n\t\t\t\t\t\t<section class=\"elementor-section elementor-top-section elementor-element elementor-element-291180c elementor-section-boxed elementor-section-height-default elementor-section-height-default sc_fly_static\" data-id=\"291180c\" data-element_type=\"section\" data-e-type=\"section\" data-settings=\"{&quot;background_background&quot;:&quot;classic&quot;}\">\n\t\t\t\t\t\t<div class=\"elementor-container elementor-column-gap-extended\">\n\t\t\t\t\t<div class=\"elementor-column elementor-col-100 elementor-top-column elementor-element elementor-element-275099e sc_content_align_inherit sc_layouts_column_icons_position_left sc_fly_static\" data-id=\"275099e\" data-element_type=\"column\" data-e-type=\"column\">\n\t\t\t<div class=\"elementor-widget-wrap elementor-element-populated\">\n\t\t\t\t\t\t<div class=\"elementor-element elementor-element-f655c7e sc_height_medium sc_fly_static elementor-widget elementor-widget-spacer\" data-id=\"f655c7e\" data-element_type=\"widget\" data-e-type=\"widget\" data-widget_type=\"spacer.default\">\n\t\t\t\t<div class=\"elementor-widget-container\">\n\t\t\t\t\t\t\t<div class=\"elementor-spacer\">\n\t\t\t<div class=\"elementor-spacer-inner\"><\/div>\n\t\t<\/div>\n\t\t\t\t\t\t<\/div>\n\t\t\t\t<\/div>\n\t\t\t\t<div class=\"elementor-element elementor-element-cc082e6 sc_fly_static elementor-widget elementor-widget-image\" data-id=\"cc082e6\" data-element_type=\"widget\" data-e-type=\"widget\" data-widget_type=\"image.default\">\n\t\t\t\t<div class=\"elementor-widget-container\">\n\t\t\t\t\t\t\t\t\t\t\t\t\t\t\t<img loading=\"lazy\" decoding=\"async\" width=\"800\" height=\"566\" src=\"https:\/\/laalberca.com\/wp-content\/uploads\/2026\/01\/surcando-la-alberca-logo-positivo-oscuro-portugues.svg\" class=\"attachment-full size-full wp-image-24467\" alt=\"Logotipo Surcando La Alberca negro sobre gris\" \/>\t\t\t\t\t\t\t\t\t\t\t\t\t\t\t<\/div>\n\t\t\t\t<\/div>\n\t\t\t\t<div class=\"elementor-element elementor-element-e4b96fc sc_fly_static elementor-widget elementor-widget-spacer\" data-id=\"e4b96fc\" data-element_type=\"widget\" data-e-type=\"widget\" data-widget_type=\"spacer.default\">\n\t\t\t\t<div class=\"elementor-widget-container\">\n\t\t\t\t\t\t\t<div class=\"elementor-spacer\">\n\t\t\t<div class=\"elementor-spacer-inner\"><\/div>\n\t\t<\/div>\n\t\t\t\t\t\t<\/div>\n\t\t\t\t<\/div>\n\t\t\t\t<div class=\"elementor-element elementor-element-f71f986 sc_fly_static elementor-widget elementor-widget-trx_sc_title\" data-id=\"f71f986\" data-element_type=\"widget\" data-e-type=\"widget\" data-widget_type=\"trx_sc_title.default\">\n\t\t\t\t<div class=\"elementor-widget-container\">\n\t\t\t\t\t<div\t\tclass=\"sc_title sc_title_default\" ><h1 class=\"sc_item_title sc_title_title sc_align_center sc_item_title_style_default sc_item_title_tag\"\n\t\t\t><span class=\"sc_item_title_text\">Outros edif\u00edcios religiosos<\/span><\/h1><\/div>\t\t\t\t<\/div>\n\t\t\t\t<\/div>\n\t\t\t\t<div class=\"elementor-element elementor-element-35e7065 sc_fly_static elementor-widget elementor-widget-spacer\" data-id=\"35e7065\" data-element_type=\"widget\" data-e-type=\"widget\" data-widget_type=\"spacer.default\">\n\t\t\t\t<div class=\"elementor-widget-container\">\n\t\t\t\t\t\t\t<div class=\"elementor-spacer\">\n\t\t\t<div class=\"elementor-spacer-inner\"><\/div>\n\t\t<\/div>\n\t\t\t\t\t\t<\/div>\n\t\t\t\t<\/div>\n\t\t\t\t<div class=\"elementor-element elementor-element-c19a08c sc_fly_static elementor-widget elementor-widget-image\" data-id=\"c19a08c\" data-element_type=\"widget\" data-e-type=\"widget\" data-widget_type=\"image.default\">\n\t\t\t\t<div class=\"elementor-widget-container\">\n\t\t\t\t\t\t\t\t\t\t\t\t\t\t\t<img loading=\"lazy\" decoding=\"async\" width=\"304\" height=\"19\" src=\"https:\/\/laalberca.com\/wp-content\/uploads\/2025\/11\/separador-negro.svg\" class=\"attachment-large size-large wp-image-24468\" alt=\"\" \/>\t\t\t\t\t\t\t\t\t\t\t\t\t\t\t<\/div>\n\t\t\t\t<\/div>\n\t\t\t\t<div class=\"elementor-element elementor-element-b4d200e sc_height_medium sc_fly_static elementor-widget elementor-widget-spacer\" data-id=\"b4d200e\" data-element_type=\"widget\" data-e-type=\"widget\" data-widget_type=\"spacer.default\">\n\t\t\t\t<div class=\"elementor-widget-container\">\n\t\t\t\t\t\t\t<div class=\"elementor-spacer\">\n\t\t\t<div class=\"elementor-spacer-inner\"><\/div>\n\t\t<\/div>\n\t\t\t\t\t\t<\/div>\n\t\t\t\t<\/div>\n\t\t\t\t\t<\/div>\n\t\t<\/div>\n\t\t\t\t\t<\/div>\n\t\t<\/section>\n\t\t\t\t<section class=\"elementor-section elementor-top-section elementor-element elementor-element-080bbb9 elementor-reverse-tablet elementor-reverse-mobile elementor-section-boxed elementor-section-height-default elementor-section-height-default sc_fly_static\" data-id=\"080bbb9\" data-element_type=\"section\" data-e-type=\"section\" data-settings=\"{&quot;background_background&quot;:&quot;classic&quot;}\">\n\t\t\t\t\t\t<div class=\"elementor-container elementor-column-gap-extended\">\n\t\t\t\t\t<div class=\"elementor-column elementor-col-50 elementor-top-column elementor-element elementor-element-aa5b006 sc_content_align_inherit sc_layouts_column_icons_position_left sc_fly_static\" data-id=\"aa5b006\" data-element_type=\"column\" data-e-type=\"column\">\n\t\t\t<div class=\"elementor-widget-wrap elementor-element-populated\">\n\t\t\t\t\t\t<div class=\"elementor-element elementor-element-af81e86 sc_fly_static elementor-widget elementor-widget-spacer\" data-id=\"af81e86\" data-element_type=\"widget\" data-e-type=\"widget\" data-widget_type=\"spacer.default\">\n\t\t\t\t<div class=\"elementor-widget-container\">\n\t\t\t\t\t\t\t<div class=\"elementor-spacer\">\n\t\t\t<div class=\"elementor-spacer-inner\"><\/div>\n\t\t<\/div>\n\t\t\t\t\t\t<\/div>\n\t\t\t\t<\/div>\n\t\t\t\t<div class=\"elementor-element elementor-element-9588cd5 sc_fly_static elementor-widget elementor-widget-image\" data-id=\"9588cd5\" data-element_type=\"widget\" data-e-type=\"widget\" data-widget_type=\"image.default\">\n\t\t\t\t<div class=\"elementor-widget-container\">\n\t\t\t\t\t\t\t\t\t\t\t\t\t\t\t<img loading=\"lazy\" decoding=\"async\" width=\"1210\" height=\"1613\" src=\"https:\/\/laalberca.com\/wp-content\/uploads\/2025\/11\/ermita-en-ruinas.-san-marcos.webp\" class=\"attachment-full size-full wp-image-24636\" alt=\"Foto de ermita en ruinas\" srcset=\"https:\/\/laalberca.com\/wp-content\/uploads\/2025\/11\/ermita-en-ruinas.-san-marcos.webp 1210w, https:\/\/laalberca.com\/wp-content\/uploads\/2025\/11\/ermita-en-ruinas.-san-marcos-640x853.webp 640w, https:\/\/laalberca.com\/wp-content\/uploads\/2025\/11\/ermita-en-ruinas.-san-marcos-1024x1365.webp 1024w, https:\/\/laalberca.com\/wp-content\/uploads\/2025\/11\/ermita-en-ruinas.-san-marcos-1152x1536.webp 1152w, https:\/\/laalberca.com\/wp-content\/uploads\/2025\/11\/ermita-en-ruinas.-san-marcos-370x493.webp 370w, https:\/\/laalberca.com\/wp-content\/uploads\/2025\/11\/ermita-en-ruinas.-san-marcos-840x1120.webp 840w, https:\/\/laalberca.com\/wp-content\/uploads\/2025\/11\/ermita-en-ruinas.-san-marcos-410x547.webp 410w\" sizes=\"auto, (max-width: 1210px) 100vw, 1210px\" \/>\t\t\t\t\t\t\t\t\t\t\t\t\t\t\t<\/div>\n\t\t\t\t<\/div>\n\t\t\t\t<div class=\"elementor-element elementor-element-2e0d799 sc_fly_static elementor-widget elementor-widget-text-editor\" data-id=\"2e0d799\" data-element_type=\"widget\" data-e-type=\"widget\" data-widget_type=\"text-editor.default\">\n\t\t\t\t<div class=\"elementor-widget-container\">\n\t\t\t\t\t\t\t\t\t<p><span class=\"trx_addons_tiny_text\">Ru\u00ednas da ermida de San Marcos. Antonio Luengo Becerro. <br><\/span><\/p>\t\t\t\t\t\t\t\t<\/div>\n\t\t\t\t<\/div>\n\t\t\t\t<div class=\"elementor-element elementor-element-254a788 sc_height_medium sc_fly_static elementor-widget elementor-widget-spacer\" data-id=\"254a788\" data-element_type=\"widget\" data-e-type=\"widget\" data-widget_type=\"spacer.default\">\n\t\t\t\t<div class=\"elementor-widget-container\">\n\t\t\t\t\t\t\t<div class=\"elementor-spacer\">\n\t\t\t<div class=\"elementor-spacer-inner\"><\/div>\n\t\t<\/div>\n\t\t\t\t\t\t<\/div>\n\t\t\t\t<\/div>\n\t\t\t\t\t<\/div>\n\t\t<\/div>\n\t\t\t\t<div class=\"elementor-column elementor-col-50 elementor-top-column elementor-element elementor-element-ef73980 sc_content_align_inherit sc_layouts_column_icons_position_left sc_fly_static\" data-id=\"ef73980\" data-element_type=\"column\" data-e-type=\"column\">\n\t\t\t<div class=\"elementor-widget-wrap elementor-element-populated\">\n\t\t\t\t\t\t<div class=\"elementor-element elementor-element-9d73328 sc_height_medium sc_layouts_hide_on_mobile sc_fly_static elementor-widget elementor-widget-spacer\" data-id=\"9d73328\" data-element_type=\"widget\" data-e-type=\"widget\" data-widget_type=\"spacer.default\">\n\t\t\t\t<div class=\"elementor-widget-container\">\n\t\t\t\t\t\t\t<div class=\"elementor-spacer\">\n\t\t\t<div class=\"elementor-spacer-inner\"><\/div>\n\t\t<\/div>\n\t\t\t\t\t\t<\/div>\n\t\t\t\t<\/div>\n\t\t\t\t<div class=\"elementor-element elementor-element-0c60636 sc_fly_static elementor-widget elementor-widget-trx_sc_title\" data-id=\"0c60636\" data-element_type=\"widget\" data-e-type=\"widget\" data-widget_type=\"trx_sc_title.default\">\n\t\t\t\t<div class=\"elementor-widget-container\">\n\t\t\t\t\t<div\t\tclass=\"sc_title sc_title_accent\" ><h2 class=\"sc_item_title sc_title_title sc_item_title_style_accent sc_item_title_tag\"\n\t\t\t><span class=\"sc_item_title_text\">Ermida de San Marcos<\/span><\/h2><\/div>\t\t\t\t<\/div>\n\t\t\t\t<\/div>\n\t\t\t\t<div class=\"elementor-element elementor-element-f590fdd sc_fly_static elementor-widget elementor-widget-spacer\" data-id=\"f590fdd\" data-element_type=\"widget\" data-e-type=\"widget\" data-widget_type=\"spacer.default\">\n\t\t\t\t<div class=\"elementor-widget-container\">\n\t\t\t\t\t\t\t<div class=\"elementor-spacer\">\n\t\t\t<div class=\"elementor-spacer-inner\"><\/div>\n\t\t<\/div>\n\t\t\t\t\t\t<\/div>\n\t\t\t\t<\/div>\n\t\t\t\t<div class=\"elementor-element elementor-element-504a42f sc_fly_static elementor-widget elementor-widget-text-editor\" data-id=\"504a42f\" data-element_type=\"widget\" data-e-type=\"widget\" data-widget_type=\"text-editor.default\">\n\t\t\t\t<div class=\"elementor-widget-container\">\n\t\t\t\t\t\t\t\t\t<p><span style=\"font-weight: 400;\">Constru\u00edda em 1701, veio substituir a antiga ermida de San Pedro e San Marcos, que os vizinhos recusaram manter dado o seu afastamento da localidade. Mas, em 1814, o bispo de Coria tamb\u00e9m ordena demolir esta nova ermida, transladando o seu culto e imagens para a de San Blas e San Sebasti\u00e1n. <\/span><\/p>\t\t\t\t\t\t\t\t<\/div>\n\t\t\t\t<\/div>\n\t\t\t\t<div class=\"elementor-element elementor-element-1807882 sc_layouts_hide_on_mobile sc_fly_static elementor-widget elementor-widget-spacer\" data-id=\"1807882\" data-element_type=\"widget\" data-e-type=\"widget\" data-widget_type=\"spacer.default\">\n\t\t\t\t<div class=\"elementor-widget-container\">\n\t\t\t\t\t\t\t<div class=\"elementor-spacer\">\n\t\t\t<div class=\"elementor-spacer-inner\"><\/div>\n\t\t<\/div>\n\t\t\t\t\t\t<\/div>\n\t\t\t\t<\/div>\n\t\t\t\t\t<\/div>\n\t\t<\/div>\n\t\t\t\t\t<\/div>\n\t\t<\/section>\n\t\t\t\t<section class=\"elementor-section elementor-top-section elementor-element elementor-element-a17a07d scheme_dark elementor-reverse-mobile elementor-section-boxed elementor-section-height-default elementor-section-height-default sc_fly_static\" data-id=\"a17a07d\" data-element_type=\"section\" data-e-type=\"section\" data-settings=\"{&quot;background_background&quot;:&quot;classic&quot;}\">\n\t\t\t\t\t\t<div class=\"elementor-container elementor-column-gap-extended\">\n\t\t\t\t\t<div class=\"elementor-column elementor-col-50 elementor-top-column elementor-element elementor-element-d1266c5 sc_content_align_inherit sc_layouts_column_icons_position_left sc_fly_static\" data-id=\"d1266c5\" data-element_type=\"column\" data-e-type=\"column\">\n\t\t\t<div class=\"elementor-widget-wrap elementor-element-populated\">\n\t\t\t\t\t\t<div class=\"elementor-element elementor-element-0f458b1 sc_fly_static elementor-widget elementor-widget-spacer\" data-id=\"0f458b1\" data-element_type=\"widget\" data-e-type=\"widget\" data-widget_type=\"spacer.default\">\n\t\t\t\t<div class=\"elementor-widget-container\">\n\t\t\t\t\t\t\t<div class=\"elementor-spacer\">\n\t\t\t<div class=\"elementor-spacer-inner\"><\/div>\n\t\t<\/div>\n\t\t\t\t\t\t<\/div>\n\t\t\t\t<\/div>\n\t\t\t\t<div class=\"elementor-element elementor-element-ad22ebb sc_fly_static elementor-widget elementor-widget-image\" data-id=\"ad22ebb\" data-element_type=\"widget\" data-e-type=\"widget\" data-widget_type=\"image.default\">\n\t\t\t\t<div class=\"elementor-widget-container\">\n\t\t\t\t\t\t\t\t\t\t\t\t\t\t\t<img loading=\"lazy\" decoding=\"async\" width=\"1000\" height=\"800\" src=\"https:\/\/laalberca.com\/wp-content\/uploads\/2025\/11\/wunderlich-otto-1928-1936-ermita-san-blas.webp\" class=\"attachment-full size-full wp-image-24637\" alt=\"Foto de ermita con cipr\u00e9s al lado y muro de cementerio\" srcset=\"https:\/\/laalberca.com\/wp-content\/uploads\/2025\/11\/wunderlich-otto-1928-1936-ermita-san-blas.webp 1000w, https:\/\/laalberca.com\/wp-content\/uploads\/2025\/11\/wunderlich-otto-1928-1936-ermita-san-blas-640x512.webp 640w, https:\/\/laalberca.com\/wp-content\/uploads\/2025\/11\/wunderlich-otto-1928-1936-ermita-san-blas-370x296.webp 370w, https:\/\/laalberca.com\/wp-content\/uploads\/2025\/11\/wunderlich-otto-1928-1936-ermita-san-blas-840x672.webp 840w, https:\/\/laalberca.com\/wp-content\/uploads\/2025\/11\/wunderlich-otto-1928-1936-ermita-san-blas-410x328.webp 410w\" sizes=\"auto, (max-width: 1000px) 100vw, 1000px\" \/>\t\t\t\t\t\t\t\t\t\t\t\t\t\t\t<\/div>\n\t\t\t\t<\/div>\n\t\t\t\t<div class=\"elementor-element elementor-element-64c2ced sc_fly_static elementor-widget elementor-widget-text-editor\" data-id=\"64c2ced\" data-element_type=\"widget\" data-e-type=\"widget\" data-widget_type=\"text-editor.default\">\n\t\t\t\t<div class=\"elementor-widget-container\">\n\t\t\t\t\t\t\t\t\t<p><span class=\"trx_addons_tiny_text\">Fotografia da ermida de San Blas com o cemit\u00e9rio ao lado. Otto Wunderlich. <br><\/span><\/p>\t\t\t\t\t\t\t\t<\/div>\n\t\t\t\t<\/div>\n\t\t\t\t<div class=\"elementor-element elementor-element-d757a52 sc_height_medium sc_fly_static elementor-widget elementor-widget-spacer\" data-id=\"d757a52\" data-element_type=\"widget\" data-e-type=\"widget\" data-widget_type=\"spacer.default\">\n\t\t\t\t<div class=\"elementor-widget-container\">\n\t\t\t\t\t\t\t<div class=\"elementor-spacer\">\n\t\t\t<div class=\"elementor-spacer-inner\"><\/div>\n\t\t<\/div>\n\t\t\t\t\t\t<\/div>\n\t\t\t\t<\/div>\n\t\t\t\t\t<\/div>\n\t\t<\/div>\n\t\t\t\t<div class=\"elementor-column elementor-col-50 elementor-top-column elementor-element elementor-element-398e8c8 sc_content_align_inherit sc_layouts_column_icons_position_left sc_fly_static\" data-id=\"398e8c8\" data-element_type=\"column\" data-e-type=\"column\">\n\t\t\t<div class=\"elementor-widget-wrap elementor-element-populated\">\n\t\t\t\t\t\t<div class=\"elementor-element elementor-element-c01df5d sc_height_medium sc_fly_static elementor-widget elementor-widget-spacer\" data-id=\"c01df5d\" data-element_type=\"widget\" data-e-type=\"widget\" data-widget_type=\"spacer.default\">\n\t\t\t\t<div class=\"elementor-widget-container\">\n\t\t\t\t\t\t\t<div class=\"elementor-spacer\">\n\t\t\t<div class=\"elementor-spacer-inner\"><\/div>\n\t\t<\/div>\n\t\t\t\t\t\t<\/div>\n\t\t\t\t<\/div>\n\t\t\t\t<div class=\"elementor-element elementor-element-681aebf sc_fly_static elementor-widget elementor-widget-trx_sc_title\" data-id=\"681aebf\" data-element_type=\"widget\" data-e-type=\"widget\" data-widget_type=\"trx_sc_title.default\">\n\t\t\t\t<div class=\"elementor-widget-container\">\n\t\t\t\t\t<div\t\tclass=\"sc_title sc_title_accent\" ><h2 class=\"sc_item_title sc_title_title sc_item_title_style_accent sc_item_title_tag\"\n\t\t\t><span class=\"sc_item_title_text\">Ermida dos Santos M\u00e1rtires San Blas e San Sebasti\u00e1n<\/span><\/h2><\/div>\t\t\t\t<\/div>\n\t\t\t\t<\/div>\n\t\t\t\t<div class=\"elementor-element elementor-element-0d2a045 sc_fly_static elementor-widget elementor-widget-spacer\" data-id=\"0d2a045\" data-element_type=\"widget\" data-e-type=\"widget\" data-widget_type=\"spacer.default\">\n\t\t\t\t<div class=\"elementor-widget-container\">\n\t\t\t\t\t\t\t<div class=\"elementor-spacer\">\n\t\t\t<div class=\"elementor-spacer-inner\"><\/div>\n\t\t<\/div>\n\t\t\t\t\t\t<\/div>\n\t\t\t\t<\/div>\n\t\t\t\t<div class=\"elementor-element elementor-element-b0e4d68 sc_fly_static elementor-widget elementor-widget-text-editor\" data-id=\"b0e4d68\" data-element_type=\"widget\" data-e-type=\"widget\" data-widget_type=\"text-editor.default\">\n\t\t\t\t<div class=\"elementor-widget-container\">\n\t\t\t\t\t\t\t\t\t<p>Esta pequena ermida, hoje dessacralizada, teve originalmente grandes propor\u00e7\u00f5es, dizendo-se que S\u00e3o Vicente Ferrer predicou nela em 1412.<br>Depois de ser utilizada como hospital durante a guerra da independ\u00eancia, foi renovada em 1814 \u00e0 custa da ermida de Majadas. Em 1834, ap\u00f3s a proibi\u00e7\u00e3o de enterrar defuntos no interior da igreja paroquial, a seu lado foi aberto o cemit\u00e9rio local. <\/p>\t\t\t\t\t\t\t\t<\/div>\n\t\t\t\t<\/div>\n\t\t\t\t<div class=\"elementor-element elementor-element-5cd5640 sc_layouts_hide_on_mobile sc_fly_static elementor-widget elementor-widget-spacer\" data-id=\"5cd5640\" data-element_type=\"widget\" data-e-type=\"widget\" data-widget_type=\"spacer.default\">\n\t\t\t\t<div class=\"elementor-widget-container\">\n\t\t\t\t\t\t\t<div class=\"elementor-spacer\">\n\t\t\t<div class=\"elementor-spacer-inner\"><\/div>\n\t\t<\/div>\n\t\t\t\t\t\t<\/div>\n\t\t\t\t<\/div>\n\t\t\t\t\t<\/div>\n\t\t<\/div>\n\t\t\t\t\t<\/div>\n\t\t<\/section>\n\t\t\t\t<section class=\"elementor-section elementor-top-section elementor-element elementor-element-54f0b50 elementor-reverse-mobile elementor-section-boxed elementor-section-height-default elementor-section-height-default sc_fly_static\" data-id=\"54f0b50\" data-element_type=\"section\" data-e-type=\"section\" data-settings=\"{&quot;background_background&quot;:&quot;classic&quot;}\">\n\t\t\t\t\t\t<div class=\"elementor-container elementor-column-gap-extended\">\n\t\t\t\t\t<div class=\"elementor-column elementor-col-50 elementor-top-column elementor-element elementor-element-98af51b sc_content_align_inherit sc_layouts_column_icons_position_left sc_fly_static\" data-id=\"98af51b\" data-element_type=\"column\" data-e-type=\"column\">\n\t\t\t<div class=\"elementor-widget-wrap elementor-element-populated\">\n\t\t\t\t\t\t<div class=\"elementor-element elementor-element-1090efe sc_fly_static elementor-widget elementor-widget-spacer\" data-id=\"1090efe\" data-element_type=\"widget\" data-e-type=\"widget\" data-widget_type=\"spacer.default\">\n\t\t\t\t<div class=\"elementor-widget-container\">\n\t\t\t\t\t\t\t<div class=\"elementor-spacer\">\n\t\t\t<div class=\"elementor-spacer-inner\"><\/div>\n\t\t<\/div>\n\t\t\t\t\t\t<\/div>\n\t\t\t\t<\/div>\n\t\t\t\t<div class=\"elementor-element elementor-element-2041add sc_fly_static elementor-widget elementor-widget-image\" data-id=\"2041add\" data-element_type=\"widget\" data-e-type=\"widget\" data-widget_type=\"image.default\">\n\t\t\t\t<div class=\"elementor-widget-container\">\n\t\t\t\t\t\t\t\t\t\t\t\t\t\t\t<img loading=\"lazy\" decoding=\"async\" width=\"760\" height=\"1035\" src=\"https:\/\/laalberca.com\/wp-content\/uploads\/2025\/11\/majadas-hermita.webp\" class=\"attachment-full size-full wp-image-24638\" alt=\"Foto de ermita con p\u00f3rtico y espada\u00f1a\" srcset=\"https:\/\/laalberca.com\/wp-content\/uploads\/2025\/11\/majadas-hermita.webp 760w, https:\/\/laalberca.com\/wp-content\/uploads\/2025\/11\/majadas-hermita-640x872.webp 640w, https:\/\/laalberca.com\/wp-content\/uploads\/2025\/11\/majadas-hermita-370x504.webp 370w, https:\/\/laalberca.com\/wp-content\/uploads\/2025\/11\/majadas-hermita-410x558.webp 410w\" sizes=\"auto, (max-width: 760px) 100vw, 760px\" \/>\t\t\t\t\t\t\t\t\t\t\t\t\t\t\t<\/div>\n\t\t\t\t<\/div>\n\t\t\t\t<div class=\"elementor-element elementor-element-95a3a0f sc_fly_static elementor-widget elementor-widget-text-editor\" data-id=\"95a3a0f\" data-element_type=\"widget\" data-e-type=\"widget\" data-widget_type=\"text-editor.default\">\n\t\t\t\t<div class=\"elementor-widget-container\">\n\t\t\t\t\t\t\t\t\t<p><span class=\"trx_addons_tiny_text\">A ermida de Majadas antes da sua restaura\u00e7\u00e3o.<br><\/span><\/p>\t\t\t\t\t\t\t\t<\/div>\n\t\t\t\t<\/div>\n\t\t\t\t<div class=\"elementor-element elementor-element-7bae4af sc_height_medium sc_fly_static elementor-widget elementor-widget-spacer\" data-id=\"7bae4af\" data-element_type=\"widget\" data-e-type=\"widget\" data-widget_type=\"spacer.default\">\n\t\t\t\t<div class=\"elementor-widget-container\">\n\t\t\t\t\t\t\t<div class=\"elementor-spacer\">\n\t\t\t<div class=\"elementor-spacer-inner\"><\/div>\n\t\t<\/div>\n\t\t\t\t\t\t<\/div>\n\t\t\t\t<\/div>\n\t\t\t\t\t<\/div>\n\t\t<\/div>\n\t\t\t\t<div class=\"elementor-column elementor-col-50 elementor-top-column elementor-element elementor-element-00a65d7 sc_content_align_inherit sc_layouts_column_icons_position_left sc_fly_static\" data-id=\"00a65d7\" data-element_type=\"column\" data-e-type=\"column\">\n\t\t\t<div class=\"elementor-widget-wrap elementor-element-populated\">\n\t\t\t\t\t\t<div class=\"elementor-element elementor-element-d810364 sc_height_medium sc_fly_static elementor-widget elementor-widget-spacer\" data-id=\"d810364\" data-element_type=\"widget\" data-e-type=\"widget\" data-widget_type=\"spacer.default\">\n\t\t\t\t<div class=\"elementor-widget-container\">\n\t\t\t\t\t\t\t<div class=\"elementor-spacer\">\n\t\t\t<div class=\"elementor-spacer-inner\"><\/div>\n\t\t<\/div>\n\t\t\t\t\t\t<\/div>\n\t\t\t\t<\/div>\n\t\t\t\t<div class=\"elementor-element elementor-element-f18a4fa sc_fly_static elementor-widget elementor-widget-trx_sc_title\" data-id=\"f18a4fa\" data-element_type=\"widget\" data-e-type=\"widget\" data-widget_type=\"trx_sc_title.default\">\n\t\t\t\t<div class=\"elementor-widget-container\">\n\t\t\t\t\t<div\t\tclass=\"sc_title sc_title_accent\" ><h2 class=\"sc_item_title sc_title_title sc_item_title_style_accent sc_item_title_tag\"\n\t\t\t><span class=\"sc_item_title_text\">Ermida de Majadas Viejas<\/span><\/h2><\/div>\t\t\t\t<\/div>\n\t\t\t\t<\/div>\n\t\t\t\t<div class=\"elementor-element elementor-element-74ff878 sc_fly_static elementor-widget elementor-widget-spacer\" data-id=\"74ff878\" data-element_type=\"widget\" data-e-type=\"widget\" data-widget_type=\"spacer.default\">\n\t\t\t\t<div class=\"elementor-widget-container\">\n\t\t\t\t\t\t\t<div class=\"elementor-spacer\">\n\t\t\t<div class=\"elementor-spacer-inner\"><\/div>\n\t\t<\/div>\n\t\t\t\t\t\t<\/div>\n\t\t\t\t<\/div>\n\t\t\t\t<div class=\"elementor-element elementor-element-5bcf5b2 sc_fly_static elementor-widget elementor-widget-text-editor\" data-id=\"5bcf5b2\" data-element_type=\"widget\" data-e-type=\"widget\" data-widget_type=\"text-editor.default\">\n\t\t\t\t<div class=\"elementor-widget-container\">\n\t\t\t\t\t\t\t\t\t<p><span style=\"font-weight: 400;\">\u00c9 possivelmente a mais antiga da regi\u00e3o, como atesta o seu portal com influ\u00eancias visig\u00f3ticas e rom\u00e2nicas. Esta ermida situa-se a pouco mais de dois quil\u00f3metros da vila e alberga a bela escultura rom\u00e2nica da Virgem de Majadas, que passa a maior parte do ano na igreja paroquial, tendo sido roubada e posteriormente recuperada atrav\u00e9s de uma compra pelos habitantes da vila. Os habitantes de La Alberca nutrem uma grande devo\u00e7\u00e3o pela Virgem, realizando uma peregrina\u00e7\u00e3o anual em sua honra, tradi\u00e7\u00e3o autorizada por uma bula papal concedida em 1533.  <\/span><\/p>\t\t\t\t\t\t\t\t<\/div>\n\t\t\t\t<\/div>\n\t\t\t\t<div class=\"elementor-element elementor-element-5df824c sc_layouts_hide_on_mobile sc_fly_static elementor-widget elementor-widget-spacer\" data-id=\"5df824c\" data-element_type=\"widget\" data-e-type=\"widget\" data-widget_type=\"spacer.default\">\n\t\t\t\t<div class=\"elementor-widget-container\">\n\t\t\t\t\t\t\t<div class=\"elementor-spacer\">\n\t\t\t<div class=\"elementor-spacer-inner\"><\/div>\n\t\t<\/div>\n\t\t\t\t\t\t<\/div>\n\t\t\t\t<\/div>\n\t\t\t\t\t<\/div>\n\t\t<\/div>\n\t\t\t\t\t<\/div>\n\t\t<\/section>\n\t\t\t\t<section class=\"elementor-section elementor-top-section elementor-element elementor-element-bef2b89 scheme_dark elementor-reverse-mobile elementor-section-boxed elementor-section-height-default elementor-section-height-default sc_fly_static\" data-id=\"bef2b89\" data-element_type=\"section\" data-e-type=\"section\" data-settings=\"{&quot;background_background&quot;:&quot;classic&quot;}\">\n\t\t\t\t\t\t<div class=\"elementor-container elementor-column-gap-extended\">\n\t\t\t\t\t<div class=\"elementor-column elementor-col-50 elementor-top-column elementor-element elementor-element-f1a7c22 sc_content_align_inherit sc_layouts_column_icons_position_left sc_fly_static\" data-id=\"f1a7c22\" data-element_type=\"column\" data-e-type=\"column\">\n\t\t\t<div class=\"elementor-widget-wrap elementor-element-populated\">\n\t\t\t\t\t\t<div class=\"elementor-element elementor-element-fa63a7d sc_fly_static elementor-widget elementor-widget-spacer\" data-id=\"fa63a7d\" data-element_type=\"widget\" data-e-type=\"widget\" data-widget_type=\"spacer.default\">\n\t\t\t\t<div class=\"elementor-widget-container\">\n\t\t\t\t\t\t\t<div class=\"elementor-spacer\">\n\t\t\t<div class=\"elementor-spacer-inner\"><\/div>\n\t\t<\/div>\n\t\t\t\t\t\t<\/div>\n\t\t\t\t<\/div>\n\t\t\t\t<div class=\"elementor-element elementor-element-6e42aa4 sc_fly_static elementor-widget elementor-widget-image\" data-id=\"6e42aa4\" data-element_type=\"widget\" data-e-type=\"widget\" data-widget_type=\"image.default\">\n\t\t\t\t<div class=\"elementor-widget-container\">\n\t\t\t\t\t\t\t\t\t\t\t\t\t\t\t<img loading=\"lazy\" decoding=\"async\" width=\"680\" height=\"1062\" src=\"https:\/\/laalberca.com\/wp-content\/uploads\/2025\/11\/san-antonio-ermita.webp\" class=\"attachment-full size-full wp-image-24639\" alt=\"Foto de ermita de san Antonio con ovejas\" srcset=\"https:\/\/laalberca.com\/wp-content\/uploads\/2025\/11\/san-antonio-ermita.webp 680w, https:\/\/laalberca.com\/wp-content\/uploads\/2025\/11\/san-antonio-ermita-640x1000.webp 640w, https:\/\/laalberca.com\/wp-content\/uploads\/2025\/11\/san-antonio-ermita-370x578.webp 370w, https:\/\/laalberca.com\/wp-content\/uploads\/2025\/11\/san-antonio-ermita-410x640.webp 410w\" sizes=\"auto, (max-width: 680px) 100vw, 680px\" \/>\t\t\t\t\t\t\t\t\t\t\t\t\t\t\t<\/div>\n\t\t\t\t<\/div>\n\t\t\t\t<div class=\"elementor-element elementor-element-cbce1c9 sc_fly_static elementor-widget elementor-widget-text-editor\" data-id=\"cbce1c9\" data-element_type=\"widget\" data-e-type=\"widget\" data-widget_type=\"text-editor.default\">\n\t\t\t\t<div class=\"elementor-widget-container\">\n\t\t\t\t\t\t\t\t\t<p><span class=\"trx_addons_tiny_text\">Rebanho ao lado da ermida de San Antonio.<br><\/span><\/p>\t\t\t\t\t\t\t\t<\/div>\n\t\t\t\t<\/div>\n\t\t\t\t<div class=\"elementor-element elementor-element-5618c06 sc_height_medium sc_fly_static elementor-widget elementor-widget-spacer\" data-id=\"5618c06\" data-element_type=\"widget\" data-e-type=\"widget\" data-widget_type=\"spacer.default\">\n\t\t\t\t<div class=\"elementor-widget-container\">\n\t\t\t\t\t\t\t<div class=\"elementor-spacer\">\n\t\t\t<div class=\"elementor-spacer-inner\"><\/div>\n\t\t<\/div>\n\t\t\t\t\t\t<\/div>\n\t\t\t\t<\/div>\n\t\t\t\t\t<\/div>\n\t\t<\/div>\n\t\t\t\t<div class=\"elementor-column elementor-col-50 elementor-top-column elementor-element elementor-element-13bd711 sc_content_align_inherit sc_layouts_column_icons_position_left sc_fly_static\" data-id=\"13bd711\" data-element_type=\"column\" data-e-type=\"column\">\n\t\t\t<div class=\"elementor-widget-wrap elementor-element-populated\">\n\t\t\t\t\t\t<div class=\"elementor-element elementor-element-c1ed621 sc_height_medium sc_fly_static elementor-widget elementor-widget-spacer\" data-id=\"c1ed621\" data-element_type=\"widget\" data-e-type=\"widget\" data-widget_type=\"spacer.default\">\n\t\t\t\t<div class=\"elementor-widget-container\">\n\t\t\t\t\t\t\t<div class=\"elementor-spacer\">\n\t\t\t<div class=\"elementor-spacer-inner\"><\/div>\n\t\t<\/div>\n\t\t\t\t\t\t<\/div>\n\t\t\t\t<\/div>\n\t\t\t\t<div class=\"elementor-element elementor-element-71d4421 sc_fly_static elementor-widget elementor-widget-trx_sc_title\" data-id=\"71d4421\" data-element_type=\"widget\" data-e-type=\"widget\" data-widget_type=\"trx_sc_title.default\">\n\t\t\t\t<div class=\"elementor-widget-container\">\n\t\t\t\t\t<div\t\tclass=\"sc_title sc_title_accent\" ><h2 class=\"sc_item_title sc_title_title sc_item_title_style_accent sc_item_title_tag\"\n\t\t\t><span class=\"sc_item_title_text\">Ermida de San Antonio<\/span><\/h2><\/div>\t\t\t\t<\/div>\n\t\t\t\t<\/div>\n\t\t\t\t<div class=\"elementor-element elementor-element-deffbcd sc_fly_static elementor-widget elementor-widget-spacer\" data-id=\"deffbcd\" data-element_type=\"widget\" data-e-type=\"widget\" data-widget_type=\"spacer.default\">\n\t\t\t\t<div class=\"elementor-widget-container\">\n\t\t\t\t\t\t\t<div class=\"elementor-spacer\">\n\t\t\t<div class=\"elementor-spacer-inner\"><\/div>\n\t\t<\/div>\n\t\t\t\t\t\t<\/div>\n\t\t\t\t<\/div>\n\t\t\t\t<div class=\"elementor-element elementor-element-55c88fc sc_fly_static elementor-widget elementor-widget-text-editor\" data-id=\"55c88fc\" data-element_type=\"widget\" data-e-type=\"widget\" data-widget_type=\"text-editor.default\">\n\t\t\t\t<div class=\"elementor-widget-container\">\n\t\t\t\t\t\t\t\t\t<p><span style=\"font-weight: 400;\">Situada numa das entradas principais de La Alberca, talvez corresponda a uma das duas capelinhas (\u201chumilladeros\u201d) citadas em 1574. Em 1670, o presb\u00edtero Antonio de Velasco dedicou-a a Santo Ant\u00f3nio, cuja imagem \u00e9 frequentemente visitada por quem procura algu\u00e9m para amar. <\/span><\/p>\t\t\t\t\t\t\t\t<\/div>\n\t\t\t\t<\/div>\n\t\t\t\t<div class=\"elementor-element elementor-element-38ae406 sc_layouts_hide_on_mobile sc_fly_static elementor-widget elementor-widget-spacer\" data-id=\"38ae406\" data-element_type=\"widget\" data-e-type=\"widget\" data-widget_type=\"spacer.default\">\n\t\t\t\t<div class=\"elementor-widget-container\">\n\t\t\t\t\t\t\t<div class=\"elementor-spacer\">\n\t\t\t<div class=\"elementor-spacer-inner\"><\/div>\n\t\t<\/div>\n\t\t\t\t\t\t<\/div>\n\t\t\t\t<\/div>\n\t\t\t\t\t<\/div>\n\t\t<\/div>\n\t\t\t\t\t<\/div>\n\t\t<\/section>\n\t\t\t\t<section class=\"elementor-section elementor-top-section elementor-element elementor-element-f961d4c elementor-reverse-mobile elementor-section-boxed elementor-section-height-default elementor-section-height-default sc_fly_static\" data-id=\"f961d4c\" data-element_type=\"section\" data-e-type=\"section\" data-settings=\"{&quot;background_background&quot;:&quot;classic&quot;}\">\n\t\t\t\t\t\t<div class=\"elementor-container elementor-column-gap-extended\">\n\t\t\t\t\t<div class=\"elementor-column elementor-col-50 elementor-top-column elementor-element elementor-element-86473f6 sc_content_align_inherit sc_layouts_column_icons_position_left sc_fly_static\" data-id=\"86473f6\" data-element_type=\"column\" data-e-type=\"column\">\n\t\t\t<div class=\"elementor-widget-wrap elementor-element-populated\">\n\t\t\t\t\t\t<div class=\"elementor-element elementor-element-78d1e40 sc_fly_static elementor-widget elementor-widget-spacer\" data-id=\"78d1e40\" data-element_type=\"widget\" data-e-type=\"widget\" data-widget_type=\"spacer.default\">\n\t\t\t\t<div class=\"elementor-widget-container\">\n\t\t\t\t\t\t\t<div class=\"elementor-spacer\">\n\t\t\t<div class=\"elementor-spacer-inner\"><\/div>\n\t\t<\/div>\n\t\t\t\t\t\t<\/div>\n\t\t\t\t<\/div>\n\t\t\t\t<div class=\"elementor-element elementor-element-b164d49 sc_fly_static elementor-widget elementor-widget-image\" data-id=\"b164d49\" data-element_type=\"widget\" data-e-type=\"widget\" data-widget_type=\"image.default\">\n\t\t\t\t<div class=\"elementor-widget-container\">\n\t\t\t\t\t\t\t\t\t\t\t\t\t\t\t<img loading=\"lazy\" decoding=\"async\" width=\"680\" height=\"720\" src=\"https:\/\/laalberca.com\/wp-content\/uploads\/2025\/11\/humilladero-la-alberca.webp\" class=\"attachment-full size-full wp-image-24640\" alt=\"Foto de ermita con burro subiendo por el camino de su izquierda\" srcset=\"https:\/\/laalberca.com\/wp-content\/uploads\/2025\/11\/humilladero-la-alberca.webp 680w, https:\/\/laalberca.com\/wp-content\/uploads\/2025\/11\/humilladero-la-alberca-640x678.webp 640w, https:\/\/laalberca.com\/wp-content\/uploads\/2025\/11\/humilladero-la-alberca-370x392.webp 370w, https:\/\/laalberca.com\/wp-content\/uploads\/2025\/11\/humilladero-la-alberca-410x434.webp 410w\" sizes=\"auto, (max-width: 680px) 100vw, 680px\" \/>\t\t\t\t\t\t\t\t\t\t\t\t\t\t\t<\/div>\n\t\t\t\t<\/div>\n\t\t\t\t<div class=\"elementor-element elementor-element-340f57f sc_fly_static elementor-widget elementor-widget-text-editor\" data-id=\"340f57f\" data-element_type=\"widget\" data-e-type=\"widget\" data-widget_type=\"text-editor.default\">\n\t\t\t\t<div class=\"elementor-widget-container\">\n\t\t\t\t\t\t\t\t\t<p><span class=\"trx_addons_tiny_text\">Antiga imagem do Humilladero.<br><\/span><\/p>\t\t\t\t\t\t\t\t<\/div>\n\t\t\t\t<\/div>\n\t\t\t\t<div class=\"elementor-element elementor-element-062daf0 sc_height_medium sc_fly_static elementor-widget elementor-widget-spacer\" data-id=\"062daf0\" data-element_type=\"widget\" data-e-type=\"widget\" data-widget_type=\"spacer.default\">\n\t\t\t\t<div class=\"elementor-widget-container\">\n\t\t\t\t\t\t\t<div class=\"elementor-spacer\">\n\t\t\t<div class=\"elementor-spacer-inner\"><\/div>\n\t\t<\/div>\n\t\t\t\t\t\t<\/div>\n\t\t\t\t<\/div>\n\t\t\t\t\t<\/div>\n\t\t<\/div>\n\t\t\t\t<div class=\"elementor-column elementor-col-50 elementor-top-column elementor-element elementor-element-371a020 sc_content_align_inherit sc_layouts_column_icons_position_left sc_fly_static\" data-id=\"371a020\" data-element_type=\"column\" data-e-type=\"column\">\n\t\t\t<div class=\"elementor-widget-wrap elementor-element-populated\">\n\t\t\t\t\t\t<div class=\"elementor-element elementor-element-1e0c1e5 sc_height_medium sc_fly_static elementor-widget elementor-widget-spacer\" data-id=\"1e0c1e5\" data-element_type=\"widget\" data-e-type=\"widget\" data-widget_type=\"spacer.default\">\n\t\t\t\t<div class=\"elementor-widget-container\">\n\t\t\t\t\t\t\t<div class=\"elementor-spacer\">\n\t\t\t<div class=\"elementor-spacer-inner\"><\/div>\n\t\t<\/div>\n\t\t\t\t\t\t<\/div>\n\t\t\t\t<\/div>\n\t\t\t\t<div class=\"elementor-element elementor-element-a17cb51 sc_fly_static elementor-widget elementor-widget-trx_sc_title\" data-id=\"a17cb51\" data-element_type=\"widget\" data-e-type=\"widget\" data-widget_type=\"trx_sc_title.default\">\n\t\t\t\t<div class=\"elementor-widget-container\">\n\t\t\t\t\t<div\t\tclass=\"sc_title sc_title_accent\" ><h2 class=\"sc_item_title sc_title_title sc_item_title_style_accent sc_item_title_tag\"\n\t\t\t><span class=\"sc_item_title_text\">Ermida do Humilladero de la Vera Cruz<\/span><\/h2><\/div>\t\t\t\t<\/div>\n\t\t\t\t<\/div>\n\t\t\t\t<div class=\"elementor-element elementor-element-57b283d sc_fly_static elementor-widget elementor-widget-spacer\" data-id=\"57b283d\" data-element_type=\"widget\" data-e-type=\"widget\" data-widget_type=\"spacer.default\">\n\t\t\t\t<div class=\"elementor-widget-container\">\n\t\t\t\t\t\t\t<div class=\"elementor-spacer\">\n\t\t\t<div class=\"elementor-spacer-inner\"><\/div>\n\t\t<\/div>\n\t\t\t\t\t\t<\/div>\n\t\t\t\t<\/div>\n\t\t\t\t<div class=\"elementor-element elementor-element-02cdfbe sc_fly_static elementor-widget elementor-widget-text-editor\" data-id=\"02cdfbe\" data-element_type=\"widget\" data-e-type=\"widget\" data-widget_type=\"text-editor.default\">\n\t\t\t\t<div class=\"elementor-widget-container\">\n\t\t\t\t\t\t\t\t\t<p><span style=\"font-weight: 400;\">Popularmente conhecida como \u201cEl Millaero\u201d, a sua exist\u00eancia j\u00e1 foi recolhida na segunda metade do s\u00e9culo XVI. O seu interior, adornado com paredes belamente decoradas, acolhe um belo calv\u00e1rio do Cristo da Miseric\u00f3rdia, bem como parte das imagens das anteriores ermidas. <\/span><\/p>\t\t\t\t\t\t\t\t<\/div>\n\t\t\t\t<\/div>\n\t\t\t\t<div class=\"elementor-element elementor-element-d1cb8d0 sc_layouts_hide_on_mobile sc_fly_static elementor-widget elementor-widget-spacer\" data-id=\"d1cb8d0\" data-element_type=\"widget\" data-e-type=\"widget\" data-widget_type=\"spacer.default\">\n\t\t\t\t<div class=\"elementor-widget-container\">\n\t\t\t\t\t\t\t<div class=\"elementor-spacer\">\n\t\t\t<div class=\"elementor-spacer-inner\"><\/div>\n\t\t<\/div>\n\t\t\t\t\t\t<\/div>\n\t\t\t\t<\/div>\n\t\t\t\t\t<\/div>\n\t\t<\/div>\n\t\t\t\t\t<\/div>\n\t\t<\/section>\n\t\t\t\t<section class=\"elementor-section elementor-top-section elementor-element elementor-element-5e2f93c scheme_dark elementor-reverse-mobile elementor-section-boxed elementor-section-height-default elementor-section-height-default sc_fly_static\" data-id=\"5e2f93c\" data-element_type=\"section\" data-e-type=\"section\" data-settings=\"{&quot;background_background&quot;:&quot;classic&quot;}\">\n\t\t\t\t\t\t<div class=\"elementor-container elementor-column-gap-extended\">\n\t\t\t\t\t<div class=\"elementor-column elementor-col-50 elementor-top-column elementor-element elementor-element-6168f8f sc_content_align_inherit sc_layouts_column_icons_position_left sc_fly_static\" data-id=\"6168f8f\" data-element_type=\"column\" data-e-type=\"column\">\n\t\t\t<div class=\"elementor-widget-wrap elementor-element-populated\">\n\t\t\t\t\t\t<div class=\"elementor-element elementor-element-e07c3f3 sc_fly_static elementor-widget elementor-widget-spacer\" data-id=\"e07c3f3\" data-element_type=\"widget\" data-e-type=\"widget\" data-widget_type=\"spacer.default\">\n\t\t\t\t<div class=\"elementor-widget-container\">\n\t\t\t\t\t\t\t<div class=\"elementor-spacer\">\n\t\t\t<div class=\"elementor-spacer-inner\"><\/div>\n\t\t<\/div>\n\t\t\t\t\t\t<\/div>\n\t\t\t\t<\/div>\n\t\t\t\t<div class=\"elementor-element elementor-element-288e711 sc_fly_static elementor-widget elementor-widget-image\" data-id=\"288e711\" data-element_type=\"widget\" data-e-type=\"widget\" data-widget_type=\"image.default\">\n\t\t\t\t<div class=\"elementor-widget-container\">\n\t\t\t\t\t\t\t\t\t\t\t\t\t\t\t<img loading=\"lazy\" decoding=\"async\" width=\"1314\" height=\"1747\" src=\"https:\/\/laalberca.com\/wp-content\/uploads\/2025\/11\/monje-entrada-monaterio-mejorada.webp\" class=\"attachment-full size-full wp-image-24641\" alt=\"Foro de monje en la entrada del convento\" srcset=\"https:\/\/laalberca.com\/wp-content\/uploads\/2025\/11\/monje-entrada-monaterio-mejorada.webp 1314w, https:\/\/laalberca.com\/wp-content\/uploads\/2025\/11\/monje-entrada-monaterio-mejorada-640x851.webp 640w, https:\/\/laalberca.com\/wp-content\/uploads\/2025\/11\/monje-entrada-monaterio-mejorada-1280x1702.webp 1280w, https:\/\/laalberca.com\/wp-content\/uploads\/2025\/11\/monje-entrada-monaterio-mejorada-1024x1361.webp 1024w, https:\/\/laalberca.com\/wp-content\/uploads\/2025\/11\/monje-entrada-monaterio-mejorada-1155x1536.webp 1155w, https:\/\/laalberca.com\/wp-content\/uploads\/2025\/11\/monje-entrada-monaterio-mejorada-370x493.webp 370w, https:\/\/laalberca.com\/wp-content\/uploads\/2025\/11\/monje-entrada-monaterio-mejorada-840x1117.webp 840w, https:\/\/laalberca.com\/wp-content\/uploads\/2025\/11\/monje-entrada-monaterio-mejorada-410x545.webp 410w\" sizes=\"auto, (max-width: 1314px) 100vw, 1314px\" \/>\t\t\t\t\t\t\t\t\t\t\t\t\t\t\t<\/div>\n\t\t\t\t<\/div>\n\t\t\t\t<div class=\"elementor-element elementor-element-938642b sc_fly_static elementor-widget elementor-widget-text-editor\" data-id=\"938642b\" data-element_type=\"widget\" data-e-type=\"widget\" data-widget_type=\"text-editor.default\">\n\t\t\t\t<div class=\"elementor-widget-container\">\n\t\t\t\t\t\t\t\t\t<p><span class=\"trx_addons_tiny_text\">Monge \u00e0 entrada do mosteiro. Kurt Hielscher. <br><\/span><\/p>\t\t\t\t\t\t\t\t<\/div>\n\t\t\t\t<\/div>\n\t\t\t\t<div class=\"elementor-element elementor-element-af4fa62 sc_height_medium sc_fly_static elementor-widget elementor-widget-spacer\" data-id=\"af4fa62\" data-element_type=\"widget\" data-e-type=\"widget\" data-widget_type=\"spacer.default\">\n\t\t\t\t<div class=\"elementor-widget-container\">\n\t\t\t\t\t\t\t<div class=\"elementor-spacer\">\n\t\t\t<div class=\"elementor-spacer-inner\"><\/div>\n\t\t<\/div>\n\t\t\t\t\t\t<\/div>\n\t\t\t\t<\/div>\n\t\t\t\t\t<\/div>\n\t\t<\/div>\n\t\t\t\t<div class=\"elementor-column elementor-col-50 elementor-top-column elementor-element elementor-element-7bc69a8 sc_content_align_inherit sc_layouts_column_icons_position_left sc_fly_static\" data-id=\"7bc69a8\" data-element_type=\"column\" data-e-type=\"column\">\n\t\t\t<div class=\"elementor-widget-wrap elementor-element-populated\">\n\t\t\t\t\t\t<div class=\"elementor-element elementor-element-a45812e sc_height_medium sc_fly_static elementor-widget elementor-widget-spacer\" data-id=\"a45812e\" data-element_type=\"widget\" data-e-type=\"widget\" data-widget_type=\"spacer.default\">\n\t\t\t\t<div class=\"elementor-widget-container\">\n\t\t\t\t\t\t\t<div class=\"elementor-spacer\">\n\t\t\t<div class=\"elementor-spacer-inner\"><\/div>\n\t\t<\/div>\n\t\t\t\t\t\t<\/div>\n\t\t\t\t<\/div>\n\t\t\t\t<div class=\"elementor-element elementor-element-2f4623e sc_fly_static elementor-widget elementor-widget-trx_sc_title\" data-id=\"2f4623e\" data-element_type=\"widget\" data-e-type=\"widget\" data-widget_type=\"trx_sc_title.default\">\n\t\t\t\t<div class=\"elementor-widget-container\">\n\t\t\t\t\t<div\t\tclass=\"sc_title sc_title_accent\" ><h2 class=\"sc_item_title sc_title_title sc_item_title_style_accent sc_item_title_tag\"\n\t\t\t><span class=\"sc_item_title_text\">Santo Deserto de San Jos\u00e9 del Monte de Las Batuecas<\/span><\/h2><\/div>\t\t\t\t<\/div>\n\t\t\t\t<\/div>\n\t\t\t\t<div class=\"elementor-element elementor-element-52e0d1b sc_fly_static elementor-widget elementor-widget-spacer\" data-id=\"52e0d1b\" data-element_type=\"widget\" data-e-type=\"widget\" data-widget_type=\"spacer.default\">\n\t\t\t\t<div class=\"elementor-widget-container\">\n\t\t\t\t\t\t\t<div class=\"elementor-spacer\">\n\t\t\t<div class=\"elementor-spacer-inner\"><\/div>\n\t\t<\/div>\n\t\t\t\t\t\t<\/div>\n\t\t\t\t<\/div>\n\t\t\t\t<div class=\"elementor-element elementor-element-31b1129 sc_fly_static elementor-widget elementor-widget-text-editor\" data-id=\"31b1129\" data-element_type=\"widget\" data-e-type=\"widget\" data-widget_type=\"text-editor.default\">\n\t\t\t\t<div class=\"elementor-widget-container\">\n\t\t\t\t\t\t\t\t\t<p><span style=\"font-weight: 400;\">Em 1599, os carmelitas descal\u00e7os estabeleceram um mosteiro de clausura no vale de Las Batuecas com as suas hortas, depend\u00eancias, ermidas, claustro, biblioteca e igreja. Depois de sofrer um grande inc\u00eandio nos finais do s\u00e9culo XIX, o complexo ficou muito deteriorado durante anos, at\u00e9 ser finalmente reedificado.  <\/span><\/p><p><span style=\"font-weight: 400;\">O convento conserva a cela da Madre Maravillas de Jes\u00fas, recentemente canonizada, e o c\u00e9lebre Padre Cadete, que vivia no oco de um sobreiro, est\u00e1 sepultado na igreja.<\/span><\/p><p><span style=\"font-weight: 400;\">Neste retiro habitaram Santa Maravillas de Jes\u00fas ou o Padre Cadete, que vivia na cavidade de um sobreiro, e dormiram Afonso XIII e Luis Bu\u00f1uel, que esteve prestes a compr\u00e1-lo.<\/span><\/p>\t\t\t\t\t\t\t\t<\/div>\n\t\t\t\t<\/div>\n\t\t\t\t<div class=\"elementor-element elementor-element-78d2083 sc_layouts_hide_on_mobile sc_fly_static elementor-widget elementor-widget-spacer\" data-id=\"78d2083\" data-element_type=\"widget\" data-e-type=\"widget\" data-widget_type=\"spacer.default\">\n\t\t\t\t<div class=\"elementor-widget-container\">\n\t\t\t\t\t\t\t<div class=\"elementor-spacer\">\n\t\t\t<div class=\"elementor-spacer-inner\"><\/div>\n\t\t<\/div>\n\t\t\t\t\t\t<\/div>\n\t\t\t\t<\/div>\n\t\t\t\t\t<\/div>\n\t\t<\/div>\n\t\t\t\t\t<\/div>\n\t\t<\/section>\n\t\t\t\t<section class=\"elementor-section elementor-top-section elementor-element elementor-element-65affe6 elementor-section-boxed elementor-section-height-default elementor-section-height-default sc_fly_static\" data-id=\"65affe6\" data-element_type=\"section\" data-e-type=\"section\" data-settings=\"{&quot;background_background&quot;:&quot;classic&quot;}\">\n\t\t\t\t\t\t<div class=\"elementor-container elementor-column-gap-extended\">\n\t\t\t\t\t<div class=\"elementor-column elementor-col-100 elementor-top-column elementor-element elementor-element-fa39ba8 sc_content_align_inherit sc_layouts_column_icons_position_left sc_fly_static\" data-id=\"fa39ba8\" data-element_type=\"column\" data-e-type=\"column\">\n\t\t\t<div class=\"elementor-widget-wrap elementor-element-populated\">\n\t\t\t\t\t\t<div class=\"elementor-element elementor-element-1bfa1f4 sc_fly_static elementor-widget elementor-widget-image\" data-id=\"1bfa1f4\" data-element_type=\"widget\" data-e-type=\"widget\" data-widget_type=\"image.default\">\n\t\t\t\t<div class=\"elementor-widget-container\">\n\t\t\t\t\t\t\t\t\t\t\t\t\t\t\t<img loading=\"lazy\" decoding=\"async\" width=\"304\" height=\"19\" src=\"https:\/\/laalberca.com\/wp-content\/uploads\/2025\/11\/separador-poste.svg\" class=\"attachment-full size-full wp-image-24565\" alt=\"\" \/>\t\t\t\t\t\t\t\t\t\t\t\t\t\t\t<\/div>\n\t\t\t\t<\/div>\n\t\t\t\t<div class=\"elementor-element elementor-element-bff269d sc_height_medium sc_fly_static elementor-widget elementor-widget-spacer\" data-id=\"bff269d\" data-element_type=\"widget\" data-e-type=\"widget\" data-widget_type=\"spacer.default\">\n\t\t\t\t<div class=\"elementor-widget-container\">\n\t\t\t\t\t\t\t<div class=\"elementor-spacer\">\n\t\t\t<div class=\"elementor-spacer-inner\"><\/div>\n\t\t<\/div>\n\t\t\t\t\t\t<\/div>\n\t\t\t\t<\/div>\n\t\t\t\t\t<\/div>\n\t\t<\/div>\n\t\t\t\t\t<\/div>\n\t\t<\/section>\n\t\t\t\t<section class=\"elementor-section elementor-top-section elementor-element elementor-element-4f790b0 scheme_dark elementor-section-boxed elementor-section-height-default elementor-section-height-default sc_fly_static\" data-id=\"4f790b0\" data-element_type=\"section\" data-e-type=\"section\" data-settings=\"{&quot;background_background&quot;:&quot;classic&quot;}\">\n\t\t\t\t\t\t<div class=\"elementor-container elementor-column-gap-extended\">\n\t\t\t\t\t<div class=\"elementor-column elementor-col-100 elementor-top-column elementor-element elementor-element-07d0eff sc_content_align_inherit sc_layouts_column_icons_position_left sc_fly_static\" data-id=\"07d0eff\" data-element_type=\"column\" data-e-type=\"column\">\n\t\t\t<div class=\"elementor-widget-wrap elementor-element-populated\">\n\t\t\t\t\t\t<div class=\"elementor-element elementor-element-ddfbdc2 sc_height_medium sc_fly_static elementor-widget elementor-widget-spacer\" data-id=\"ddfbdc2\" data-element_type=\"widget\" data-e-type=\"widget\" data-widget_type=\"spacer.default\">\n\t\t\t\t<div class=\"elementor-widget-container\">\n\t\t\t\t\t\t\t<div class=\"elementor-spacer\">\n\t\t\t<div class=\"elementor-spacer-inner\"><\/div>\n\t\t<\/div>\n\t\t\t\t\t\t<\/div>\n\t\t\t\t<\/div>\n\t\t\t\t<div class=\"elementor-element elementor-element-d9f92cd elementor-widget-mobile__width-inherit elementor-widget__width-inherit sc_fly_static elementor-widget elementor-widget-trx_sc_button\" data-id=\"d9f92cd\" data-element_type=\"widget\" data-e-type=\"widget\" data-widget_type=\"trx_sc_button.default\">\n\t\t\t\t<div class=\"elementor-widget-container\">\n\t\t\t\t\t<div\tclass=\"sc_item_button sc_button_wrap sc_align_center\" ><a href=\"https:\/\/laalberca.com\/pt-pt\/rota-da-igreja\/\" class=\"sc_button sc_button_bordered sc_button_size_large sc_button_with_icon sc_button_icon_left color_style_dark\" ><span class=\"sc_button_icon\"><span class=\"icon-left-big-1\"><\/span><\/span><span class=\"sc_button_text\"><span class=\"sc_button_title\">Voltar<\/span><\/span><\/a><\/div>\t\t\t\t<\/div>\n\t\t\t\t<\/div>\n\t\t\t\t<div class=\"elementor-element elementor-element-4b7267d sc_height_medium sc_fly_static elementor-widget elementor-widget-spacer\" data-id=\"4b7267d\" data-element_type=\"widget\" data-e-type=\"widget\" data-widget_type=\"spacer.default\">\n\t\t\t\t<div class=\"elementor-widget-container\">\n\t\t\t\t\t\t\t<div class=\"elementor-spacer\">\n\t\t\t<div class=\"elementor-spacer-inner\"><\/div>\n\t\t<\/div>\n\t\t\t\t\t\t<\/div>\n\t\t\t\t<\/div>\n\t\t\t\t\t<\/div>\n\t\t<\/div>\n\t\t\t\t\t<\/div>\n\t\t<\/section>\n\t\t\t\t<\/div>\n\t\t","protected":false},"excerpt":{"rendered":"<p>Outros edif\u00edcios religiosos Ru\u00ednas da ermida de San Marcos. Antonio Luengo Becerro. Ermida de San Marcos Constru\u00edda em 1701, veio substituir a antiga ermida de San Pedro e San Marcos,&hellip;<\/p>\n","protected":false},"author":12,"featured_media":0,"parent":0,"menu_order":0,"comment_status":"closed","ping_status":"closed","template":"","meta":{"_acf_changed":false,"footnotes":""},"class_list":["post-24642","page","type-page","status-publish","hentry"],"acf":[],"yoast_head":"<!-- This site is optimized with the Yoast SEO plugin v27.4 - https:\/\/yoast.com\/product\/yoast-seo-wordpress\/ -->\n<title>La Alberca - Mais informa\u00e7\u00f5es sobre o percurso da igreja<\/title>\n<meta name=\"robots\" content=\"noindex, nofollow\" \/>\n<meta property=\"og:locale\" content=\"pt_PT\" \/>\n<meta property=\"og:type\" content=\"article\" \/>\n<meta property=\"og:title\" content=\"La Alberca - Mais informa\u00e7\u00f5es sobre o percurso da igreja\" \/>\n<meta property=\"og:description\" content=\"Outros edif\u00edcios religiosos Ru\u00ednas da ermida de San Marcos. Antonio Luengo Becerro. Ermida de San Marcos Constru\u00edda em 1701, veio substituir a antiga ermida de San Pedro e San Marcos,&hellip;\" \/>\n<meta property=\"og:url\" content=\"https:\/\/laalberca.com\/pt-pt\/mais-informacoes-sobre-o-percurso-da-igreja\/\" \/>\n<meta property=\"og:site_name\" content=\"La Alberca\" \/>\n<meta property=\"article:modified_time\" content=\"2026-01-27T11:57:18+00:00\" \/>\n<meta property=\"og:image\" content=\"https:\/\/laalberca.com\/wp-content\/uploads\/2025\/12\/logo-surcando-la-alberca-positivo-2.png\" \/>\n\t<meta property=\"og:image:width\" content=\"800\" \/>\n\t<meta property=\"og:image:height\" content=\"566\" \/>\n\t<meta property=\"og:image:type\" content=\"image\/png\" \/>\n<meta name=\"twitter:card\" content=\"summary_large_image\" \/>\n<meta name=\"twitter:label1\" content=\"Tempo estimado de leitura\" \/>\n\t<meta name=\"twitter:data1\" content=\"3 minutos\" \/>\n<script type=\"application\/ld+json\" class=\"yoast-schema-graph\">{\"@context\":\"https:\\\/\\\/schema.org\",\"@graph\":[{\"@type\":\"WebPage\",\"@id\":\"https:\\\/\\\/laalberca.com\\\/pt-pt\\\/mais-informacoes-sobre-o-percurso-da-igreja\\\/\",\"url\":\"https:\\\/\\\/laalberca.com\\\/pt-pt\\\/mais-informacoes-sobre-o-percurso-da-igreja\\\/\",\"name\":\"La Alberca - Mais informa\u00e7\u00f5es sobre o percurso da igreja\",\"isPartOf\":{\"@id\":\"https:\\\/\\\/laalberca.com\\\/pt-pt\\\/#website\"},\"primaryImageOfPage\":{\"@id\":\"https:\\\/\\\/laalberca.com\\\/pt-pt\\\/mais-informacoes-sobre-o-percurso-da-igreja\\\/#primaryimage\"},\"image\":{\"@id\":\"https:\\\/\\\/laalberca.com\\\/pt-pt\\\/mais-informacoes-sobre-o-percurso-da-igreja\\\/#primaryimage\"},\"thumbnailUrl\":\"https:\\\/\\\/laalberca.com\\\/wp-content\\\/uploads\\\/2025\\\/12\\\/logo-surcando-la-alberca-positivo-2.png\",\"datePublished\":\"2025-11-24T08:10:59+00:00\",\"dateModified\":\"2026-01-27T11:57:18+00:00\",\"breadcrumb\":{\"@id\":\"https:\\\/\\\/laalberca.com\\\/pt-pt\\\/mais-informacoes-sobre-o-percurso-da-igreja\\\/#breadcrumb\"},\"inLanguage\":\"pt-PT\",\"potentialAction\":[{\"@type\":\"ReadAction\",\"target\":[\"https:\\\/\\\/laalberca.com\\\/pt-pt\\\/mais-informacoes-sobre-o-percurso-da-igreja\\\/\"]}]},{\"@type\":\"ImageObject\",\"inLanguage\":\"pt-PT\",\"@id\":\"https:\\\/\\\/laalberca.com\\\/pt-pt\\\/mais-informacoes-sobre-o-percurso-da-igreja\\\/#primaryimage\",\"url\":\"https:\\\/\\\/laalberca.com\\\/wp-content\\\/uploads\\\/2025\\\/12\\\/logo-surcando-la-alberca-positivo-2.png\",\"contentUrl\":\"https:\\\/\\\/laalberca.com\\\/wp-content\\\/uploads\\\/2025\\\/12\\\/logo-surcando-la-alberca-positivo-2.png\"},{\"@type\":\"BreadcrumbList\",\"@id\":\"https:\\\/\\\/laalberca.com\\\/pt-pt\\\/mais-informacoes-sobre-o-percurso-da-igreja\\\/#breadcrumb\",\"itemListElement\":[{\"@type\":\"ListItem\",\"position\":1,\"name\":\"Portada\",\"item\":\"https:\\\/\\\/laalberca.com\\\/pt-pt\\\/\"},{\"@type\":\"ListItem\",\"position\":2,\"name\":\"Mais informa\u00e7\u00f5es sobre o percurso da igreja\"}]},{\"@type\":\"WebSite\",\"@id\":\"https:\\\/\\\/laalberca.com\\\/pt-pt\\\/#website\",\"url\":\"https:\\\/\\\/laalberca.com\\\/pt-pt\\\/\",\"name\":\"La Alberca\",\"description\":\"Lugar de costumbres, tradiciones y ritos centenarios\",\"publisher\":{\"@id\":\"https:\\\/\\\/laalberca.com\\\/pt-pt\\\/#organization\"},\"potentialAction\":[{\"@type\":\"SearchAction\",\"target\":{\"@type\":\"EntryPoint\",\"urlTemplate\":\"https:\\\/\\\/laalberca.com\\\/pt-pt\\\/?s={search_term_string}\"},\"query-input\":{\"@type\":\"PropertyValueSpecification\",\"valueRequired\":true,\"valueName\":\"search_term_string\"}}],\"inLanguage\":\"pt-PT\"},{\"@type\":\"Organization\",\"@id\":\"https:\\\/\\\/laalberca.com\\\/pt-pt\\\/#organization\",\"name\":\"La Alberca\",\"url\":\"https:\\\/\\\/laalberca.com\\\/pt-pt\\\/\",\"logo\":{\"@type\":\"ImageObject\",\"inLanguage\":\"pt-PT\",\"@id\":\"https:\\\/\\\/laalberca.com\\\/pt-pt\\\/#\\\/schema\\\/logo\\\/image\\\/\",\"url\":\"https:\\\/\\\/laalberca.com\\\/wp-content\\\/uploads\\\/2022\\\/06\\\/logotipo-blanco.svg\",\"contentUrl\":\"https:\\\/\\\/laalberca.com\\\/wp-content\\\/uploads\\\/2022\\\/06\\\/logotipo-blanco.svg\",\"width\":600,\"height\":217,\"caption\":\"La Alberca\"},\"image\":{\"@id\":\"https:\\\/\\\/laalberca.com\\\/pt-pt\\\/#\\\/schema\\\/logo\\\/image\\\/\"}}]}<\/script>\n<!-- \/ Yoast SEO plugin. -->","yoast_head_json":{"title":"La Alberca - Mais informa\u00e7\u00f5es sobre o percurso da igreja","robots":{"index":"noindex","follow":"nofollow"},"og_locale":"pt_PT","og_type":"article","og_title":"La Alberca - Mais informa\u00e7\u00f5es sobre o percurso da igreja","og_description":"Outros edif\u00edcios religiosos Ru\u00ednas da ermida de San Marcos. Antonio Luengo Becerro. Ermida de San Marcos Constru\u00edda em 1701, veio substituir a antiga ermida de San Pedro e San Marcos,&hellip;","og_url":"https:\/\/laalberca.com\/pt-pt\/mais-informacoes-sobre-o-percurso-da-igreja\/","og_site_name":"La Alberca","article_modified_time":"2026-01-27T11:57:18+00:00","og_image":[{"width":800,"height":566,"url":"https:\/\/laalberca.com\/wp-content\/uploads\/2025\/12\/logo-surcando-la-alberca-positivo-2.png","type":"image\/png"}],"twitter_card":"summary_large_image","twitter_misc":{"Tempo estimado de leitura":"3 minutos"},"schema":{"@context":"https:\/\/schema.org","@graph":[{"@type":"WebPage","@id":"https:\/\/laalberca.com\/pt-pt\/mais-informacoes-sobre-o-percurso-da-igreja\/","url":"https:\/\/laalberca.com\/pt-pt\/mais-informacoes-sobre-o-percurso-da-igreja\/","name":"La Alberca - Mais informa\u00e7\u00f5es sobre o percurso da igreja","isPartOf":{"@id":"https:\/\/laalberca.com\/pt-pt\/#website"},"primaryImageOfPage":{"@id":"https:\/\/laalberca.com\/pt-pt\/mais-informacoes-sobre-o-percurso-da-igreja\/#primaryimage"},"image":{"@id":"https:\/\/laalberca.com\/pt-pt\/mais-informacoes-sobre-o-percurso-da-igreja\/#primaryimage"},"thumbnailUrl":"https:\/\/laalberca.com\/wp-content\/uploads\/2025\/12\/logo-surcando-la-alberca-positivo-2.png","datePublished":"2025-11-24T08:10:59+00:00","dateModified":"2026-01-27T11:57:18+00:00","breadcrumb":{"@id":"https:\/\/laalberca.com\/pt-pt\/mais-informacoes-sobre-o-percurso-da-igreja\/#breadcrumb"},"inLanguage":"pt-PT","potentialAction":[{"@type":"ReadAction","target":["https:\/\/laalberca.com\/pt-pt\/mais-informacoes-sobre-o-percurso-da-igreja\/"]}]},{"@type":"ImageObject","inLanguage":"pt-PT","@id":"https:\/\/laalberca.com\/pt-pt\/mais-informacoes-sobre-o-percurso-da-igreja\/#primaryimage","url":"https:\/\/laalberca.com\/wp-content\/uploads\/2025\/12\/logo-surcando-la-alberca-positivo-2.png","contentUrl":"https:\/\/laalberca.com\/wp-content\/uploads\/2025\/12\/logo-surcando-la-alberca-positivo-2.png"},{"@type":"BreadcrumbList","@id":"https:\/\/laalberca.com\/pt-pt\/mais-informacoes-sobre-o-percurso-da-igreja\/#breadcrumb","itemListElement":[{"@type":"ListItem","position":1,"name":"Portada","item":"https:\/\/laalberca.com\/pt-pt\/"},{"@type":"ListItem","position":2,"name":"Mais informa\u00e7\u00f5es sobre o percurso da igreja"}]},{"@type":"WebSite","@id":"https:\/\/laalberca.com\/pt-pt\/#website","url":"https:\/\/laalberca.com\/pt-pt\/","name":"La Alberca","description":"Lugar de costumbres, tradiciones y ritos centenarios","publisher":{"@id":"https:\/\/laalberca.com\/pt-pt\/#organization"},"potentialAction":[{"@type":"SearchAction","target":{"@type":"EntryPoint","urlTemplate":"https:\/\/laalberca.com\/pt-pt\/?s={search_term_string}"},"query-input":{"@type":"PropertyValueSpecification","valueRequired":true,"valueName":"search_term_string"}}],"inLanguage":"pt-PT"},{"@type":"Organization","@id":"https:\/\/laalberca.com\/pt-pt\/#organization","name":"La Alberca","url":"https:\/\/laalberca.com\/pt-pt\/","logo":{"@type":"ImageObject","inLanguage":"pt-PT","@id":"https:\/\/laalberca.com\/pt-pt\/#\/schema\/logo\/image\/","url":"https:\/\/laalberca.com\/wp-content\/uploads\/2022\/06\/logotipo-blanco.svg","contentUrl":"https:\/\/laalberca.com\/wp-content\/uploads\/2022\/06\/logotipo-blanco.svg","width":600,"height":217,"caption":"La Alberca"},"image":{"@id":"https:\/\/laalberca.com\/pt-pt\/#\/schema\/logo\/image\/"}}]}},"_links":{"self":[{"href":"https:\/\/laalberca.com\/pt-pt\/wp-json\/wp\/v2\/pages\/24642","targetHints":{"allow":["GET"]}}],"collection":[{"href":"https:\/\/laalberca.com\/pt-pt\/wp-json\/wp\/v2\/pages"}],"about":[{"href":"https:\/\/laalberca.com\/pt-pt\/wp-json\/wp\/v2\/types\/page"}],"author":[{"embeddable":true,"href":"https:\/\/laalberca.com\/pt-pt\/wp-json\/wp\/v2\/users\/12"}],"replies":[{"embeddable":true,"href":"https:\/\/laalberca.com\/pt-pt\/wp-json\/wp\/v2\/comments?post=24642"}],"version-history":[{"count":9,"href":"https:\/\/laalberca.com\/pt-pt\/wp-json\/wp\/v2\/pages\/24642\/revisions"}],"predecessor-version":[{"id":25637,"href":"https:\/\/laalberca.com\/pt-pt\/wp-json\/wp\/v2\/pages\/24642\/revisions\/25637"}],"wp:attachment":[{"href":"https:\/\/laalberca.com\/pt-pt\/wp-json\/wp\/v2\/media?parent=24642"}],"curies":[{"name":"wp","href":"https:\/\/api.w.org\/{rel}","templated":true}]}}