{"id":24690,"date":"2025-11-24T10:22:02","date_gmt":"2025-11-24T09:22:02","guid":{"rendered":"https:\/\/laalberca.com\/rota-da-arquitetura\/"},"modified":"2026-01-28T13:03:42","modified_gmt":"2026-01-28T12:03:42","slug":"rota-da-arquitetura","status":"publish","type":"page","link":"https:\/\/laalberca.com\/pt-pt\/rota-da-arquitetura\/","title":{"rendered":"Rota da arquitetura"},"content":{"rendered":"\t\t<div data-elementor-type=\"wp-page\" data-elementor-id=\"24690\" class=\"elementor elementor-24690 elementor-23377\" data-elementor-post-type=\"page\">\n\t\t\t\t\t\t<section class=\"elementor-section elementor-top-section elementor-element elementor-element-c57c32e elementor-section-full_width elementor-section-height-min-height elementor-section-stretched scheme_dark elementor-section-height-default elementor-section-items-middle sc_fly_static\" data-id=\"c57c32e\" data-element_type=\"section\" data-e-type=\"section\" data-settings=\"{&quot;stretch_section&quot;:&quot;section-stretched&quot;,&quot;background_background&quot;:&quot;classic&quot;}\">\n\t\t\t\t\t\t\t<div class=\"elementor-background-overlay\"><\/div>\n\t\t\t\t\t\t\t<div class=\"elementor-container elementor-column-gap-extended\">\n\t\t\t\t\t<div class=\"elementor-column elementor-col-100 elementor-top-column elementor-element elementor-element-5e2cba9 sc_layouts_column_align_center sc_layouts_column sc_content_align_inherit sc_layouts_column_icons_position_left sc_fly_static\" data-id=\"5e2cba9\" data-element_type=\"column\" data-e-type=\"column\">\n\t\t\t<div class=\"elementor-widget-wrap elementor-element-populated\">\n\t\t\t\t\t\t<div class=\"elementor-element elementor-element-6b1cdf4 sc_fly_static elementor-widget elementor-widget-spacer\" data-id=\"6b1cdf4\" data-element_type=\"widget\" data-e-type=\"widget\" data-widget_type=\"spacer.default\">\n\t\t\t\t<div class=\"elementor-widget-container\">\n\t\t\t\t\t\t\t<div class=\"elementor-spacer\">\n\t\t\t<div class=\"elementor-spacer-inner\"><\/div>\n\t\t<\/div>\n\t\t\t\t\t\t<\/div>\n\t\t\t\t<\/div>\n\t\t\t\t<div class=\"elementor-element elementor-element-100335c sc_fly_static elementor-widget elementor-widget-image\" data-id=\"100335c\" data-element_type=\"widget\" data-e-type=\"widget\" data-widget_type=\"image.default\">\n\t\t\t\t<div class=\"elementor-widget-container\">\n\t\t\t\t\t\t\t\t\t\t\t\t\t\t\t<img loading=\"lazy\" decoding=\"async\" width=\"600\" height=\"424\" src=\"https:\/\/laalberca.com\/wp-content\/uploads\/2026\/01\/logo-surcando-laalberca-texto-blanco-portugues.svg\" class=\"attachment-full size-full wp-image-24687\" alt=\"Logo surcando la alberca\" \/>\t\t\t\t\t\t\t\t\t\t\t\t\t\t\t<\/div>\n\t\t\t\t<\/div>\n\t\t\t\t<div class=\"elementor-element elementor-element-cd030a0 sc_fly_static elementor-widget elementor-widget-trx_sc_title\" data-id=\"cd030a0\" data-element_type=\"widget\" data-e-type=\"widget\" data-widget_type=\"trx_sc_title.default\">\n\t\t\t\t<div class=\"elementor-widget-container\">\n\t\t\t\t\t<div\t\tclass=\"sc_title sc_title_default\" ><h1 class=\"sc_item_title sc_title_title sc_align_center sc_item_title_style_default sc_item_title_tag\"\n\t\t\t><span class=\"sc_item_title_text\">Arquitetura<\/span><\/h1><\/div>\t\t\t\t<\/div>\n\t\t\t\t<\/div>\n\t\t\t\t<div class=\"elementor-element elementor-element-f705d88 sc_height_small sc_fly_static elementor-widget elementor-widget-spacer\" data-id=\"f705d88\" data-element_type=\"widget\" data-e-type=\"widget\" data-widget_type=\"spacer.default\">\n\t\t\t\t<div class=\"elementor-widget-container\">\n\t\t\t\t\t\t\t<div class=\"elementor-spacer\">\n\t\t\t<div class=\"elementor-spacer-inner\"><\/div>\n\t\t<\/div>\n\t\t\t\t\t\t<\/div>\n\t\t\t\t<\/div>\n\t\t\t\t<section class=\"elementor-section elementor-inner-section elementor-element elementor-element-ec34535 elementor-section-boxed elementor-section-height-default elementor-section-height-default sc_fly_static\" data-id=\"ec34535\" data-element_type=\"section\" data-e-type=\"section\">\n\t\t\t\t\t\t<div class=\"elementor-container elementor-column-gap-extended\">\n\t\t\t\t\t<div class=\"elementor-column elementor-col-33 elementor-inner-column elementor-element elementor-element-9eec488 sc_content_align_inherit sc_layouts_column_icons_position_left sc_fly_static\" data-id=\"9eec488\" data-element_type=\"column\" data-e-type=\"column\">\n\t\t\t<div class=\"elementor-widget-wrap\">\n\t\t\t\t\t\t\t<\/div>\n\t\t<\/div>\n\t\t\t\t<div class=\"elementor-column elementor-col-33 elementor-inner-column elementor-element elementor-element-b1a9d16 sc_content_align_inherit sc_layouts_column_icons_position_left sc_fly_static\" data-id=\"b1a9d16\" data-element_type=\"column\" data-e-type=\"column\">\n\t\t\t<div class=\"elementor-widget-wrap elementor-element-populated\">\n\t\t\t\t\t\t<div class=\"elementor-element elementor-element-102b95e sc_fly_static elementor-widget elementor-widget-html\" data-id=\"102b95e\" data-element_type=\"widget\" data-e-type=\"widget\" data-widget_type=\"html.default\">\n\t\t\t\t<div class=\"elementor-widget-container\">\n\t\t\t\t\t<figure>\n  <audio controls=\"\" src=\"https:\/\/laalberca.com\/wp-content\/uploads\/2026\/01\/arquitectura-pt-1.mp3\"><\/audio>\n<\/figure>\n\t\t\t\t<\/div>\n\t\t\t\t<\/div>\n\t\t\t\t<div class=\"elementor-element elementor-element-e3ac8c1 sc_fly_static elementor-widget elementor-widget-spacer\" data-id=\"e3ac8c1\" data-element_type=\"widget\" data-e-type=\"widget\" data-widget_type=\"spacer.default\">\n\t\t\t\t<div class=\"elementor-widget-container\">\n\t\t\t\t\t\t\t<div class=\"elementor-spacer\">\n\t\t\t<div class=\"elementor-spacer-inner\"><\/div>\n\t\t<\/div>\n\t\t\t\t\t\t<\/div>\n\t\t\t\t<\/div>\n\t\t\t\t<div class=\"elementor-element elementor-element-4930787 sc_fly_static elementor-widget elementor-widget-text-editor\" data-id=\"4930787\" data-element_type=\"widget\" data-e-type=\"widget\" data-widget_type=\"text-editor.default\">\n\t\t\t\t<div class=\"elementor-widget-container\">\n\t\t\t\t\t\t\t\t\t<p><em>M\u00fasica: <span style=\"font-weight: 400;\">Atairaos.<br><\/span><\/em><\/p>\t\t\t\t\t\t\t\t<\/div>\n\t\t\t\t<\/div>\n\t\t\t\t\t<\/div>\n\t\t<\/div>\n\t\t\t\t<div class=\"elementor-column elementor-col-33 elementor-inner-column elementor-element elementor-element-bdfd8dc sc_content_align_inherit sc_layouts_column_icons_position_left sc_fly_static\" data-id=\"bdfd8dc\" data-element_type=\"column\" data-e-type=\"column\">\n\t\t\t<div class=\"elementor-widget-wrap\">\n\t\t\t\t\t\t\t<\/div>\n\t\t<\/div>\n\t\t\t\t\t<\/div>\n\t\t<\/section>\n\t\t\t\t<div class=\"elementor-element elementor-element-c6275e0 sc_height_small sc_fly_static elementor-widget elementor-widget-spacer\" data-id=\"c6275e0\" data-element_type=\"widget\" data-e-type=\"widget\" data-widget_type=\"spacer.default\">\n\t\t\t\t<div class=\"elementor-widget-container\">\n\t\t\t\t\t\t\t<div class=\"elementor-spacer\">\n\t\t\t<div class=\"elementor-spacer-inner\"><\/div>\n\t\t<\/div>\n\t\t\t\t\t\t<\/div>\n\t\t\t\t<\/div>\n\t\t\t\t\t<\/div>\n\t\t<\/div>\n\t\t\t\t\t<\/div>\n\t\t<\/section>\n\t\t\t\t<section class=\"elementor-section elementor-top-section elementor-element elementor-element-836eeb4 elementor-section-boxed elementor-section-height-default elementor-section-height-default sc_fly_static\" data-id=\"836eeb4\" data-element_type=\"section\" data-e-type=\"section\" data-settings=\"{&quot;background_background&quot;:&quot;classic&quot;}\">\n\t\t\t\t\t\t<div class=\"elementor-container elementor-column-gap-extended\">\n\t\t\t\t\t<div class=\"elementor-column elementor-col-100 elementor-top-column elementor-element elementor-element-5dfa3f2 sc_content_align_inherit sc_layouts_column_icons_position_left sc_fly_static\" data-id=\"5dfa3f2\" data-element_type=\"column\" data-e-type=\"column\">\n\t\t\t<div class=\"elementor-widget-wrap elementor-element-populated\">\n\t\t\t\t\t\t<div class=\"elementor-element elementor-element-144729b sc_height_large sc_fly_static elementor-widget elementor-widget-spacer\" data-id=\"144729b\" data-element_type=\"widget\" data-e-type=\"widget\" data-widget_type=\"spacer.default\">\n\t\t\t\t<div class=\"elementor-widget-container\">\n\t\t\t\t\t\t\t<div class=\"elementor-spacer\">\n\t\t\t<div class=\"elementor-spacer-inner\"><\/div>\n\t\t<\/div>\n\t\t\t\t\t\t<\/div>\n\t\t\t\t<\/div>\n\t\t\t\t\t<\/div>\n\t\t<\/div>\n\t\t\t\t\t<\/div>\n\t\t<\/section>\n\t\t\t\t<section class=\"elementor-section elementor-top-section elementor-element elementor-element-924dbb3 scheme_light elementor-section-boxed elementor-section-height-default elementor-section-height-default sc_fly_static\" data-id=\"924dbb3\" data-element_type=\"section\" data-e-type=\"section\" data-settings=\"{&quot;background_background&quot;:&quot;classic&quot;}\">\n\t\t\t\t\t\t<div class=\"elementor-container elementor-column-gap-extended\">\n\t\t\t\t\t<div class=\"elementor-column elementor-col-100 elementor-top-column elementor-element elementor-element-3b90374 sc_content_align_inherit sc_layouts_column_icons_position_left sc_fly_static\" data-id=\"3b90374\" data-element_type=\"column\" data-e-type=\"column\">\n\t\t\t<div class=\"elementor-widget-wrap elementor-element-populated\">\n\t\t\t\t\t\t<div class=\"elementor-element elementor-element-5ee95ce sc_height_medium sc_layouts_hide_on_mobile sc_layouts_hide_on_wide sc_fly_static elementor-widget elementor-widget-spacer\" data-id=\"5ee95ce\" data-element_type=\"widget\" data-e-type=\"widget\" data-widget_type=\"spacer.default\">\n\t\t\t\t<div class=\"elementor-widget-container\">\n\t\t\t\t\t\t\t<div class=\"elementor-spacer\">\n\t\t\t<div class=\"elementor-spacer-inner\"><\/div>\n\t\t<\/div>\n\t\t\t\t\t\t<\/div>\n\t\t\t\t<\/div>\n\t\t\t\t<div class=\"elementor-element elementor-element-96178be elementor-drop-cap-yes elementor-drop-cap-view-default sc_fly_static elementor-widget elementor-widget-text-editor\" data-id=\"96178be\" data-element_type=\"widget\" data-e-type=\"widget\" data-settings=\"{&quot;drop_cap&quot;:&quot;yes&quot;}\" data-widget_type=\"text-editor.default\">\n\t\t\t\t<div class=\"elementor-widget-container\">\n\t\t\t\t\t\t\t\t\t<p>A trama urbana de La Alberca e as suas casas tradicionais converteram-se numa marca de identidade do munic\u00edpio e num dos seus maiores focos de atra\u00e7\u00e3o.<br><br>As suas habita\u00e7\u00f5es conservam o estilo serrano e s\u00e3o constru\u00eddas utilizando materiais do enquadramento como argila, granito e madeira de castanheiro.<\/p><p>Sobre o r\u00e9s-do-ch\u00e3o, erigido em pedra e utilizado tradicionalmente como quadra, levantados com as t\u00edpicas <em>tramoneras<\/em> v\u00e3o sobressaindo os seguintes andares, de forma que as caleiras dos telhados de ambos lados da rua terminam por quase se tocarem. <br><br>Estas edifica\u00e7\u00f5es t\u00edpicas, bem como as encantadoras ruas empedradas, estreitas e sinuosas, com as suas fontes, recantos e pra\u00e7as, apresentam, para alguns, influ\u00eancias \u00e1rabes, judaicas ou dos repovoadores franceses, e serviram de inspira\u00e7\u00e3o a muitas pessoas relacionadas com a arte e a cultura.<br><\/p>\t\t\t\t\t\t\t\t<\/div>\n\t\t\t\t<\/div>\n\t\t\t\t<div class=\"elementor-element elementor-element-5b085e4 sc_height_medium sc_fly_static elementor-widget elementor-widget-spacer\" data-id=\"5b085e4\" data-element_type=\"widget\" data-e-type=\"widget\" data-widget_type=\"spacer.default\">\n\t\t\t\t<div class=\"elementor-widget-container\">\n\t\t\t\t\t\t\t<div class=\"elementor-spacer\">\n\t\t\t<div class=\"elementor-spacer-inner\"><\/div>\n\t\t<\/div>\n\t\t\t\t\t\t<\/div>\n\t\t\t\t<\/div>\n\t\t\t\t\t<\/div>\n\t\t<\/div>\n\t\t\t\t\t<\/div>\n\t\t<\/section>\n\t\t\t\t<section class=\"elementor-section elementor-top-section elementor-element elementor-element-523d8f9 elementor-section-full_width elementor-section-height-default elementor-section-height-default sc_fly_static\" data-id=\"523d8f9\" data-element_type=\"section\" data-e-type=\"section\" data-settings=\"{&quot;background_background&quot;:&quot;classic&quot;}\">\n\t\t\t\t\t\t<div class=\"elementor-container elementor-column-gap-extended\">\n\t\t\t\t\t<div class=\"elementor-column elementor-col-33 elementor-top-column elementor-element elementor-element-d30c72b sc_layouts_hide_on_mobile sc_content_align_inherit sc_layouts_column_icons_position_left sc_fly_static\" data-id=\"d30c72b\" data-element_type=\"column\" data-e-type=\"column\">\n\t\t\t<div class=\"elementor-widget-wrap\">\n\t\t\t\t\t\t\t<\/div>\n\t\t<\/div>\n\t\t\t\t<div class=\"elementor-column elementor-col-33 elementor-top-column elementor-element elementor-element-6e730dd sc_content_align_inherit sc_layouts_column_icons_position_left sc_fly_static\" data-id=\"6e730dd\" data-element_type=\"column\" data-e-type=\"column\">\n\t\t\t<div class=\"elementor-widget-wrap elementor-element-populated\">\n\t\t\t\t\t\t<div class=\"elementor-element elementor-element-182af08 sc_fly_static elementor-widget elementor-widget-image\" data-id=\"182af08\" data-element_type=\"widget\" data-e-type=\"widget\" data-widget_type=\"image.default\">\n\t\t\t\t<div class=\"elementor-widget-container\">\n\t\t\t\t\t\t\t\t\t\t\t\t\t\t\t<img loading=\"lazy\" decoding=\"async\" width=\"2560\" height=\"2560\" src=\"https:\/\/laalberca.com\/wp-content\/uploads\/2025\/11\/artefinal-arquitectura-05-scaled.webp\" class=\"attachment-full size-full wp-image-24689\" alt=\"Casas t\u00edpicas en Las Espe\u00f1itas\" srcset=\"https:\/\/laalberca.com\/wp-content\/uploads\/2025\/11\/artefinal-arquitectura-05-scaled.webp 2560w, https:\/\/laalberca.com\/wp-content\/uploads\/2025\/11\/artefinal-arquitectura-05-640x640.webp 640w, https:\/\/laalberca.com\/wp-content\/uploads\/2025\/11\/artefinal-arquitectura-05-1280x1280.webp 1280w, https:\/\/laalberca.com\/wp-content\/uploads\/2025\/11\/artefinal-arquitectura-05-160x160.webp 160w, https:\/\/laalberca.com\/wp-content\/uploads\/2025\/11\/artefinal-arquitectura-05-1024x1024.webp 1024w, https:\/\/laalberca.com\/wp-content\/uploads\/2025\/11\/artefinal-arquitectura-05-1536x1536.webp 1536w, https:\/\/laalberca.com\/wp-content\/uploads\/2025\/11\/artefinal-arquitectura-05-2048x2048.webp 2048w, https:\/\/laalberca.com\/wp-content\/uploads\/2025\/11\/artefinal-arquitectura-05-370x370.webp 370w, https:\/\/laalberca.com\/wp-content\/uploads\/2025\/11\/artefinal-arquitectura-05-120x120.webp 120w, https:\/\/laalberca.com\/wp-content\/uploads\/2025\/11\/artefinal-arquitectura-05-840x840.webp 840w, https:\/\/laalberca.com\/wp-content\/uploads\/2025\/11\/artefinal-arquitectura-05-410x410.webp 410w\" sizes=\"auto, (max-width: 2560px) 100vw, 2560px\" \/>\t\t\t\t\t\t\t\t\t\t\t\t\t\t\t<\/div>\n\t\t\t\t<\/div>\n\t\t\t\t<div class=\"elementor-element elementor-element-aa0df88 sc_fly_static elementor-widget elementor-widget-text-editor\" data-id=\"aa0df88\" data-element_type=\"widget\" data-e-type=\"widget\" data-widget_type=\"text-editor.default\">\n\t\t\t\t<div class=\"elementor-widget-container\">\n\t\t\t\t\t\t\t\t\t<p><strong>Casas t\u00edpicas em Las Espe\u00f1itas.<\/strong><\/p>\t\t\t\t\t\t\t\t<\/div>\n\t\t\t\t<\/div>\n\t\t\t\t\t<\/div>\n\t\t<\/div>\n\t\t\t\t<div class=\"elementor-column elementor-col-33 elementor-top-column elementor-element elementor-element-3054003 sc_layouts_hide_on_mobile sc_content_align_inherit sc_layouts_column_icons_position_left sc_fly_static\" data-id=\"3054003\" data-element_type=\"column\" data-e-type=\"column\">\n\t\t\t<div class=\"elementor-widget-wrap\">\n\t\t\t\t\t\t\t<\/div>\n\t\t<\/div>\n\t\t\t\t\t<\/div>\n\t\t<\/section>\n\t\t\t\t<section class=\"elementor-section elementor-top-section elementor-element elementor-element-2fff5f2 elementor-section-boxed elementor-section-height-default elementor-section-height-default sc_fly_static\" data-id=\"2fff5f2\" data-element_type=\"section\" data-e-type=\"section\" data-settings=\"{&quot;background_background&quot;:&quot;classic&quot;}\">\n\t\t\t\t\t\t<div class=\"elementor-container elementor-column-gap-extended\">\n\t\t\t\t\t<div class=\"elementor-column elementor-col-100 elementor-top-column elementor-element elementor-element-316a431 sc_content_align_inherit sc_layouts_column_icons_position_left sc_fly_static\" data-id=\"316a431\" data-element_type=\"column\" data-e-type=\"column\">\n\t\t\t<div class=\"elementor-widget-wrap elementor-element-populated\">\n\t\t\t\t\t\t<div class=\"elementor-element elementor-element-986afb0 sc_height_medium sc_fly_static elementor-widget elementor-widget-spacer\" data-id=\"986afb0\" data-element_type=\"widget\" data-e-type=\"widget\" data-widget_type=\"spacer.default\">\n\t\t\t\t<div class=\"elementor-widget-container\">\n\t\t\t\t\t\t\t<div class=\"elementor-spacer\">\n\t\t\t<div class=\"elementor-spacer-inner\"><\/div>\n\t\t<\/div>\n\t\t\t\t\t\t<\/div>\n\t\t\t\t<\/div>\n\t\t\t\t<div class=\"elementor-element elementor-element-9cb7093 elementor-widget-mobile__width-inherit elementor-widget__width-inherit sc_fly_static elementor-widget elementor-widget-trx_sc_button\" data-id=\"9cb7093\" data-element_type=\"widget\" data-e-type=\"widget\" data-widget_type=\"trx_sc_button.default\">\n\t\t\t\t<div class=\"elementor-widget-container\">\n\t\t\t\t\t<div\tclass=\"sc_item_button sc_button_wrap sc_align_center\" ><a href=\"https:\/\/laalberca.com\/pt-pt\/mais-informacoes-sobre-o-percurso-de-arquitetura\/\" class=\"sc_button sc_button_bordered sc_button_size_large sc_button_with_icon sc_button_icon_left color_style_dark\" ><span class=\"sc_button_icon\"><span class=\"icon-plus-2\"><\/span><\/span><span class=\"sc_button_text\"><span class=\"sc_button_title\">INFORMA\u00c7\u00d5ES<\/span><\/span><\/a><\/div>\t\t\t\t<\/div>\n\t\t\t\t<\/div>\n\t\t\t\t<div class=\"elementor-element elementor-element-8acb0aa sc_height_large sc_fly_static elementor-widget elementor-widget-spacer\" data-id=\"8acb0aa\" data-element_type=\"widget\" data-e-type=\"widget\" data-widget_type=\"spacer.default\">\n\t\t\t\t<div class=\"elementor-widget-container\">\n\t\t\t\t\t\t\t<div class=\"elementor-spacer\">\n\t\t\t<div class=\"elementor-spacer-inner\"><\/div>\n\t\t<\/div>\n\t\t\t\t\t\t<\/div>\n\t\t\t\t<\/div>\n\t\t\t\t\t<\/div>\n\t\t<\/div>\n\t\t\t\t\t<\/div>\n\t\t<\/section>\n\t\t\t\t<section class=\"elementor-section elementor-top-section elementor-element elementor-element-d989cba elementor-section-boxed elementor-section-height-default elementor-section-height-default sc_fly_static\" data-id=\"d989cba\" data-element_type=\"section\" data-e-type=\"section\">\n\t\t\t\t\t\t<div class=\"elementor-container elementor-column-gap-extended\">\n\t\t\t\t\t<div class=\"elementor-column elementor-col-100 elementor-top-column elementor-element elementor-element-19ca363 sc_content_align_inherit sc_layouts_column_icons_position_left sc_fly_static\" data-id=\"19ca363\" data-element_type=\"column\" data-e-type=\"column\">\n\t\t\t<div class=\"elementor-widget-wrap elementor-element-populated\">\n\t\t\t\t\t\t<div class=\"elementor-element elementor-element-8598988 sc_height_large sc_fly_static elementor-widget elementor-widget-spacer\" data-id=\"8598988\" data-element_type=\"widget\" data-e-type=\"widget\" data-widget_type=\"spacer.default\">\n\t\t\t\t<div class=\"elementor-widget-container\">\n\t\t\t\t\t\t\t<div class=\"elementor-spacer\">\n\t\t\t<div class=\"elementor-spacer-inner\"><\/div>\n\t\t<\/div>\n\t\t\t\t\t\t<\/div>\n\t\t\t\t<\/div>\n\t\t\t\t<div class=\"elementor-element elementor-element-ae16466 sc_fly_static elementor-widget elementor-widget-trx_sc_title\" data-id=\"ae16466\" data-element_type=\"widget\" data-e-type=\"widget\" data-widget_type=\"trx_sc_title.default\">\n\t\t\t\t<div class=\"elementor-widget-container\">\n\t\t\t\t\t<div\t\tclass=\"sc_title sc_title_default\" ><span class=\"sc_item_subtitle sc_title_subtitle sc_align_center sc_item_subtitle_above sc_item_title_style_default\">Pr\u00f3ximo destino<\/span><h2 class=\"sc_item_title sc_title_title sc_align_center sc_item_title_style_default sc_item_title_tag\"\n\t\t\t><span class=\"sc_item_title_text\">Indument\u00e1ria tradicional<\/span><\/h2><\/div>\t\t\t\t<\/div>\n\t\t\t\t<\/div>\n\t\t\t\t<div class=\"elementor-element elementor-element-4186a0d sc_height_tiny sc_fly_static elementor-widget elementor-widget-spacer\" data-id=\"4186a0d\" data-element_type=\"widget\" data-e-type=\"widget\" data-widget_type=\"spacer.default\">\n\t\t\t\t<div class=\"elementor-widget-container\">\n\t\t\t\t\t\t\t<div class=\"elementor-spacer\">\n\t\t\t<div class=\"elementor-spacer-inner\"><\/div>\n\t\t<\/div>\n\t\t\t\t\t\t<\/div>\n\t\t\t\t<\/div>\n\t\t\t\t\t<\/div>\n\t\t<\/div>\n\t\t\t\t\t<\/div>\n\t\t<\/section>\n\t\t\t\t<section class=\"elementor-section elementor-top-section elementor-element elementor-element-7ed3163 elementor-section-full_width elementor-section-height-default elementor-section-height-default sc_fly_static\" data-id=\"7ed3163\" data-element_type=\"section\" data-e-type=\"section\">\n\t\t\t\t\t\t<div class=\"elementor-container elementor-column-gap-extended\">\n\t\t\t\t\t<div class=\"elementor-column elementor-col-33 elementor-top-column elementor-element elementor-element-2f4e604 sc_layouts_hide_on_mobile sc_content_align_inherit sc_layouts_column_icons_position_left sc_fly_static\" data-id=\"2f4e604\" data-element_type=\"column\" data-e-type=\"column\">\n\t\t\t<div class=\"elementor-widget-wrap\">\n\t\t\t\t\t\t\t<\/div>\n\t\t<\/div>\n\t\t\t\t<div class=\"elementor-column elementor-col-33 elementor-top-column elementor-element elementor-element-b70cc1c sc_content_align_inherit sc_layouts_column_icons_position_left sc_fly_static\" data-id=\"b70cc1c\" data-element_type=\"column\" data-e-type=\"column\">\n\t\t\t<div class=\"elementor-widget-wrap elementor-element-populated\">\n\t\t\t\t\t\t<div class=\"elementor-element elementor-element-42f085b sc_fly_static elementor-widget elementor-widget-shortcode\" data-id=\"42f085b\" data-element_type=\"widget\" data-e-type=\"widget\" data-widget_type=\"shortcode.default\">\n\t\t\t\t<div class=\"elementor-widget-container\">\n\t\t\t\t\t\t\t<div class=\"elementor-shortcode\">        <div class=\"rutas-mapas-container\">\n            <div \n                id=\"rutas-mapa-1\" \n                class=\"rutas-mapa\" \n                style=\"width: 100%; height: 80vh;\"\n                data-map-config='{\"source\":\"6-Arquitectura-Indumentaria\",\"useKmlLayer\":false,\"zoom\":15,\"centrar\":\"auto\",\"tipoMapa\":\"terrain\",\"geolocation\":true}'\n            >\n                <div class=\"rutas-mapa-loading\">\n                    <p>Cargando mapa...<\/p>\n                <\/div>\n            <\/div>\n        <\/div>\n        <\/div>\n\t\t\t\t\t\t<\/div>\n\t\t\t\t<\/div>\n\t\t\t\t<div class=\"elementor-element elementor-element-f9a26b3 sc_height_small sc_fly_static elementor-widget elementor-widget-spacer\" data-id=\"f9a26b3\" data-element_type=\"widget\" data-e-type=\"widget\" data-widget_type=\"spacer.default\">\n\t\t\t\t<div class=\"elementor-widget-container\">\n\t\t\t\t\t\t\t<div class=\"elementor-spacer\">\n\t\t\t<div class=\"elementor-spacer-inner\"><\/div>\n\t\t<\/div>\n\t\t\t\t\t\t<\/div>\n\t\t\t\t<\/div>\n\t\t\t\t\t<\/div>\n\t\t<\/div>\n\t\t\t\t<div class=\"elementor-column elementor-col-33 elementor-top-column elementor-element elementor-element-a61b80f sc_layouts_hide_on_mobile sc_content_align_inherit sc_layouts_column_icons_position_left sc_fly_static\" data-id=\"a61b80f\" data-element_type=\"column\" data-e-type=\"column\">\n\t\t\t<div class=\"elementor-widget-wrap\">\n\t\t\t\t\t\t\t<\/div>\n\t\t<\/div>\n\t\t\t\t\t<\/div>\n\t\t<\/section>\n\t\t\t\t<\/div>\n\t\t","protected":false},"excerpt":{"rendered":"<p>Arquitetura M\u00fasica: Atairaos. A trama urbana de La Alberca e as suas casas tradicionais converteram-se numa marca de identidade do munic\u00edpio e num dos seus maiores focos de atra\u00e7\u00e3o. As&hellip;<\/p>\n","protected":false},"author":12,"featured_media":0,"parent":0,"menu_order":0,"comment_status":"closed","ping_status":"closed","template":"","meta":{"_acf_changed":false,"footnotes":""},"class_list":["post-24690","page","type-page","status-publish","hentry"],"acf":[],"yoast_head":"<!-- This site is optimized with the Yoast SEO plugin v27.4 - https:\/\/yoast.com\/product\/yoast-seo-wordpress\/ -->\n<title>La Alberca - Rota da arquitetura<\/title>\n<meta name=\"robots\" content=\"noindex, nofollow\" \/>\n<meta property=\"og:locale\" content=\"pt_PT\" \/>\n<meta property=\"og:type\" content=\"article\" \/>\n<meta property=\"og:title\" content=\"La Alberca - Rota da arquitetura\" \/>\n<meta property=\"og:description\" content=\"Arquitetura M\u00fasica: Atairaos. A trama urbana de La Alberca e as suas casas tradicionais converteram-se numa marca de identidade do munic\u00edpio e num dos seus maiores focos de atra\u00e7\u00e3o. As&hellip;\" \/>\n<meta property=\"og:url\" content=\"https:\/\/laalberca.com\/pt-pt\/rota-da-arquitetura\/\" \/>\n<meta property=\"og:site_name\" content=\"La Alberca\" \/>\n<meta property=\"article:modified_time\" content=\"2026-01-28T12:03:42+00:00\" \/>\n<meta name=\"twitter:card\" content=\"summary_large_image\" \/>\n<meta name=\"twitter:label1\" content=\"Tempo estimado de leitura\" \/>\n\t<meta name=\"twitter:data1\" content=\"1 minuto\" \/>\n<script type=\"application\/ld+json\" class=\"yoast-schema-graph\">{\"@context\":\"https:\\\/\\\/schema.org\",\"@graph\":[{\"@type\":\"WebPage\",\"@id\":\"https:\\\/\\\/laalberca.com\\\/pt-pt\\\/rota-da-arquitetura\\\/\",\"url\":\"https:\\\/\\\/laalberca.com\\\/pt-pt\\\/rota-da-arquitetura\\\/\",\"name\":\"La Alberca - Rota da arquitetura\",\"isPartOf\":{\"@id\":\"https:\\\/\\\/laalberca.com\\\/pt-pt\\\/#website\"},\"primaryImageOfPage\":{\"@id\":\"https:\\\/\\\/laalberca.com\\\/pt-pt\\\/rota-da-arquitetura\\\/#primaryimage\"},\"image\":{\"@id\":\"https:\\\/\\\/laalberca.com\\\/pt-pt\\\/rota-da-arquitetura\\\/#primaryimage\"},\"thumbnailUrl\":\"https:\\\/\\\/laalberca.com\\\/wp-content\\\/uploads\\\/2025\\\/11\\\/logo-surcando-la-alberca.svg\",\"datePublished\":\"2025-11-24T09:22:02+00:00\",\"dateModified\":\"2026-01-28T12:03:42+00:00\",\"breadcrumb\":{\"@id\":\"https:\\\/\\\/laalberca.com\\\/pt-pt\\\/rota-da-arquitetura\\\/#breadcrumb\"},\"inLanguage\":\"pt-PT\",\"potentialAction\":[{\"@type\":\"ReadAction\",\"target\":[\"https:\\\/\\\/laalberca.com\\\/pt-pt\\\/rota-da-arquitetura\\\/\"]}]},{\"@type\":\"ImageObject\",\"inLanguage\":\"pt-PT\",\"@id\":\"https:\\\/\\\/laalberca.com\\\/pt-pt\\\/rota-da-arquitetura\\\/#primaryimage\",\"url\":\"https:\\\/\\\/laalberca.com\\\/wp-content\\\/uploads\\\/2025\\\/11\\\/logo-surcando-la-alberca.svg\",\"contentUrl\":\"https:\\\/\\\/laalberca.com\\\/wp-content\\\/uploads\\\/2025\\\/11\\\/logo-surcando-la-alberca.svg\"},{\"@type\":\"BreadcrumbList\",\"@id\":\"https:\\\/\\\/laalberca.com\\\/pt-pt\\\/rota-da-arquitetura\\\/#breadcrumb\",\"itemListElement\":[{\"@type\":\"ListItem\",\"position\":1,\"name\":\"Portada\",\"item\":\"https:\\\/\\\/laalberca.com\\\/pt-pt\\\/\"},{\"@type\":\"ListItem\",\"position\":2,\"name\":\"Rota da arquitetura\"}]},{\"@type\":\"WebSite\",\"@id\":\"https:\\\/\\\/laalberca.com\\\/pt-pt\\\/#website\",\"url\":\"https:\\\/\\\/laalberca.com\\\/pt-pt\\\/\",\"name\":\"La Alberca\",\"description\":\"Lugar de costumbres, tradiciones y ritos centenarios\",\"publisher\":{\"@id\":\"https:\\\/\\\/laalberca.com\\\/pt-pt\\\/#organization\"},\"potentialAction\":[{\"@type\":\"SearchAction\",\"target\":{\"@type\":\"EntryPoint\",\"urlTemplate\":\"https:\\\/\\\/laalberca.com\\\/pt-pt\\\/?s={search_term_string}\"},\"query-input\":{\"@type\":\"PropertyValueSpecification\",\"valueRequired\":true,\"valueName\":\"search_term_string\"}}],\"inLanguage\":\"pt-PT\"},{\"@type\":\"Organization\",\"@id\":\"https:\\\/\\\/laalberca.com\\\/pt-pt\\\/#organization\",\"name\":\"La Alberca\",\"url\":\"https:\\\/\\\/laalberca.com\\\/pt-pt\\\/\",\"logo\":{\"@type\":\"ImageObject\",\"inLanguage\":\"pt-PT\",\"@id\":\"https:\\\/\\\/laalberca.com\\\/pt-pt\\\/#\\\/schema\\\/logo\\\/image\\\/\",\"url\":\"https:\\\/\\\/laalberca.com\\\/wp-content\\\/uploads\\\/2022\\\/06\\\/logotipo-blanco.svg\",\"contentUrl\":\"https:\\\/\\\/laalberca.com\\\/wp-content\\\/uploads\\\/2022\\\/06\\\/logotipo-blanco.svg\",\"width\":600,\"height\":217,\"caption\":\"La Alberca\"},\"image\":{\"@id\":\"https:\\\/\\\/laalberca.com\\\/pt-pt\\\/#\\\/schema\\\/logo\\\/image\\\/\"}}]}<\/script>\n<!-- \/ Yoast SEO plugin. -->","yoast_head_json":{"title":"La Alberca - Rota da arquitetura","robots":{"index":"noindex","follow":"nofollow"},"og_locale":"pt_PT","og_type":"article","og_title":"La Alberca - Rota da arquitetura","og_description":"Arquitetura M\u00fasica: Atairaos. A trama urbana de La Alberca e as suas casas tradicionais converteram-se numa marca de identidade do munic\u00edpio e num dos seus maiores focos de atra\u00e7\u00e3o. As&hellip;","og_url":"https:\/\/laalberca.com\/pt-pt\/rota-da-arquitetura\/","og_site_name":"La Alberca","article_modified_time":"2026-01-28T12:03:42+00:00","twitter_card":"summary_large_image","twitter_misc":{"Tempo estimado de leitura":"1 minuto"},"schema":{"@context":"https:\/\/schema.org","@graph":[{"@type":"WebPage","@id":"https:\/\/laalberca.com\/pt-pt\/rota-da-arquitetura\/","url":"https:\/\/laalberca.com\/pt-pt\/rota-da-arquitetura\/","name":"La Alberca - Rota da arquitetura","isPartOf":{"@id":"https:\/\/laalberca.com\/pt-pt\/#website"},"primaryImageOfPage":{"@id":"https:\/\/laalberca.com\/pt-pt\/rota-da-arquitetura\/#primaryimage"},"image":{"@id":"https:\/\/laalberca.com\/pt-pt\/rota-da-arquitetura\/#primaryimage"},"thumbnailUrl":"https:\/\/laalberca.com\/wp-content\/uploads\/2025\/11\/logo-surcando-la-alberca.svg","datePublished":"2025-11-24T09:22:02+00:00","dateModified":"2026-01-28T12:03:42+00:00","breadcrumb":{"@id":"https:\/\/laalberca.com\/pt-pt\/rota-da-arquitetura\/#breadcrumb"},"inLanguage":"pt-PT","potentialAction":[{"@type":"ReadAction","target":["https:\/\/laalberca.com\/pt-pt\/rota-da-arquitetura\/"]}]},{"@type":"ImageObject","inLanguage":"pt-PT","@id":"https:\/\/laalberca.com\/pt-pt\/rota-da-arquitetura\/#primaryimage","url":"https:\/\/laalberca.com\/wp-content\/uploads\/2025\/11\/logo-surcando-la-alberca.svg","contentUrl":"https:\/\/laalberca.com\/wp-content\/uploads\/2025\/11\/logo-surcando-la-alberca.svg"},{"@type":"BreadcrumbList","@id":"https:\/\/laalberca.com\/pt-pt\/rota-da-arquitetura\/#breadcrumb","itemListElement":[{"@type":"ListItem","position":1,"name":"Portada","item":"https:\/\/laalberca.com\/pt-pt\/"},{"@type":"ListItem","position":2,"name":"Rota da arquitetura"}]},{"@type":"WebSite","@id":"https:\/\/laalberca.com\/pt-pt\/#website","url":"https:\/\/laalberca.com\/pt-pt\/","name":"La Alberca","description":"Lugar de costumbres, tradiciones y ritos centenarios","publisher":{"@id":"https:\/\/laalberca.com\/pt-pt\/#organization"},"potentialAction":[{"@type":"SearchAction","target":{"@type":"EntryPoint","urlTemplate":"https:\/\/laalberca.com\/pt-pt\/?s={search_term_string}"},"query-input":{"@type":"PropertyValueSpecification","valueRequired":true,"valueName":"search_term_string"}}],"inLanguage":"pt-PT"},{"@type":"Organization","@id":"https:\/\/laalberca.com\/pt-pt\/#organization","name":"La Alberca","url":"https:\/\/laalberca.com\/pt-pt\/","logo":{"@type":"ImageObject","inLanguage":"pt-PT","@id":"https:\/\/laalberca.com\/pt-pt\/#\/schema\/logo\/image\/","url":"https:\/\/laalberca.com\/wp-content\/uploads\/2022\/06\/logotipo-blanco.svg","contentUrl":"https:\/\/laalberca.com\/wp-content\/uploads\/2022\/06\/logotipo-blanco.svg","width":600,"height":217,"caption":"La Alberca"},"image":{"@id":"https:\/\/laalberca.com\/pt-pt\/#\/schema\/logo\/image\/"}}]}},"_links":{"self":[{"href":"https:\/\/laalberca.com\/pt-pt\/wp-json\/wp\/v2\/pages\/24690","targetHints":{"allow":["GET"]}}],"collection":[{"href":"https:\/\/laalberca.com\/pt-pt\/wp-json\/wp\/v2\/pages"}],"about":[{"href":"https:\/\/laalberca.com\/pt-pt\/wp-json\/wp\/v2\/types\/page"}],"author":[{"embeddable":true,"href":"https:\/\/laalberca.com\/pt-pt\/wp-json\/wp\/v2\/users\/12"}],"replies":[{"embeddable":true,"href":"https:\/\/laalberca.com\/pt-pt\/wp-json\/wp\/v2\/comments?post=24690"}],"version-history":[{"count":12,"href":"https:\/\/laalberca.com\/pt-pt\/wp-json\/wp\/v2\/pages\/24690\/revisions"}],"predecessor-version":[{"id":25702,"href":"https:\/\/laalberca.com\/pt-pt\/wp-json\/wp\/v2\/pages\/24690\/revisions\/25702"}],"wp:attachment":[{"href":"https:\/\/laalberca.com\/pt-pt\/wp-json\/wp\/v2\/media?parent=24690"}],"curies":[{"name":"wp","href":"https:\/\/api.w.org\/{rel}","templated":true}]}}