{"id":24703,"date":"2025-11-21T13:56:18","date_gmt":"2025-11-21T12:56:18","guid":{"rendered":"https:\/\/laalberca.com\/rota-da-igreja\/"},"modified":"2026-01-23T10:30:02","modified_gmt":"2026-01-23T09:30:02","slug":"rota-da-igreja","status":"publish","type":"page","link":"https:\/\/laalberca.com\/pt-pt\/rota-da-igreja\/","title":{"rendered":"Rota da Igreja"},"content":{"rendered":"\t\t<div data-elementor-type=\"wp-page\" data-elementor-id=\"24703\" class=\"elementor elementor-24703 elementor-23300\" data-elementor-post-type=\"page\">\n\t\t\t\t\t\t<section class=\"elementor-section elementor-top-section elementor-element elementor-element-c57c32e elementor-section-full_width elementor-section-height-min-height elementor-section-stretched scheme_dark elementor-section-height-default elementor-section-items-middle sc_fly_static\" data-id=\"c57c32e\" data-element_type=\"section\" data-e-type=\"section\" data-settings=\"{&quot;stretch_section&quot;:&quot;section-stretched&quot;,&quot;background_background&quot;:&quot;classic&quot;}\">\n\t\t\t\t\t\t\t<div class=\"elementor-background-overlay\"><\/div>\n\t\t\t\t\t\t\t<div class=\"elementor-container elementor-column-gap-extended\">\n\t\t\t\t\t<div class=\"elementor-column elementor-col-100 elementor-top-column elementor-element elementor-element-5e2cba9 sc_layouts_column_align_center sc_layouts_column sc_content_align_inherit sc_layouts_column_icons_position_left sc_fly_static\" data-id=\"5e2cba9\" data-element_type=\"column\" data-e-type=\"column\">\n\t\t\t<div class=\"elementor-widget-wrap elementor-element-populated\">\n\t\t\t\t\t\t<div class=\"elementor-element elementor-element-b78904e sc_fly_static elementor-widget elementor-widget-spacer\" data-id=\"b78904e\" data-element_type=\"widget\" data-e-type=\"widget\" data-widget_type=\"spacer.default\">\n\t\t\t\t<div class=\"elementor-widget-container\">\n\t\t\t\t\t\t\t<div class=\"elementor-spacer\">\n\t\t\t<div class=\"elementor-spacer-inner\"><\/div>\n\t\t<\/div>\n\t\t\t\t\t\t<\/div>\n\t\t\t\t<\/div>\n\t\t\t\t<div class=\"elementor-element elementor-element-d1c2e01 sc_fly_static elementor-widget elementor-widget-image\" data-id=\"d1c2e01\" data-element_type=\"widget\" data-e-type=\"widget\" data-widget_type=\"image.default\">\n\t\t\t\t<div class=\"elementor-widget-container\">\n\t\t\t\t\t\t\t\t\t\t\t\t\t\t\t<img loading=\"lazy\" decoding=\"async\" width=\"600\" height=\"424\" src=\"https:\/\/laalberca.com\/wp-content\/uploads\/2026\/01\/logo-surcando-laalberca-texto-blanco-portugues.svg\" class=\"attachment-full size-full wp-image-24687\" alt=\"Logo surcando la alberca\" \/>\t\t\t\t\t\t\t\t\t\t\t\t\t\t\t<\/div>\n\t\t\t\t<\/div>\n\t\t\t\t<div class=\"elementor-element elementor-element-cd030a0 sc_fly_static elementor-widget elementor-widget-trx_sc_title\" data-id=\"cd030a0\" data-element_type=\"widget\" data-e-type=\"widget\" data-widget_type=\"trx_sc_title.default\">\n\t\t\t\t<div class=\"elementor-widget-container\">\n\t\t\t\t\t<div\t\tclass=\"sc_title sc_title_default\" ><h1 class=\"sc_item_title sc_title_title sc_align_center sc_item_title_style_default sc_item_title_tag\"\n\t\t\t><span class=\"sc_item_title_text\">Igreja paroquial<\/span><\/h1><\/div>\t\t\t\t<\/div>\n\t\t\t\t<\/div>\n\t\t\t\t<div class=\"elementor-element elementor-element-f705d88 sc_height_small sc_fly_static elementor-widget elementor-widget-spacer\" data-id=\"f705d88\" data-element_type=\"widget\" data-e-type=\"widget\" data-widget_type=\"spacer.default\">\n\t\t\t\t<div class=\"elementor-widget-container\">\n\t\t\t\t\t\t\t<div class=\"elementor-spacer\">\n\t\t\t<div class=\"elementor-spacer-inner\"><\/div>\n\t\t<\/div>\n\t\t\t\t\t\t<\/div>\n\t\t\t\t<\/div>\n\t\t\t\t<section class=\"elementor-section elementor-inner-section elementor-element elementor-element-ec34535 elementor-section-boxed elementor-section-height-default elementor-section-height-default sc_fly_static\" data-id=\"ec34535\" data-element_type=\"section\" data-e-type=\"section\">\n\t\t\t\t\t\t<div class=\"elementor-container elementor-column-gap-extended\">\n\t\t\t\t\t<div class=\"elementor-column elementor-col-33 elementor-inner-column elementor-element elementor-element-9eec488 sc_content_align_inherit sc_layouts_column_icons_position_left sc_fly_static\" data-id=\"9eec488\" data-element_type=\"column\" data-e-type=\"column\">\n\t\t\t<div class=\"elementor-widget-wrap\">\n\t\t\t\t\t\t\t<\/div>\n\t\t<\/div>\n\t\t\t\t<div class=\"elementor-column elementor-col-33 elementor-inner-column elementor-element elementor-element-b1a9d16 sc_content_align_inherit sc_layouts_column_icons_position_left sc_fly_static\" data-id=\"b1a9d16\" data-element_type=\"column\" data-e-type=\"column\">\n\t\t\t<div class=\"elementor-widget-wrap elementor-element-populated\">\n\t\t\t\t\t\t<div class=\"elementor-element elementor-element-6538964 sc_fly_static elementor-widget elementor-widget-html\" data-id=\"6538964\" data-element_type=\"widget\" data-e-type=\"widget\" data-widget_type=\"html.default\">\n\t\t\t\t<div class=\"elementor-widget-container\">\n\t\t\t\t\t<figure>\n  <audio controls=\"\" src=\"https:\/\/laalberca.com\/wp-content\/uploads\/2026\/01\/iglesia-parroquial-pt-1.mp3\"><\/audio>\n<\/figure>\n\t\t\t\t<\/div>\n\t\t\t\t<\/div>\n\t\t\t\t<div class=\"elementor-element elementor-element-e3ac8c1 sc_fly_static elementor-widget elementor-widget-spacer\" data-id=\"e3ac8c1\" data-element_type=\"widget\" data-e-type=\"widget\" data-widget_type=\"spacer.default\">\n\t\t\t\t<div class=\"elementor-widget-container\">\n\t\t\t\t\t\t\t<div class=\"elementor-spacer\">\n\t\t\t<div class=\"elementor-spacer-inner\"><\/div>\n\t\t<\/div>\n\t\t\t\t\t\t<\/div>\n\t\t\t\t<\/div>\n\t\t\t\t<div class=\"elementor-element elementor-element-505c353 sc_fly_static elementor-widget elementor-widget-text-editor\" data-id=\"505c353\" data-element_type=\"widget\" data-e-type=\"widget\" data-widget_type=\"text-editor.default\">\n\t\t\t\t<div class=\"elementor-widget-container\">\n\t\t\t\t\t\t\t\t\t<p><em>M\u00fasica: <span style=\"font-weight: 400;\">Atairaos.<br>Fotografia: Antonio Luengo Becerro.<\/span><\/em><\/p>\t\t\t\t\t\t\t\t<\/div>\n\t\t\t\t<\/div>\n\t\t\t\t\t<\/div>\n\t\t<\/div>\n\t\t\t\t<div class=\"elementor-column elementor-col-33 elementor-inner-column elementor-element elementor-element-bdfd8dc sc_content_align_inherit sc_layouts_column_icons_position_left sc_fly_static\" data-id=\"bdfd8dc\" data-element_type=\"column\" data-e-type=\"column\">\n\t\t\t<div class=\"elementor-widget-wrap\">\n\t\t\t\t\t\t\t<\/div>\n\t\t<\/div>\n\t\t\t\t\t<\/div>\n\t\t<\/section>\n\t\t\t\t<div class=\"elementor-element elementor-element-c6275e0 sc_height_small sc_fly_static elementor-widget elementor-widget-spacer\" data-id=\"c6275e0\" data-element_type=\"widget\" data-e-type=\"widget\" data-widget_type=\"spacer.default\">\n\t\t\t\t<div class=\"elementor-widget-container\">\n\t\t\t\t\t\t\t<div class=\"elementor-spacer\">\n\t\t\t<div class=\"elementor-spacer-inner\"><\/div>\n\t\t<\/div>\n\t\t\t\t\t\t<\/div>\n\t\t\t\t<\/div>\n\t\t\t\t\t<\/div>\n\t\t<\/div>\n\t\t\t\t\t<\/div>\n\t\t<\/section>\n\t\t\t\t<section class=\"elementor-section elementor-top-section elementor-element elementor-element-836eeb4 elementor-section-boxed elementor-section-height-default elementor-section-height-default sc_fly_static\" data-id=\"836eeb4\" data-element_type=\"section\" data-e-type=\"section\" data-settings=\"{&quot;background_background&quot;:&quot;classic&quot;}\">\n\t\t\t\t\t\t<div class=\"elementor-container elementor-column-gap-extended\">\n\t\t\t\t\t<div class=\"elementor-column elementor-col-100 elementor-top-column elementor-element elementor-element-5dfa3f2 sc_content_align_inherit sc_layouts_column_icons_position_left sc_fly_static\" data-id=\"5dfa3f2\" data-element_type=\"column\" data-e-type=\"column\">\n\t\t\t<div class=\"elementor-widget-wrap elementor-element-populated\">\n\t\t\t\t\t\t<div class=\"elementor-element elementor-element-144729b sc_height_large sc_fly_static elementor-widget elementor-widget-spacer\" data-id=\"144729b\" data-element_type=\"widget\" data-e-type=\"widget\" data-widget_type=\"spacer.default\">\n\t\t\t\t<div class=\"elementor-widget-container\">\n\t\t\t\t\t\t\t<div class=\"elementor-spacer\">\n\t\t\t<div class=\"elementor-spacer-inner\"><\/div>\n\t\t<\/div>\n\t\t\t\t\t\t<\/div>\n\t\t\t\t<\/div>\n\t\t\t\t\t<\/div>\n\t\t<\/div>\n\t\t\t\t\t<\/div>\n\t\t<\/section>\n\t\t\t\t<section class=\"elementor-section elementor-top-section elementor-element elementor-element-924dbb3 scheme_light elementor-section-boxed elementor-section-height-default elementor-section-height-default sc_fly_static\" data-id=\"924dbb3\" data-element_type=\"section\" data-e-type=\"section\" data-settings=\"{&quot;background_background&quot;:&quot;classic&quot;}\">\n\t\t\t\t\t\t<div class=\"elementor-container elementor-column-gap-extended\">\n\t\t\t\t\t<div class=\"elementor-column elementor-col-100 elementor-top-column elementor-element elementor-element-3b90374 sc_content_align_inherit sc_layouts_column_icons_position_left sc_fly_static\" data-id=\"3b90374\" data-element_type=\"column\" data-e-type=\"column\">\n\t\t\t<div class=\"elementor-widget-wrap elementor-element-populated\">\n\t\t\t\t\t\t<div class=\"elementor-element elementor-element-7461bee sc_height_medium sc_layouts_hide_on_mobile sc_layouts_hide_on_wide sc_fly_static elementor-widget elementor-widget-spacer\" data-id=\"7461bee\" data-element_type=\"widget\" data-e-type=\"widget\" data-widget_type=\"spacer.default\">\n\t\t\t\t<div class=\"elementor-widget-container\">\n\t\t\t\t\t\t\t<div class=\"elementor-spacer\">\n\t\t\t<div class=\"elementor-spacer-inner\"><\/div>\n\t\t<\/div>\n\t\t\t\t\t\t<\/div>\n\t\t\t\t<\/div>\n\t\t\t\t<div class=\"elementor-element elementor-element-96178be elementor-drop-cap-yes elementor-drop-cap-view-default sc_fly_static elementor-widget elementor-widget-text-editor\" data-id=\"96178be\" data-element_type=\"widget\" data-e-type=\"widget\" data-settings=\"{&quot;drop_cap&quot;:&quot;yes&quot;}\" data-widget_type=\"text-editor.default\">\n\t\t\t\t<div class=\"elementor-widget-container\">\n\t\t\t\t\t\t\t\t\t<p>A igreja paroquial de Nuestra Se\u00f1ora de la Asunci\u00f3n \u00e9 o edif\u00edcio de maior categoria arquitet\u00f3nica da localidade. Foi erguida no s\u00e9culo XVIII sobre um templo anterior, do s\u00e9culo XVI, do qual ainda conservamos a torre e o antigo presbit\u00e9rio com a sua ab\u00f3bada g\u00f3tica estrelada. <\/p><p>Em 1729, iniciaram-se os procedimentos para demolir a igreja original e construir a nova, cuja obra foi encomendada a Manuel de Lara Churriguera.<\/p><p>O projeto original sofreu algumas modifica\u00e7\u00f5es e foram acrescentados espa\u00e7os ao longo do tempo at\u00e9 que, mais de cem anos depois, se tornou a estrutura que vemos hoje: um edif\u00edcio simples, mas monumental, pr\u00f3ximo do estilo neocl\u00e1ssico, com grandes colunas de pedra e arcos que suportam ab\u00f3badas de tijolo. No seu interior conservam-se interessantes ret\u00e1bulos e esculturas, bem como um belo p\u00falpito em granito policromado. <\/p>\t\t\t\t\t\t\t\t<\/div>\n\t\t\t\t<\/div>\n\t\t\t\t<div class=\"elementor-element elementor-element-5b085e4 sc_height_medium sc_fly_static elementor-widget elementor-widget-spacer\" data-id=\"5b085e4\" data-element_type=\"widget\" data-e-type=\"widget\" data-widget_type=\"spacer.default\">\n\t\t\t\t<div class=\"elementor-widget-container\">\n\t\t\t\t\t\t\t<div class=\"elementor-spacer\">\n\t\t\t<div class=\"elementor-spacer-inner\"><\/div>\n\t\t<\/div>\n\t\t\t\t\t\t<\/div>\n\t\t\t\t<\/div>\n\t\t\t\t\t<\/div>\n\t\t<\/div>\n\t\t\t\t\t<\/div>\n\t\t<\/section>\n\t\t\t\t<section class=\"elementor-section elementor-top-section elementor-element elementor-element-00e5e9f elementor-section-full_width elementor-section-height-default elementor-section-height-default sc_fly_static\" data-id=\"00e5e9f\" data-element_type=\"section\" data-e-type=\"section\" data-settings=\"{&quot;background_background&quot;:&quot;classic&quot;}\">\n\t\t\t\t\t\t<div class=\"elementor-container elementor-column-gap-extended\">\n\t\t\t\t\t<div class=\"elementor-column elementor-col-33 elementor-top-column elementor-element elementor-element-89a6000 sc_layouts_hide_on_mobile sc_content_align_inherit sc_layouts_column_icons_position_left sc_fly_static\" data-id=\"89a6000\" data-element_type=\"column\" data-e-type=\"column\">\n\t\t\t<div class=\"elementor-widget-wrap\">\n\t\t\t\t\t\t\t<\/div>\n\t\t<\/div>\n\t\t\t\t<div class=\"elementor-column elementor-col-33 elementor-top-column elementor-element elementor-element-27f8f75 sc_content_align_inherit sc_layouts_column_icons_position_left sc_fly_static\" data-id=\"27f8f75\" data-element_type=\"column\" data-e-type=\"column\">\n\t\t\t<div class=\"elementor-widget-wrap elementor-element-populated\">\n\t\t\t\t\t\t<div class=\"elementor-element elementor-element-182af08 sc_fly_static elementor-widget elementor-widget-image\" data-id=\"182af08\" data-element_type=\"widget\" data-e-type=\"widget\" data-widget_type=\"image.default\">\n\t\t\t\t<div class=\"elementor-widget-container\">\n\t\t\t\t\t\t\t\t\t\t\t\t\t\t\t<img loading=\"lazy\" decoding=\"async\" width=\"606\" height=\"784\" src=\"https:\/\/laalberca.com\/wp-content\/uploads\/2025\/11\/plano-planta-iglesia-la-alberca.webp\" class=\"attachment-full size-full wp-image-24702\" alt=\"Planta de la iglesia de la alberca\" srcset=\"https:\/\/laalberca.com\/wp-content\/uploads\/2025\/11\/plano-planta-iglesia-la-alberca.webp 606w, https:\/\/laalberca.com\/wp-content\/uploads\/2025\/11\/plano-planta-iglesia-la-alberca-370x479.webp 370w, https:\/\/laalberca.com\/wp-content\/uploads\/2025\/11\/plano-planta-iglesia-la-alberca-410x530.webp 410w\" sizes=\"auto, (max-width: 606px) 100vw, 606px\" \/>\t\t\t\t\t\t\t\t\t\t\t\t\t\t\t<\/div>\n\t\t\t\t<\/div>\n\t\t\t\t<div class=\"elementor-element elementor-element-204d999 sc_fly_static elementor-widget elementor-widget-text-editor\" data-id=\"204d999\" data-element_type=\"widget\" data-e-type=\"widget\" data-widget_type=\"text-editor.default\">\n\t\t\t\t<div class=\"elementor-widget-container\">\n\t\t\t\t\t\t\t\t\t<p><strong>Planta da igreja de La Alberca.<\/strong><\/p>\t\t\t\t\t\t\t\t<\/div>\n\t\t\t\t<\/div>\n\t\t\t\t\t<\/div>\n\t\t<\/div>\n\t\t\t\t<div class=\"elementor-column elementor-col-33 elementor-top-column elementor-element elementor-element-3e0deba sc_layouts_hide_on_mobile sc_content_align_inherit sc_layouts_column_icons_position_left sc_fly_static\" data-id=\"3e0deba\" data-element_type=\"column\" data-e-type=\"column\">\n\t\t\t<div class=\"elementor-widget-wrap\">\n\t\t\t\t\t\t\t<\/div>\n\t\t<\/div>\n\t\t\t\t\t<\/div>\n\t\t<\/section>\n\t\t\t\t<section class=\"elementor-section elementor-top-section elementor-element elementor-element-9393dff elementor-section-boxed elementor-section-height-default elementor-section-height-default sc_fly_static\" data-id=\"9393dff\" data-element_type=\"section\" data-e-type=\"section\" data-settings=\"{&quot;background_background&quot;:&quot;classic&quot;}\">\n\t\t\t\t\t\t<div class=\"elementor-container elementor-column-gap-extended\">\n\t\t\t\t\t<div class=\"elementor-column elementor-col-100 elementor-top-column elementor-element elementor-element-64e0c23 sc_content_align_inherit sc_layouts_column_icons_position_left sc_fly_static\" data-id=\"64e0c23\" data-element_type=\"column\" data-e-type=\"column\">\n\t\t\t<div class=\"elementor-widget-wrap elementor-element-populated\">\n\t\t\t\t\t\t<div class=\"elementor-element elementor-element-24e5a7a sc_height_medium sc_fly_static elementor-widget elementor-widget-spacer\" data-id=\"24e5a7a\" data-element_type=\"widget\" data-e-type=\"widget\" data-widget_type=\"spacer.default\">\n\t\t\t\t<div class=\"elementor-widget-container\">\n\t\t\t\t\t\t\t<div class=\"elementor-spacer\">\n\t\t\t<div class=\"elementor-spacer-inner\"><\/div>\n\t\t<\/div>\n\t\t\t\t\t\t<\/div>\n\t\t\t\t<\/div>\n\t\t\t\t<div class=\"elementor-element elementor-element-9cb7093 elementor-widget-mobile__width-inherit elementor-widget__width-inherit sc_fly_static elementor-widget elementor-widget-trx_sc_button\" data-id=\"9cb7093\" data-element_type=\"widget\" data-e-type=\"widget\" data-widget_type=\"trx_sc_button.default\">\n\t\t\t\t<div class=\"elementor-widget-container\">\n\t\t\t\t\t<div\tclass=\"sc_item_button sc_button_wrap sc_align_center\" ><a href=\"https:\/\/laalberca.com\/pt-pt\/mais-informacoes-sobre-o-percurso-da-igreja\/\" class=\"sc_button sc_button_bordered sc_button_size_large sc_button_with_icon sc_button_icon_left color_style_dark\" ><span class=\"sc_button_icon\"><span class=\"icon-plus-2\"><\/span><\/span><span class=\"sc_button_text\"><span class=\"sc_button_title\">INFORMA\u00c7\u00d5ES<\/span><\/span><\/a><\/div>\t\t\t\t<\/div>\n\t\t\t\t<\/div>\n\t\t\t\t<div class=\"elementor-element elementor-element-7b78c71 sc_height_large sc_fly_static elementor-widget elementor-widget-spacer\" data-id=\"7b78c71\" data-element_type=\"widget\" data-e-type=\"widget\" data-widget_type=\"spacer.default\">\n\t\t\t\t<div class=\"elementor-widget-container\">\n\t\t\t\t\t\t\t<div class=\"elementor-spacer\">\n\t\t\t<div class=\"elementor-spacer-inner\"><\/div>\n\t\t<\/div>\n\t\t\t\t\t\t<\/div>\n\t\t\t\t<\/div>\n\t\t\t\t\t<\/div>\n\t\t<\/div>\n\t\t\t\t\t<\/div>\n\t\t<\/section>\n\t\t\t\t<section class=\"elementor-section elementor-top-section elementor-element elementor-element-d6fd90e elementor-section-boxed elementor-section-height-default elementor-section-height-default sc_fly_static\" data-id=\"d6fd90e\" data-element_type=\"section\" data-e-type=\"section\">\n\t\t\t\t\t\t<div class=\"elementor-container elementor-column-gap-extended\">\n\t\t\t\t\t<div class=\"elementor-column elementor-col-100 elementor-top-column elementor-element elementor-element-437e13d sc_content_align_inherit sc_layouts_column_icons_position_left sc_fly_static\" data-id=\"437e13d\" data-element_type=\"column\" data-e-type=\"column\">\n\t\t\t<div class=\"elementor-widget-wrap elementor-element-populated\">\n\t\t\t\t\t\t<div class=\"elementor-element elementor-element-152c590 sc_height_large sc_fly_static elementor-widget elementor-widget-spacer\" data-id=\"152c590\" data-element_type=\"widget\" data-e-type=\"widget\" data-widget_type=\"spacer.default\">\n\t\t\t\t<div class=\"elementor-widget-container\">\n\t\t\t\t\t\t\t<div class=\"elementor-spacer\">\n\t\t\t<div class=\"elementor-spacer-inner\"><\/div>\n\t\t<\/div>\n\t\t\t\t\t\t<\/div>\n\t\t\t\t<\/div>\n\t\t\t\t<div class=\"elementor-element elementor-element-c946453 sc_fly_static elementor-widget elementor-widget-trx_sc_title\" data-id=\"c946453\" data-element_type=\"widget\" data-e-type=\"widget\" data-widget_type=\"trx_sc_title.default\">\n\t\t\t\t<div class=\"elementor-widget-container\">\n\t\t\t\t\t<div\t\tclass=\"sc_title sc_title_default\" ><span class=\"sc_item_subtitle sc_title_subtitle sc_align_center sc_item_subtitle_above sc_item_title_style_default\">Pr\u00f3ximo destino<\/span><h2 class=\"sc_item_title sc_title_title sc_align_center sc_item_title_style_default sc_item_title_tag\"\n\t\t\t><span class=\"sc_item_title_text\">Arquitetura<\/span><\/h2><\/div>\t\t\t\t<\/div>\n\t\t\t\t<\/div>\n\t\t\t\t<div class=\"elementor-element elementor-element-82c140b sc_height_tiny sc_fly_static elementor-widget elementor-widget-spacer\" data-id=\"82c140b\" data-element_type=\"widget\" data-e-type=\"widget\" data-widget_type=\"spacer.default\">\n\t\t\t\t<div class=\"elementor-widget-container\">\n\t\t\t\t\t\t\t<div class=\"elementor-spacer\">\n\t\t\t<div class=\"elementor-spacer-inner\"><\/div>\n\t\t<\/div>\n\t\t\t\t\t\t<\/div>\n\t\t\t\t<\/div>\n\t\t\t\t\t<\/div>\n\t\t<\/div>\n\t\t\t\t\t<\/div>\n\t\t<\/section>\n\t\t\t\t<section class=\"elementor-section elementor-top-section elementor-element elementor-element-57a3195 elementor-section-full_width elementor-section-height-default elementor-section-height-default sc_fly_static\" data-id=\"57a3195\" data-element_type=\"section\" data-e-type=\"section\">\n\t\t\t\t\t\t<div class=\"elementor-container elementor-column-gap-extended\">\n\t\t\t\t\t<div class=\"elementor-column elementor-col-33 elementor-top-column elementor-element elementor-element-f7aaeec sc_layouts_hide_on_mobile sc_content_align_inherit sc_layouts_column_icons_position_left sc_fly_static\" data-id=\"f7aaeec\" data-element_type=\"column\" data-e-type=\"column\">\n\t\t\t<div class=\"elementor-widget-wrap\">\n\t\t\t\t\t\t\t<\/div>\n\t\t<\/div>\n\t\t\t\t<div class=\"elementor-column elementor-col-33 elementor-top-column elementor-element elementor-element-6256878 sc_content_align_inherit sc_layouts_column_icons_position_left sc_fly_static\" data-id=\"6256878\" data-element_type=\"column\" data-e-type=\"column\">\n\t\t\t<div class=\"elementor-widget-wrap elementor-element-populated\">\n\t\t\t\t\t\t<div class=\"elementor-element elementor-element-5013ab8 sc_fly_static elementor-widget elementor-widget-shortcode\" data-id=\"5013ab8\" data-element_type=\"widget\" data-e-type=\"widget\" data-widget_type=\"shortcode.default\">\n\t\t\t\t<div class=\"elementor-widget-container\">\n\t\t\t\t\t\t\t<div class=\"elementor-shortcode\">        <div class=\"rutas-mapas-container\">\n            <div \n                id=\"rutas-mapa-1\" \n                class=\"rutas-mapa\" \n                style=\"width: 100%; height: 80vh;\"\n                data-map-config='{\"source\":\"5_Iglesia-Arquitectura\",\"useKmlLayer\":false,\"zoom\":15,\"centrar\":\"auto\",\"tipoMapa\":\"terrain\",\"geolocation\":true}'\n            >\n                <div class=\"rutas-mapa-loading\">\n                    <p>Cargando mapa...<\/p>\n                <\/div>\n            <\/div>\n        <\/div>\n        <\/div>\n\t\t\t\t\t\t<\/div>\n\t\t\t\t<\/div>\n\t\t\t\t<div class=\"elementor-element elementor-element-5948bd0 sc_height_small sc_fly_static elementor-widget elementor-widget-spacer\" data-id=\"5948bd0\" data-element_type=\"widget\" data-e-type=\"widget\" data-widget_type=\"spacer.default\">\n\t\t\t\t<div class=\"elementor-widget-container\">\n\t\t\t\t\t\t\t<div class=\"elementor-spacer\">\n\t\t\t<div class=\"elementor-spacer-inner\"><\/div>\n\t\t<\/div>\n\t\t\t\t\t\t<\/div>\n\t\t\t\t<\/div>\n\t\t\t\t\t<\/div>\n\t\t<\/div>\n\t\t\t\t<div class=\"elementor-column elementor-col-33 elementor-top-column elementor-element elementor-element-a7c8ddb sc_layouts_hide_on_mobile sc_content_align_inherit sc_layouts_column_icons_position_left sc_fly_static\" data-id=\"a7c8ddb\" data-element_type=\"column\" data-e-type=\"column\">\n\t\t\t<div class=\"elementor-widget-wrap\">\n\t\t\t\t\t\t\t<\/div>\n\t\t<\/div>\n\t\t\t\t\t<\/div>\n\t\t<\/section>\n\t\t\t\t<\/div>\n\t\t","protected":false},"excerpt":{"rendered":"<p>Igreja paroquial M\u00fasica: Atairaos.Fotografia: Antonio Luengo Becerro. A igreja paroquial de Nuestra Se\u00f1ora de la Asunci\u00f3n \u00e9 o edif\u00edcio de maior categoria arquitet\u00f3nica da localidade. Foi erguida no s\u00e9culo XVIII&hellip;<\/p>\n","protected":false},"author":12,"featured_media":0,"parent":0,"menu_order":0,"comment_status":"closed","ping_status":"closed","template":"","meta":{"_acf_changed":false,"footnotes":""},"class_list":["post-24703","page","type-page","status-publish","hentry"],"acf":[],"yoast_head":"<!-- This site is optimized with the Yoast SEO plugin v27.4 - https:\/\/yoast.com\/product\/yoast-seo-wordpress\/ -->\n<title>La Alberca - Rota da Igreja<\/title>\n<meta name=\"robots\" content=\"noindex, nofollow\" \/>\n<meta property=\"og:locale\" content=\"pt_PT\" \/>\n<meta property=\"og:type\" content=\"article\" \/>\n<meta property=\"og:title\" content=\"La Alberca - Rota da Igreja\" \/>\n<meta property=\"og:description\" content=\"Igreja paroquial M\u00fasica: Atairaos.Fotografia: Antonio Luengo Becerro. A igreja paroquial de Nuestra Se\u00f1ora de la Asunci\u00f3n \u00e9 o edif\u00edcio de maior categoria arquitet\u00f3nica da localidade. Foi erguida no s\u00e9culo XVIII&hellip;\" \/>\n<meta property=\"og:url\" content=\"https:\/\/laalberca.com\/pt-pt\/rota-da-igreja\/\" \/>\n<meta property=\"og:site_name\" content=\"La Alberca\" \/>\n<meta property=\"article:modified_time\" content=\"2026-01-23T09:30:02+00:00\" \/>\n<meta name=\"twitter:card\" content=\"summary_large_image\" \/>\n<meta name=\"twitter:label1\" content=\"Tempo estimado de leitura\" \/>\n\t<meta name=\"twitter:data1\" content=\"1 minuto\" \/>\n<script type=\"application\/ld+json\" class=\"yoast-schema-graph\">{\"@context\":\"https:\\\/\\\/schema.org\",\"@graph\":[{\"@type\":\"WebPage\",\"@id\":\"https:\\\/\\\/laalberca.com\\\/pt-pt\\\/rota-da-igreja\\\/\",\"url\":\"https:\\\/\\\/laalberca.com\\\/pt-pt\\\/rota-da-igreja\\\/\",\"name\":\"La Alberca - Rota da Igreja\",\"isPartOf\":{\"@id\":\"https:\\\/\\\/laalberca.com\\\/pt-pt\\\/#website\"},\"primaryImageOfPage\":{\"@id\":\"https:\\\/\\\/laalberca.com\\\/pt-pt\\\/rota-da-igreja\\\/#primaryimage\"},\"image\":{\"@id\":\"https:\\\/\\\/laalberca.com\\\/pt-pt\\\/rota-da-igreja\\\/#primaryimage\"},\"thumbnailUrl\":\"https:\\\/\\\/laalberca.com\\\/wp-content\\\/uploads\\\/2025\\\/11\\\/logo-surcando-la-alberca.svg\",\"datePublished\":\"2025-11-21T12:56:18+00:00\",\"dateModified\":\"2026-01-23T09:30:02+00:00\",\"breadcrumb\":{\"@id\":\"https:\\\/\\\/laalberca.com\\\/pt-pt\\\/rota-da-igreja\\\/#breadcrumb\"},\"inLanguage\":\"pt-PT\",\"potentialAction\":[{\"@type\":\"ReadAction\",\"target\":[\"https:\\\/\\\/laalberca.com\\\/pt-pt\\\/rota-da-igreja\\\/\"]}]},{\"@type\":\"ImageObject\",\"inLanguage\":\"pt-PT\",\"@id\":\"https:\\\/\\\/laalberca.com\\\/pt-pt\\\/rota-da-igreja\\\/#primaryimage\",\"url\":\"https:\\\/\\\/laalberca.com\\\/wp-content\\\/uploads\\\/2025\\\/11\\\/logo-surcando-la-alberca.svg\",\"contentUrl\":\"https:\\\/\\\/laalberca.com\\\/wp-content\\\/uploads\\\/2025\\\/11\\\/logo-surcando-la-alberca.svg\"},{\"@type\":\"BreadcrumbList\",\"@id\":\"https:\\\/\\\/laalberca.com\\\/pt-pt\\\/rota-da-igreja\\\/#breadcrumb\",\"itemListElement\":[{\"@type\":\"ListItem\",\"position\":1,\"name\":\"Portada\",\"item\":\"https:\\\/\\\/laalberca.com\\\/pt-pt\\\/\"},{\"@type\":\"ListItem\",\"position\":2,\"name\":\"Rota da Igreja\"}]},{\"@type\":\"WebSite\",\"@id\":\"https:\\\/\\\/laalberca.com\\\/pt-pt\\\/#website\",\"url\":\"https:\\\/\\\/laalberca.com\\\/pt-pt\\\/\",\"name\":\"La Alberca\",\"description\":\"Lugar de costumbres, tradiciones y ritos centenarios\",\"publisher\":{\"@id\":\"https:\\\/\\\/laalberca.com\\\/pt-pt\\\/#organization\"},\"potentialAction\":[{\"@type\":\"SearchAction\",\"target\":{\"@type\":\"EntryPoint\",\"urlTemplate\":\"https:\\\/\\\/laalberca.com\\\/pt-pt\\\/?s={search_term_string}\"},\"query-input\":{\"@type\":\"PropertyValueSpecification\",\"valueRequired\":true,\"valueName\":\"search_term_string\"}}],\"inLanguage\":\"pt-PT\"},{\"@type\":\"Organization\",\"@id\":\"https:\\\/\\\/laalberca.com\\\/pt-pt\\\/#organization\",\"name\":\"La Alberca\",\"url\":\"https:\\\/\\\/laalberca.com\\\/pt-pt\\\/\",\"logo\":{\"@type\":\"ImageObject\",\"inLanguage\":\"pt-PT\",\"@id\":\"https:\\\/\\\/laalberca.com\\\/pt-pt\\\/#\\\/schema\\\/logo\\\/image\\\/\",\"url\":\"https:\\\/\\\/laalberca.com\\\/wp-content\\\/uploads\\\/2022\\\/06\\\/logotipo-blanco.svg\",\"contentUrl\":\"https:\\\/\\\/laalberca.com\\\/wp-content\\\/uploads\\\/2022\\\/06\\\/logotipo-blanco.svg\",\"width\":600,\"height\":217,\"caption\":\"La Alberca\"},\"image\":{\"@id\":\"https:\\\/\\\/laalberca.com\\\/pt-pt\\\/#\\\/schema\\\/logo\\\/image\\\/\"}}]}<\/script>\n<!-- \/ Yoast SEO plugin. -->","yoast_head_json":{"title":"La Alberca - Rota da Igreja","robots":{"index":"noindex","follow":"nofollow"},"og_locale":"pt_PT","og_type":"article","og_title":"La Alberca - Rota da Igreja","og_description":"Igreja paroquial M\u00fasica: Atairaos.Fotografia: Antonio Luengo Becerro. A igreja paroquial de Nuestra Se\u00f1ora de la Asunci\u00f3n \u00e9 o edif\u00edcio de maior categoria arquitet\u00f3nica da localidade. Foi erguida no s\u00e9culo XVIII&hellip;","og_url":"https:\/\/laalberca.com\/pt-pt\/rota-da-igreja\/","og_site_name":"La Alberca","article_modified_time":"2026-01-23T09:30:02+00:00","twitter_card":"summary_large_image","twitter_misc":{"Tempo estimado de leitura":"1 minuto"},"schema":{"@context":"https:\/\/schema.org","@graph":[{"@type":"WebPage","@id":"https:\/\/laalberca.com\/pt-pt\/rota-da-igreja\/","url":"https:\/\/laalberca.com\/pt-pt\/rota-da-igreja\/","name":"La Alberca - Rota da Igreja","isPartOf":{"@id":"https:\/\/laalberca.com\/pt-pt\/#website"},"primaryImageOfPage":{"@id":"https:\/\/laalberca.com\/pt-pt\/rota-da-igreja\/#primaryimage"},"image":{"@id":"https:\/\/laalberca.com\/pt-pt\/rota-da-igreja\/#primaryimage"},"thumbnailUrl":"https:\/\/laalberca.com\/wp-content\/uploads\/2025\/11\/logo-surcando-la-alberca.svg","datePublished":"2025-11-21T12:56:18+00:00","dateModified":"2026-01-23T09:30:02+00:00","breadcrumb":{"@id":"https:\/\/laalberca.com\/pt-pt\/rota-da-igreja\/#breadcrumb"},"inLanguage":"pt-PT","potentialAction":[{"@type":"ReadAction","target":["https:\/\/laalberca.com\/pt-pt\/rota-da-igreja\/"]}]},{"@type":"ImageObject","inLanguage":"pt-PT","@id":"https:\/\/laalberca.com\/pt-pt\/rota-da-igreja\/#primaryimage","url":"https:\/\/laalberca.com\/wp-content\/uploads\/2025\/11\/logo-surcando-la-alberca.svg","contentUrl":"https:\/\/laalberca.com\/wp-content\/uploads\/2025\/11\/logo-surcando-la-alberca.svg"},{"@type":"BreadcrumbList","@id":"https:\/\/laalberca.com\/pt-pt\/rota-da-igreja\/#breadcrumb","itemListElement":[{"@type":"ListItem","position":1,"name":"Portada","item":"https:\/\/laalberca.com\/pt-pt\/"},{"@type":"ListItem","position":2,"name":"Rota da Igreja"}]},{"@type":"WebSite","@id":"https:\/\/laalberca.com\/pt-pt\/#website","url":"https:\/\/laalberca.com\/pt-pt\/","name":"La Alberca","description":"Lugar de costumbres, tradiciones y ritos centenarios","publisher":{"@id":"https:\/\/laalberca.com\/pt-pt\/#organization"},"potentialAction":[{"@type":"SearchAction","target":{"@type":"EntryPoint","urlTemplate":"https:\/\/laalberca.com\/pt-pt\/?s={search_term_string}"},"query-input":{"@type":"PropertyValueSpecification","valueRequired":true,"valueName":"search_term_string"}}],"inLanguage":"pt-PT"},{"@type":"Organization","@id":"https:\/\/laalberca.com\/pt-pt\/#organization","name":"La Alberca","url":"https:\/\/laalberca.com\/pt-pt\/","logo":{"@type":"ImageObject","inLanguage":"pt-PT","@id":"https:\/\/laalberca.com\/pt-pt\/#\/schema\/logo\/image\/","url":"https:\/\/laalberca.com\/wp-content\/uploads\/2022\/06\/logotipo-blanco.svg","contentUrl":"https:\/\/laalberca.com\/wp-content\/uploads\/2022\/06\/logotipo-blanco.svg","width":600,"height":217,"caption":"La Alberca"},"image":{"@id":"https:\/\/laalberca.com\/pt-pt\/#\/schema\/logo\/image\/"}}]}},"_links":{"self":[{"href":"https:\/\/laalberca.com\/pt-pt\/wp-json\/wp\/v2\/pages\/24703","targetHints":{"allow":["GET"]}}],"collection":[{"href":"https:\/\/laalberca.com\/pt-pt\/wp-json\/wp\/v2\/pages"}],"about":[{"href":"https:\/\/laalberca.com\/pt-pt\/wp-json\/wp\/v2\/types\/page"}],"author":[{"embeddable":true,"href":"https:\/\/laalberca.com\/pt-pt\/wp-json\/wp\/v2\/users\/12"}],"replies":[{"embeddable":true,"href":"https:\/\/laalberca.com\/pt-pt\/wp-json\/wp\/v2\/comments?post=24703"}],"version-history":[{"count":10,"href":"https:\/\/laalberca.com\/pt-pt\/wp-json\/wp\/v2\/pages\/24703\/revisions"}],"predecessor-version":[{"id":25587,"href":"https:\/\/laalberca.com\/pt-pt\/wp-json\/wp\/v2\/pages\/24703\/revisions\/25587"}],"wp:attachment":[{"href":"https:\/\/laalberca.com\/pt-pt\/wp-json\/wp\/v2\/media?parent=24703"}],"curies":[{"name":"wp","href":"https:\/\/api.w.org\/{rel}","templated":true}]}}