{"id":24782,"date":"2025-11-24T15:58:23","date_gmt":"2025-11-24T14:58:23","guid":{"rendered":"https:\/\/laalberca.com\/rota-da-praza\/"},"modified":"2026-01-27T13:00:07","modified_gmt":"2026-01-27T12:00:07","slug":"rota-da-praza","status":"publish","type":"page","link":"https:\/\/laalberca.com\/pt-pt\/rota-da-praza\/","title":{"rendered":"Rota da Praza"},"content":{"rendered":"\t\t<div data-elementor-type=\"wp-page\" data-elementor-id=\"24782\" class=\"elementor elementor-24782 elementor-23448\" data-elementor-post-type=\"page\">\n\t\t\t\t\t\t<section class=\"elementor-section elementor-top-section elementor-element elementor-element-c57c32e elementor-section-full_width elementor-section-height-min-height elementor-section-stretched scheme_dark elementor-section-height-default elementor-section-items-middle sc_fly_static\" data-id=\"c57c32e\" data-element_type=\"section\" data-e-type=\"section\" data-settings=\"{&quot;stretch_section&quot;:&quot;section-stretched&quot;,&quot;background_background&quot;:&quot;classic&quot;}\">\n\t\t\t\t\t\t\t<div class=\"elementor-background-overlay\"><\/div>\n\t\t\t\t\t\t\t<div class=\"elementor-container elementor-column-gap-extended\">\n\t\t\t\t\t<div class=\"elementor-column elementor-col-100 elementor-top-column elementor-element elementor-element-5e2cba9 sc_layouts_column_align_center sc_layouts_column sc_content_align_inherit sc_layouts_column_icons_position_left sc_fly_static\" data-id=\"5e2cba9\" data-element_type=\"column\" data-e-type=\"column\">\n\t\t\t<div class=\"elementor-widget-wrap elementor-element-populated\">\n\t\t\t\t\t\t<div class=\"elementor-element elementor-element-dc7b7a3 sc_fly_static elementor-widget elementor-widget-spacer\" data-id=\"dc7b7a3\" data-element_type=\"widget\" data-e-type=\"widget\" data-widget_type=\"spacer.default\">\n\t\t\t\t<div class=\"elementor-widget-container\">\n\t\t\t\t\t\t\t<div class=\"elementor-spacer\">\n\t\t\t<div class=\"elementor-spacer-inner\"><\/div>\n\t\t<\/div>\n\t\t\t\t\t\t<\/div>\n\t\t\t\t<\/div>\n\t\t\t\t<div class=\"elementor-element elementor-element-2d8e76f sc_fly_static elementor-widget elementor-widget-image\" data-id=\"2d8e76f\" data-element_type=\"widget\" data-e-type=\"widget\" data-widget_type=\"image.default\">\n\t\t\t\t<div class=\"elementor-widget-container\">\n\t\t\t\t\t\t\t\t\t\t\t\t\t\t\t<img loading=\"lazy\" decoding=\"async\" width=\"600\" height=\"424\" src=\"https:\/\/laalberca.com\/wp-content\/uploads\/2026\/01\/logo-surcando-laalberca-texto-blanco-portugues.svg\" class=\"attachment-full size-full wp-image-24687\" alt=\"Logo surcando la alberca\" \/>\t\t\t\t\t\t\t\t\t\t\t\t\t\t\t<\/div>\n\t\t\t\t<\/div>\n\t\t\t\t<div class=\"elementor-element elementor-element-cd030a0 sc_fly_static elementor-widget elementor-widget-trx_sc_title\" data-id=\"cd030a0\" data-element_type=\"widget\" data-e-type=\"widget\" data-widget_type=\"trx_sc_title.default\">\n\t\t\t\t<div class=\"elementor-widget-container\">\n\t\t\t\t\t<div\t\tclass=\"sc_title sc_title_default\" ><h1 class=\"sc_item_title sc_title_title sc_align_center sc_item_title_style_default sc_item_title_tag\"\n\t\t\t><span class=\"sc_item_title_text\">A Plaza<\/span><\/h1><\/div>\t\t\t\t<\/div>\n\t\t\t\t<\/div>\n\t\t\t\t<div class=\"elementor-element elementor-element-f705d88 sc_height_small sc_fly_static elementor-widget elementor-widget-spacer\" data-id=\"f705d88\" data-element_type=\"widget\" data-e-type=\"widget\" data-widget_type=\"spacer.default\">\n\t\t\t\t<div class=\"elementor-widget-container\">\n\t\t\t\t\t\t\t<div class=\"elementor-spacer\">\n\t\t\t<div class=\"elementor-spacer-inner\"><\/div>\n\t\t<\/div>\n\t\t\t\t\t\t<\/div>\n\t\t\t\t<\/div>\n\t\t\t\t<section class=\"elementor-section elementor-inner-section elementor-element elementor-element-ec34535 elementor-section-boxed elementor-section-height-default elementor-section-height-default sc_fly_static\" data-id=\"ec34535\" data-element_type=\"section\" data-e-type=\"section\">\n\t\t\t\t\t\t<div class=\"elementor-container elementor-column-gap-extended\">\n\t\t\t\t\t<div class=\"elementor-column elementor-col-33 elementor-inner-column elementor-element elementor-element-9eec488 sc_content_align_inherit sc_layouts_column_icons_position_left sc_fly_static\" data-id=\"9eec488\" data-element_type=\"column\" data-e-type=\"column\">\n\t\t\t<div class=\"elementor-widget-wrap\">\n\t\t\t\t\t\t\t<\/div>\n\t\t<\/div>\n\t\t\t\t<div class=\"elementor-column elementor-col-33 elementor-inner-column elementor-element elementor-element-b1a9d16 sc_content_align_inherit sc_layouts_column_icons_position_left sc_fly_static\" data-id=\"b1a9d16\" data-element_type=\"column\" data-e-type=\"column\">\n\t\t\t<div class=\"elementor-widget-wrap elementor-element-populated\">\n\t\t\t\t\t\t<div class=\"elementor-element elementor-element-91ff7c3 sc_fly_static elementor-widget elementor-widget-html\" data-id=\"91ff7c3\" data-element_type=\"widget\" data-e-type=\"widget\" data-widget_type=\"html.default\">\n\t\t\t\t<div class=\"elementor-widget-container\">\n\t\t\t\t\t<figure>\n  <audio controls=\"\" src=\"https:\/\/laalberca.com\/wp-content\/uploads\/2026\/01\/plaza-mayor-pt-1.mp3\"><\/audio>\n<\/figure>\n\t\t\t\t<\/div>\n\t\t\t\t<\/div>\n\t\t\t\t<div class=\"elementor-element elementor-element-b1c39a1 sc_fly_static elementor-widget elementor-widget-text-editor\" data-id=\"b1c39a1\" data-element_type=\"widget\" data-e-type=\"widget\" data-widget_type=\"text-editor.default\">\n\t\t\t\t<div class=\"elementor-widget-container\">\n\t\t\t\t\t\t\t\t\t<p><em>M\u00fasica: <span style=\"font-weight: 400;\">Atairaos.<br><\/span><\/em><\/p>\t\t\t\t\t\t\t\t<\/div>\n\t\t\t\t<\/div>\n\t\t\t\t<div class=\"elementor-element elementor-element-e3ac8c1 sc_fly_static elementor-widget elementor-widget-spacer\" data-id=\"e3ac8c1\" data-element_type=\"widget\" data-e-type=\"widget\" data-widget_type=\"spacer.default\">\n\t\t\t\t<div class=\"elementor-widget-container\">\n\t\t\t\t\t\t\t<div class=\"elementor-spacer\">\n\t\t\t<div class=\"elementor-spacer-inner\"><\/div>\n\t\t<\/div>\n\t\t\t\t\t\t<\/div>\n\t\t\t\t<\/div>\n\t\t\t\t\t<\/div>\n\t\t<\/div>\n\t\t\t\t<div class=\"elementor-column elementor-col-33 elementor-inner-column elementor-element elementor-element-bdfd8dc sc_content_align_inherit sc_layouts_column_icons_position_left sc_fly_static\" data-id=\"bdfd8dc\" data-element_type=\"column\" data-e-type=\"column\">\n\t\t\t<div class=\"elementor-widget-wrap\">\n\t\t\t\t\t\t\t<\/div>\n\t\t<\/div>\n\t\t\t\t\t<\/div>\n\t\t<\/section>\n\t\t\t\t<div class=\"elementor-element elementor-element-c6275e0 sc_height_small sc_fly_static elementor-widget elementor-widget-spacer\" data-id=\"c6275e0\" data-element_type=\"widget\" data-e-type=\"widget\" data-widget_type=\"spacer.default\">\n\t\t\t\t<div class=\"elementor-widget-container\">\n\t\t\t\t\t\t\t<div class=\"elementor-spacer\">\n\t\t\t<div class=\"elementor-spacer-inner\"><\/div>\n\t\t<\/div>\n\t\t\t\t\t\t<\/div>\n\t\t\t\t<\/div>\n\t\t\t\t\t<\/div>\n\t\t<\/div>\n\t\t\t\t\t<\/div>\n\t\t<\/section>\n\t\t\t\t<section class=\"elementor-section elementor-top-section elementor-element elementor-element-836eeb4 elementor-section-boxed elementor-section-height-default elementor-section-height-default sc_fly_static\" data-id=\"836eeb4\" data-element_type=\"section\" data-e-type=\"section\" data-settings=\"{&quot;background_background&quot;:&quot;classic&quot;}\">\n\t\t\t\t\t\t<div class=\"elementor-container elementor-column-gap-extended\">\n\t\t\t\t\t<div class=\"elementor-column elementor-col-100 elementor-top-column elementor-element elementor-element-5dfa3f2 sc_content_align_inherit sc_layouts_column_icons_position_left sc_fly_static\" data-id=\"5dfa3f2\" data-element_type=\"column\" data-e-type=\"column\">\n\t\t\t<div class=\"elementor-widget-wrap elementor-element-populated\">\n\t\t\t\t\t\t<div class=\"elementor-element elementor-element-144729b sc_height_large sc_fly_static elementor-widget elementor-widget-spacer\" data-id=\"144729b\" data-element_type=\"widget\" data-e-type=\"widget\" data-widget_type=\"spacer.default\">\n\t\t\t\t<div class=\"elementor-widget-container\">\n\t\t\t\t\t\t\t<div class=\"elementor-spacer\">\n\t\t\t<div class=\"elementor-spacer-inner\"><\/div>\n\t\t<\/div>\n\t\t\t\t\t\t<\/div>\n\t\t\t\t<\/div>\n\t\t\t\t\t<\/div>\n\t\t<\/div>\n\t\t\t\t\t<\/div>\n\t\t<\/section>\n\t\t\t\t<section class=\"elementor-section elementor-top-section elementor-element elementor-element-924dbb3 scheme_light elementor-section-boxed elementor-section-height-default elementor-section-height-default sc_fly_static\" data-id=\"924dbb3\" data-element_type=\"section\" data-e-type=\"section\" data-settings=\"{&quot;background_background&quot;:&quot;classic&quot;}\">\n\t\t\t\t\t\t<div class=\"elementor-container elementor-column-gap-extended\">\n\t\t\t\t\t<div class=\"elementor-column elementor-col-100 elementor-top-column elementor-element elementor-element-3b90374 sc_content_align_inherit sc_layouts_column_icons_position_left sc_fly_static\" data-id=\"3b90374\" data-element_type=\"column\" data-e-type=\"column\">\n\t\t\t<div class=\"elementor-widget-wrap elementor-element-populated\">\n\t\t\t\t\t\t<div class=\"elementor-element elementor-element-ebc980c sc_height_medium sc_layouts_hide_on_mobile sc_layouts_hide_on_wide sc_fly_static elementor-widget elementor-widget-spacer\" data-id=\"ebc980c\" data-element_type=\"widget\" data-e-type=\"widget\" data-widget_type=\"spacer.default\">\n\t\t\t\t<div class=\"elementor-widget-container\">\n\t\t\t\t\t\t\t<div class=\"elementor-spacer\">\n\t\t\t<div class=\"elementor-spacer-inner\"><\/div>\n\t\t<\/div>\n\t\t\t\t\t\t<\/div>\n\t\t\t\t<\/div>\n\t\t\t\t<div class=\"elementor-element elementor-element-96178be elementor-drop-cap-yes elementor-drop-cap-view-default sc_fly_static elementor-widget elementor-widget-text-editor\" data-id=\"96178be\" data-element_type=\"widget\" data-e-type=\"widget\" data-settings=\"{&quot;drop_cap&quot;:&quot;yes&quot;}\" data-widget_type=\"text-editor.default\">\n\t\t\t\t<div class=\"elementor-widget-container\">\n\t\t\t\t\t\t\t\t\t<p>Este espa\u00e7o \u00e9 o centro nevr\u00e1lgico de La Alberca, testemunha da vida dos habitantes e das suas festas e celebra\u00e7\u00f5es mais importantes.<\/p><p>Na Plaza encontram-se o hospital de pobres e peregrinos, o palacete dos duques de Alba (hoje convertido em teatro), o<em> corral concejo <\/em>(tamb\u00e9m utilizado como touril), as antigas escolas, a autarquia ou a pris\u00e3o. Ao longo do s\u00e9culo XX, o aspeto deste lugar foi variando, acrescentando p\u00f3rticos, retirando a monumental Fuente Grande ou substituindo a grade que protegia da queda na fonte pelo belo cruzeiro de pedra.  <\/p>\t\t\t\t\t\t\t\t<\/div>\n\t\t\t\t<\/div>\n\t\t\t\t<div class=\"elementor-element elementor-element-5b085e4 sc_height_medium sc_fly_static elementor-widget elementor-widget-spacer\" data-id=\"5b085e4\" data-element_type=\"widget\" data-e-type=\"widget\" data-widget_type=\"spacer.default\">\n\t\t\t\t<div class=\"elementor-widget-container\">\n\t\t\t\t\t\t\t<div class=\"elementor-spacer\">\n\t\t\t<div class=\"elementor-spacer-inner\"><\/div>\n\t\t<\/div>\n\t\t\t\t\t\t<\/div>\n\t\t\t\t<\/div>\n\t\t\t\t\t<\/div>\n\t\t<\/div>\n\t\t\t\t\t<\/div>\n\t\t<\/section>\n\t\t\t\t<section class=\"elementor-section elementor-top-section elementor-element elementor-element-de18d70 elementor-section-full_width elementor-section-height-default elementor-section-height-default sc_fly_static\" data-id=\"de18d70\" data-element_type=\"section\" data-e-type=\"section\" data-settings=\"{&quot;background_background&quot;:&quot;classic&quot;}\">\n\t\t\t\t\t\t<div class=\"elementor-container elementor-column-gap-extended\">\n\t\t\t\t\t<div class=\"elementor-column elementor-col-33 elementor-top-column elementor-element elementor-element-d1ff595 sc_layouts_hide_on_mobile sc_content_align_inherit sc_layouts_column_icons_position_left sc_fly_static\" data-id=\"d1ff595\" data-element_type=\"column\" data-e-type=\"column\">\n\t\t\t<div class=\"elementor-widget-wrap\">\n\t\t\t\t\t\t\t<\/div>\n\t\t<\/div>\n\t\t\t\t<div class=\"elementor-column elementor-col-33 elementor-top-column elementor-element elementor-element-6cf1c0c sc_content_align_inherit sc_layouts_column_icons_position_left sc_fly_static\" data-id=\"6cf1c0c\" data-element_type=\"column\" data-e-type=\"column\">\n\t\t\t<div class=\"elementor-widget-wrap elementor-element-populated\">\n\t\t\t\t\t\t<div class=\"elementor-element elementor-element-182af08 sc_fly_static elementor-widget elementor-widget-image\" data-id=\"182af08\" data-element_type=\"widget\" data-e-type=\"widget\" data-widget_type=\"image.default\">\n\t\t\t\t<div class=\"elementor-widget-container\">\n\t\t\t\t\t\t\t\t\t\t\t\t\t\t\t<img loading=\"lazy\" decoding=\"async\" width=\"2560\" height=\"2560\" src=\"https:\/\/laalberca.com\/wp-content\/uploads\/2025\/11\/artefinal-plaza-mayor-02-scaled.webp\" class=\"attachment-full size-full wp-image-24781\" alt=\"Ilustraci\u00f3n de la Plaza\" srcset=\"https:\/\/laalberca.com\/wp-content\/uploads\/2025\/11\/artefinal-plaza-mayor-02-scaled.webp 2560w, https:\/\/laalberca.com\/wp-content\/uploads\/2025\/11\/artefinal-plaza-mayor-02-640x640.webp 640w, https:\/\/laalberca.com\/wp-content\/uploads\/2025\/11\/artefinal-plaza-mayor-02-1280x1280.webp 1280w, https:\/\/laalberca.com\/wp-content\/uploads\/2025\/11\/artefinal-plaza-mayor-02-160x160.webp 160w, https:\/\/laalberca.com\/wp-content\/uploads\/2025\/11\/artefinal-plaza-mayor-02-1024x1024.webp 1024w, https:\/\/laalberca.com\/wp-content\/uploads\/2025\/11\/artefinal-plaza-mayor-02-1536x1536.webp 1536w, https:\/\/laalberca.com\/wp-content\/uploads\/2025\/11\/artefinal-plaza-mayor-02-2048x2048.webp 2048w, https:\/\/laalberca.com\/wp-content\/uploads\/2025\/11\/artefinal-plaza-mayor-02-370x370.webp 370w, https:\/\/laalberca.com\/wp-content\/uploads\/2025\/11\/artefinal-plaza-mayor-02-120x120.webp 120w, https:\/\/laalberca.com\/wp-content\/uploads\/2025\/11\/artefinal-plaza-mayor-02-840x840.webp 840w, https:\/\/laalberca.com\/wp-content\/uploads\/2025\/11\/artefinal-plaza-mayor-02-410x410.webp 410w\" sizes=\"auto, (max-width: 2560px) 100vw, 2560px\" \/>\t\t\t\t\t\t\t\t\t\t\t\t\t\t\t<\/div>\n\t\t\t\t<\/div>\n\t\t\t\t<div class=\"elementor-element elementor-element-f22a5a3 sc_fly_static elementor-widget elementor-widget-text-editor\" data-id=\"f22a5a3\" data-element_type=\"widget\" data-e-type=\"widget\" data-widget_type=\"text-editor.default\">\n\t\t\t\t<div class=\"elementor-widget-container\">\n\t\t\t\t\t\t\t\t\t<p><strong>Plaza de La Alberca em meados do s\u00e9culo XX.<\/strong><\/p>\t\t\t\t\t\t\t\t<\/div>\n\t\t\t\t<\/div>\n\t\t\t\t\t<\/div>\n\t\t<\/div>\n\t\t\t\t<div class=\"elementor-column elementor-col-33 elementor-top-column elementor-element elementor-element-dfb3811 sc_layouts_hide_on_mobile sc_content_align_inherit sc_layouts_column_icons_position_left sc_fly_static\" data-id=\"dfb3811\" data-element_type=\"column\" data-e-type=\"column\">\n\t\t\t<div class=\"elementor-widget-wrap\">\n\t\t\t\t\t\t\t<\/div>\n\t\t<\/div>\n\t\t\t\t\t<\/div>\n\t\t<\/section>\n\t\t\t\t<section class=\"elementor-section elementor-top-section elementor-element elementor-element-01f130e elementor-section-boxed elementor-section-height-default elementor-section-height-default sc_fly_static\" data-id=\"01f130e\" data-element_type=\"section\" data-e-type=\"section\" data-settings=\"{&quot;background_background&quot;:&quot;classic&quot;}\">\n\t\t\t\t\t\t<div class=\"elementor-container elementor-column-gap-extended\">\n\t\t\t\t\t<div class=\"elementor-column elementor-col-100 elementor-top-column elementor-element elementor-element-c8c31da sc_content_align_inherit sc_layouts_column_icons_position_left sc_fly_static\" data-id=\"c8c31da\" data-element_type=\"column\" data-e-type=\"column\">\n\t\t\t<div class=\"elementor-widget-wrap elementor-element-populated\">\n\t\t\t\t\t\t<div class=\"elementor-element elementor-element-886fa48 sc_height_medium sc_fly_static elementor-widget elementor-widget-spacer\" data-id=\"886fa48\" data-element_type=\"widget\" data-e-type=\"widget\" data-widget_type=\"spacer.default\">\n\t\t\t\t<div class=\"elementor-widget-container\">\n\t\t\t\t\t\t\t<div class=\"elementor-spacer\">\n\t\t\t<div class=\"elementor-spacer-inner\"><\/div>\n\t\t<\/div>\n\t\t\t\t\t\t<\/div>\n\t\t\t\t<\/div>\n\t\t\t\t<div class=\"elementor-element elementor-element-2401dd6 elementor-widget-mobile__width-inherit elementor-widget__width-inherit sc_fly_static elementor-widget elementor-widget-trx_sc_button\" data-id=\"2401dd6\" data-element_type=\"widget\" data-e-type=\"widget\" data-widget_type=\"trx_sc_button.default\">\n\t\t\t\t<div class=\"elementor-widget-container\">\n\t\t\t\t\t<div\tclass=\"sc_item_button sc_button_wrap sc_align_center\" ><a href=\"https:\/\/laalberca.com\/pt-pt\/mais-informacoes-sobre-o-percurso-da-plaza\/\" class=\"sc_button sc_button_bordered sc_button_size_large sc_button_with_icon sc_button_icon_left color_style_dark\" ><span class=\"sc_button_icon\"><span class=\"icon-plus-2\"><\/span><\/span><span class=\"sc_button_text\"><span class=\"sc_button_title\">INFORMA\u00c7\u00d5ES<\/span><\/span><\/a><\/div>\t\t\t\t<\/div>\n\t\t\t\t<\/div>\n\t\t\t\t<div class=\"elementor-element elementor-element-2a550d0 sc_height_large sc_fly_static elementor-widget elementor-widget-spacer\" data-id=\"2a550d0\" data-element_type=\"widget\" data-e-type=\"widget\" data-widget_type=\"spacer.default\">\n\t\t\t\t<div class=\"elementor-widget-container\">\n\t\t\t\t\t\t\t<div class=\"elementor-spacer\">\n\t\t\t<div class=\"elementor-spacer-inner\"><\/div>\n\t\t<\/div>\n\t\t\t\t\t\t<\/div>\n\t\t\t\t<\/div>\n\t\t\t\t\t<\/div>\n\t\t<\/div>\n\t\t\t\t\t<\/div>\n\t\t<\/section>\n\t\t\t\t<section class=\"elementor-section elementor-top-section elementor-element elementor-element-62a9e27 elementor-section-boxed elementor-section-height-default elementor-section-height-default sc_fly_static\" data-id=\"62a9e27\" data-element_type=\"section\" data-e-type=\"section\">\n\t\t\t\t\t\t<div class=\"elementor-container elementor-column-gap-extended\">\n\t\t\t\t\t<div class=\"elementor-column elementor-col-100 elementor-top-column elementor-element elementor-element-09c51f0 sc_content_align_inherit sc_layouts_column_icons_position_left sc_fly_static\" data-id=\"09c51f0\" data-element_type=\"column\" data-e-type=\"column\">\n\t\t\t<div class=\"elementor-widget-wrap elementor-element-populated\">\n\t\t\t\t\t\t<div class=\"elementor-element elementor-element-934adff sc_height_large sc_fly_static elementor-widget elementor-widget-spacer\" data-id=\"934adff\" data-element_type=\"widget\" data-e-type=\"widget\" data-widget_type=\"spacer.default\">\n\t\t\t\t<div class=\"elementor-widget-container\">\n\t\t\t\t\t\t\t<div class=\"elementor-spacer\">\n\t\t\t<div class=\"elementor-spacer-inner\"><\/div>\n\t\t<\/div>\n\t\t\t\t\t\t<\/div>\n\t\t\t\t<\/div>\n\t\t\t\t<div class=\"elementor-element elementor-element-414dd5b sc_fly_static elementor-widget elementor-widget-trx_sc_title\" data-id=\"414dd5b\" data-element_type=\"widget\" data-e-type=\"widget\" data-widget_type=\"trx_sc_title.default\">\n\t\t\t\t<div class=\"elementor-widget-container\">\n\t\t\t\t\t<div\t\tclass=\"sc_title sc_title_default\" ><h2 class=\"sc_item_title sc_title_title sc_align_center sc_item_title_style_default sc_item_title_tag\"\n\t\t\t><span class=\"sc_item_title_text\">In\u00edcio da rota<\/span><\/h2><\/div>\t\t\t\t<\/div>\n\t\t\t\t<\/div>\n\t\t\t\t<div class=\"elementor-element elementor-element-2bb803f sc_height_tiny sc_fly_static elementor-widget elementor-widget-spacer\" data-id=\"2bb803f\" data-element_type=\"widget\" data-e-type=\"widget\" data-widget_type=\"spacer.default\">\n\t\t\t\t<div class=\"elementor-widget-container\">\n\t\t\t\t\t\t\t<div class=\"elementor-spacer\">\n\t\t\t<div class=\"elementor-spacer-inner\"><\/div>\n\t\t<\/div>\n\t\t\t\t\t\t<\/div>\n\t\t\t\t<\/div>\n\t\t\t\t\t<\/div>\n\t\t<\/div>\n\t\t\t\t\t<\/div>\n\t\t<\/section>\n\t\t\t\t<section class=\"elementor-section elementor-top-section elementor-element elementor-element-e321e97 elementor-section-full_width elementor-section-height-default elementor-section-height-default sc_fly_static\" data-id=\"e321e97\" data-element_type=\"section\" data-e-type=\"section\">\n\t\t\t\t\t\t<div class=\"elementor-container elementor-column-gap-extended\">\n\t\t\t\t\t<div class=\"elementor-column elementor-col-33 elementor-top-column elementor-element elementor-element-2786214 sc_layouts_hide_on_mobile sc_content_align_inherit sc_layouts_column_icons_position_left sc_fly_static\" data-id=\"2786214\" data-element_type=\"column\" data-e-type=\"column\">\n\t\t\t<div class=\"elementor-widget-wrap\">\n\t\t\t\t\t\t\t<\/div>\n\t\t<\/div>\n\t\t\t\t<div class=\"elementor-column elementor-col-33 elementor-top-column elementor-element elementor-element-2ed9bbd sc_content_align_inherit sc_layouts_column_icons_position_left sc_fly_static\" data-id=\"2ed9bbd\" data-element_type=\"column\" data-e-type=\"column\">\n\t\t\t<div class=\"elementor-widget-wrap elementor-element-populated\">\n\t\t\t\t\t\t<div class=\"elementor-element elementor-element-a5c1d95 sc_fly_static elementor-widget elementor-widget-shortcode\" data-id=\"a5c1d95\" data-element_type=\"widget\" data-e-type=\"widget\" data-widget_type=\"shortcode.default\">\n\t\t\t\t<div class=\"elementor-widget-container\">\n\t\t\t\t\t\t\t<div class=\"elementor-shortcode\">        <div class=\"rutas-mapas-container\">\n            <div \n                id=\"rutas-mapa-1\" \n                class=\"rutas-mapa\" \n                style=\"width: 100%; height: 80vh;\"\n                data-map-config='{\"source\":\"8_La_Plaza-Inicio\",\"useKmlLayer\":false,\"zoom\":15,\"centrar\":\"auto\",\"tipoMapa\":\"terrain\",\"geolocation\":true}'\n            >\n                <div class=\"rutas-mapa-loading\">\n                    <p>Cargando mapa...<\/p>\n                <\/div>\n            <\/div>\n        <\/div>\n        <\/div>\n\t\t\t\t\t\t<\/div>\n\t\t\t\t<\/div>\n\t\t\t\t<div class=\"elementor-element elementor-element-ce30197 sc_height_small sc_fly_static elementor-widget elementor-widget-spacer\" data-id=\"ce30197\" data-element_type=\"widget\" data-e-type=\"widget\" data-widget_type=\"spacer.default\">\n\t\t\t\t<div class=\"elementor-widget-container\">\n\t\t\t\t\t\t\t<div class=\"elementor-spacer\">\n\t\t\t<div class=\"elementor-spacer-inner\"><\/div>\n\t\t<\/div>\n\t\t\t\t\t\t<\/div>\n\t\t\t\t<\/div>\n\t\t\t\t\t<\/div>\n\t\t<\/div>\n\t\t\t\t<div class=\"elementor-column elementor-col-33 elementor-top-column elementor-element elementor-element-abbc53f sc_layouts_hide_on_mobile sc_content_align_inherit sc_layouts_column_icons_position_left sc_fly_static\" data-id=\"abbc53f\" data-element_type=\"column\" data-e-type=\"column\">\n\t\t\t<div class=\"elementor-widget-wrap\">\n\t\t\t\t\t\t\t<\/div>\n\t\t<\/div>\n\t\t\t\t\t<\/div>\n\t\t<\/section>\n\t\t\t\t<\/div>\n\t\t","protected":false},"excerpt":{"rendered":"<p>A Plaza M\u00fasica: Atairaos. Este espa\u00e7o \u00e9 o centro nevr\u00e1lgico de La Alberca, testemunha da vida dos habitantes e das suas festas e celebra\u00e7\u00f5es mais importantes. Na Plaza encontram-se o&hellip;<\/p>\n","protected":false},"author":12,"featured_media":0,"parent":0,"menu_order":0,"comment_status":"closed","ping_status":"closed","template":"","meta":{"_acf_changed":false,"footnotes":""},"class_list":["post-24782","page","type-page","status-publish","hentry"],"acf":[],"yoast_head":"<!-- This site is optimized with the Yoast SEO plugin v27.4 - https:\/\/yoast.com\/product\/yoast-seo-wordpress\/ -->\n<title>La Alberca - Rota da Praza<\/title>\n<meta name=\"robots\" content=\"noindex, nofollow\" \/>\n<meta property=\"og:locale\" content=\"pt_PT\" \/>\n<meta property=\"og:type\" content=\"article\" \/>\n<meta property=\"og:title\" content=\"La Alberca - Rota da Praza\" \/>\n<meta property=\"og:description\" content=\"A Plaza M\u00fasica: Atairaos. Este espa\u00e7o \u00e9 o centro nevr\u00e1lgico de La Alberca, testemunha da vida dos habitantes e das suas festas e celebra\u00e7\u00f5es mais importantes. Na Plaza encontram-se o&hellip;\" \/>\n<meta property=\"og:url\" content=\"https:\/\/laalberca.com\/pt-pt\/rota-da-praza\/\" \/>\n<meta property=\"og:site_name\" content=\"La Alberca\" \/>\n<meta property=\"article:modified_time\" content=\"2026-01-27T12:00:07+00:00\" \/>\n<meta name=\"twitter:card\" content=\"summary_large_image\" \/>\n<meta name=\"twitter:label1\" content=\"Tempo estimado de leitura\" \/>\n\t<meta name=\"twitter:data1\" content=\"1 minuto\" \/>\n<script type=\"application\/ld+json\" class=\"yoast-schema-graph\">{\"@context\":\"https:\\\/\\\/schema.org\",\"@graph\":[{\"@type\":\"WebPage\",\"@id\":\"https:\\\/\\\/laalberca.com\\\/pt-pt\\\/rota-da-praza\\\/\",\"url\":\"https:\\\/\\\/laalberca.com\\\/pt-pt\\\/rota-da-praza\\\/\",\"name\":\"La Alberca - Rota da Praza\",\"isPartOf\":{\"@id\":\"https:\\\/\\\/laalberca.com\\\/pt-pt\\\/#website\"},\"primaryImageOfPage\":{\"@id\":\"https:\\\/\\\/laalberca.com\\\/pt-pt\\\/rota-da-praza\\\/#primaryimage\"},\"image\":{\"@id\":\"https:\\\/\\\/laalberca.com\\\/pt-pt\\\/rota-da-praza\\\/#primaryimage\"},\"thumbnailUrl\":\"https:\\\/\\\/laalberca.com\\\/wp-content\\\/uploads\\\/2025\\\/11\\\/logo-surcando-la-alberca.svg\",\"datePublished\":\"2025-11-24T14:58:23+00:00\",\"dateModified\":\"2026-01-27T12:00:07+00:00\",\"breadcrumb\":{\"@id\":\"https:\\\/\\\/laalberca.com\\\/pt-pt\\\/rota-da-praza\\\/#breadcrumb\"},\"inLanguage\":\"pt-PT\",\"potentialAction\":[{\"@type\":\"ReadAction\",\"target\":[\"https:\\\/\\\/laalberca.com\\\/pt-pt\\\/rota-da-praza\\\/\"]}]},{\"@type\":\"ImageObject\",\"inLanguage\":\"pt-PT\",\"@id\":\"https:\\\/\\\/laalberca.com\\\/pt-pt\\\/rota-da-praza\\\/#primaryimage\",\"url\":\"https:\\\/\\\/laalberca.com\\\/wp-content\\\/uploads\\\/2025\\\/11\\\/logo-surcando-la-alberca.svg\",\"contentUrl\":\"https:\\\/\\\/laalberca.com\\\/wp-content\\\/uploads\\\/2025\\\/11\\\/logo-surcando-la-alberca.svg\"},{\"@type\":\"BreadcrumbList\",\"@id\":\"https:\\\/\\\/laalberca.com\\\/pt-pt\\\/rota-da-praza\\\/#breadcrumb\",\"itemListElement\":[{\"@type\":\"ListItem\",\"position\":1,\"name\":\"Portada\",\"item\":\"https:\\\/\\\/laalberca.com\\\/pt-pt\\\/\"},{\"@type\":\"ListItem\",\"position\":2,\"name\":\"Rota da Praza\"}]},{\"@type\":\"WebSite\",\"@id\":\"https:\\\/\\\/laalberca.com\\\/pt-pt\\\/#website\",\"url\":\"https:\\\/\\\/laalberca.com\\\/pt-pt\\\/\",\"name\":\"La Alberca\",\"description\":\"Lugar de costumbres, tradiciones y ritos centenarios\",\"publisher\":{\"@id\":\"https:\\\/\\\/laalberca.com\\\/pt-pt\\\/#organization\"},\"potentialAction\":[{\"@type\":\"SearchAction\",\"target\":{\"@type\":\"EntryPoint\",\"urlTemplate\":\"https:\\\/\\\/laalberca.com\\\/pt-pt\\\/?s={search_term_string}\"},\"query-input\":{\"@type\":\"PropertyValueSpecification\",\"valueRequired\":true,\"valueName\":\"search_term_string\"}}],\"inLanguage\":\"pt-PT\"},{\"@type\":\"Organization\",\"@id\":\"https:\\\/\\\/laalberca.com\\\/pt-pt\\\/#organization\",\"name\":\"La Alberca\",\"url\":\"https:\\\/\\\/laalberca.com\\\/pt-pt\\\/\",\"logo\":{\"@type\":\"ImageObject\",\"inLanguage\":\"pt-PT\",\"@id\":\"https:\\\/\\\/laalberca.com\\\/pt-pt\\\/#\\\/schema\\\/logo\\\/image\\\/\",\"url\":\"https:\\\/\\\/laalberca.com\\\/wp-content\\\/uploads\\\/2022\\\/06\\\/logotipo-blanco.svg\",\"contentUrl\":\"https:\\\/\\\/laalberca.com\\\/wp-content\\\/uploads\\\/2022\\\/06\\\/logotipo-blanco.svg\",\"width\":600,\"height\":217,\"caption\":\"La Alberca\"},\"image\":{\"@id\":\"https:\\\/\\\/laalberca.com\\\/pt-pt\\\/#\\\/schema\\\/logo\\\/image\\\/\"}}]}<\/script>\n<!-- \/ Yoast SEO plugin. -->","yoast_head_json":{"title":"La Alberca - Rota da Praza","robots":{"index":"noindex","follow":"nofollow"},"og_locale":"pt_PT","og_type":"article","og_title":"La Alberca - Rota da Praza","og_description":"A Plaza M\u00fasica: Atairaos. Este espa\u00e7o \u00e9 o centro nevr\u00e1lgico de La Alberca, testemunha da vida dos habitantes e das suas festas e celebra\u00e7\u00f5es mais importantes. Na Plaza encontram-se o&hellip;","og_url":"https:\/\/laalberca.com\/pt-pt\/rota-da-praza\/","og_site_name":"La Alberca","article_modified_time":"2026-01-27T12:00:07+00:00","twitter_card":"summary_large_image","twitter_misc":{"Tempo estimado de leitura":"1 minuto"},"schema":{"@context":"https:\/\/schema.org","@graph":[{"@type":"WebPage","@id":"https:\/\/laalberca.com\/pt-pt\/rota-da-praza\/","url":"https:\/\/laalberca.com\/pt-pt\/rota-da-praza\/","name":"La Alberca - Rota da Praza","isPartOf":{"@id":"https:\/\/laalberca.com\/pt-pt\/#website"},"primaryImageOfPage":{"@id":"https:\/\/laalberca.com\/pt-pt\/rota-da-praza\/#primaryimage"},"image":{"@id":"https:\/\/laalberca.com\/pt-pt\/rota-da-praza\/#primaryimage"},"thumbnailUrl":"https:\/\/laalberca.com\/wp-content\/uploads\/2025\/11\/logo-surcando-la-alberca.svg","datePublished":"2025-11-24T14:58:23+00:00","dateModified":"2026-01-27T12:00:07+00:00","breadcrumb":{"@id":"https:\/\/laalberca.com\/pt-pt\/rota-da-praza\/#breadcrumb"},"inLanguage":"pt-PT","potentialAction":[{"@type":"ReadAction","target":["https:\/\/laalberca.com\/pt-pt\/rota-da-praza\/"]}]},{"@type":"ImageObject","inLanguage":"pt-PT","@id":"https:\/\/laalberca.com\/pt-pt\/rota-da-praza\/#primaryimage","url":"https:\/\/laalberca.com\/wp-content\/uploads\/2025\/11\/logo-surcando-la-alberca.svg","contentUrl":"https:\/\/laalberca.com\/wp-content\/uploads\/2025\/11\/logo-surcando-la-alberca.svg"},{"@type":"BreadcrumbList","@id":"https:\/\/laalberca.com\/pt-pt\/rota-da-praza\/#breadcrumb","itemListElement":[{"@type":"ListItem","position":1,"name":"Portada","item":"https:\/\/laalberca.com\/pt-pt\/"},{"@type":"ListItem","position":2,"name":"Rota da Praza"}]},{"@type":"WebSite","@id":"https:\/\/laalberca.com\/pt-pt\/#website","url":"https:\/\/laalberca.com\/pt-pt\/","name":"La Alberca","description":"Lugar de costumbres, tradiciones y ritos centenarios","publisher":{"@id":"https:\/\/laalberca.com\/pt-pt\/#organization"},"potentialAction":[{"@type":"SearchAction","target":{"@type":"EntryPoint","urlTemplate":"https:\/\/laalberca.com\/pt-pt\/?s={search_term_string}"},"query-input":{"@type":"PropertyValueSpecification","valueRequired":true,"valueName":"search_term_string"}}],"inLanguage":"pt-PT"},{"@type":"Organization","@id":"https:\/\/laalberca.com\/pt-pt\/#organization","name":"La Alberca","url":"https:\/\/laalberca.com\/pt-pt\/","logo":{"@type":"ImageObject","inLanguage":"pt-PT","@id":"https:\/\/laalberca.com\/pt-pt\/#\/schema\/logo\/image\/","url":"https:\/\/laalberca.com\/wp-content\/uploads\/2022\/06\/logotipo-blanco.svg","contentUrl":"https:\/\/laalberca.com\/wp-content\/uploads\/2022\/06\/logotipo-blanco.svg","width":600,"height":217,"caption":"La Alberca"},"image":{"@id":"https:\/\/laalberca.com\/pt-pt\/#\/schema\/logo\/image\/"}}]}},"_links":{"self":[{"href":"https:\/\/laalberca.com\/pt-pt\/wp-json\/wp\/v2\/pages\/24782","targetHints":{"allow":["GET"]}}],"collection":[{"href":"https:\/\/laalberca.com\/pt-pt\/wp-json\/wp\/v2\/pages"}],"about":[{"href":"https:\/\/laalberca.com\/pt-pt\/wp-json\/wp\/v2\/types\/page"}],"author":[{"embeddable":true,"href":"https:\/\/laalberca.com\/pt-pt\/wp-json\/wp\/v2\/users\/12"}],"replies":[{"embeddable":true,"href":"https:\/\/laalberca.com\/pt-pt\/wp-json\/wp\/v2\/comments?post=24782"}],"version-history":[{"count":8,"href":"https:\/\/laalberca.com\/pt-pt\/wp-json\/wp\/v2\/pages\/24782\/revisions"}],"predecessor-version":[{"id":25639,"href":"https:\/\/laalberca.com\/pt-pt\/wp-json\/wp\/v2\/pages\/24782\/revisions\/25639"}],"wp:attachment":[{"href":"https:\/\/laalberca.com\/pt-pt\/wp-json\/wp\/v2\/media?parent=24782"}],"curies":[{"name":"wp","href":"https:\/\/api.w.org\/{rel}","templated":true}]}}